{"id":10988,"date":"2024-11-15T14:00:20","date_gmt":"2024-11-15T17:00:20","guid":{"rendered":"https:\/\/mundoonibus.com.br\/site\/?post_type=portfolio&#038;p=10988"},"modified":"2025-08-07T14:36:59","modified_gmt":"2025-08-07T17:36:59","slug":"avcuritibanos","status":"publish","type":"portfolio","link":"https:\/\/mundoonibus.com.br\/site\/portfolio\/avcuritibanos\/","title":{"rendered":"Auto Via\u00e7\u00e3o Curitibanos"},"content":{"rendered":"\n<figure class=\"wp-block-table is-style-stripes\"><table><thead><tr><th class=\"has-text-align-center\" data-align=\"center\">Munic\u00edpio<\/th><th class=\"has-text-align-center\" data-align=\"center\">Servi\u00e7o<\/th><th class=\"has-text-align-center\" data-align=\"center\">Situa\u00e7\u00e3o<\/th><th class=\"has-text-align-center\" data-align=\"center\">Per\u00edodo<\/th><\/tr><\/thead><tbody><tr><td class=\"has-text-align-center\" data-align=\"center\">Curitibanos\/SC<\/td><td class=\"has-text-align-center\" data-align=\"center\">Urbano<\/td><td class=\"has-text-align-center\" data-align=\"center\">Ativa<\/td><td class=\"has-text-align-center\" data-align=\"center\">2001 &#8211; Presente<\/td><\/tr><\/tbody><\/table><figcaption class=\"wp-element-caption\">Atualizado em 07\/08\/2025<\/figcaption><\/figure>\n\n\n\n<h3 class=\"wp-block-heading\">Hist\u00f3rico<\/h3>\n\n\n\n<p class=\"has-text-align-left\">A <strong>Auto Via\u00e7\u00e3o Curitibanos<\/strong> \u00e9 uma empresa de transporte coletivo urbano localizada na cidade de Curitibanos. Fundada em 2001, possui uma frota de onze \u00f4nibus, com um quadro de 23 colaboradores nos setores de manuten\u00e7\u00e3o, administra\u00e7\u00e3o e opera\u00e7\u00f5es. Transporta mensalmente 40 mil passageiros, atendendo cinco linhas e seus prolongamentos.<\/p>\n\n\n\n<h3 class=\"wp-block-heading\">Frota<\/h3>\n\n\n\n<h5 class=\"wp-block-heading\">Ativos<\/h5>\n\n\n\n<figure class=\"wp-block-table is-style-stripes\"><table><thead><tr><th class=\"has-text-align-center\" data-align=\"center\">Prefixo<\/th><th class=\"has-text-align-center\" data-align=\"center\">Carroceria<\/th><th class=\"has-text-align-center\" data-align=\"center\">Chassi<\/th><th class=\"has-text-align-center\" data-align=\"center\">Placa<\/th><th class=\"has-text-align-center\" data-align=\"center\">Ano<\/th><th class=\"has-text-align-center\" data-align=\"center\">Observa\u00e7\u00f5es<\/th><th class=\"has-text-align-center\" data-align=\"center\">Munic\u00edpio<\/th><\/tr><\/thead><tbody><tr><td class=\"has-text-align-center\" data-align=\"center\">1024<\/td><td class=\"has-text-align-center\" data-align=\"center\">Comil Svelto V<\/td><td class=\"has-text-align-center\" data-align=\"center\">VolksBus 15-190 EOD<\/td><td class=\"has-text-align-center\" data-align=\"center\">MJI7622<\/td><td class=\"has-text-align-center\" data-align=\"center\">2010\/2010<\/td><td class=\"has-text-align-center\" data-align=\"center\">\u2013<\/td><td class=\"has-text-align-center\" data-align=\"center\">Curitibanos\/SC<\/td><\/tr><tr><td class=\"has-text-align-center\" data-align=\"center\"><strong><a href=\"https:\/\/mundoonibus.com.br\/site\/wp-content\/uploads\/2024\/11\/Viacao-Curitibanos-0525.jpg\" data-lbwps-width=\"1600\" data-lbwps-height=\"1199\" data-lbwps-srcsmall=\"https:\/\/mundoonibus.com.br\/site\/wp-content\/uploads\/2024\/11\/Viacao-Curitibanos-0525-300x225.jpg\">0525<\/a><\/strong><\/td><td class=\"has-text-align-center\" data-align=\"center\">Comil Svelto IV<\/td><td class=\"has-text-align-center\" data-align=\"center\">VolksBus 17-210 EOD<\/td><td class=\"has-text-align-center\" data-align=\"center\"><sub>LZO4222<\/sub><br>LZO4C22<\/td><td class=\"has-text-align-center\" data-align=\"center\">2005\/2005<\/td><td class=\"has-text-align-center\" data-align=\"center\">Ex-<a href=\"https:\/\/mundoonibus.com.br\/site\/portfolio\/avc\/\" target=\"_blank\" rel=\"noreferrer noopener\">Via\u00e7\u00e3o Chapec\u00f3<\/a> (SC)<\/td><td class=\"has-text-align-center\" data-align=\"center\">Curitibanos\/SC<\/td><\/tr><tr><td class=\"has-text-align-center\" data-align=\"center\"><strong><a href=\"https:\/\/mundoonibus.com.br\/site\/wp-content\/uploads\/2024\/11\/Viacao-Curitibanos-0526.jpg\" data-lbwps-width=\"1600\" data-lbwps-height=\"1200\" data-lbwps-srcsmall=\"https:\/\/mundoonibus.com.br\/site\/wp-content\/uploads\/2024\/11\/Viacao-Curitibanos-0526-300x225.jpg\">0526<\/a><\/strong><\/td><td class=\"has-text-align-center\" data-align=\"center\">Comil Svelto IV<\/td><td class=\"has-text-align-center\" data-align=\"center\">VolksBus 17-210 EOD<\/td><td class=\"has-text-align-center\" data-align=\"center\"><sub>LZQ5572<\/sub><br>LZQ5F72<\/td><td class=\"has-text-align-center\" data-align=\"center\">2005\/2005<\/td><td class=\"has-text-align-center\" data-align=\"center\">Ex-<a href=\"https:\/\/mundoonibus.com.br\/site\/portfolio\/avc\/\" target=\"_blank\" rel=\"noreferrer noopener\">Via\u00e7\u00e3o Chapec\u00f3<\/a> (SC)<\/td><td class=\"has-text-align-center\" data-align=\"center\">Curitibanos\/SC<\/td><\/tr><tr><td class=\"has-text-align-center\" data-align=\"center\">0527<\/td><td class=\"has-text-align-center\" data-align=\"center\">Comil Svelto IV<\/td><td class=\"has-text-align-center\" data-align=\"center\">VolksBus 17-210 EOD<\/td><td class=\"has-text-align-center\" data-align=\"center\"><sub>LZP6802<\/sub><br>LZP6I02<\/td><td class=\"has-text-align-center\" data-align=\"center\">2005\/2005<\/td><td class=\"has-text-align-center\" data-align=\"center\">Ex-<a href=\"https:\/\/mundoonibus.com.br\/site\/portfolio\/avc\/\" target=\"_blank\" rel=\"noreferrer noopener\">Via\u00e7\u00e3o Chapec\u00f3<\/a> (SC)<\/td><td class=\"has-text-align-center\" data-align=\"center\">Curitibanos\/SC<\/td><\/tr><tr><td class=\"has-text-align-center\" data-align=\"center\">0528<\/td><td class=\"has-text-align-center\" data-align=\"center\">Comil Svelto IV<\/td><td class=\"has-text-align-center\" data-align=\"center\">VolksBus 17-210 EOD<\/td><td class=\"has-text-align-center\" data-align=\"center\">LZO6342<\/td><td class=\"has-text-align-center\" data-align=\"center\">2005\/2005<\/td><td class=\"has-text-align-center\" data-align=\"center\">Ex-<a href=\"https:\/\/mundoonibus.com.br\/site\/portfolio\/avc\/\" target=\"_blank\" rel=\"noreferrer noopener\">Via\u00e7\u00e3o Chapec\u00f3<\/a> (SC)<\/td><td class=\"has-text-align-center\" data-align=\"center\">Curitibanos\/SC<\/td><\/tr><tr><td class=\"has-text-align-center\" data-align=\"center\">0529<\/td><td class=\"has-text-align-center\" data-align=\"center\">Comil Svelto IV<\/td><td class=\"has-text-align-center\" data-align=\"center\">VolksBus 17-210 EOD<\/td><td class=\"has-text-align-center\" data-align=\"center\">LZO6092<\/td><td class=\"has-text-align-center\" data-align=\"center\">2005\/2005<\/td><td class=\"has-text-align-center\" data-align=\"center\">Ex-<a href=\"https:\/\/mundoonibus.com.br\/site\/portfolio\/avc\/\" target=\"_blank\" rel=\"noreferrer noopener\">Via\u00e7\u00e3o Chapec\u00f3<\/a> 05160 (SC)<\/td><td class=\"has-text-align-center\" data-align=\"center\">Curitibanos\/SC<\/td><\/tr><tr><td class=\"has-text-align-center\" data-align=\"center\">1231<\/td><td class=\"has-text-align-center\" data-align=\"center\">Mascarello GranVia 2011<\/td><td class=\"has-text-align-center\" data-align=\"center\">VolksBus 17-230 OD<\/td><td class=\"has-text-align-center\" data-align=\"center\">MMB4971<\/td><td class=\"has-text-align-center\" data-align=\"center\">2012\/2012<\/td><td class=\"has-text-align-center\" data-align=\"center\">\u2013<\/td><td class=\"has-text-align-center\" data-align=\"center\">Curitibanos\/SC<\/td><\/tr><tr><td class=\"has-text-align-center\" data-align=\"center\">1333<\/td><td class=\"has-text-align-center\" data-align=\"center\">Comil Svelto VI<\/td><td class=\"has-text-align-center\" data-align=\"center\">VolksBus 15-190 OD<\/td><td class=\"has-text-align-center\" data-align=\"center\">MLX8441<\/td><td class=\"has-text-align-center\" data-align=\"center\">2012\/2013<\/td><td class=\"has-text-align-center\" data-align=\"center\">\u2013<\/td><td class=\"has-text-align-center\" data-align=\"center\">Curitibanos\/SC<\/td><\/tr><tr><td class=\"has-text-align-center\" data-align=\"center\">1334<\/td><td class=\"has-text-align-center\" data-align=\"center\">Comil Svelto VI<\/td><td class=\"has-text-align-center\" data-align=\"center\">VolksBus 15-190 OD<\/td><td class=\"has-text-align-center\" data-align=\"center\">MLX6931<\/td><td class=\"has-text-align-center\" data-align=\"center\">2012\/2013<\/td><td class=\"has-text-align-center\" data-align=\"center\">\u2013<\/td><td class=\"has-text-align-center\" data-align=\"center\">Curitibanos\/SC<\/td><\/tr><tr><td class=\"has-text-align-center\" data-align=\"center\">1536<\/td><td class=\"has-text-align-center\" data-align=\"center\">Mascarello GranVia Midi 2014<\/td><td class=\"has-text-align-center\" data-align=\"center\">Agrale MA 15.0<\/td><td class=\"has-text-align-center\" data-align=\"center\">QHQ4258<\/td><td class=\"has-text-align-center\" data-align=\"center\">2015\/2015<\/td><td class=\"has-text-align-center\" data-align=\"center\">\u2013<\/td><td class=\"has-text-align-center\" data-align=\"center\">Curitibanos\/SC<\/td><\/tr><tr><td class=\"has-text-align-center\" data-align=\"center\"><strong><a href=\"https:\/\/mundoonibus.com.br\/site\/wp-content\/uploads\/2024\/11\/Viacao-Curitibanos-0837.jpg\" data-lbwps-width=\"1600\" data-lbwps-height=\"1200\" data-lbwps-srcsmall=\"https:\/\/mundoonibus.com.br\/site\/wp-content\/uploads\/2024\/11\/Viacao-Curitibanos-0837-300x225.jpg\">0837<\/a><\/strong><\/td><td class=\"has-text-align-center\" data-align=\"center\">Comil Svelto IV<\/td><td class=\"has-text-align-center\" data-align=\"center\">VolksBus 17-230 EOD<\/td><td class=\"has-text-align-center\" data-align=\"center\">MET0613<\/td><td class=\"has-text-align-center\" data-align=\"center\">2008\/2008<\/td><td class=\"has-text-align-center\" data-align=\"center\">Ex-<a href=\"https:\/\/mundoonibus.com.br\/site\/portfolio\/avc\/\" target=\"_blank\" rel=\"noreferrer noopener\">Via\u00e7\u00e3o Chapec\u00f3<\/a> 08205 (SC)<\/td><td class=\"has-text-align-center\" data-align=\"center\">Curitibanos\/SC<\/td><\/tr><\/tbody><\/table><figcaption class=\"wp-element-caption\">Atualizado em 07\/08\/2025<\/figcaption><\/figure>\n\n\n\n<h5 class=\"wp-block-heading\">\t\t\t\t\t\t\t\t\tDesativados<\/h5>\n\n\n\n<p>Devido \u00e0 escassez de informa\u00e7\u00f5es, alguns ve\u00edculos podem n\u00e3o estar catalogados pelo\u00a0<strong>Mundo \u00d4nibus<\/strong>. Seguimos em busca de novos dados atrav\u00e9s de imagens, documentos e registros hist\u00f3ricos.<\/p>\n\n\n\n<figure class=\"wp-block-table is-style-stripes\"><table><thead><tr><th class=\"has-text-align-center\" data-align=\"center\">Prefixo<\/th><th class=\"has-text-align-center\" data-align=\"center\">Carroceria<\/th><th class=\"has-text-align-center\" data-align=\"center\">Chassi<\/th><th class=\"has-text-align-center\" data-align=\"center\">Placa<\/th><th class=\"has-text-align-center\" data-align=\"center\">Ano<\/th><th class=\"has-text-align-center\" data-align=\"center\">Observa\u00e7\u00f5es<\/th><th class=\"has-text-align-center\" data-align=\"center\">Munic\u00edpio<\/th><\/tr><\/thead><tbody><tr><td class=\"has-text-align-center\" data-align=\"center\">9609<\/td><td class=\"has-text-align-center\" data-align=\"center\">Busscar Urbanus II<\/td><td class=\"has-text-align-center\" data-align=\"center\">VolksBus 16-180 CO<\/td><td class=\"has-text-align-center\" data-align=\"center\">\u2013<\/td><td class=\"has-text-align-center\" data-align=\"center\">\u2013<\/td><td class=\"has-text-align-center\" data-align=\"center\">Ex-<a href=\"https:\/\/mundoonibus.com.br\/site\/portfolio\/avc\/\" target=\"_blank\" rel=\"noreferrer noopener\">Via\u00e7\u00e3o Chapec\u00f3<\/a> (SC)<\/td><td class=\"has-text-align-center\" data-align=\"center\">\u2013<\/td><\/tr><tr><td class=\"has-text-align-center\" data-align=\"center\">9610<\/td><td class=\"has-text-align-center\" data-align=\"center\">Busscar Urbanus II<\/td><td class=\"has-text-align-center\" data-align=\"center\">VolksBus 16-180 CO<\/td><td class=\"has-text-align-center\" data-align=\"center\">\u2013<\/td><td class=\"has-text-align-center\" data-align=\"center\">\u2013<\/td><td class=\"has-text-align-center\" data-align=\"center\">Ex-<a href=\"https:\/\/mundoonibus.com.br\/site\/portfolio\/avc\/\" target=\"_blank\" rel=\"noreferrer noopener\">Via\u00e7\u00e3o Chapec\u00f3<\/a> (SC)<\/td><td class=\"has-text-align-center\" data-align=\"center\">\u2013<\/td><\/tr><tr><td class=\"has-text-align-center\" data-align=\"center\">9611<\/td><td class=\"has-text-align-center\" data-align=\"center\">Busscar Urbanus II<\/td><td class=\"has-text-align-center\" data-align=\"center\">VolksBus 16-180 CO<\/td><td class=\"has-text-align-center\" data-align=\"center\">LXO9223<\/td><td class=\"has-text-align-center\" data-align=\"center\">1996\/1996<\/td><td class=\"has-text-align-center\" data-align=\"center\">Ex-<a href=\"https:\/\/mundoonibus.com.br\/site\/portfolio\/avc\/\" target=\"_blank\" rel=\"noreferrer noopener\">Via\u00e7\u00e3o Chapec\u00f3<\/a> (SC)<\/td><td class=\"has-text-align-center\" data-align=\"center\">Curitibanos\/SC<\/td><\/tr><tr><td class=\"has-text-align-center\" data-align=\"center\">9715<\/td><td class=\"has-text-align-center\" data-align=\"center\">Busscar Urbanus II<\/td><td class=\"has-text-align-center\" data-align=\"center\">VolksBus 16-210 CO<\/td><td class=\"has-text-align-center\" data-align=\"center\">LYY1176<\/td><td class=\"has-text-align-center\" data-align=\"center\">1997\/1997<\/td><td class=\"has-text-align-center\" data-align=\"center\">Ex-<a href=\"https:\/\/mundoonibus.com.br\/site\/portfolio\/avc\/\" target=\"_blank\" rel=\"noreferrer noopener\">Via\u00e7\u00e3o Chapec\u00f3<\/a> (SC)<\/td><td class=\"has-text-align-center\" data-align=\"center\">Itaporanga\/SP<\/td><\/tr><tr><td class=\"has-text-align-center\" data-align=\"center\">0620<\/td><td class=\"has-text-align-center\" data-align=\"center\">Comil Versatile II<\/td><td class=\"has-text-align-center\" data-align=\"center\">VolksBus 17-210 EOD<\/td><td class=\"has-text-align-center\" data-align=\"center\">MDK7593<\/td><td class=\"has-text-align-center\" data-align=\"center\">2006\/2006<\/td><td class=\"has-text-align-center\" data-align=\"center\">\u2013<\/td><td class=\"has-text-align-center\" data-align=\"center\">Mato Castelhano\/RS<\/td><\/tr><tr><td class=\"has-text-align-center\" data-align=\"center\">0222<\/td><td class=\"has-text-align-center\" data-align=\"center\">Busscar Urbanuss Pluss<\/td><td class=\"has-text-align-center\" data-align=\"center\">VolksBus 17-210 OD<\/td><td class=\"has-text-align-center\" data-align=\"center\">MBY8126<\/td><td class=\"has-text-align-center\" data-align=\"center\">2002\/2002<\/td><td class=\"has-text-align-center\" data-align=\"center\">Ex-<a href=\"https:\/\/mundoonibus.com.br\/site\/portfolio\/avc\/\" target=\"_blank\" rel=\"noreferrer noopener\">Via\u00e7\u00e3o Chapec\u00f3<\/a> (SC)<\/td><td class=\"has-text-align-center\" data-align=\"center\">Santa Cec\u00edlia do Sul\/RS<\/td><\/tr><tr><td class=\"has-text-align-center\" data-align=\"center\">0223<\/td><td class=\"has-text-align-center\" data-align=\"center\">Busscar Urbanuss Pluss<\/td><td class=\"has-text-align-center\" data-align=\"center\">VolksBus 17-210 OD<\/td><td class=\"has-text-align-center\" data-align=\"center\">MCG2757<\/td><td class=\"has-text-align-center\" data-align=\"center\">2002\/2002<\/td><td class=\"has-text-align-center\" data-align=\"center\">Ex-<a href=\"https:\/\/mundoonibus.com.br\/site\/portfolio\/avc\/\" target=\"_blank\" rel=\"noreferrer noopener\">Via\u00e7\u00e3o Chapec\u00f3<\/a> (SC)<\/td><td class=\"has-text-align-center\" data-align=\"center\">Curitibanos\/SC<\/td><\/tr><tr><td class=\"has-text-align-center\" data-align=\"center\">1332<\/td><td class=\"has-text-align-center\" data-align=\"center\">Comil Svelto VI<\/td><td class=\"has-text-align-center\" data-align=\"center\">VolksBus 15-190 OD<\/td><td class=\"has-text-align-center\" data-align=\"center\">MLX7171<\/td><td class=\"has-text-align-center\" data-align=\"center\">2012\/2013<\/td><td class=\"has-text-align-center\" data-align=\"center\">\u2013<\/td><td class=\"has-text-align-center\" data-align=\"center\">Chapec\u00f3\/SC<\/td><\/tr><tr><td class=\"has-text-align-center\" data-align=\"center\">1435<\/td><td class=\"has-text-align-center\" data-align=\"center\">Volare DW9<\/td><td class=\"has-text-align-center\" data-align=\"center\">Volare DW9 Mercedes-Benz<\/td><td class=\"has-text-align-center\" data-align=\"center\">QHG4005<\/td><td class=\"has-text-align-center\" data-align=\"center\">2014\/2014<\/td><td class=\"has-text-align-center\" data-align=\"center\">\u2013<\/td><td class=\"has-text-align-center\" data-align=\"center\">Descanso\/SC<\/td><\/tr><\/tbody><\/table><figcaption class=\"wp-element-caption\">Atualizado em 15\/11\/2024<\/figcaption><\/figure>\n\n\n\n<p><\/p>\n","protected":false},"excerpt":{"rendered":"<p>Munic\u00edpio Servi\u00e7o Situa\u00e7\u00e3o Per\u00edodo Curitibanos\/SC Urbano Ativa 2001 &#8211; Presente Atualizado em 07\/08\/2025 Hist\u00f3rico A Auto Via\u00e7\u00e3o Curitibanos \u00e9 uma empresa de transporte coletivo urbano localizada na cidade de Curitibanos. Fundada em 2001, possui uma frota de onze \u00f4nibus, com um quadro de 23 colaboradores nos setores de manuten\u00e7\u00e3o, administra\u00e7\u00e3o e opera\u00e7\u00f5es. Transporta mensalmente 40&#8230;<\/p>\n","protected":false},"author":1,"featured_media":10997,"comment_status":"open","ping_status":"closed","template":"","meta":{"_kad_post_transparent":"","_kad_post_title":"default","_kad_post_layout":"default","_kad_post_sidebar_id":"","_kad_post_content_style":"default","_kad_post_vertical_padding":"default","_kad_post_feature":"default","_kad_post_feature_position":"","_kad_post_header":false,"_kad_post_footer":false,"_kad_post_classname":"","footnotes":""},"portfolio_category":[121],"portfolio_tag":[117],"class_list":["post-10988","portfolio","type-portfolio","status-publish","has-post-thumbnail","hentry","portfolio_category-urbano","portfolio_tag-sc-curitibanos"],"yoast_head":"<!-- This site is optimized with the Yoast SEO plugin v27.5 - https:\/\/yoast.com\/product\/yoast-seo-wordpress\/ -->\n<title>Auto Via\u00e7\u00e3o Curitibanos - Mundo \u00d4nibus<\/title>\n<meta name=\"robots\" content=\"index, follow, max-snippet:-1, max-image-preview:large, max-video-preview:-1\" \/>\n<link rel=\"canonical\" href=\"https:\/\/mundoonibus.com.br\/site\/portfolio\/avcuritibanos\/\" \/>\n<meta property=\"og:locale\" content=\"pt_BR\" \/>\n<meta property=\"og:type\" content=\"article\" \/>\n<meta property=\"og:title\" content=\"Auto Via\u00e7\u00e3o Curitibanos - Mundo \u00d4nibus\" \/>\n<meta property=\"og:description\" content=\"Munic\u00edpio Servi\u00e7o Situa\u00e7\u00e3o Per\u00edodo Curitibanos\/SC Urbano Ativa 2001 &#8211; Presente Atualizado em 07\/08\/2025 Hist\u00f3rico A Auto Via\u00e7\u00e3o Curitibanos \u00e9 uma empresa de transporte coletivo urbano localizada na cidade de Curitibanos. Fundada em 2001, possui uma frota de onze \u00f4nibus, com um quadro de 23 colaboradores nos setores de manuten\u00e7\u00e3o, administra\u00e7\u00e3o e opera\u00e7\u00f5es. Transporta mensalmente 40...\" \/>\n<meta property=\"og:url\" content=\"https:\/\/mundoonibus.com.br\/site\/portfolio\/avcuritibanos\/\" \/>\n<meta property=\"og:site_name\" content=\"Mundo \u00d4nibus\" \/>\n<meta property=\"article:modified_time\" content=\"2025-08-07T17:36:59+00:00\" \/>\n<meta property=\"og:image\" content=\"https:\/\/mundoonibus.com.br\/site\/wp-content\/uploads\/2024\/11\/Viacao-Curitibanos-0525.jpg\" \/>\n\t<meta property=\"og:image:width\" content=\"1600\" \/>\n\t<meta property=\"og:image:height\" content=\"1199\" \/>\n\t<meta property=\"og:image:type\" content=\"image\/jpeg\" \/>\n<meta name=\"twitter:card\" content=\"summary_large_image\" \/>\n<meta name=\"twitter:label1\" content=\"Est. tempo de leitura\" \/>\n\t<meta name=\"twitter:data1\" content=\"3 minutos\" \/>\n<script type=\"application\/ld+json\" class=\"yoast-schema-graph\">{\"@context\":\"https:\\\/\\\/schema.org\",\"@graph\":[{\"@type\":\"WebPage\",\"@id\":\"https:\\\/\\\/mundoonibus.com.br\\\/site\\\/portfolio\\\/avcuritibanos\\\/\",\"url\":\"https:\\\/\\\/mundoonibus.com.br\\\/site\\\/portfolio\\\/avcuritibanos\\\/\",\"name\":\"Auto Via\u00e7\u00e3o Curitibanos - Mundo \u00d4nibus\",\"isPartOf\":{\"@id\":\"https:\\\/\\\/mundoonibus.com.br\\\/site\\\/#website\"},\"primaryImageOfPage\":{\"@id\":\"https:\\\/\\\/mundoonibus.com.br\\\/site\\\/portfolio\\\/avcuritibanos\\\/#primaryimage\"},\"image\":{\"@id\":\"https:\\\/\\\/mundoonibus.com.br\\\/site\\\/portfolio\\\/avcuritibanos\\\/#primaryimage\"},\"thumbnailUrl\":\"https:\\\/\\\/mundoonibus.com.br\\\/site\\\/wp-content\\\/uploads\\\/2024\\\/11\\\/Viacao-Curitibanos-0525.jpg\",\"datePublished\":\"2024-11-15T17:00:20+00:00\",\"dateModified\":\"2025-08-07T17:36:59+00:00\",\"breadcrumb\":{\"@id\":\"https:\\\/\\\/mundoonibus.com.br\\\/site\\\/portfolio\\\/avcuritibanos\\\/#breadcrumb\"},\"inLanguage\":\"pt-BR\",\"potentialAction\":[{\"@type\":\"ReadAction\",\"target\":[\"https:\\\/\\\/mundoonibus.com.br\\\/site\\\/portfolio\\\/avcuritibanos\\\/\"]}]},{\"@type\":\"ImageObject\",\"inLanguage\":\"pt-BR\",\"@id\":\"https:\\\/\\\/mundoonibus.com.br\\\/site\\\/portfolio\\\/avcuritibanos\\\/#primaryimage\",\"url\":\"https:\\\/\\\/mundoonibus.com.br\\\/site\\\/wp-content\\\/uploads\\\/2024\\\/11\\\/Viacao-Curitibanos-0525.jpg\",\"contentUrl\":\"https:\\\/\\\/mundoonibus.com.br\\\/site\\\/wp-content\\\/uploads\\\/2024\\\/11\\\/Viacao-Curitibanos-0525.jpg\",\"width\":1600,\"height\":1199},{\"@type\":\"BreadcrumbList\",\"@id\":\"https:\\\/\\\/mundoonibus.com.br\\\/site\\\/portfolio\\\/avcuritibanos\\\/#breadcrumb\",\"itemListElement\":[{\"@type\":\"ListItem\",\"position\":1,\"name\":\"In\u00edcio\",\"item\":\"https:\\\/\\\/mundoonibus.com.br\\\/site\\\/\"},{\"@type\":\"ListItem\",\"position\":2,\"name\":\"Portf\u00f3lio\",\"item\":\"https:\\\/\\\/mundoonibus.com.br\\\/site\\\/portfolio\\\/\"},{\"@type\":\"ListItem\",\"position\":3,\"name\":\"Auto Via\u00e7\u00e3o Curitibanos\"}]},{\"@type\":\"WebSite\",\"@id\":\"https:\\\/\\\/mundoonibus.com.br\\\/site\\\/#website\",\"url\":\"https:\\\/\\\/mundoonibus.com.br\\\/site\\\/\",\"name\":\"Mundo \u00d4nibus\",\"description\":\"Bem-vindo a Bordo!\",\"publisher\":{\"@id\":\"https:\\\/\\\/mundoonibus.com.br\\\/site\\\/#organization\"},\"potentialAction\":[{\"@type\":\"SearchAction\",\"target\":{\"@type\":\"EntryPoint\",\"urlTemplate\":\"https:\\\/\\\/mundoonibus.com.br\\\/site\\\/?s={search_term_string}\"},\"query-input\":{\"@type\":\"PropertyValueSpecification\",\"valueRequired\":true,\"valueName\":\"search_term_string\"}}],\"inLanguage\":\"pt-BR\"},{\"@type\":\"Organization\",\"@id\":\"https:\\\/\\\/mundoonibus.com.br\\\/site\\\/#organization\",\"name\":\"Mundo \u00d4nibus\",\"url\":\"https:\\\/\\\/mundoonibus.com.br\\\/site\\\/\",\"logo\":{\"@type\":\"ImageObject\",\"inLanguage\":\"pt-BR\",\"@id\":\"https:\\\/\\\/mundoonibus.com.br\\\/site\\\/#\\\/schema\\\/logo\\\/image\\\/\",\"url\":\"https:\\\/\\\/mundoonibus.com.br\\\/site\\\/wp-content\\\/uploads\\\/2021\\\/10\\\/Logo-H.png\",\"contentUrl\":\"https:\\\/\\\/mundoonibus.com.br\\\/site\\\/wp-content\\\/uploads\\\/2021\\\/10\\\/Logo-H.png\",\"width\":740,\"height\":139,\"caption\":\"Mundo \u00d4nibus\"},\"image\":{\"@id\":\"https:\\\/\\\/mundoonibus.com.br\\\/site\\\/#\\\/schema\\\/logo\\\/image\\\/\"}}]}<\/script>\n<!-- \/ Yoast SEO plugin. -->","yoast_head_json":{"title":"Auto Via\u00e7\u00e3o Curitibanos - Mundo \u00d4nibus","robots":{"index":"index","follow":"follow","max-snippet":"max-snippet:-1","max-image-preview":"max-image-preview:large","max-video-preview":"max-video-preview:-1"},"canonical":"https:\/\/mundoonibus.com.br\/site\/portfolio\/avcuritibanos\/","og_locale":"pt_BR","og_type":"article","og_title":"Auto Via\u00e7\u00e3o Curitibanos - Mundo \u00d4nibus","og_description":"Munic\u00edpio Servi\u00e7o Situa\u00e7\u00e3o Per\u00edodo Curitibanos\/SC Urbano Ativa 2001 &#8211; Presente Atualizado em 07\/08\/2025 Hist\u00f3rico A Auto Via\u00e7\u00e3o Curitibanos \u00e9 uma empresa de transporte coletivo urbano localizada na cidade de Curitibanos. Fundada em 2001, possui uma frota de onze \u00f4nibus, com um quadro de 23 colaboradores nos setores de manuten\u00e7\u00e3o, administra\u00e7\u00e3o e opera\u00e7\u00f5es. Transporta mensalmente 40...","og_url":"https:\/\/mundoonibus.com.br\/site\/portfolio\/avcuritibanos\/","og_site_name":"Mundo \u00d4nibus","article_modified_time":"2025-08-07T17:36:59+00:00","og_image":[{"width":1600,"height":1199,"url":"https:\/\/mundoonibus.com.br\/site\/wp-content\/uploads\/2024\/11\/Viacao-Curitibanos-0525.jpg","type":"image\/jpeg"}],"twitter_card":"summary_large_image","twitter_misc":{"Est. tempo de leitura":"3 minutos"},"schema":{"@context":"https:\/\/schema.org","@graph":[{"@type":"WebPage","@id":"https:\/\/mundoonibus.com.br\/site\/portfolio\/avcuritibanos\/","url":"https:\/\/mundoonibus.com.br\/site\/portfolio\/avcuritibanos\/","name":"Auto Via\u00e7\u00e3o Curitibanos - Mundo \u00d4nibus","isPartOf":{"@id":"https:\/\/mundoonibus.com.br\/site\/#website"},"primaryImageOfPage":{"@id":"https:\/\/mundoonibus.com.br\/site\/portfolio\/avcuritibanos\/#primaryimage"},"image":{"@id":"https:\/\/mundoonibus.com.br\/site\/portfolio\/avcuritibanos\/#primaryimage"},"thumbnailUrl":"https:\/\/mundoonibus.com.br\/site\/wp-content\/uploads\/2024\/11\/Viacao-Curitibanos-0525.jpg","datePublished":"2024-11-15T17:00:20+00:00","dateModified":"2025-08-07T17:36:59+00:00","breadcrumb":{"@id":"https:\/\/mundoonibus.com.br\/site\/portfolio\/avcuritibanos\/#breadcrumb"},"inLanguage":"pt-BR","potentialAction":[{"@type":"ReadAction","target":["https:\/\/mundoonibus.com.br\/site\/portfolio\/avcuritibanos\/"]}]},{"@type":"ImageObject","inLanguage":"pt-BR","@id":"https:\/\/mundoonibus.com.br\/site\/portfolio\/avcuritibanos\/#primaryimage","url":"https:\/\/mundoonibus.com.br\/site\/wp-content\/uploads\/2024\/11\/Viacao-Curitibanos-0525.jpg","contentUrl":"https:\/\/mundoonibus.com.br\/site\/wp-content\/uploads\/2024\/11\/Viacao-Curitibanos-0525.jpg","width":1600,"height":1199},{"@type":"BreadcrumbList","@id":"https:\/\/mundoonibus.com.br\/site\/portfolio\/avcuritibanos\/#breadcrumb","itemListElement":[{"@type":"ListItem","position":1,"name":"In\u00edcio","item":"https:\/\/mundoonibus.com.br\/site\/"},{"@type":"ListItem","position":2,"name":"Portf\u00f3lio","item":"https:\/\/mundoonibus.com.br\/site\/portfolio\/"},{"@type":"ListItem","position":3,"name":"Auto Via\u00e7\u00e3o Curitibanos"}]},{"@type":"WebSite","@id":"https:\/\/mundoonibus.com.br\/site\/#website","url":"https:\/\/mundoonibus.com.br\/site\/","name":"Mundo \u00d4nibus","description":"Bem-vindo a Bordo!","publisher":{"@id":"https:\/\/mundoonibus.com.br\/site\/#organization"},"potentialAction":[{"@type":"SearchAction","target":{"@type":"EntryPoint","urlTemplate":"https:\/\/mundoonibus.com.br\/site\/?s={search_term_string}"},"query-input":{"@type":"PropertyValueSpecification","valueRequired":true,"valueName":"search_term_string"}}],"inLanguage":"pt-BR"},{"@type":"Organization","@id":"https:\/\/mundoonibus.com.br\/site\/#organization","name":"Mundo \u00d4nibus","url":"https:\/\/mundoonibus.com.br\/site\/","logo":{"@type":"ImageObject","inLanguage":"pt-BR","@id":"https:\/\/mundoonibus.com.br\/site\/#\/schema\/logo\/image\/","url":"https:\/\/mundoonibus.com.br\/site\/wp-content\/uploads\/2021\/10\/Logo-H.png","contentUrl":"https:\/\/mundoonibus.com.br\/site\/wp-content\/uploads\/2021\/10\/Logo-H.png","width":740,"height":139,"caption":"Mundo \u00d4nibus"},"image":{"@id":"https:\/\/mundoonibus.com.br\/site\/#\/schema\/logo\/image\/"}}]}},"_links":{"self":[{"href":"https:\/\/mundoonibus.com.br\/site\/wp-json\/wp\/v2\/portfolio\/10988","targetHints":{"allow":["GET"]}}],"collection":[{"href":"https:\/\/mundoonibus.com.br\/site\/wp-json\/wp\/v2\/portfolio"}],"about":[{"href":"https:\/\/mundoonibus.com.br\/site\/wp-json\/wp\/v2\/types\/portfolio"}],"author":[{"embeddable":true,"href":"https:\/\/mundoonibus.com.br\/site\/wp-json\/wp\/v2\/users\/1"}],"replies":[{"embeddable":true,"href":"https:\/\/mundoonibus.com.br\/site\/wp-json\/wp\/v2\/comments?post=10988"}],"version-history":[{"count":10,"href":"https:\/\/mundoonibus.com.br\/site\/wp-json\/wp\/v2\/portfolio\/10988\/revisions"}],"predecessor-version":[{"id":12694,"href":"https:\/\/mundoonibus.com.br\/site\/wp-json\/wp\/v2\/portfolio\/10988\/revisions\/12694"}],"wp:featuredmedia":[{"embeddable":true,"href":"https:\/\/mundoonibus.com.br\/site\/wp-json\/wp\/v2\/media\/10997"}],"wp:attachment":[{"href":"https:\/\/mundoonibus.com.br\/site\/wp-json\/wp\/v2\/media?parent=10988"}],"wp:term":[{"taxonomy":"portfolio_category","embeddable":true,"href":"https:\/\/mundoonibus.com.br\/site\/wp-json\/wp\/v2\/portfolio_category?post=10988"},{"taxonomy":"portfolio_tag","embeddable":true,"href":"https:\/\/mundoonibus.com.br\/site\/wp-json\/wp\/v2\/portfolio_tag?post=10988"}],"curies":[{"name":"wp","href":"https:\/\/api.w.org\/{rel}","templated":true}]}}