{"id":1852,"date":"2020-06-12T10:34:17","date_gmt":"2020-06-12T13:34:17","guid":{"rendered":"https:\/\/mundoonibus.com.br\/site\/?post_type=portfolio&#038;p=1852"},"modified":"2025-08-14T10:06:24","modified_gmt":"2025-08-14T13:06:24","slug":"viacaodovaleilhota","status":"publish","type":"portfolio","link":"https:\/\/mundoonibus.com.br\/site\/portfolio\/viacaodovaleilhota\/","title":{"rendered":"Auto Via\u00e7\u00e3o Do Vale"},"content":{"rendered":"\n<figure class=\"wp-block-table is-style-stripes\"><table class=\"has-fixed-layout\"><thead><tr><th class=\"has-text-align-center\" data-align=\"center\">Munic\u00edpio<\/th><th class=\"has-text-align-center\" data-align=\"center\">Servi\u00e7o<\/th><th class=\"has-text-align-center\" data-align=\"center\">Situa\u00e7\u00e3o<\/th><th class=\"has-text-align-center\" data-align=\"center\">Per\u00edodo<\/th><\/tr><\/thead><tbody><tr><td class=\"has-text-align-center\" data-align=\"center\">Ilhota\/SC<\/td><td class=\"has-text-align-center\" data-align=\"center\">Urbano<\/td><td class=\"has-text-align-center\" data-align=\"center\">Desativada<\/td><td class=\"has-text-align-center\" data-align=\"center\">09\/2012 &#8211; 07\/2016<\/td><\/tr><\/tbody><\/table><figcaption class=\"wp-element-caption\">Atualizado em 17\/10\/2021<\/figcaption><\/figure>\n\n\n\n<h3 class=\"wp-block-heading\" id=\"historico\">Hist\u00f3rico<\/h3>\n\n\n\n<p class=\"has-text-align-left\">A <strong>Auto Via\u00e7\u00e3o Do Vale<\/strong> foi a vencedora da licita\u00e7\u00e3o para operar o transporte coletivo de <strong>Ilhota<\/strong>. Na \u00e9poca a empresa j\u00e1 estava consolidada em <strong><a href=\"https:\/\/mundoonibus.com.br\/site\/portfolio\/viacaodovale\/\" target=\"_blank\" rel=\"noreferrer noopener\">Gaspar<\/a><\/strong> e buscava se fortalecer no ambiente regional.<\/p>\n\n\n\n<p class=\"has-text-align-left\">Iniciou as opera\u00e7\u00f5es com seis \u00f4nibus, sendo que a frota inicial jamais foi ampliada. Diversos fatores contribu\u00edram com o insucesso da empresa, dentre eles a falta de infraestrutura, grande extens\u00e3o territorial do munic\u00edpio e falta de parceria com a Prefeitura de Ilhota. Em menos de tr\u00eas anos, a frota ficou reduzida a apenas um ve\u00edculo. As opera\u00e7\u00f5es se encerraram pouco antes de a matriz &#8211; em Gaspar &#8211; tamb\u00e9m fechar as portas.<\/p>\n\n\n\n<h3 class=\"wp-block-heading\" id=\"frota\">Frota<\/h3>\n\n\n\n<h5 class=\"wp-block-heading\" id=\"desativados\">Desativados<\/h5>\n\n\n\n<figure id=\"igsv-2-1PywM3sC2D5xxW9lHtR3GvFImYrILYkoeqeSDwNqEmxQ\" class=\"wp-block-table is-style-stripes\"><table><thead><tr><th class=\"has-text-align-center\" data-align=\"center\">Prefixo<\/th><th class=\"has-text-align-center\" data-align=\"center\">Carroceria<\/th><th class=\"has-text-align-center\" data-align=\"center\">Chassi<\/th><th class=\"has-text-align-center\" data-align=\"center\">Placa<\/th><th class=\"has-text-align-center\" data-align=\"center\">Ano<\/th><th class=\"has-text-align-center\" data-align=\"center\">Observa\u00e7\u00f5es<\/th><th class=\"has-text-align-center\" data-align=\"center\">Munic\u00edpio<\/th><\/tr><\/thead><tbody><tr><td class=\"has-text-align-center\" data-align=\"center\"><strong><a href=\"https:\/\/mundoonibus.com.br\/site\/wp-content\/uploads\/2024\/08\/Do-Vale-6001.jpg\" data-lbwps-width=\"1600\" data-lbwps-height=\"1200\" data-lbwps-srcsmall=\"https:\/\/mundoonibus.com.br\/site\/wp-content\/uploads\/2024\/08\/Do-Vale-6001-300x225.jpg\">6001<\/a><\/strong><\/td><td class=\"has-text-align-center\" data-align=\"center\">Marcopolo Senior 2000<\/td><td class=\"has-text-align-center\" data-align=\"center\">VolksBus 9-150 OD<\/td><td class=\"has-text-align-center\" data-align=\"center\">MCI2588<\/td><td class=\"has-text-align-center\" data-align=\"center\">2002\/2002<\/td><td class=\"has-text-align-center\" data-align=\"center\">Ex-<a href=\"https:\/\/mundoonibus.com.br\/site\/portfolio\/viacaodovale\/\" target=\"_blank\" rel=\"noreferrer noopener\">Via\u00e7\u00e3o Do Vale<\/a> 5606 (SC)<\/td><td class=\"has-text-align-center\" data-align=\"center\">\u00c1guas de Chapec\u00f3\/SC<\/td><\/tr><tr><td class=\"has-text-align-center\" data-align=\"center\"><strong><a href=\"https:\/\/mundoonibus.com.br\/site\/wp-content\/uploads\/2024\/08\/Do-Vale-6002.jpg\" data-lbwps-width=\"1600\" data-lbwps-height=\"1200\" data-lbwps-srcsmall=\"https:\/\/mundoonibus.com.br\/site\/wp-content\/uploads\/2024\/08\/Do-Vale-6002-300x225.jpg\">6002<\/a><\/strong><\/td><td class=\"has-text-align-center\" data-align=\"center\">Marcopolo Senior 2000<\/td><td class=\"has-text-align-center\" data-align=\"center\">VolksBus 9-150 OD<\/td><td class=\"has-text-align-center\" data-align=\"center\">MCI2538<\/td><td class=\"has-text-align-center\" data-align=\"center\">2002\/2002<\/td><td class=\"has-text-align-center\" data-align=\"center\">Ex-<a href=\"https:\/\/mundoonibus.com.br\/site\/portfolio\/viacaodovale\/\" target=\"_blank\" rel=\"noreferrer noopener\">Via\u00e7\u00e3o Do Vale<\/a> 5505 (SC)<\/td><td class=\"has-text-align-center\" data-align=\"center\">Api\u00fana\/SC<\/td><\/tr><tr><td class=\"has-text-align-center\" data-align=\"center\"><strong><a href=\"https:\/\/mundoonibus.com.br\/site\/wp-content\/uploads\/2024\/08\/Do-Vale-6003.jpg\" data-lbwps-width=\"1600\" data-lbwps-height=\"1201\" data-lbwps-srcsmall=\"https:\/\/mundoonibus.com.br\/site\/wp-content\/uploads\/2024\/08\/Do-Vale-6003-300x225.jpg\">6003<\/a><\/strong><\/td><td class=\"has-text-align-center\" data-align=\"center\">Marcopolo Senior 2000<\/td><td class=\"has-text-align-center\" data-align=\"center\">VolksBus 9-150 OD<\/td><td class=\"has-text-align-center\" data-align=\"center\">MCI2247<\/td><td class=\"has-text-align-center\" data-align=\"center\">2002\/2002<\/td><td class=\"has-text-align-center\" data-align=\"center\">Ex-<a href=\"https:\/\/mundoonibus.com.br\/site\/portfolio\/viacaodovale\/\" target=\"_blank\" rel=\"noreferrer noopener\">Via\u00e7\u00e3o Do Vale<\/a> 5404 (SC)<\/td><td class=\"has-text-align-center\" data-align=\"center\">Itaperu\u00e7u\/PR<\/td><\/tr><tr><td class=\"has-text-align-center\" data-align=\"center\"><strong><a href=\"https:\/\/mundoonibus.com.br\/site\/wp-content\/uploads\/2024\/08\/Do-Vale-6004.jpg\" data-lbwps-width=\"1600\" data-lbwps-height=\"1200\" data-lbwps-srcsmall=\"https:\/\/mundoonibus.com.br\/site\/wp-content\/uploads\/2024\/08\/Do-Vale-6004-300x225.jpg\">6004<\/a><\/strong><\/td><td class=\"has-text-align-center\" data-align=\"center\">Marcopolo Torino 1999<\/td><td class=\"has-text-align-center\" data-align=\"center\">Mercedes-Benz OF-1721<\/td><td class=\"has-text-align-center\" data-align=\"center\">GVQ1301<\/td><td class=\"has-text-align-center\" data-align=\"center\">2003\/2003<\/td><td class=\"has-text-align-center\" data-align=\"center\">Ex-Cidade BH 10432 (MG)<\/td><td class=\"has-text-align-center\" data-align=\"center\">Navegantes\/SC<\/td><\/tr><tr><td class=\"has-text-align-center\" data-align=\"center\"><strong><a href=\"https:\/\/mundoonibus.com.br\/site\/wp-content\/uploads\/2024\/08\/Do-Vale-6005.jpg\" data-lbwps-width=\"1600\" data-lbwps-height=\"1200\" data-lbwps-srcsmall=\"https:\/\/mundoonibus.com.br\/site\/wp-content\/uploads\/2024\/08\/Do-Vale-6005-300x225.jpg\">6005<\/a><\/strong><\/td><td class=\"has-text-align-center\" data-align=\"center\">Marcopolo Torino 1999<\/td><td class=\"has-text-align-center\" data-align=\"center\">Mercedes-Benz OF-1721<\/td><td class=\"has-text-align-center\" data-align=\"center\">GVQ1295<\/td><td class=\"has-text-align-center\" data-align=\"center\">2003\/2003<\/td><td class=\"has-text-align-center\" data-align=\"center\">Ex-Cidade BH 10431 (MG)<\/td><td class=\"has-text-align-center\" data-align=\"center\">Navegantes\/SC<\/td><\/tr><tr><td class=\"has-text-align-center\" data-align=\"center\"><strong><a href=\"https:\/\/mundoonibus.com.br\/site\/wp-content\/uploads\/2024\/08\/Do-Vale-6006.jpg\" data-lbwps-width=\"1600\" data-lbwps-height=\"1200\" data-lbwps-srcsmall=\"https:\/\/mundoonibus.com.br\/site\/wp-content\/uploads\/2024\/08\/Do-Vale-6006-300x225.jpg\">6006<\/a><\/strong><\/td><td class=\"has-text-align-center\" data-align=\"center\">Marcopolo Viale<\/td><td class=\"has-text-align-center\" data-align=\"center\">VolksBus 17-210 OD<\/td><td class=\"has-text-align-center\" data-align=\"center\">MCM7078<\/td><td class=\"has-text-align-center\" data-align=\"center\">2002\/2002<\/td><td class=\"has-text-align-center\" data-align=\"center\">Ex-<a href=\"https:\/\/mundoonibus.com.br\/site\/portfolio\/viacaodovale\/\" target=\"_blank\" rel=\"noreferrer noopener\">Via\u00e7\u00e3o Do Vale<\/a> 5999 (SC)<\/td><td class=\"has-text-align-center\" data-align=\"center\">Navegantes\/SC<\/td><\/tr><\/tbody><\/table><figcaption class=\"wp-element-caption\">Atualizado em 24\/01\/2022<\/figcaption><\/figure>\n\n\n\n<p><\/p>\n","protected":false},"excerpt":{"rendered":"<p>Munic\u00edpio Servi\u00e7o Situa\u00e7\u00e3o Per\u00edodo Ilhota\/SC Urbano Desativada 09\/2012 &#8211; 07\/2016 Atualizado em 17\/10\/2021 Hist\u00f3rico A Auto Via\u00e7\u00e3o Do Vale foi a vencedora da licita\u00e7\u00e3o para operar o transporte coletivo de Ilhota. Na \u00e9poca a empresa j\u00e1 estava consolidada em Gaspar e buscava se fortalecer no ambiente regional. Iniciou as opera\u00e7\u00f5es com seis \u00f4nibus, sendo que&#8230;<\/p>\n","protected":false},"author":1,"featured_media":10288,"comment_status":"open","ping_status":"closed","template":"","meta":{"_kad_post_transparent":"","_kad_post_title":"","_kad_post_layout":"","_kad_post_sidebar_id":"","_kad_post_content_style":"","_kad_post_vertical_padding":"","_kad_post_feature":"","_kad_post_feature_position":"","_kad_post_header":false,"_kad_post_footer":false,"_kad_post_classname":"","footnotes":""},"portfolio_category":[121],"portfolio_tag":[30],"class_list":["post-1852","portfolio","type-portfolio","status-publish","has-post-thumbnail","hentry","portfolio_category-urbano","portfolio_tag-ilhota-sc"],"yoast_head":"<!-- This site is optimized with the Yoast SEO plugin v27.5 - https:\/\/yoast.com\/product\/yoast-seo-wordpress\/ -->\n<title>Auto Via\u00e7\u00e3o Do Vale - Mundo \u00d4nibus<\/title>\n<meta name=\"robots\" content=\"index, follow, max-snippet:-1, max-image-preview:large, max-video-preview:-1\" \/>\n<link rel=\"canonical\" href=\"https:\/\/mundoonibus.com.br\/site\/portfolio\/viacaodovaleilhota\/\" \/>\n<meta property=\"og:locale\" content=\"pt_BR\" \/>\n<meta property=\"og:type\" content=\"article\" \/>\n<meta property=\"og:title\" content=\"Auto Via\u00e7\u00e3o Do Vale - Mundo \u00d4nibus\" \/>\n<meta property=\"og:description\" content=\"Munic\u00edpio Servi\u00e7o Situa\u00e7\u00e3o Per\u00edodo Ilhota\/SC Urbano Desativada 09\/2012 &#8211; 07\/2016 Atualizado em 17\/10\/2021 Hist\u00f3rico A Auto Via\u00e7\u00e3o Do Vale foi a vencedora da licita\u00e7\u00e3o para operar o transporte coletivo de Ilhota. Na \u00e9poca a empresa j\u00e1 estava consolidada em Gaspar e buscava se fortalecer no ambiente regional. Iniciou as opera\u00e7\u00f5es com seis \u00f4nibus, sendo que...\" \/>\n<meta property=\"og:url\" content=\"https:\/\/mundoonibus.com.br\/site\/portfolio\/viacaodovaleilhota\/\" \/>\n<meta property=\"og:site_name\" content=\"Mundo \u00d4nibus\" \/>\n<meta property=\"article:modified_time\" content=\"2025-08-14T13:06:24+00:00\" \/>\n<meta property=\"og:image\" content=\"https:\/\/mundoonibus.com.br\/site\/wp-content\/uploads\/2024\/08\/Do-Vale-6006.jpg\" \/>\n\t<meta property=\"og:image:width\" content=\"1600\" \/>\n\t<meta property=\"og:image:height\" content=\"1200\" \/>\n\t<meta property=\"og:image:type\" content=\"image\/jpeg\" \/>\n<meta name=\"twitter:card\" content=\"summary_large_image\" \/>\n<meta name=\"twitter:label1\" content=\"Est. tempo de leitura\" \/>\n\t<meta name=\"twitter:data1\" content=\"2 minutos\" \/>\n<script type=\"application\/ld+json\" class=\"yoast-schema-graph\">{\"@context\":\"https:\\\/\\\/schema.org\",\"@graph\":[{\"@type\":\"WebPage\",\"@id\":\"https:\\\/\\\/mundoonibus.com.br\\\/site\\\/portfolio\\\/viacaodovaleilhota\\\/\",\"url\":\"https:\\\/\\\/mundoonibus.com.br\\\/site\\\/portfolio\\\/viacaodovaleilhota\\\/\",\"name\":\"Auto Via\u00e7\u00e3o Do Vale - Mundo \u00d4nibus\",\"isPartOf\":{\"@id\":\"https:\\\/\\\/mundoonibus.com.br\\\/site\\\/#website\"},\"primaryImageOfPage\":{\"@id\":\"https:\\\/\\\/mundoonibus.com.br\\\/site\\\/portfolio\\\/viacaodovaleilhota\\\/#primaryimage\"},\"image\":{\"@id\":\"https:\\\/\\\/mundoonibus.com.br\\\/site\\\/portfolio\\\/viacaodovaleilhota\\\/#primaryimage\"},\"thumbnailUrl\":\"https:\\\/\\\/mundoonibus.com.br\\\/site\\\/wp-content\\\/uploads\\\/2024\\\/08\\\/Do-Vale-6006.jpg\",\"datePublished\":\"2020-06-12T13:34:17+00:00\",\"dateModified\":\"2025-08-14T13:06:24+00:00\",\"breadcrumb\":{\"@id\":\"https:\\\/\\\/mundoonibus.com.br\\\/site\\\/portfolio\\\/viacaodovaleilhota\\\/#breadcrumb\"},\"inLanguage\":\"pt-BR\",\"potentialAction\":[{\"@type\":\"ReadAction\",\"target\":[\"https:\\\/\\\/mundoonibus.com.br\\\/site\\\/portfolio\\\/viacaodovaleilhota\\\/\"]}]},{\"@type\":\"ImageObject\",\"inLanguage\":\"pt-BR\",\"@id\":\"https:\\\/\\\/mundoonibus.com.br\\\/site\\\/portfolio\\\/viacaodovaleilhota\\\/#primaryimage\",\"url\":\"https:\\\/\\\/mundoonibus.com.br\\\/site\\\/wp-content\\\/uploads\\\/2024\\\/08\\\/Do-Vale-6006.jpg\",\"contentUrl\":\"https:\\\/\\\/mundoonibus.com.br\\\/site\\\/wp-content\\\/uploads\\\/2024\\\/08\\\/Do-Vale-6006.jpg\",\"width\":1600,\"height\":1200},{\"@type\":\"BreadcrumbList\",\"@id\":\"https:\\\/\\\/mundoonibus.com.br\\\/site\\\/portfolio\\\/viacaodovaleilhota\\\/#breadcrumb\",\"itemListElement\":[{\"@type\":\"ListItem\",\"position\":1,\"name\":\"In\u00edcio\",\"item\":\"https:\\\/\\\/mundoonibus.com.br\\\/site\\\/\"},{\"@type\":\"ListItem\",\"position\":2,\"name\":\"Portf\u00f3lio\",\"item\":\"https:\\\/\\\/mundoonibus.com.br\\\/site\\\/portfolio\\\/\"},{\"@type\":\"ListItem\",\"position\":3,\"name\":\"Auto Via\u00e7\u00e3o Do Vale\"}]},{\"@type\":\"WebSite\",\"@id\":\"https:\\\/\\\/mundoonibus.com.br\\\/site\\\/#website\",\"url\":\"https:\\\/\\\/mundoonibus.com.br\\\/site\\\/\",\"name\":\"Mundo \u00d4nibus\",\"description\":\"Bem-vindo a Bordo!\",\"publisher\":{\"@id\":\"https:\\\/\\\/mundoonibus.com.br\\\/site\\\/#organization\"},\"potentialAction\":[{\"@type\":\"SearchAction\",\"target\":{\"@type\":\"EntryPoint\",\"urlTemplate\":\"https:\\\/\\\/mundoonibus.com.br\\\/site\\\/?s={search_term_string}\"},\"query-input\":{\"@type\":\"PropertyValueSpecification\",\"valueRequired\":true,\"valueName\":\"search_term_string\"}}],\"inLanguage\":\"pt-BR\"},{\"@type\":\"Organization\",\"@id\":\"https:\\\/\\\/mundoonibus.com.br\\\/site\\\/#organization\",\"name\":\"Mundo \u00d4nibus\",\"url\":\"https:\\\/\\\/mundoonibus.com.br\\\/site\\\/\",\"logo\":{\"@type\":\"ImageObject\",\"inLanguage\":\"pt-BR\",\"@id\":\"https:\\\/\\\/mundoonibus.com.br\\\/site\\\/#\\\/schema\\\/logo\\\/image\\\/\",\"url\":\"https:\\\/\\\/mundoonibus.com.br\\\/site\\\/wp-content\\\/uploads\\\/2021\\\/10\\\/Logo-H.png\",\"contentUrl\":\"https:\\\/\\\/mundoonibus.com.br\\\/site\\\/wp-content\\\/uploads\\\/2021\\\/10\\\/Logo-H.png\",\"width\":740,\"height\":139,\"caption\":\"Mundo \u00d4nibus\"},\"image\":{\"@id\":\"https:\\\/\\\/mundoonibus.com.br\\\/site\\\/#\\\/schema\\\/logo\\\/image\\\/\"}}]}<\/script>\n<!-- \/ Yoast SEO plugin. -->","yoast_head_json":{"title":"Auto Via\u00e7\u00e3o Do Vale - Mundo \u00d4nibus","robots":{"index":"index","follow":"follow","max-snippet":"max-snippet:-1","max-image-preview":"max-image-preview:large","max-video-preview":"max-video-preview:-1"},"canonical":"https:\/\/mundoonibus.com.br\/site\/portfolio\/viacaodovaleilhota\/","og_locale":"pt_BR","og_type":"article","og_title":"Auto Via\u00e7\u00e3o Do Vale - Mundo \u00d4nibus","og_description":"Munic\u00edpio Servi\u00e7o Situa\u00e7\u00e3o Per\u00edodo Ilhota\/SC Urbano Desativada 09\/2012 &#8211; 07\/2016 Atualizado em 17\/10\/2021 Hist\u00f3rico A Auto Via\u00e7\u00e3o Do Vale foi a vencedora da licita\u00e7\u00e3o para operar o transporte coletivo de Ilhota. Na \u00e9poca a empresa j\u00e1 estava consolidada em Gaspar e buscava se fortalecer no ambiente regional. Iniciou as opera\u00e7\u00f5es com seis \u00f4nibus, sendo que...","og_url":"https:\/\/mundoonibus.com.br\/site\/portfolio\/viacaodovaleilhota\/","og_site_name":"Mundo \u00d4nibus","article_modified_time":"2025-08-14T13:06:24+00:00","og_image":[{"width":1600,"height":1200,"url":"https:\/\/mundoonibus.com.br\/site\/wp-content\/uploads\/2024\/08\/Do-Vale-6006.jpg","type":"image\/jpeg"}],"twitter_card":"summary_large_image","twitter_misc":{"Est. tempo de leitura":"2 minutos"},"schema":{"@context":"https:\/\/schema.org","@graph":[{"@type":"WebPage","@id":"https:\/\/mundoonibus.com.br\/site\/portfolio\/viacaodovaleilhota\/","url":"https:\/\/mundoonibus.com.br\/site\/portfolio\/viacaodovaleilhota\/","name":"Auto Via\u00e7\u00e3o Do Vale - Mundo \u00d4nibus","isPartOf":{"@id":"https:\/\/mundoonibus.com.br\/site\/#website"},"primaryImageOfPage":{"@id":"https:\/\/mundoonibus.com.br\/site\/portfolio\/viacaodovaleilhota\/#primaryimage"},"image":{"@id":"https:\/\/mundoonibus.com.br\/site\/portfolio\/viacaodovaleilhota\/#primaryimage"},"thumbnailUrl":"https:\/\/mundoonibus.com.br\/site\/wp-content\/uploads\/2024\/08\/Do-Vale-6006.jpg","datePublished":"2020-06-12T13:34:17+00:00","dateModified":"2025-08-14T13:06:24+00:00","breadcrumb":{"@id":"https:\/\/mundoonibus.com.br\/site\/portfolio\/viacaodovaleilhota\/#breadcrumb"},"inLanguage":"pt-BR","potentialAction":[{"@type":"ReadAction","target":["https:\/\/mundoonibus.com.br\/site\/portfolio\/viacaodovaleilhota\/"]}]},{"@type":"ImageObject","inLanguage":"pt-BR","@id":"https:\/\/mundoonibus.com.br\/site\/portfolio\/viacaodovaleilhota\/#primaryimage","url":"https:\/\/mundoonibus.com.br\/site\/wp-content\/uploads\/2024\/08\/Do-Vale-6006.jpg","contentUrl":"https:\/\/mundoonibus.com.br\/site\/wp-content\/uploads\/2024\/08\/Do-Vale-6006.jpg","width":1600,"height":1200},{"@type":"BreadcrumbList","@id":"https:\/\/mundoonibus.com.br\/site\/portfolio\/viacaodovaleilhota\/#breadcrumb","itemListElement":[{"@type":"ListItem","position":1,"name":"In\u00edcio","item":"https:\/\/mundoonibus.com.br\/site\/"},{"@type":"ListItem","position":2,"name":"Portf\u00f3lio","item":"https:\/\/mundoonibus.com.br\/site\/portfolio\/"},{"@type":"ListItem","position":3,"name":"Auto Via\u00e7\u00e3o Do Vale"}]},{"@type":"WebSite","@id":"https:\/\/mundoonibus.com.br\/site\/#website","url":"https:\/\/mundoonibus.com.br\/site\/","name":"Mundo \u00d4nibus","description":"Bem-vindo a Bordo!","publisher":{"@id":"https:\/\/mundoonibus.com.br\/site\/#organization"},"potentialAction":[{"@type":"SearchAction","target":{"@type":"EntryPoint","urlTemplate":"https:\/\/mundoonibus.com.br\/site\/?s={search_term_string}"},"query-input":{"@type":"PropertyValueSpecification","valueRequired":true,"valueName":"search_term_string"}}],"inLanguage":"pt-BR"},{"@type":"Organization","@id":"https:\/\/mundoonibus.com.br\/site\/#organization","name":"Mundo \u00d4nibus","url":"https:\/\/mundoonibus.com.br\/site\/","logo":{"@type":"ImageObject","inLanguage":"pt-BR","@id":"https:\/\/mundoonibus.com.br\/site\/#\/schema\/logo\/image\/","url":"https:\/\/mundoonibus.com.br\/site\/wp-content\/uploads\/2021\/10\/Logo-H.png","contentUrl":"https:\/\/mundoonibus.com.br\/site\/wp-content\/uploads\/2021\/10\/Logo-H.png","width":740,"height":139,"caption":"Mundo \u00d4nibus"},"image":{"@id":"https:\/\/mundoonibus.com.br\/site\/#\/schema\/logo\/image\/"}}]}},"_links":{"self":[{"href":"https:\/\/mundoonibus.com.br\/site\/wp-json\/wp\/v2\/portfolio\/1852","targetHints":{"allow":["GET"]}}],"collection":[{"href":"https:\/\/mundoonibus.com.br\/site\/wp-json\/wp\/v2\/portfolio"}],"about":[{"href":"https:\/\/mundoonibus.com.br\/site\/wp-json\/wp\/v2\/types\/portfolio"}],"author":[{"embeddable":true,"href":"https:\/\/mundoonibus.com.br\/site\/wp-json\/wp\/v2\/users\/1"}],"replies":[{"embeddable":true,"href":"https:\/\/mundoonibus.com.br\/site\/wp-json\/wp\/v2\/comments?post=1852"}],"version-history":[{"count":34,"href":"https:\/\/mundoonibus.com.br\/site\/wp-json\/wp\/v2\/portfolio\/1852\/revisions"}],"predecessor-version":[{"id":10289,"href":"https:\/\/mundoonibus.com.br\/site\/wp-json\/wp\/v2\/portfolio\/1852\/revisions\/10289"}],"wp:featuredmedia":[{"embeddable":true,"href":"https:\/\/mundoonibus.com.br\/site\/wp-json\/wp\/v2\/media\/10288"}],"wp:attachment":[{"href":"https:\/\/mundoonibus.com.br\/site\/wp-json\/wp\/v2\/media?parent=1852"}],"wp:term":[{"taxonomy":"portfolio_category","embeddable":true,"href":"https:\/\/mundoonibus.com.br\/site\/wp-json\/wp\/v2\/portfolio_category?post=1852"},{"taxonomy":"portfolio_tag","embeddable":true,"href":"https:\/\/mundoonibus.com.br\/site\/wp-json\/wp\/v2\/portfolio_tag?post=1852"}],"curies":[{"name":"wp","href":"https:\/\/api.w.org\/{rel}","templated":true}]}}