{"id":4840,"date":"2022-07-26T16:07:34","date_gmt":"2022-07-26T19:07:34","guid":{"rendered":"https:\/\/mundoonibus.com.br\/site\/?post_type=portfolio&#038;p=4840"},"modified":"2025-10-07T08:24:51","modified_gmt":"2025-10-07T11:24:51","slug":"prefeitura-de-araquari","status":"publish","type":"portfolio","link":"https:\/\/mundoonibus.com.br\/site\/portfolio\/prefeitura-de-araquari\/","title":{"rendered":"Prefeitura de Araquari"},"content":{"rendered":"\n<figure class=\"wp-block-table is-style-stripes\"><table class=\"has-fixed-layout\"><thead><tr><th class=\"has-text-align-center\" data-align=\"center\">Munic\u00edpio<\/th><th class=\"has-text-align-center\" data-align=\"center\">Servi\u00e7o<\/th><th class=\"has-text-align-center\" data-align=\"center\">Situa\u00e7\u00e3o<\/th><th class=\"has-text-align-center\" data-align=\"center\">Per\u00edodo<\/th><\/tr><\/thead><tbody><tr><td class=\"has-text-align-center\" data-align=\"center\">Araquari\/SC<\/td><td class=\"has-text-align-center\" data-align=\"center\">Oficial<\/td><td class=\"has-text-align-center\" data-align=\"center\">Ativa<\/td><td class=\"has-text-align-center\" data-align=\"center\">1943 &#8211; Presente<\/td><\/tr><\/tbody><\/table><figcaption class=\"wp-element-caption\">Atualizado em 26\/07\/2022<\/figcaption><\/figure>\n\n\n\n<h3 class=\"wp-block-heading\">Frota<\/h3>\n\n\n\n<h5 class=\"wp-block-heading\">Ativos<\/h5>\n\n\n\n<figure class=\"wp-block-table is-style-stripes\"><table><thead><tr><th class=\"has-text-align-center\" data-align=\"center\">Prefixo<\/th><th class=\"has-text-align-center\" data-align=\"center\">Carroceria<\/th><th class=\"has-text-align-center\" data-align=\"center\">Chassi<\/th><th class=\"has-text-align-center\" data-align=\"center\">Placa<\/th><th class=\"has-text-align-center\" data-align=\"center\">Ano<\/th><th class=\"has-text-align-center\" data-align=\"center\">Observa\u00e7\u00f5es<\/th><th class=\"has-text-align-center\" data-align=\"center\">Munic\u00edpio<\/th><\/tr><\/thead><tbody><tr><td class=\"has-text-align-center\" data-align=\"center\">S\/N<\/td><td class=\"has-text-align-center\" data-align=\"center\">Marcopolo Volare A8<\/td><td class=\"has-text-align-center\" data-align=\"center\">Agrale A8<\/td><td class=\"has-text-align-center\" data-align=\"center\">MCH1851<\/td><td class=\"has-text-align-center\" data-align=\"center\">2002\/2002<\/td><td class=\"has-text-align-center\" data-align=\"center\">&#8211;<\/td><td class=\"has-text-align-center\" data-align=\"center\">Araquari\/SC<\/td><\/tr><tr><td class=\"has-text-align-center\" data-align=\"center\">S\/N<\/td><td class=\"has-text-align-center\" data-align=\"center\">Caio Foz Super EscolarBus<\/td><td class=\"has-text-align-center\" data-align=\"center\">VolksBus 15-190 OD<\/td><td class=\"has-text-align-center\" data-align=\"center\">MLE3137<\/td><td class=\"has-text-align-center\" data-align=\"center\">2012\/2013<\/td><td class=\"has-text-align-center\" data-align=\"center\">&#8211;<\/td><td class=\"has-text-align-center\" data-align=\"center\">Araquari\/SC<\/td><\/tr><\/tbody><\/table><figcaption class=\"wp-element-caption\">Atualizado em 17\/08\/2022<\/figcaption><\/figure>\n\n\n\n<h5 class=\"wp-block-heading\">Desativados<\/h5>\n\n\n\n<p>Devido \u00e0 escassez de informa\u00e7\u00f5es, alguns ve\u00edculos podem n\u00e3o estar catalogados pelo&nbsp;<strong>Mundo \u00d4nibus<\/strong>. Seguimos em busca de novos dados atrav\u00e9s de imagens, documentos e registros hist\u00f3ricos.<\/p>\n\n\n\n<figure id=\"igsv-4-1EQy_ssly_JASi2Xh-vQW7HWCrTT5VmqwF2xu4kxSWxI\" class=\"wp-block-table is-style-stripes\"><table><thead><tr><th class=\"has-text-align-center\" data-align=\"center\">Prefixo<\/th><th class=\"has-text-align-center\" data-align=\"center\">Carroceria<\/th><th class=\"has-text-align-center\" data-align=\"center\">Chassi<\/th><th class=\"has-text-align-center\" data-align=\"center\">Placa<\/th><th class=\"has-text-align-center\" data-align=\"center\">Ano<\/th><th class=\"has-text-align-center\" data-align=\"center\">Observa\u00e7\u00f5es<\/th><th class=\"has-text-align-center\" data-align=\"center\">Munic\u00edpio<\/th><\/tr><\/thead><tbody><tr><td class=\"has-text-align-center\" data-align=\"center\">S\/N<\/td><td class=\"has-text-align-center\" data-align=\"center\">Marcopolo Veneza II<\/td><td class=\"has-text-align-center\" data-align=\"center\">Mercedes-Benz OF-1313<\/td><td class=\"has-text-align-center\" data-align=\"center\">MAQ2668<\/td><td class=\"has-text-align-center\" data-align=\"center\">1982\/1982<\/td><td class=\"has-text-align-center\" data-align=\"center\">Ex-<a href=\"https:\/\/mundoonibus.com.br\/site\/portfolio\/gidion\/\" target=\"_blank\" rel=\"noreferrer noopener\">Gidion<\/a> (SC)<\/td><td class=\"has-text-align-center\" data-align=\"center\">Araquari\/SC<\/td><\/tr><tr><td class=\"has-text-align-center\" data-align=\"center\">S\/N<\/td><td class=\"has-text-align-center\" data-align=\"center\">Nielson Urbanus<\/td><td class=\"has-text-align-center\" data-align=\"center\">Mercedes-Benz OF-1314<\/td><td class=\"has-text-align-center\" data-align=\"center\">MAU2068<\/td><td class=\"has-text-align-center\" data-align=\"center\">1987\/1987<\/td><td class=\"has-text-align-center\" data-align=\"center\">Ex-Bogotur 78701 (SC)<\/td><td class=\"has-text-align-center\" data-align=\"center\">Araquari\/SC<\/td><\/tr><tr><td class=\"has-text-align-center\" data-align=\"center\">S\/N<\/td><td class=\"has-text-align-center\" data-align=\"center\">Nielson Urbanus<\/td><td class=\"has-text-align-center\" data-align=\"center\">Mercedes-Benz OF-1315<\/td><td class=\"has-text-align-center\" data-align=\"center\">MAA2275<\/td><td class=\"has-text-align-center\" data-align=\"center\">1988\/1988<\/td><td class=\"has-text-align-center\" data-align=\"center\">Ex-<a href=\"https:\/\/mundoonibus.com.br\/site\/portfolio\/gidion\/\" target=\"_blank\" rel=\"noreferrer noopener\">Gidion<\/a> 1088 (SC)<\/td><td class=\"has-text-align-center\" data-align=\"center\">Araquari\/SC<\/td><\/tr><tr><td class=\"has-text-align-center\" data-align=\"center\">S\/N<\/td><td class=\"has-text-align-center\" data-align=\"center\">Ciferal Alvorada<\/td><td class=\"has-text-align-center\" data-align=\"center\">Mercedes-Benz OF-1318<\/td><td class=\"has-text-align-center\" data-align=\"center\">BYC3836<\/td><td class=\"has-text-align-center\" data-align=\"center\">1991\/1991<\/td><td class=\"has-text-align-center\" data-align=\"center\">Ex-SP<\/td><td class=\"has-text-align-center\" data-align=\"center\">Araquari\/SC<\/td><\/tr><tr><td class=\"has-text-align-center\" data-align=\"center\">S\/N<\/td><td class=\"has-text-align-center\" data-align=\"center\">Comil Svelto IV<\/td><td class=\"has-text-align-center\" data-align=\"center\">VolksBus 17-210 OD<\/td><td class=\"has-text-align-center\" data-align=\"center\">MCM0338<\/td><td class=\"has-text-align-center\" data-align=\"center\">2002\/2002<\/td><td class=\"has-text-align-center\" data-align=\"center\">&#8211;<\/td><td class=\"has-text-align-center\" data-align=\"center\">Araquari\/SC<\/td><\/tr><tr><td class=\"has-text-align-center\" data-align=\"center\">S\/N<\/td><td class=\"has-text-align-center\" data-align=\"center\">Volare W9<\/td><td class=\"has-text-align-center\" data-align=\"center\">Agrale W9<\/td><td class=\"has-text-align-center\" data-align=\"center\">MEI2035<\/td><td class=\"has-text-align-center\" data-align=\"center\">2008\/2008<\/td><td class=\"has-text-align-center\" data-align=\"center\">&#8211;<\/td><td class=\"has-text-align-center\" data-align=\"center\">Chapec\u00f3\/SC<\/td><\/tr><\/tbody><\/table><figcaption class=\"wp-element-caption\">Atualizado em 17\/08\/2022<\/figcaption><\/figure>\n","protected":false},"excerpt":{"rendered":"<p>Munic\u00edpio Servi\u00e7o Situa\u00e7\u00e3o Per\u00edodo Araquari\/SC Oficial Ativa 1943 &#8211; Presente Atualizado em 26\/07\/2022 Frota Ativos Prefixo Carroceria Chassi Placa Ano Observa\u00e7\u00f5es Munic\u00edpio S\/N Marcopolo Volare A8 Agrale A8 MCH1851 2002\/2002 &#8211; Araquari\/SC S\/N Caio Foz Super EscolarBus VolksBus 15-190 OD MLE3137 2012\/2013 &#8211; Araquari\/SC Atualizado em 17\/08\/2022 Desativados Devido \u00e0 escassez de informa\u00e7\u00f5es, alguns ve\u00edculos&#8230;<\/p>\n","protected":false},"author":1,"featured_media":0,"comment_status":"open","ping_status":"closed","template":"","meta":{"_kad_post_transparent":"","_kad_post_title":"","_kad_post_layout":"","_kad_post_sidebar_id":"","_kad_post_content_style":"","_kad_post_vertical_padding":"","_kad_post_feature":"","_kad_post_feature_position":"","_kad_post_header":false,"_kad_post_footer":false,"_kad_post_classname":"","footnotes":""},"portfolio_category":[126],"portfolio_tag":[83],"class_list":["post-4840","portfolio","type-portfolio","status-publish","hentry","portfolio_category-oficial","portfolio_tag-araquari-sc"],"yoast_head":"<!-- This site is optimized with the Yoast SEO plugin v27.5 - https:\/\/yoast.com\/product\/yoast-seo-wordpress\/ -->\n<title>Prefeitura de Araquari - Mundo \u00d4nibus<\/title>\n<meta name=\"robots\" content=\"index, follow, max-snippet:-1, max-image-preview:large, max-video-preview:-1\" \/>\n<link rel=\"canonical\" href=\"https:\/\/mundoonibus.com.br\/site\/portfolio\/prefeitura-de-araquari\/\" \/>\n<meta property=\"og:locale\" content=\"pt_BR\" \/>\n<meta property=\"og:type\" content=\"article\" \/>\n<meta property=\"og:title\" content=\"Prefeitura de Araquari - Mundo \u00d4nibus\" \/>\n<meta property=\"og:description\" content=\"Munic\u00edpio Servi\u00e7o Situa\u00e7\u00e3o Per\u00edodo Araquari\/SC Oficial Ativa 1943 &#8211; Presente Atualizado em 26\/07\/2022 Frota Ativos Prefixo Carroceria Chassi Placa Ano Observa\u00e7\u00f5es Munic\u00edpio S\/N Marcopolo Volare A8 Agrale A8 MCH1851 2002\/2002 &#8211; Araquari\/SC S\/N Caio Foz Super EscolarBus VolksBus 15-190 OD MLE3137 2012\/2013 &#8211; Araquari\/SC Atualizado em 17\/08\/2022 Desativados Devido \u00e0 escassez de informa\u00e7\u00f5es, alguns ve\u00edculos...\" \/>\n<meta property=\"og:url\" content=\"https:\/\/mundoonibus.com.br\/site\/portfolio\/prefeitura-de-araquari\/\" \/>\n<meta property=\"og:site_name\" content=\"Mundo \u00d4nibus\" \/>\n<meta property=\"article:modified_time\" content=\"2025-10-07T11:24:51+00:00\" \/>\n<meta name=\"twitter:card\" content=\"summary_large_image\" \/>\n<meta name=\"twitter:label1\" content=\"Est. tempo de leitura\" \/>\n\t<meta name=\"twitter:data1\" content=\"1 minuto\" \/>\n<script type=\"application\/ld+json\" class=\"yoast-schema-graph\">{\"@context\":\"https:\\\/\\\/schema.org\",\"@graph\":[{\"@type\":\"WebPage\",\"@id\":\"https:\\\/\\\/mundoonibus.com.br\\\/site\\\/portfolio\\\/prefeitura-de-araquari\\\/\",\"url\":\"https:\\\/\\\/mundoonibus.com.br\\\/site\\\/portfolio\\\/prefeitura-de-araquari\\\/\",\"name\":\"Prefeitura de Araquari - Mundo \u00d4nibus\",\"isPartOf\":{\"@id\":\"https:\\\/\\\/mundoonibus.com.br\\\/site\\\/#website\"},\"datePublished\":\"2022-07-26T19:07:34+00:00\",\"dateModified\":\"2025-10-07T11:24:51+00:00\",\"breadcrumb\":{\"@id\":\"https:\\\/\\\/mundoonibus.com.br\\\/site\\\/portfolio\\\/prefeitura-de-araquari\\\/#breadcrumb\"},\"inLanguage\":\"pt-BR\",\"potentialAction\":[{\"@type\":\"ReadAction\",\"target\":[\"https:\\\/\\\/mundoonibus.com.br\\\/site\\\/portfolio\\\/prefeitura-de-araquari\\\/\"]}]},{\"@type\":\"BreadcrumbList\",\"@id\":\"https:\\\/\\\/mundoonibus.com.br\\\/site\\\/portfolio\\\/prefeitura-de-araquari\\\/#breadcrumb\",\"itemListElement\":[{\"@type\":\"ListItem\",\"position\":1,\"name\":\"In\u00edcio\",\"item\":\"https:\\\/\\\/mundoonibus.com.br\\\/site\\\/\"},{\"@type\":\"ListItem\",\"position\":2,\"name\":\"Portf\u00f3lio\",\"item\":\"https:\\\/\\\/mundoonibus.com.br\\\/site\\\/portfolio\\\/\"},{\"@type\":\"ListItem\",\"position\":3,\"name\":\"Prefeitura de Araquari\"}]},{\"@type\":\"WebSite\",\"@id\":\"https:\\\/\\\/mundoonibus.com.br\\\/site\\\/#website\",\"url\":\"https:\\\/\\\/mundoonibus.com.br\\\/site\\\/\",\"name\":\"Mundo \u00d4nibus\",\"description\":\"Bem-vindo a Bordo!\",\"publisher\":{\"@id\":\"https:\\\/\\\/mundoonibus.com.br\\\/site\\\/#organization\"},\"potentialAction\":[{\"@type\":\"SearchAction\",\"target\":{\"@type\":\"EntryPoint\",\"urlTemplate\":\"https:\\\/\\\/mundoonibus.com.br\\\/site\\\/?s={search_term_string}\"},\"query-input\":{\"@type\":\"PropertyValueSpecification\",\"valueRequired\":true,\"valueName\":\"search_term_string\"}}],\"inLanguage\":\"pt-BR\"},{\"@type\":\"Organization\",\"@id\":\"https:\\\/\\\/mundoonibus.com.br\\\/site\\\/#organization\",\"name\":\"Mundo \u00d4nibus\",\"url\":\"https:\\\/\\\/mundoonibus.com.br\\\/site\\\/\",\"logo\":{\"@type\":\"ImageObject\",\"inLanguage\":\"pt-BR\",\"@id\":\"https:\\\/\\\/mundoonibus.com.br\\\/site\\\/#\\\/schema\\\/logo\\\/image\\\/\",\"url\":\"https:\\\/\\\/mundoonibus.com.br\\\/site\\\/wp-content\\\/uploads\\\/2021\\\/10\\\/Logo-H.png\",\"contentUrl\":\"https:\\\/\\\/mundoonibus.com.br\\\/site\\\/wp-content\\\/uploads\\\/2021\\\/10\\\/Logo-H.png\",\"width\":740,\"height\":139,\"caption\":\"Mundo \u00d4nibus\"},\"image\":{\"@id\":\"https:\\\/\\\/mundoonibus.com.br\\\/site\\\/#\\\/schema\\\/logo\\\/image\\\/\"}}]}<\/script>\n<!-- \/ Yoast SEO plugin. -->","yoast_head_json":{"title":"Prefeitura de Araquari - Mundo \u00d4nibus","robots":{"index":"index","follow":"follow","max-snippet":"max-snippet:-1","max-image-preview":"max-image-preview:large","max-video-preview":"max-video-preview:-1"},"canonical":"https:\/\/mundoonibus.com.br\/site\/portfolio\/prefeitura-de-araquari\/","og_locale":"pt_BR","og_type":"article","og_title":"Prefeitura de Araquari - Mundo \u00d4nibus","og_description":"Munic\u00edpio Servi\u00e7o Situa\u00e7\u00e3o Per\u00edodo Araquari\/SC Oficial Ativa 1943 &#8211; Presente Atualizado em 26\/07\/2022 Frota Ativos Prefixo Carroceria Chassi Placa Ano Observa\u00e7\u00f5es Munic\u00edpio S\/N Marcopolo Volare A8 Agrale A8 MCH1851 2002\/2002 &#8211; Araquari\/SC S\/N Caio Foz Super EscolarBus VolksBus 15-190 OD MLE3137 2012\/2013 &#8211; Araquari\/SC Atualizado em 17\/08\/2022 Desativados Devido \u00e0 escassez de informa\u00e7\u00f5es, alguns ve\u00edculos...","og_url":"https:\/\/mundoonibus.com.br\/site\/portfolio\/prefeitura-de-araquari\/","og_site_name":"Mundo \u00d4nibus","article_modified_time":"2025-10-07T11:24:51+00:00","twitter_card":"summary_large_image","twitter_misc":{"Est. tempo de leitura":"1 minuto"},"schema":{"@context":"https:\/\/schema.org","@graph":[{"@type":"WebPage","@id":"https:\/\/mundoonibus.com.br\/site\/portfolio\/prefeitura-de-araquari\/","url":"https:\/\/mundoonibus.com.br\/site\/portfolio\/prefeitura-de-araquari\/","name":"Prefeitura de Araquari - Mundo \u00d4nibus","isPartOf":{"@id":"https:\/\/mundoonibus.com.br\/site\/#website"},"datePublished":"2022-07-26T19:07:34+00:00","dateModified":"2025-10-07T11:24:51+00:00","breadcrumb":{"@id":"https:\/\/mundoonibus.com.br\/site\/portfolio\/prefeitura-de-araquari\/#breadcrumb"},"inLanguage":"pt-BR","potentialAction":[{"@type":"ReadAction","target":["https:\/\/mundoonibus.com.br\/site\/portfolio\/prefeitura-de-araquari\/"]}]},{"@type":"BreadcrumbList","@id":"https:\/\/mundoonibus.com.br\/site\/portfolio\/prefeitura-de-araquari\/#breadcrumb","itemListElement":[{"@type":"ListItem","position":1,"name":"In\u00edcio","item":"https:\/\/mundoonibus.com.br\/site\/"},{"@type":"ListItem","position":2,"name":"Portf\u00f3lio","item":"https:\/\/mundoonibus.com.br\/site\/portfolio\/"},{"@type":"ListItem","position":3,"name":"Prefeitura de Araquari"}]},{"@type":"WebSite","@id":"https:\/\/mundoonibus.com.br\/site\/#website","url":"https:\/\/mundoonibus.com.br\/site\/","name":"Mundo \u00d4nibus","description":"Bem-vindo a Bordo!","publisher":{"@id":"https:\/\/mundoonibus.com.br\/site\/#organization"},"potentialAction":[{"@type":"SearchAction","target":{"@type":"EntryPoint","urlTemplate":"https:\/\/mundoonibus.com.br\/site\/?s={search_term_string}"},"query-input":{"@type":"PropertyValueSpecification","valueRequired":true,"valueName":"search_term_string"}}],"inLanguage":"pt-BR"},{"@type":"Organization","@id":"https:\/\/mundoonibus.com.br\/site\/#organization","name":"Mundo \u00d4nibus","url":"https:\/\/mundoonibus.com.br\/site\/","logo":{"@type":"ImageObject","inLanguage":"pt-BR","@id":"https:\/\/mundoonibus.com.br\/site\/#\/schema\/logo\/image\/","url":"https:\/\/mundoonibus.com.br\/site\/wp-content\/uploads\/2021\/10\/Logo-H.png","contentUrl":"https:\/\/mundoonibus.com.br\/site\/wp-content\/uploads\/2021\/10\/Logo-H.png","width":740,"height":139,"caption":"Mundo \u00d4nibus"},"image":{"@id":"https:\/\/mundoonibus.com.br\/site\/#\/schema\/logo\/image\/"}}]}},"_links":{"self":[{"href":"https:\/\/mundoonibus.com.br\/site\/wp-json\/wp\/v2\/portfolio\/4840","targetHints":{"allow":["GET"]}}],"collection":[{"href":"https:\/\/mundoonibus.com.br\/site\/wp-json\/wp\/v2\/portfolio"}],"about":[{"href":"https:\/\/mundoonibus.com.br\/site\/wp-json\/wp\/v2\/types\/portfolio"}],"author":[{"embeddable":true,"href":"https:\/\/mundoonibus.com.br\/site\/wp-json\/wp\/v2\/users\/1"}],"replies":[{"embeddable":true,"href":"https:\/\/mundoonibus.com.br\/site\/wp-json\/wp\/v2\/comments?post=4840"}],"version-history":[{"count":10,"href":"https:\/\/mundoonibus.com.br\/site\/wp-json\/wp\/v2\/portfolio\/4840\/revisions"}],"predecessor-version":[{"id":10330,"href":"https:\/\/mundoonibus.com.br\/site\/wp-json\/wp\/v2\/portfolio\/4840\/revisions\/10330"}],"wp:attachment":[{"href":"https:\/\/mundoonibus.com.br\/site\/wp-json\/wp\/v2\/media?parent=4840"}],"wp:term":[{"taxonomy":"portfolio_category","embeddable":true,"href":"https:\/\/mundoonibus.com.br\/site\/wp-json\/wp\/v2\/portfolio_category?post=4840"},{"taxonomy":"portfolio_tag","embeddable":true,"href":"https:\/\/mundoonibus.com.br\/site\/wp-json\/wp\/v2\/portfolio_tag?post=4840"}],"curies":[{"name":"wp","href":"https:\/\/api.w.org\/{rel}","templated":true}]}}