{"id":5763,"date":"2023-06-18T02:29:03","date_gmt":"2023-06-18T05:29:03","guid":{"rendered":"https:\/\/mundoonibus.com.br\/site\/?post_type=portfolio&#038;p=5763"},"modified":"2026-02-27T11:06:03","modified_gmt":"2026-02-27T14:06:03","slug":"canarinho-turismo","status":"publish","type":"portfolio","link":"https:\/\/mundoonibus.com.br\/site\/portfolio\/canarinho-turismo\/","title":{"rendered":"Canarinho Turismo"},"content":{"rendered":"\n<h3 class=\"wp-block-heading\">Hist\u00f3rico<\/h3>\n\n\n\n<p class=\"has-text-align-left\">Se\u00e7\u00e3o em desenvolvimento. Por favor,&nbsp;<strong>volte em breve<\/strong>.<\/p>\n\n\n\n<h3 class=\"wp-block-heading\">Frota<\/h3>\n\n\n\n<h5 class=\"wp-block-heading\">Ativos<\/h5>\n\n\n\n<figure class=\"wp-block-table is-style-stripes\"><table><thead><tr><th class=\"has-text-align-center\" data-align=\"center\">Prefixo<\/th><th class=\"has-text-align-center\" data-align=\"center\">Carroceria<\/th><th class=\"has-text-align-center\" data-align=\"center\">Chassi<\/th><th class=\"has-text-align-center\" data-align=\"center\">Placa<\/th><th class=\"has-text-align-center\" data-align=\"center\">Ano<\/th><th class=\"has-text-align-center\" data-align=\"center\">Observa\u00e7\u00f5es<\/th><th class=\"has-text-align-center\" data-align=\"center\">Munic\u00edpio<\/th><\/tr><\/thead><tbody><tr><td class=\"has-text-align-center\" data-align=\"center\"><strong><a href=\"https:\/\/mundoonibus.com.br\/site\/wp-content\/uploads\/Canarinho-Turismo-121.jpg\" type=\"link\" id=\"https:\/\/mundoonibus.com.br\/site\/wp-content\/uploads\/Canarinho-Turismo-121.jpg\" data-lbwps-width=\"1600\" data-lbwps-height=\"1199\" data-lbwps-srcsmall=\"https:\/\/mundoonibus.com.br\/site\/wp-content\/uploads\/Canarinho-Turismo-121-300x225.jpg\">121<\/a><\/strong><\/td><td class=\"has-text-align-center\" data-align=\"center\">Comil Pi\u00e1 IV<\/td><td class=\"has-text-align-center\" data-align=\"center\">VolksBus 9-160 OD<\/td><td class=\"has-text-align-center\" data-align=\"center\">MLR7374<\/td><td class=\"has-text-align-center\" data-align=\"center\">2012\/2012<\/td><td class=\"has-text-align-center\" data-align=\"center\">&#8211;<\/td><td class=\"has-text-align-center\" data-align=\"center\">Jaragu\u00e1 do Sul\/SC<\/td><\/tr><tr><td class=\"has-text-align-center\" data-align=\"center\"><strong><a href=\"https:\/\/mundoonibus.com.br\/site\/wp-content\/uploads\/Canarinho-Turismo-122.jpg\" type=\"link\" id=\"https:\/\/mundoonibus.com.br\/site\/wp-content\/uploads\/Canarinho-Turismo-122.jpg\" data-lbwps-width=\"1600\" data-lbwps-height=\"1200\" data-lbwps-srcsmall=\"https:\/\/mundoonibus.com.br\/site\/wp-content\/uploads\/Canarinho-Turismo-122-300x225.jpg\">122<\/a><\/strong><\/td><td class=\"has-text-align-center\" data-align=\"center\">Comil Pi\u00e1 IV<\/td><td class=\"has-text-align-center\" data-align=\"center\">VolksBus 9-160 OD<\/td><td class=\"has-text-align-center\" data-align=\"center\"><sub>MLR7174<\/sub><br>MLR7B74<\/td><td class=\"has-text-align-center\" data-align=\"center\">2012\/2012<\/td><td class=\"has-text-align-center\" data-align=\"center\">&#8211;<\/td><td class=\"has-text-align-center\" data-align=\"center\">Jaragu\u00e1 do Sul\/SC<\/td><\/tr><tr><td class=\"has-text-align-center\" data-align=\"center\">123<\/td><td class=\"has-text-align-center\" data-align=\"center\">Mascarello GranMicro S4<\/td><td class=\"has-text-align-center\" data-align=\"center\">Mercedes-Benz LO-916 BT6<\/td><td class=\"has-text-align-center\" data-align=\"center\">SXH7A99<\/td><td class=\"has-text-align-center\" data-align=\"center\">2024\/2025<\/td><td class=\"has-text-align-center\" data-align=\"center\">&#8211;<\/td><td class=\"has-text-align-center\" data-align=\"center\">Jaragu\u00e1 do Sul\/SC<\/td><\/tr><tr><td class=\"has-text-align-center\" data-align=\"center\">124<\/td><td class=\"has-text-align-center\" data-align=\"center\">Mascarello GranMicro S4<\/td><td class=\"has-text-align-center\" data-align=\"center\">Mercedes-Benz LO-916 BT6<\/td><td class=\"has-text-align-center\" data-align=\"center\">RYS7G80<\/td><td class=\"has-text-align-center\" data-align=\"center\">2024\/2025<\/td><td class=\"has-text-align-center\" data-align=\"center\">&#8211;<\/td><td class=\"has-text-align-center\" data-align=\"center\">Jaragu\u00e1 do Sul\/SC<\/td><\/tr><tr><td class=\"has-text-align-center\" data-align=\"center\"><strong><a href=\"https:\/\/mundoonibus.com.br\/site\/wp-content\/uploads\/Canarinho-Turismo-301.jpg\" type=\"link\" id=\"https:\/\/mundoonibus.com.br\/site\/wp-content\/uploads\/Canarinho-Turismo-301.jpg\" data-lbwps-width=\"1600\" data-lbwps-height=\"1200\" data-lbwps-srcsmall=\"https:\/\/mundoonibus.com.br\/site\/wp-content\/uploads\/Canarinho-Turismo-301-300x225.jpg\">301<\/a><\/strong><\/td><td class=\"has-text-align-center\" data-align=\"center\">Volare Attack 9<\/td><td class=\"has-text-align-center\" data-align=\"center\">Volare Attack 9 Agrale<\/td><td class=\"has-text-align-center\" data-align=\"center\">RXQ6I93<\/td><td class=\"has-text-align-center\" data-align=\"center\">2022\/2022<\/td><td class=\"has-text-align-center\" data-align=\"center\">&#8211;<\/td><td class=\"has-text-align-center\" data-align=\"center\">Jaragu\u00e1 do Sul\/SC<\/td><\/tr><tr><td class=\"has-text-align-center\" data-align=\"center\"><strong><a href=\"https:\/\/mundoonibus.com.br\/site\/wp-content\/uploads\/Canarinho-Turismo-302.jpg\" type=\"link\" id=\"https:\/\/mundoonibus.com.br\/site\/wp-content\/uploads\/Canarinho-Turismo-302.jpg\" data-lbwps-width=\"1600\" data-lbwps-height=\"1200\" data-lbwps-srcsmall=\"https:\/\/mundoonibus.com.br\/site\/wp-content\/uploads\/Canarinho-Turismo-302-300x225.jpg\">302<\/a><\/strong><\/td><td class=\"has-text-align-center\" data-align=\"center\">Volare Attack 9<\/td><td class=\"has-text-align-center\" data-align=\"center\">Volare Attack 9 Agrale<\/td><td class=\"has-text-align-center\" data-align=\"center\">RXQ6I33<\/td><td class=\"has-text-align-center\" data-align=\"center\">2022\/2022<\/td><td class=\"has-text-align-center\" data-align=\"center\">&#8211;<\/td><td class=\"has-text-align-center\" data-align=\"center\">Jaragu\u00e1 do Sul\/SC<\/td><\/tr><tr><td class=\"has-text-align-center\" data-align=\"center\">782<\/td><td class=\"has-text-align-center\" data-align=\"center\">Caio Foz<\/td><td class=\"has-text-align-center\" data-align=\"center\">VolksBus 9-150 EOD<\/td><td class=\"has-text-align-center\" data-align=\"center\">MEA3735<\/td><td class=\"has-text-align-center\" data-align=\"center\">2007\/2007<\/td><td class=\"has-text-align-center\" data-align=\"center\">&#8211;<\/td><td class=\"has-text-align-center\" data-align=\"center\">Jaragu\u00e1 do Sul\/SC<\/td><\/tr><tr><td class=\"has-text-align-center\" data-align=\"center\"><strong><a href=\"https:\/\/mundoonibus.com.br\/site\/wp-content\/uploads\/Canarinho-Turismo-1201.jpg\" type=\"link\" id=\"https:\/\/mundoonibus.com.br\/site\/wp-content\/uploads\/Canarinho-Turismo-1201.jpg\" data-lbwps-width=\"1600\" data-lbwps-height=\"1199\" data-lbwps-srcsmall=\"https:\/\/mundoonibus.com.br\/site\/wp-content\/uploads\/Canarinho-Turismo-1201-300x225.jpg\">1201<\/a><\/strong><\/td><td class=\"has-text-align-center\" data-align=\"center\">Comil Campione 3.45 2011<\/td><td class=\"has-text-align-center\" data-align=\"center\">Volvo B290R<\/td><td class=\"has-text-align-center\" data-align=\"center\">MLE7457<\/td><td class=\"has-text-align-center\" data-align=\"center\">2011\/2012<\/td><td class=\"has-text-align-center\" data-align=\"center\">&#8211;<\/td><td class=\"has-text-align-center\" data-align=\"center\">Jaragu\u00e1 do Sul\/SC<\/td><\/tr><tr><td class=\"has-text-align-center\" data-align=\"center\">1203<\/td><td class=\"has-text-align-center\" data-align=\"center\">Comil Campione 3.45 2011<\/td><td class=\"has-text-align-center\" data-align=\"center\">Volvo B270F<\/td><td class=\"has-text-align-center\" data-align=\"center\">MLT1614<\/td><td class=\"has-text-align-center\" data-align=\"center\">2011\/2012<\/td><td class=\"has-text-align-center\" data-align=\"center\">&#8211;<\/td><td class=\"has-text-align-center\" data-align=\"center\">Jaragu\u00e1 do Sul\/SC<\/td><\/tr><tr><td class=\"has-text-align-center\" data-align=\"center\">1204<\/td><td class=\"has-text-align-center\" data-align=\"center\">Comil Campione 3.45 2011<\/td><td class=\"has-text-align-center\" data-align=\"center\">Volvo B270F<\/td><td class=\"has-text-align-center\" data-align=\"center\">MLU7525<\/td><td class=\"has-text-align-center\" data-align=\"center\">2011\/2012<\/td><td class=\"has-text-align-center\" data-align=\"center\">&#8211;<\/td><td class=\"has-text-align-center\" data-align=\"center\">Jaragu\u00e1 do Sul\/SC<\/td><\/tr><tr><td class=\"has-text-align-center\" data-align=\"center\"><strong><a href=\"https:\/\/mundoonibus.com.br\/site\/wp-content\/uploads\/Canarinho-Turismo-1205.jpg\" type=\"link\" id=\"https:\/\/mundoonibus.com.br\/site\/wp-content\/uploads\/Canarinho-Turismo-1205.jpg\" data-lbwps-width=\"1600\" data-lbwps-height=\"1200\" data-lbwps-srcsmall=\"https:\/\/mundoonibus.com.br\/site\/wp-content\/uploads\/Canarinho-Turismo-1205-300x225.jpg\">1205<\/a><\/strong><\/td><td class=\"has-text-align-center\" data-align=\"center\">Comil Campione 3.45 2011<\/td><td class=\"has-text-align-center\" data-align=\"center\">Volvo B270F<\/td><td class=\"has-text-align-center\" data-align=\"center\">MLT1604<\/td><td class=\"has-text-align-center\" data-align=\"center\">2011\/2012<\/td><td class=\"has-text-align-center\" data-align=\"center\">&#8211;<\/td><td class=\"has-text-align-center\" data-align=\"center\">Jaragu\u00e1 do Sul\/SC<\/td><\/tr><tr><td class=\"has-text-align-center\" data-align=\"center\">1206<\/td><td class=\"has-text-align-center\" data-align=\"center\">Comil Campione 3.45 2011<\/td><td class=\"has-text-align-center\" data-align=\"center\">Volvo B270F<\/td><td class=\"has-text-align-center\" data-align=\"center\">MMF8164<\/td><td class=\"has-text-align-center\" data-align=\"center\">2012\/2012<\/td><td class=\"has-text-align-center\" data-align=\"center\">&#8211;<\/td><td class=\"has-text-align-center\" data-align=\"center\">Jaragu\u00e1 do Sul\/SC<\/td><\/tr><tr><td class=\"has-text-align-center\" data-align=\"center\"><strong><a href=\"https:\/\/mundoonibus.com.br\/site\/wp-content\/uploads\/Canarinho-Turismo-1207.jpg\" type=\"link\" id=\"https:\/\/mundoonibus.com.br\/site\/wp-content\/uploads\/Canarinho-Turismo-1207.jpg\" data-lbwps-width=\"1600\" data-lbwps-height=\"1199\" data-lbwps-srcsmall=\"https:\/\/mundoonibus.com.br\/site\/wp-content\/uploads\/Canarinho-Turismo-1207-300x225.jpg\">1207<\/a><\/strong><\/td><td class=\"has-text-align-center\" data-align=\"center\">Comil Campione 3.45 2011<\/td><td class=\"has-text-align-center\" data-align=\"center\">Volvo B270F<\/td><td class=\"has-text-align-center\" data-align=\"center\">MLC1055<\/td><td class=\"has-text-align-center\" data-align=\"center\">2012\/2012<\/td><td class=\"has-text-align-center\" data-align=\"center\">&#8211;<\/td><td class=\"has-text-align-center\" data-align=\"center\">Jaragu\u00e1 do Sul\/SC<\/td><\/tr><tr><td class=\"has-text-align-center\" data-align=\"center\">1208<\/td><td class=\"has-text-align-center\" data-align=\"center\">Comil Campione 3.45 2011<\/td><td class=\"has-text-align-center\" data-align=\"center\">Volvo B270F<\/td><td class=\"has-text-align-center\" data-align=\"center\">MMF8154<\/td><td class=\"has-text-align-center\" data-align=\"center\">2012\/2012<\/td><td class=\"has-text-align-center\" data-align=\"center\">&#8211;<\/td><td class=\"has-text-align-center\" data-align=\"center\">Jaragu\u00e1 do Sul\/SC<\/td><\/tr><tr><td class=\"has-text-align-center\" data-align=\"center\">2501<\/td><td class=\"has-text-align-center\" data-align=\"center\">Busscar El Buss 320<\/td><td class=\"has-text-align-center\" data-align=\"center\">Mercedes-Benz OF-1722M<\/td><td class=\"has-text-align-center\" data-align=\"center\">MDA2583<\/td><td class=\"has-text-align-center\" data-align=\"center\">2005\/2005<\/td><td class=\"has-text-align-center\" data-align=\"center\">&#8211;<\/td><td class=\"has-text-align-center\" data-align=\"center\">Jaragu\u00e1 do Sul\/SC<\/td><\/tr><tr><td class=\"has-text-align-center\" data-align=\"center\">2510<\/td><td class=\"has-text-align-center\" data-align=\"center\">Comil Campione 3.45 Vision<\/td><td class=\"has-text-align-center\" data-align=\"center\">Mercedes-Benz OF-1722M<\/td><td class=\"has-text-align-center\" data-align=\"center\">MHM0339<\/td><td class=\"has-text-align-center\" data-align=\"center\">2009\/2010<\/td><td class=\"has-text-align-center\" data-align=\"center\">&#8211;<\/td><td class=\"has-text-align-center\" data-align=\"center\">Jaragu\u00e1 do Sul\/SC<\/td><\/tr><tr><td class=\"has-text-align-center\" data-align=\"center\">2610<\/td><td class=\"has-text-align-center\" data-align=\"center\">Comil Campione 3.45 Vision<\/td><td class=\"has-text-align-center\" data-align=\"center\">Mercedes-Benz OF-1722M<\/td><td class=\"has-text-align-center\" data-align=\"center\">MHM0289<\/td><td class=\"has-text-align-center\" data-align=\"center\">2009\/2010<\/td><td class=\"has-text-align-center\" data-align=\"center\">&#8211;<\/td><td class=\"has-text-align-center\" data-align=\"center\">Jaragu\u00e1 do Sul\/SC<\/td><\/tr><tr><td class=\"has-text-align-center\" data-align=\"center\">2710<\/td><td class=\"has-text-align-center\" data-align=\"center\">Comil Campione 3.45 Vision<\/td><td class=\"has-text-align-center\" data-align=\"center\">Mercedes-Benz OF-1722M<\/td><td class=\"has-text-align-center\" data-align=\"center\">MHM0319<\/td><td class=\"has-text-align-center\" data-align=\"center\">2009\/2010<\/td><td class=\"has-text-align-center\" data-align=\"center\">&#8211;<\/td><td class=\"has-text-align-center\" data-align=\"center\">Jaragu\u00e1 do Sul\/SC<\/td><\/tr><tr><td class=\"has-text-align-center\" data-align=\"center\">2810<\/td><td class=\"has-text-align-center\" data-align=\"center\">Comil Campione 3.45 Vision<\/td><td class=\"has-text-align-center\" data-align=\"center\">Mercedes-Benz OF-1722M<\/td><td class=\"has-text-align-center\" data-align=\"center\">MHM0239<\/td><td class=\"has-text-align-center\" data-align=\"center\">2009\/2010<\/td><td class=\"has-text-align-center\" data-align=\"center\">&#8211;<\/td><td class=\"has-text-align-center\" data-align=\"center\">Jaragu\u00e1 do Sul\/SC<\/td><\/tr><tr><td class=\"has-text-align-center\" data-align=\"center\">2813<\/td><td class=\"has-text-align-center\" data-align=\"center\">Busscar Vissta Buss LO<\/td><td class=\"has-text-align-center\" data-align=\"center\">VolksBus 18-320 EOT<\/td><td class=\"has-text-align-center\" data-align=\"center\">MFW4159<\/td><td class=\"has-text-align-center\" data-align=\"center\">2007\/2008<\/td><td class=\"has-text-align-center\" data-align=\"center\">&#8211;<\/td><td class=\"has-text-align-center\" data-align=\"center\">Jaragu\u00e1 do Sul\/SC<\/td><\/tr><tr><td class=\"has-text-align-center\" data-align=\"center\">2814<\/td><td class=\"has-text-align-center\" data-align=\"center\">Busscar Vissta Buss LO<\/td><td class=\"has-text-align-center\" data-align=\"center\">VolksBus 18-320 EOT<\/td><td class=\"has-text-align-center\" data-align=\"center\">MFW4159<\/td><td class=\"has-text-align-center\" data-align=\"center\">2007\/2008<\/td><td class=\"has-text-align-center\" data-align=\"center\">&#8211;<\/td><td class=\"has-text-align-center\" data-align=\"center\">Jaragu\u00e1 do Sul\/SC<\/td><\/tr><tr><td class=\"has-text-align-center\" data-align=\"center\"><strong><a href=\"https:\/\/mundoonibus.com.br\/site\/wp-content\/uploads\/Canarinho-Turismo-2815.jpg\" type=\"link\" id=\"https:\/\/mundoonibus.com.br\/site\/wp-content\/uploads\/Canarinho-Turismo-2815.jpg\" data-lbwps-width=\"1600\" data-lbwps-height=\"1200\" data-lbwps-srcsmall=\"https:\/\/mundoonibus.com.br\/site\/wp-content\/uploads\/Canarinho-Turismo-2815-300x225.jpg\">2815<\/a><\/strong><\/td><td class=\"has-text-align-center\" data-align=\"center\">Busscar Vissta Buss LO<\/td><td class=\"has-text-align-center\" data-align=\"center\">VolksBus 18-320 EOT<\/td><td class=\"has-text-align-center\" data-align=\"center\">MFW4159<\/td><td class=\"has-text-align-center\" data-align=\"center\">2007\/2008<\/td><td class=\"has-text-align-center\" data-align=\"center\">&#8211;<\/td><td class=\"has-text-align-center\" data-align=\"center\">Jaragu\u00e1 do Sul\/SC<\/td><\/tr><tr><td class=\"has-text-align-center\" data-align=\"center\">2887<\/td><td class=\"has-text-align-center\" data-align=\"center\">Comil Campione 3.45 Vision<\/td><td class=\"has-text-align-center\" data-align=\"center\">Mercedes-Benz OF-1722M<\/td><td class=\"has-text-align-center\" data-align=\"center\">MFL9215<\/td><td class=\"has-text-align-center\" data-align=\"center\">2008\/2008<\/td><td class=\"has-text-align-center\" data-align=\"center\">&#8211;<\/td><td class=\"has-text-align-center\" data-align=\"center\">Jaragu\u00e1 do Sul\/SC<\/td><\/tr><tr><td class=\"has-text-align-center\" data-align=\"center\">2910<\/td><td class=\"has-text-align-center\" data-align=\"center\">Comil Campione 3.45 Vision<\/td><td class=\"has-text-align-center\" data-align=\"center\">Mercedes-Benz OF-1722M<\/td><td class=\"has-text-align-center\" data-align=\"center\">MHM0249<\/td><td class=\"has-text-align-center\" data-align=\"center\">2009\/2010<\/td><td class=\"has-text-align-center\" data-align=\"center\">&#8211;<\/td><td class=\"has-text-align-center\" data-align=\"center\">Jaragu\u00e1 do Sul\/SC<\/td><\/tr><tr><td class=\"has-text-align-center\" data-align=\"center\">5001<\/td><td class=\"has-text-align-center\" data-align=\"center\">Busscar Vissta Buss 340<\/td><td class=\"has-text-align-center\" data-align=\"center\">VolksBus 18-330 OT<\/td><td class=\"has-text-align-center\" data-align=\"center\">RAI5001<\/td><td class=\"has-text-align-center\" data-align=\"center\">2019\/2020<\/td><td class=\"has-text-align-center\" data-align=\"center\">&#8211;<\/td><td class=\"has-text-align-center\" data-align=\"center\">Jaragu\u00e1 do Sul\/SC<\/td><\/tr><tr><td class=\"has-text-align-center\" data-align=\"center\"><strong><a href=\"https:\/\/mundoonibus.com.br\/site\/wp-content\/uploads\/Canarinho-Turismo-5002.jpg\" type=\"link\" id=\"https:\/\/mundoonibus.com.br\/site\/wp-content\/uploads\/Canarinho-Turismo-5002.jpg\" data-lbwps-width=\"1600\" data-lbwps-height=\"1199\" data-lbwps-srcsmall=\"https:\/\/mundoonibus.com.br\/site\/wp-content\/uploads\/Canarinho-Turismo-5002-300x225.jpg\">5002<\/a><\/strong><\/td><td class=\"has-text-align-center\" data-align=\"center\">Busscar Vissta Buss 340<\/td><td class=\"has-text-align-center\" data-align=\"center\">VolksBus 18-330 OT<\/td><td class=\"has-text-align-center\" data-align=\"center\">RAI5002<\/td><td class=\"has-text-align-center\" data-align=\"center\">2019\/2020<\/td><td class=\"has-text-align-center\" data-align=\"center\">&#8211;<\/td><td class=\"has-text-align-center\" data-align=\"center\">Jaragu\u00e1 do Sul\/SC<\/td><\/tr><tr><td class=\"has-text-align-center\" data-align=\"center\">5003<\/td><td class=\"has-text-align-center\" data-align=\"center\">Busscar Vissta Buss 340<\/td><td class=\"has-text-align-center\" data-align=\"center\">VolksBus 18-330 OT<\/td><td class=\"has-text-align-center\" data-align=\"center\">RAE5003<\/td><td class=\"has-text-align-center\" data-align=\"center\">2019\/2020<\/td><td class=\"has-text-align-center\" data-align=\"center\">&#8211;<\/td><td class=\"has-text-align-center\" data-align=\"center\">Jaragu\u00e1 do Sul\/SC<\/td><\/tr><tr><td class=\"has-text-align-center\" data-align=\"center\"><strong><a href=\"https:\/\/mundoonibus.com.br\/site\/wp-content\/uploads\/Canarinho-Turismo-5004.jpg\" type=\"link\" id=\"https:\/\/mundoonibus.com.br\/site\/wp-content\/uploads\/Canarinho-Turismo-5004.jpg\" data-lbwps-width=\"1600\" data-lbwps-height=\"1200\" data-lbwps-srcsmall=\"https:\/\/mundoonibus.com.br\/site\/wp-content\/uploads\/Canarinho-Turismo-5004-300x225.jpg\">5004<\/a><\/strong><\/td><td class=\"has-text-align-center\" data-align=\"center\">Busscar Vissta Buss 340<\/td><td class=\"has-text-align-center\" data-align=\"center\">VolksBus 18-330 OT<\/td><td class=\"has-text-align-center\" data-align=\"center\">RAI5004<\/td><td class=\"has-text-align-center\" data-align=\"center\">2019\/2020<\/td><td class=\"has-text-align-center\" data-align=\"center\">&#8211;<\/td><td class=\"has-text-align-center\" data-align=\"center\">Jaragu\u00e1 do Sul\/SC<\/td><\/tr><tr><td class=\"has-text-align-center\" data-align=\"center\"><strong><a href=\"https:\/\/mundoonibus.com.br\/site\/wp-content\/uploads\/Canarinho-Turismo-5005.jpg\" type=\"link\" id=\"https:\/\/mundoonibus.com.br\/site\/wp-content\/uploads\/Canarinho-Turismo-5005.jpg\" data-lbwps-width=\"1600\" data-lbwps-height=\"1199\" data-lbwps-srcsmall=\"https:\/\/mundoonibus.com.br\/site\/wp-content\/uploads\/Canarinho-Turismo-5005-300x225.jpg\">5005<\/a><\/strong><\/td><td class=\"has-text-align-center\" data-align=\"center\">Comil Campione 3.45 2014<\/td><td class=\"has-text-align-center\" data-align=\"center\">Volvo B270F<\/td><td class=\"has-text-align-center\" data-align=\"center\">RAF7J33<\/td><td class=\"has-text-align-center\" data-align=\"center\">2019\/2020<\/td><td class=\"has-text-align-center\" data-align=\"center\">&#8211;<\/td><td class=\"has-text-align-center\" data-align=\"center\">Jaragu\u00e1 do Sul\/SC<\/td><\/tr><tr><td class=\"has-text-align-center\" data-align=\"center\">5006<\/td><td class=\"has-text-align-center\" data-align=\"center\">Comil Campione 3.45 2014<\/td><td class=\"has-text-align-center\" data-align=\"center\">Volvo B270F<\/td><td class=\"has-text-align-center\" data-align=\"center\">RAF7C83<\/td><td class=\"has-text-align-center\" data-align=\"center\">2019\/2020<\/td><td class=\"has-text-align-center\" data-align=\"center\">&#8211;<\/td><td class=\"has-text-align-center\" data-align=\"center\">Jaragu\u00e1 do Sul\/SC<\/td><\/tr><tr><td class=\"has-text-align-center\" data-align=\"center\"><strong><a href=\"https:\/\/mundoonibus.com.br\/site\/wp-content\/uploads\/Canarinho-Turismo-5007.jpg\" type=\"link\" id=\"https:\/\/mundoonibus.com.br\/site\/wp-content\/uploads\/Canarinho-Turismo-5007.jpg\" data-lbwps-width=\"1600\" data-lbwps-height=\"1200\" data-lbwps-srcsmall=\"https:\/\/mundoonibus.com.br\/site\/wp-content\/uploads\/Canarinho-Turismo-5007-300x225.jpg\">5007<\/a><\/strong><\/td><td class=\"has-text-align-center\" data-align=\"center\">Comil Campione 3.45 2014<\/td><td class=\"has-text-align-center\" data-align=\"center\">Volvo B270F<\/td><td class=\"has-text-align-center\" data-align=\"center\">RAF8F03<\/td><td class=\"has-text-align-center\" data-align=\"center\">2019\/2020<\/td><td class=\"has-text-align-center\" data-align=\"center\">&#8211;<\/td><td class=\"has-text-align-center\" data-align=\"center\">Jaragu\u00e1 do Sul\/SC<\/td><\/tr><tr><td class=\"has-text-align-center\" data-align=\"center\">5008<\/td><td class=\"has-text-align-center\" data-align=\"center\">Comil Campione 3.45 2014<\/td><td class=\"has-text-align-center\" data-align=\"center\">Volvo B270F<\/td><td class=\"has-text-align-center\" data-align=\"center\">RAF8A53<\/td><td class=\"has-text-align-center\" data-align=\"center\">2019\/2020<\/td><td class=\"has-text-align-center\" data-align=\"center\">&#8211;<\/td><td class=\"has-text-align-center\" data-align=\"center\">Jaragu\u00e1 do Sul\/SC<\/td><\/tr><tr><td class=\"has-text-align-center\" data-align=\"center\">5009<\/td><td class=\"has-text-align-center\" data-align=\"center\">Comil Campione 3.45 2014<\/td><td class=\"has-text-align-center\" data-align=\"center\">Volvo B270F<\/td><td class=\"has-text-align-center\" data-align=\"center\">RAF8F43<\/td><td class=\"has-text-align-center\" data-align=\"center\">2019\/2020<\/td><td class=\"has-text-align-center\" data-align=\"center\">&#8211;<\/td><td class=\"has-text-align-center\" data-align=\"center\">Jaragu\u00e1 do Sul\/SC<\/td><\/tr><tr><td class=\"has-text-align-center\" data-align=\"center\">5301<\/td><td class=\"has-text-align-center\" data-align=\"center\">Comil Campione 3.45 2014<\/td><td class=\"has-text-align-center\" data-align=\"center\">Volvo B270F<\/td><td class=\"has-text-align-center\" data-align=\"center\">RYH9G61<\/td><td class=\"has-text-align-center\" data-align=\"center\">2022\/2023<\/td><td class=\"has-text-align-center\" data-align=\"center\">&#8211;<\/td><td class=\"has-text-align-center\" data-align=\"center\">Jaragu\u00e1 do Sul\/SC<\/td><\/tr><tr><td class=\"has-text-align-center\" data-align=\"center\">5302<\/td><td class=\"has-text-align-center\" data-align=\"center\">Comil Campione 3.45 2014<\/td><td class=\"has-text-align-center\" data-align=\"center\">Volvo B270F<\/td><td class=\"has-text-align-center\" data-align=\"center\">RYH9J31<\/td><td class=\"has-text-align-center\" data-align=\"center\">2022\/2023<\/td><td class=\"has-text-align-center\" data-align=\"center\">&#8211;<\/td><td class=\"has-text-align-center\" data-align=\"center\">Jaragu\u00e1 do Sul\/SC<\/td><\/tr><tr><td class=\"has-text-align-center\" data-align=\"center\">5303<\/td><td class=\"has-text-align-center\" data-align=\"center\">Comil Campione 3.45 2014<\/td><td class=\"has-text-align-center\" data-align=\"center\">Volvo B270F<\/td><td class=\"has-text-align-center\" data-align=\"center\">RYH5G90<\/td><td class=\"has-text-align-center\" data-align=\"center\">2022\/2023<\/td><td class=\"has-text-align-center\" data-align=\"center\">&#8211;<\/td><td class=\"has-text-align-center\" data-align=\"center\">Jaragu\u00e1 do Sul\/SC<\/td><\/tr><tr><td class=\"has-text-align-center\" data-align=\"center\">5304<\/td><td class=\"has-text-align-center\" data-align=\"center\">Busscar Vissta Buss 345<\/td><td class=\"has-text-align-center\" data-align=\"center\">Volvo B360R 4&#215;2<\/td><td class=\"has-text-align-center\" data-align=\"center\">SXJ8D23<\/td><td class=\"has-text-align-center\" data-align=\"center\">2023\/2024<\/td><td class=\"has-text-align-center\" data-align=\"center\">&#8211;<\/td><td class=\"has-text-align-center\" data-align=\"center\">Jaragu\u00e1 do Sul\/SC<\/td><\/tr><tr><td class=\"has-text-align-center\" data-align=\"center\">9383<\/td><td class=\"has-text-align-center\" data-align=\"center\">Marcopolo Viaggio GV 850<\/td><td class=\"has-text-align-center\" data-align=\"center\">Mercedes-Benz OF-1318<\/td><td class=\"has-text-align-center\" data-align=\"center\">LZT5293<\/td><td class=\"has-text-align-center\" data-align=\"center\">1993\/1993<\/td><td class=\"has-text-align-center\" data-align=\"center\">&#8211;<\/td><td class=\"has-text-align-center\" data-align=\"center\">Jaragu\u00e1 do Sul\/SC<\/td><\/tr><\/tbody><\/table><figcaption class=\"wp-element-caption\">Atualizado em 27\/02\/2026<\/figcaption><\/figure>\n\n\n\n<h5 class=\"wp-block-heading\">Desativados<\/h5>\n\n\n\n<p>Devido \u00e0 escassez de informa\u00e7\u00f5es, alguns ve\u00edculos podem n\u00e3o estar catalogados pelo&nbsp;<strong>Mundo \u00d4nibus<\/strong>. Seguimos em busca de novos dados atrav\u00e9s de imagens, documentos e registros hist\u00f3ricos.<\/p>\n\n\n\n<figure class=\"wp-block-table is-style-stripes\"><table><thead><tr><th class=\"has-text-align-center\" data-align=\"center\">Prefixo<\/th><th class=\"has-text-align-center\" data-align=\"center\">Carroceria<\/th><th class=\"has-text-align-center\" data-align=\"center\">Chassi<\/th><th class=\"has-text-align-center\" data-align=\"center\">Placa<\/th><th class=\"has-text-align-center\" data-align=\"center\">Ano<\/th><th class=\"has-text-align-center\" data-align=\"center\">Observa\u00e7\u00f5es<\/th><th class=\"has-text-align-center\" data-align=\"center\">Munic\u00edpio<\/th><\/tr><\/thead><tbody><tr><td class=\"has-text-align-center\" data-align=\"center\">2782<\/td><td class=\"has-text-align-center\" data-align=\"center\">Marcopolo III SE<\/td><td class=\"has-text-align-center\" data-align=\"center\">Mercedes-Benz LPO-1113<\/td><td class=\"has-text-align-center\" data-align=\"center\">BS3777<\/td><td class=\"has-text-align-center\" data-align=\"center\">\u2013<\/td><td class=\"has-text-align-center\" data-align=\"center\">\u2013<\/td><td class=\"has-text-align-center\" data-align=\"center\">\u2013<\/td><\/tr><tr><td class=\"has-text-align-center\" data-align=\"center\">111<\/td><td class=\"has-text-align-center\" data-align=\"center\">Nielson Diplomata 2.40<\/td><td class=\"has-text-align-center\" data-align=\"center\">Mercedes-Benz OF-1113<\/td><td class=\"has-text-align-center\" data-align=\"center\"><sub>BS1515<\/sub><br>LZY2998<\/td><td class=\"has-text-align-center\" data-align=\"center\">1979\/1979<\/td><td class=\"has-text-align-center\" data-align=\"center\">\u2013<\/td><td class=\"has-text-align-center\" data-align=\"center\">Jaragu\u00e1 do Sul\/SC<\/td><\/tr><tr><td class=\"has-text-align-center\" data-align=\"center\">555<\/td><td class=\"has-text-align-center\" data-align=\"center\">Nielson Diplomata 2.40<\/td><td class=\"has-text-align-center\" data-align=\"center\">Mercedes-Benz OF-1113<\/td><td class=\"has-text-align-center\" data-align=\"center\"><sub>BS1500<\/sub><br>MCZ6710<\/td><td class=\"has-text-align-center\" data-align=\"center\">1980\/1980<\/td><td class=\"has-text-align-center\" data-align=\"center\">\u2013<\/td><td class=\"has-text-align-center\" data-align=\"center\">Jaragu\u00e1 do Sul\/SC<\/td><\/tr><tr><td class=\"has-text-align-center\" data-align=\"center\">666<\/td><td class=\"has-text-align-center\" data-align=\"center\">Nielson Diplomata 2.40<\/td><td class=\"has-text-align-center\" data-align=\"center\">Mercedes-Benz OF-1113<\/td><td class=\"has-text-align-center\" data-align=\"center\">LZY2948<\/td><td class=\"has-text-align-center\" data-align=\"center\">1982\/1982<\/td><td class=\"has-text-align-center\" data-align=\"center\">\u2013<\/td><td class=\"has-text-align-center\" data-align=\"center\">Jaragu\u00e1 do Sul\/SC<\/td><\/tr><tr><td class=\"has-text-align-center\" data-align=\"center\">999<\/td><td class=\"has-text-align-center\" data-align=\"center\">Nielson Diplomata 310<\/td><td class=\"has-text-align-center\" data-align=\"center\">Mercedes-Benz OF-1313<\/td><td class=\"has-text-align-center\" data-align=\"center\"><sub>BS4444<\/sub><br>LZW1394<\/td><td class=\"has-text-align-center\" data-align=\"center\">1985\/1985<\/td><td class=\"has-text-align-center\" data-align=\"center\">\u2013<\/td><td class=\"has-text-align-center\" data-align=\"center\">Curitiba\/PR<\/td><\/tr><tr><td class=\"has-text-align-center\" data-align=\"center\">1212<\/td><td class=\"has-text-align-center\" data-align=\"center\">Nielson Diplomata 2.40<\/td><td class=\"has-text-align-center\" data-align=\"center\">Mercedes-Benz OF-1113<\/td><td class=\"has-text-align-center\" data-align=\"center\"><sub>BS1792<\/sub><br>LZL7894<\/td><td class=\"has-text-align-center\" data-align=\"center\">1981\/1981<\/td><td class=\"has-text-align-center\" data-align=\"center\">\u2013<\/td><td class=\"has-text-align-center\" data-align=\"center\">Jaragu\u00e1 do Sul\/SC<\/td><\/tr><tr><td class=\"has-text-align-center\" data-align=\"center\">1313<\/td><td class=\"has-text-align-center\" data-align=\"center\">Nielson Diplomata 310<\/td><td class=\"has-text-align-center\" data-align=\"center\">Mercedes-Benz OF-1313<\/td><td class=\"has-text-align-center\" data-align=\"center\"><sub>BS1313<\/sub><br>LZU7363<\/td><td class=\"has-text-align-center\" data-align=\"center\">1985\/1985<\/td><td class=\"has-text-align-center\" data-align=\"center\">\u2013<\/td><td class=\"has-text-align-center\" data-align=\"center\">Jaragu\u00e1 do Sul\/SC<\/td><\/tr><tr><td class=\"has-text-align-center\" data-align=\"center\">1414<\/td><td class=\"has-text-align-center\" data-align=\"center\">Nielson Diplomata 310<\/td><td class=\"has-text-align-center\" data-align=\"center\">Mercedes-Benz OF-1313<\/td><td class=\"has-text-align-center\" data-align=\"center\"><sub>BS1414<\/sub><br>LZW0784<\/td><td class=\"has-text-align-center\" data-align=\"center\">1985\/1985<\/td><td class=\"has-text-align-center\" data-align=\"center\">\u2013<\/td><td class=\"has-text-align-center\" data-align=\"center\">Jaragu\u00e1 do Sul\/SC<\/td><\/tr><tr><td class=\"has-text-align-center\" data-align=\"center\">1515<\/td><td class=\"has-text-align-center\" data-align=\"center\">Nielson Diplomata 310<\/td><td class=\"has-text-align-center\" data-align=\"center\">Mercedes-Benz OF-1318<\/td><td class=\"has-text-align-center\" data-align=\"center\">LZX0442<\/td><td class=\"has-text-align-center\" data-align=\"center\">1989\/1989<\/td><td class=\"has-text-align-center\" data-align=\"center\">\u2013<\/td><td class=\"has-text-align-center\" data-align=\"center\">Santa Izabel do Oeste\/PR<\/td><\/tr><tr><td class=\"has-text-align-center\" data-align=\"center\">1616<\/td><td class=\"has-text-align-center\" data-align=\"center\">Nielson Diplomata 310<\/td><td class=\"has-text-align-center\" data-align=\"center\">Mercedes-Benz OF-1318<\/td><td class=\"has-text-align-center\" data-align=\"center\"><sub>BS4441<\/sub><br>LZS9871<\/td><td class=\"has-text-align-center\" data-align=\"center\">1989\/1989<\/td><td class=\"has-text-align-center\" data-align=\"center\">\u2013<\/td><td class=\"has-text-align-center\" data-align=\"center\">Bom Retiro\/SC<\/td><\/tr><tr><td class=\"has-text-align-center\" data-align=\"center\">8652<\/td><td class=\"has-text-align-center\" data-align=\"center\">Nielson Diplomata 330<\/td><td class=\"has-text-align-center\" data-align=\"center\">Volvo B58<\/td><td class=\"has-text-align-center\" data-align=\"center\">MAK8027<\/td><td class=\"has-text-align-center\" data-align=\"center\">1985\/1986<\/td><td class=\"has-text-align-center\" data-align=\"center\">\u2013<\/td><td class=\"has-text-align-center\" data-align=\"center\">Sombrio\/SC<\/td><\/tr><tr><td class=\"has-text-align-center\" data-align=\"center\">8663<\/td><td class=\"has-text-align-center\" data-align=\"center\">Nielson Diplomata 330<\/td><td class=\"has-text-align-center\" data-align=\"center\">Volvo B58<\/td><td class=\"has-text-align-center\" data-align=\"center\"><sub>BS4967<\/sub><br>MAK7867<\/td><td class=\"has-text-align-center\" data-align=\"center\">1985\/1986<\/td><td class=\"has-text-align-center\" data-align=\"center\">\u2013<\/td><td class=\"has-text-align-center\" data-align=\"center\">Jaragu\u00e1 do Sul\/SC<\/td><\/tr><tr><td class=\"has-text-align-center\" data-align=\"center\">9161<\/td><td class=\"has-text-align-center\" data-align=\"center\">Busscar Jum Buss 360<\/td><td class=\"has-text-align-center\" data-align=\"center\">Volvo B10M 6\u00d72<\/td><td class=\"has-text-align-center\" data-align=\"center\">LYV2621<\/td><td class=\"has-text-align-center\" data-align=\"center\">1991\/1991<\/td><td class=\"has-text-align-center\" data-align=\"center\">\u2013<\/td><td class=\"has-text-align-center\" data-align=\"center\">Lajeado\/RS<\/td><\/tr><tr><td class=\"has-text-align-center\" data-align=\"center\">9371<\/td><td class=\"has-text-align-center\" data-align=\"center\">Marcopolo Viaggio GV 850<\/td><td class=\"has-text-align-center\" data-align=\"center\">Mercedes-Benz OF-1318<\/td><td class=\"has-text-align-center\" data-align=\"center\">LZS9831<\/td><td class=\"has-text-align-center\" data-align=\"center\">1993\/1993<\/td><td class=\"has-text-align-center\" data-align=\"center\">&#8211;<\/td><td class=\"has-text-align-center\" data-align=\"center\">Jaragu\u00e1 do Sul\/SC<\/td><\/tr><tr><td class=\"has-text-align-center\" data-align=\"center\">9511<\/td><td class=\"has-text-align-center\" data-align=\"center\">Marcopolo Viaggio GV 1000<\/td><td class=\"has-text-align-center\" data-align=\"center\">Mercedes-Benz OF-1620<\/td><td class=\"has-text-align-center\" data-align=\"center\">LWX4873<\/td><td class=\"has-text-align-center\" data-align=\"center\">1994\/1995<\/td><td class=\"has-text-align-center\" data-align=\"center\">&#8211;<\/td><td class=\"has-text-align-center\" data-align=\"center\">Rio do Sul\/SC<\/td><\/tr><tr><td class=\"has-text-align-center\" data-align=\"center\">9522<\/td><td class=\"has-text-align-center\" data-align=\"center\">Marcopolo Viaggio GV 1000<\/td><td class=\"has-text-align-center\" data-align=\"center\">Mercedes-Benz OF-1620<\/td><td class=\"has-text-align-center\" data-align=\"center\">LWY5922<\/td><td class=\"has-text-align-center\" data-align=\"center\">1994\/1994<\/td><td class=\"has-text-align-center\" data-align=\"center\">\u2013<\/td><td class=\"has-text-align-center\" data-align=\"center\">Jaragu\u00e1 do Sul\/SC<\/td><\/tr><tr><td class=\"has-text-align-center\" data-align=\"center\">9533<\/td><td class=\"has-text-align-center\" data-align=\"center\">Busscar Jum Buss 380T<\/td><td class=\"has-text-align-center\" data-align=\"center\">Volvo B10M 6\u00d72<\/td><td class=\"has-text-align-center\" data-align=\"center\">LWZ1924<\/td><td class=\"has-text-align-center\" data-align=\"center\">1994\/1995<\/td><td class=\"has-text-align-center\" data-align=\"center\">\u2013<\/td><td class=\"has-text-align-center\" data-align=\"center\">Jaragu\u00e1 do Sul\/SC<\/td><\/tr><tr><td class=\"has-text-align-center\" data-align=\"center\">9614<\/td><td class=\"has-text-align-center\" data-align=\"center\">Busscar El Buss 320<\/td><td class=\"has-text-align-center\" data-align=\"center\">Mercedes-Benz OF-1620<\/td><td class=\"has-text-align-center\" data-align=\"center\">LXT3524<\/td><td class=\"has-text-align-center\" data-align=\"center\">1996\/1996<\/td><td class=\"has-text-align-center\" data-align=\"center\">\u2013<\/td><td class=\"has-text-align-center\" data-align=\"center\">Guaruj\u00e1 do Sul\/SC<\/td><\/tr><tr><td class=\"has-text-align-center\" data-align=\"center\">9713<\/td><td class=\"has-text-align-center\" data-align=\"center\">Busscar Jum Buss 360<\/td><td class=\"has-text-align-center\" data-align=\"center\">Volvo B10M 6\u00d72<\/td><td class=\"has-text-align-center\" data-align=\"center\">LYX3892<\/td><td class=\"has-text-align-center\" data-align=\"center\">1997\/1997<\/td><td class=\"has-text-align-center\" data-align=\"center\">\u2013<\/td><td class=\"has-text-align-center\" data-align=\"center\">Corn\u00e9lio Proc\u00f3pio\/PR<\/td><\/tr><tr><td class=\"has-text-align-center\" data-align=\"center\">9723<\/td><td class=\"has-text-align-center\" data-align=\"center\">Busscar Jum Buss 360<\/td><td class=\"has-text-align-center\" data-align=\"center\">Volvo B10M 6\u00d72<\/td><td class=\"has-text-align-center\" data-align=\"center\">LYX3822<\/td><td class=\"has-text-align-center\" data-align=\"center\">1997\/1997<\/td><td class=\"has-text-align-center\" data-align=\"center\">\u2013<\/td><td class=\"has-text-align-center\" data-align=\"center\">Guaratuba\/PR<\/td><\/tr><tr><td class=\"has-text-align-center\" data-align=\"center\">9746<\/td><td class=\"has-text-align-center\" data-align=\"center\">Marcopolo Paradiso GV 1150<\/td><td class=\"has-text-align-center\" data-align=\"center\">Volvo B10M 6\u00d72<\/td><td class=\"has-text-align-center\" data-align=\"center\">LYV9845<\/td><td class=\"has-text-align-center\" data-align=\"center\">1997\/1997<\/td><td class=\"has-text-align-center\" data-align=\"center\">\u2013<\/td><td class=\"has-text-align-center\" data-align=\"center\">Conc\u00f3rdia\/SC<\/td><\/tr><tr><td class=\"has-text-align-center\" data-align=\"center\">9756<\/td><td class=\"has-text-align-center\" data-align=\"center\">Marcopolo Paradiso GV 1150<\/td><td class=\"has-text-align-center\" data-align=\"center\">Volvo B10M 6\u00d72<\/td><td class=\"has-text-align-center\" data-align=\"center\">LYV9765<\/td><td class=\"has-text-align-center\" data-align=\"center\">1997\/1997<\/td><td class=\"has-text-align-center\" data-align=\"center\">\u2013<\/td><td class=\"has-text-align-center\" data-align=\"center\">Nova Alvorada do Sul\/MS<\/td><\/tr><tr><td class=\"has-text-align-center\" data-align=\"center\">9803<\/td><td class=\"has-text-align-center\" data-align=\"center\">Marcopolo Viaggio GV 1000<\/td><td class=\"has-text-align-center\" data-align=\"center\">Mercedes-Benz OF-1721<\/td><td class=\"has-text-align-center\" data-align=\"center\">LZQ6882<\/td><td class=\"has-text-align-center\" data-align=\"center\">1998\/1998<\/td><td class=\"has-text-align-center\" data-align=\"center\">&#8211;<\/td><td class=\"has-text-align-center\" data-align=\"center\">Blumenau\/SC<\/td><\/tr><tr><td class=\"has-text-align-center\" data-align=\"center\">9813<\/td><td class=\"has-text-align-center\" data-align=\"center\">Marcopolo Viaggio GV 1000<\/td><td class=\"has-text-align-center\" data-align=\"center\">Mercedes-Benz OF-1721<\/td><td class=\"has-text-align-center\" data-align=\"center\">LZQ6742<\/td><td class=\"has-text-align-center\" data-align=\"center\">1998\/1998<\/td><td class=\"has-text-align-center\" data-align=\"center\">&#8211;<\/td><td class=\"has-text-align-center\" data-align=\"center\">Xanxer\u00ea\/SC<\/td><\/tr><tr><td class=\"has-text-align-center\" data-align=\"center\">9823<\/td><td class=\"has-text-align-center\" data-align=\"center\">Marcopolo Viaggio GV 1000<\/td><td class=\"has-text-align-center\" data-align=\"center\">Volvo B58E<\/td><td class=\"has-text-align-center\" data-align=\"center\">LZQ6832<\/td><td class=\"has-text-align-center\" data-align=\"center\">1998\/1998<\/td><td class=\"has-text-align-center\" data-align=\"center\">&#8211;<\/td><td class=\"has-text-align-center\" data-align=\"center\">Ascurra\/SC<\/td><\/tr><tr><td class=\"has-text-align-center\" data-align=\"center\">9833<\/td><td class=\"has-text-align-center\" data-align=\"center\">Marcopolo Viaggio GV 1000<\/td><td class=\"has-text-align-center\" data-align=\"center\">Volvo B10M 4\u00d72<\/td><td class=\"has-text-align-center\" data-align=\"center\">LZS9442<\/td><td class=\"has-text-align-center\" data-align=\"center\">1997\/1998<\/td><td class=\"has-text-align-center\" data-align=\"center\">\u2013<\/td><td class=\"has-text-align-center\" data-align=\"center\">Garuva\/SC<\/td><\/tr><tr><td class=\"has-text-align-center\" data-align=\"center\"><strong><a href=\"https:\/\/mundoonibus.com.br\/site\/wp-content\/uploads\/Canarinho-Turismo-9843.jpg\" type=\"link\" id=\"https:\/\/mundoonibus.com.br\/site\/wp-content\/uploads\/Canarinho-Turismo-9843.jpg\" data-lbwps-width=\"1600\" data-lbwps-height=\"1200\" data-lbwps-srcsmall=\"https:\/\/mundoonibus.com.br\/site\/wp-content\/uploads\/Canarinho-Turismo-9843-300x225.jpg\">9843<\/a><\/strong><\/td><td class=\"has-text-align-center\" data-align=\"center\">Marcopolo Viaggio GV 1000<\/td><td class=\"has-text-align-center\" data-align=\"center\">Volvo B10M 4\u00d72<\/td><td class=\"has-text-align-center\" data-align=\"center\">LZS9402<\/td><td class=\"has-text-align-center\" data-align=\"center\">1997\/1998<\/td><td class=\"has-text-align-center\" data-align=\"center\">\u2013<\/td><td class=\"has-text-align-center\" data-align=\"center\">Corup\u00e1\/SC<\/td><\/tr><tr><td class=\"has-text-align-center\" data-align=\"center\">9259<\/td><td class=\"has-text-align-center\" data-align=\"center\">Busscar El Buss 340<\/td><td class=\"has-text-align-center\" data-align=\"center\">Volvo B7R<\/td><td class=\"has-text-align-center\" data-align=\"center\">MAO4454<\/td><td class=\"has-text-align-center\" data-align=\"center\">1999\/1999<\/td><td class=\"has-text-align-center\" data-align=\"center\">\u2013<\/td><td class=\"has-text-align-center\" data-align=\"center\">Quarai\/RS<\/td><\/tr><tr><td class=\"has-text-align-center\" data-align=\"center\">0620<\/td><td class=\"has-text-align-center\" data-align=\"center\">Busscar Vissta Buss<\/td><td class=\"has-text-align-center\" data-align=\"center\">Volvo B10M 6\u00d72<\/td><td class=\"has-text-align-center\" data-align=\"center\">MAY8263<\/td><td class=\"has-text-align-center\" data-align=\"center\">2000\/2000<\/td><td class=\"has-text-align-center\" data-align=\"center\">\u2013<\/td><td class=\"has-text-align-center\" data-align=\"center\">Schroeder\/SC<\/td><\/tr><tr><td class=\"has-text-align-center\" data-align=\"center\">0630<\/td><td class=\"has-text-align-center\" data-align=\"center\">Busscar Vissta Buss<\/td><td class=\"has-text-align-center\" data-align=\"center\">Volvo B10M 6\u00d72<\/td><td class=\"has-text-align-center\" data-align=\"center\">MAY8373<\/td><td class=\"has-text-align-center\" data-align=\"center\">2000\/2000<\/td><td class=\"has-text-align-center\" data-align=\"center\">\u2013<\/td><td class=\"has-text-align-center\" data-align=\"center\">S\u00e3o Francisco do Sul\/SC<\/td><\/tr><tr><td class=\"has-text-align-center\" data-align=\"center\">2201<\/td><td class=\"has-text-align-center\" data-align=\"center\">Marcopolo Paradiso G6 1200<\/td><td class=\"has-text-align-center\" data-align=\"center\">Scania K-124IB 6\u00d72<\/td><td class=\"has-text-align-center\" data-align=\"center\">MCK4329<\/td><td class=\"has-text-align-center\" data-align=\"center\">2001\/2001<\/td><td class=\"has-text-align-center\" data-align=\"center\">\u2013<\/td><td class=\"has-text-align-center\" data-align=\"center\">Florian\u00f3polis\/SC<\/td><\/tr><tr><td class=\"has-text-align-center\" data-align=\"center\">2202<\/td><td class=\"has-text-align-center\" data-align=\"center\">Marcopolo Paradiso G6 1200<\/td><td class=\"has-text-align-center\" data-align=\"center\">Scania K-124IB 6\u00d72<\/td><td class=\"has-text-align-center\" data-align=\"center\">MCK5149<\/td><td class=\"has-text-align-center\" data-align=\"center\">2001\/2001<\/td><td class=\"has-text-align-center\" data-align=\"center\">\u2013<\/td><td class=\"has-text-align-center\" data-align=\"center\">Espig\u00e3o d&#8217;Oeste\/RO<\/td><\/tr><tr><td class=\"has-text-align-center\" data-align=\"center\">984<\/td><td class=\"has-text-align-center\" data-align=\"center\">Marcopolo Senior 2000<\/td><td class=\"has-text-align-center\" data-align=\"center\">VolksBus 9-150 OD<\/td><td class=\"has-text-align-center\" data-align=\"center\">MCL2461<\/td><td class=\"has-text-align-center\" data-align=\"center\">2002\/2002<\/td><td class=\"has-text-align-center\" data-align=\"center\">&#8211;<\/td><td class=\"has-text-align-center\" data-align=\"center\">Jaragu\u00e1 do Sul\/SC<\/td><\/tr><tr><td class=\"has-text-align-center\" data-align=\"center\">985<\/td><td class=\"has-text-align-center\" data-align=\"center\">Marcopolo Senior 2000<\/td><td class=\"has-text-align-center\" data-align=\"center\">VolksBus 9-150 OD<\/td><td class=\"has-text-align-center\" data-align=\"center\">MCL2351<\/td><td class=\"has-text-align-center\" data-align=\"center\">2002\/2002<\/td><td class=\"has-text-align-center\" data-align=\"center\">&#8211;<\/td><td class=\"has-text-align-center\" data-align=\"center\">Ascurra\/SC<\/td><\/tr><tr><td class=\"has-text-align-center\" data-align=\"center\">986<\/td><td class=\"has-text-align-center\" data-align=\"center\">Marcopolo Fratello<\/td><td class=\"has-text-align-center\" data-align=\"center\">VolksBus 8-150 OD<\/td><td class=\"has-text-align-center\" data-align=\"center\">MCM6152<\/td><td class=\"has-text-align-center\" data-align=\"center\">2001\/2002<\/td><td class=\"has-text-align-center\" data-align=\"center\">&#8211;<\/td><td class=\"has-text-align-center\" data-align=\"center\">Santa Maria do Oesle\/PR<\/td><\/tr><tr><td class=\"has-text-align-center\" data-align=\"center\">2208<\/td><td class=\"has-text-align-center\" data-align=\"center\">Marcopolo Viaggio G6 1050<\/td><td class=\"has-text-align-center\" data-align=\"center\">VolksBus 17-240 OT<\/td><td class=\"has-text-align-center\" data-align=\"center\">MBZ3807<\/td><td class=\"has-text-align-center\" data-align=\"center\">2002\/2002<\/td><td class=\"has-text-align-center\" data-align=\"center\">\u2013<\/td><td class=\"has-text-align-center\" data-align=\"center\">Campo Verde\/MT<\/td><\/tr><tr><td class=\"has-text-align-center\" data-align=\"center\">2301<\/td><td class=\"has-text-align-center\" data-align=\"center\">Marcopolo Viaggio G6 1050<\/td><td class=\"has-text-align-center\" data-align=\"center\">VolksBus 17-240 OT<\/td><td class=\"has-text-align-center\" data-align=\"center\">MFR4910<\/td><td class=\"has-text-align-center\" data-align=\"center\">2002\/2002<\/td><td class=\"has-text-align-center\" data-align=\"center\">\u2013<\/td><td class=\"has-text-align-center\" data-align=\"center\">Rio Grande\/RS<\/td><\/tr><tr><td class=\"has-text-align-center\" data-align=\"center\">2302<\/td><td class=\"has-text-align-center\" data-align=\"center\">Marcopolo Viaggio G6 1050<\/td><td class=\"has-text-align-center\" data-align=\"center\">Mercedes-Benz OF-1721<\/td><td class=\"has-text-align-center\" data-align=\"center\">MDW3702<\/td><td class=\"has-text-align-center\" data-align=\"center\">2003\/2003<\/td><td class=\"has-text-align-center\" data-align=\"center\">\u2013<\/td><td class=\"has-text-align-center\" data-align=\"center\">Rio dos Cedros\/SC<\/td><\/tr><tr><td class=\"has-text-align-center\" data-align=\"center\">2303<\/td><td class=\"has-text-align-center\" data-align=\"center\">Marcopolo Viaggio G6 1050<\/td><td class=\"has-text-align-center\" data-align=\"center\">Mercedes-Benz OF-1721<\/td><td class=\"has-text-align-center\" data-align=\"center\">MDW3712<\/td><td class=\"has-text-align-center\" data-align=\"center\">2003\/2003<\/td><td class=\"has-text-align-center\" data-align=\"center\">\u2013<\/td><td class=\"has-text-align-center\" data-align=\"center\">Ascurra\/SC<\/td><\/tr><tr><td class=\"has-text-align-center\" data-align=\"center\">2304<\/td><td class=\"has-text-align-center\" data-align=\"center\">Marcopolo Viaggio G6 1050<\/td><td class=\"has-text-align-center\" data-align=\"center\">Mercedes-Benz OF-1721<\/td><td class=\"has-text-align-center\" data-align=\"center\">MDW3692<\/td><td class=\"has-text-align-center\" data-align=\"center\">2003\/2003<\/td><td class=\"has-text-align-center\" data-align=\"center\">\u2013<\/td><td class=\"has-text-align-center\" data-align=\"center\">Ascurra\/SC<\/td><\/tr><tr><td class=\"has-text-align-center\" data-align=\"center\">2305<\/td><td class=\"has-text-align-center\" data-align=\"center\">Marcopolo Viaggio G6 1050<\/td><td class=\"has-text-align-center\" data-align=\"center\">Mercedes-Benz OF-1721<\/td><td class=\"has-text-align-center\" data-align=\"center\">MDW3722<\/td><td class=\"has-text-align-center\" data-align=\"center\">2003\/2003<\/td><td class=\"has-text-align-center\" data-align=\"center\">\u2013<\/td><td class=\"has-text-align-center\" data-align=\"center\">Novo Progresso\/PA<\/td><\/tr><tr><td class=\"has-text-align-center\" data-align=\"center\">104<\/td><td class=\"has-text-align-center\" data-align=\"center\">Neobus Thunder<\/td><td class=\"has-text-align-center\" data-align=\"center\">VolksBus 9-150 EOD<\/td><td class=\"has-text-align-center\" data-align=\"center\">MET2842<\/td><td class=\"has-text-align-center\" data-align=\"center\">2003\/2004<\/td><td class=\"has-text-align-center\" data-align=\"center\">\u2013<\/td><td class=\"has-text-align-center\" data-align=\"center\">Araquari\/SC<\/td><\/tr><tr><td class=\"has-text-align-center\" data-align=\"center\">2401<\/td><td class=\"has-text-align-center\" data-align=\"center\">Comil Campione 3.45<\/td><td class=\"has-text-align-center\" data-align=\"center\">VolksBus 17-240 OT<\/td><td class=\"has-text-align-center\" data-align=\"center\">MCN9893<\/td><td class=\"has-text-align-center\" data-align=\"center\">2004\/2004<\/td><td class=\"has-text-align-center\" data-align=\"center\">\u2013<\/td><td class=\"has-text-align-center\" data-align=\"center\">Garuva\/SC<\/td><\/tr><tr><td class=\"has-text-align-center\" data-align=\"center\">2402<\/td><td class=\"has-text-align-center\" data-align=\"center\">Comil Campione 3.45<\/td><td class=\"has-text-align-center\" data-align=\"center\">VolksBus 17-240 OT<\/td><td class=\"has-text-align-center\" data-align=\"center\">MCN9883<\/td><td class=\"has-text-align-center\" data-align=\"center\">2004\/2004<\/td><td class=\"has-text-align-center\" data-align=\"center\">\u2013<\/td><td class=\"has-text-align-center\" data-align=\"center\">Garuva\/SC<\/td><\/tr><tr><td class=\"has-text-align-center\" data-align=\"center\"><strong><a href=\"https:\/\/mundoonibus.com.br\/site\/wp-content\/uploads\/Canarinho-Turismo-2403.jpg\" type=\"link\" id=\"https:\/\/mundoonibus.com.br\/site\/wp-content\/uploads\/Canarinho-Turismo-2403.jpg\" data-lbwps-width=\"1600\" data-lbwps-height=\"1200\" data-lbwps-srcsmall=\"https:\/\/mundoonibus.com.br\/site\/wp-content\/uploads\/Canarinho-Turismo-2403-300x225.jpg\">2403<\/a><\/strong><\/td><td class=\"has-text-align-center\" data-align=\"center\">Comil Campione 3.45<\/td><td class=\"has-text-align-center\" data-align=\"center\">VolksBus 17-240 OT<\/td><td class=\"has-text-align-center\" data-align=\"center\">MCN9913<\/td><td class=\"has-text-align-center\" data-align=\"center\">2004\/2004<\/td><td class=\"has-text-align-center\" data-align=\"center\">\u2013<\/td><td class=\"has-text-align-center\" data-align=\"center\">S\u00e3o Francisco do Sul\/SC<\/td><\/tr><tr><td class=\"has-text-align-center\" data-align=\"center\">2404<\/td><td class=\"has-text-align-center\" data-align=\"center\">Comil Campione 3.45<\/td><td class=\"has-text-align-center\" data-align=\"center\">VolksBus 17-240 OT<\/td><td class=\"has-text-align-center\" data-align=\"center\">MCN9903<\/td><td class=\"has-text-align-center\" data-align=\"center\">2004\/2004<\/td><td class=\"has-text-align-center\" data-align=\"center\">\u2013<\/td><td class=\"has-text-align-center\" data-align=\"center\">Guaramirim\/SC<\/td><\/tr><tr><td class=\"has-text-align-center\" data-align=\"center\">010<\/td><td class=\"has-text-align-center\" data-align=\"center\">Caio Foz<\/td><td class=\"has-text-align-center\" data-align=\"center\">VolksBus 9-150 EOD<\/td><td class=\"has-text-align-center\" data-align=\"center\">MHU2010<\/td><td class=\"has-text-align-center\" data-align=\"center\">2005\/2005<\/td><td class=\"has-text-align-center\" data-align=\"center\">\u2013<\/td><td class=\"has-text-align-center\" data-align=\"center\">Cunha Por\u00e3\/SC<\/td><\/tr><tr><td class=\"has-text-align-center\" data-align=\"center\">020<\/td><td class=\"has-text-align-center\" data-align=\"center\">Caio Foz<\/td><td class=\"has-text-align-center\" data-align=\"center\">VolksBus 9-150 EOD<\/td><td class=\"has-text-align-center\" data-align=\"center\">MHU1820<\/td><td class=\"has-text-align-center\" data-align=\"center\">2005\/2005<\/td><td class=\"has-text-align-center\" data-align=\"center\">\u2013<\/td><td class=\"has-text-align-center\" data-align=\"center\">Pouso Redondo\/SC<\/td><\/tr><tr><td class=\"has-text-align-center\" data-align=\"center\">2502<\/td><td class=\"has-text-align-center\" data-align=\"center\">Busscar El Buss 320<\/td><td class=\"has-text-align-center\" data-align=\"center\">Mercedes-Benz OF-1722M<\/td><td class=\"has-text-align-center\" data-align=\"center\">MDA4503<\/td><td class=\"has-text-align-center\" data-align=\"center\">2005\/2005<\/td><td class=\"has-text-align-center\" data-align=\"center\">\u2013<\/td><td class=\"has-text-align-center\" data-align=\"center\">Ascurra\/SC<\/td><\/tr><tr><td class=\"has-text-align-center\" data-align=\"center\">2681<\/td><td class=\"has-text-align-center\" data-align=\"center\">Busscar Interbuss<\/td><td class=\"has-text-align-center\" data-align=\"center\">Mercedes-Benz OF-1418<\/td><td class=\"has-text-align-center\" data-align=\"center\">MDK2225<\/td><td class=\"has-text-align-center\" data-align=\"center\">2006\/2006<\/td><td class=\"has-text-align-center\" data-align=\"center\">\u2013<\/td><td class=\"has-text-align-center\" data-align=\"center\">Jaragu\u00e1 do Sul\/SC<\/td><\/tr><tr><td class=\"has-text-align-center\" data-align=\"center\">2682<\/td><td class=\"has-text-align-center\" data-align=\"center\">Busscar Interbuss<\/td><td class=\"has-text-align-center\" data-align=\"center\">Mercedes-Benz OF-1418<\/td><td class=\"has-text-align-center\" data-align=\"center\">MDK2235<\/td><td class=\"has-text-align-center\" data-align=\"center\">2006\/2006<\/td><td class=\"has-text-align-center\" data-align=\"center\">\u2013<\/td><td class=\"has-text-align-center\" data-align=\"center\">Jaragu\u00e1 do Sul\/SC<\/td><\/tr><tr><td class=\"has-text-align-center\" data-align=\"center\">781<\/td><td class=\"has-text-align-center\" data-align=\"center\">Caio Foz<\/td><td class=\"has-text-align-center\" data-align=\"center\">VolksBus 9-150 EOD<\/td><td class=\"has-text-align-center\" data-align=\"center\">MEA3785<\/td><td class=\"has-text-align-center\" data-align=\"center\">2007\/2007<\/td><td class=\"has-text-align-center\" data-align=\"center\">\u2013<\/td><td class=\"has-text-align-center\" data-align=\"center\">Massaranduba\/SC<\/td><\/tr><tr><td class=\"has-text-align-center\" data-align=\"center\">2811<\/td><td class=\"has-text-align-center\" data-align=\"center\">Busscar Vissta Buss LO<\/td><td class=\"has-text-align-center\" data-align=\"center\">Volvo B9R<\/td><td class=\"has-text-align-center\" data-align=\"center\">MFW5569<\/td><td class=\"has-text-align-center\" data-align=\"center\">2007\/2008<\/td><td class=\"has-text-align-center\" data-align=\"center\">&#8211;<\/td><td class=\"has-text-align-center\" data-align=\"center\">Rio do Sul\/SC<\/td><\/tr><tr><td class=\"has-text-align-center\" data-align=\"center\">2812<\/td><td class=\"has-text-align-center\" data-align=\"center\">Busscar Vissta Buss LO<\/td><td class=\"has-text-align-center\" data-align=\"center\">Volvo B9R<\/td><td class=\"has-text-align-center\" data-align=\"center\">MFW5549<\/td><td class=\"has-text-align-center\" data-align=\"center\">2007\/2008<\/td><td class=\"has-text-align-center\" data-align=\"center\">\u2013<\/td><td class=\"has-text-align-center\" data-align=\"center\">S\u00e3o Francisco do Sul\/SC<\/td><\/tr><tr><td class=\"has-text-align-center\" data-align=\"center\">2816<\/td><td class=\"has-text-align-center\" data-align=\"center\">Busscar Elegance 360<\/td><td class=\"has-text-align-center\" data-align=\"center\">Volvo B12R<\/td><td class=\"has-text-align-center\" data-align=\"center\">MHC2111<\/td><td class=\"has-text-align-center\" data-align=\"center\">2008\/2008<\/td><td class=\"has-text-align-center\" data-align=\"center\">&#8211;<\/td><td class=\"has-text-align-center\" data-align=\"center\">Rio do Sul\/SC<\/td><\/tr><tr><td class=\"has-text-align-center\" data-align=\"center\">2888<\/td><td class=\"has-text-align-center\" data-align=\"center\">Comil Campione 3.45 Vision<\/td><td class=\"has-text-align-center\" data-align=\"center\">Mercedes-Benz OF-1722M<\/td><td class=\"has-text-align-center\" data-align=\"center\">MFL9205<\/td><td class=\"has-text-align-center\" data-align=\"center\">2008\/2008<\/td><td class=\"has-text-align-center\" data-align=\"center\">&#8211;<\/td><td class=\"has-text-align-center\" data-align=\"center\">Guaramirim\/SC<\/td><\/tr><tr><td class=\"has-text-align-center\" data-align=\"center\">030<\/td><td class=\"has-text-align-center\" data-align=\"center\">Fiat Ducato<\/td><td class=\"has-text-align-center\" data-align=\"center\">Fiat Ducato 2.8 JTD<\/td><td class=\"has-text-align-center\" data-align=\"center\">MFT4505<\/td><td class=\"has-text-align-center\" data-align=\"center\">2009\/2009<\/td><td class=\"has-text-align-center\" data-align=\"center\">&#8211;<\/td><td class=\"has-text-align-center\" data-align=\"center\">Corup\u00e1\/SC<\/td><\/tr><tr><td class=\"has-text-align-center\" data-align=\"center\">1202<\/td><td class=\"has-text-align-center\" data-align=\"center\">Comil Campione 3.45 2011<\/td><td class=\"has-text-align-center\" data-align=\"center\">Volvo B290R<\/td><td class=\"has-text-align-center\" data-align=\"center\">MLE7477<\/td><td class=\"has-text-align-center\" data-align=\"center\">2011\/2012<\/td><td class=\"has-text-align-center\" data-align=\"center\">&#8211;<\/td><td class=\"has-text-align-center\" data-align=\"center\">Rio do Sul\/SC<\/td><\/tr><\/tbody><\/table><figcaption class=\"wp-element-caption\">Atualizado em 27\/02\/2026<\/figcaption><\/figure>\n","protected":false},"excerpt":{"rendered":"<p>Hist\u00f3rico Se\u00e7\u00e3o em desenvolvimento. Por favor,&nbsp;volte em breve. Frota Ativos Prefixo Carroceria Chassi Placa Ano Observa\u00e7\u00f5es Munic\u00edpio 121 Comil Pi\u00e1 IV VolksBus 9-160 OD MLR7374 2012\/2012 &#8211; Jaragu\u00e1 do Sul\/SC 122 Comil Pi\u00e1 IV VolksBus 9-160 OD MLR7174MLR7B74 2012\/2012 &#8211; Jaragu\u00e1 do Sul\/SC 123 Mascarello GranMicro S4 Mercedes-Benz LO-916 BT6 SXH7A99 2024\/2025 &#8211; Jaragu\u00e1 do&#8230;<\/p>\n","protected":false},"author":1,"featured_media":13604,"comment_status":"open","ping_status":"closed","template":"","meta":{"_kad_post_transparent":"","_kad_post_title":"","_kad_post_layout":"","_kad_post_sidebar_id":"","_kad_post_content_style":"","_kad_post_vertical_padding":"","_kad_post_feature":"","_kad_post_feature_position":"","_kad_post_header":false,"_kad_post_footer":false,"_kad_post_classname":"","footnotes":""},"portfolio_category":[120],"portfolio_tag":[82],"class_list":["post-5763","portfolio","type-portfolio","status-publish","has-post-thumbnail","hentry","portfolio_category-fretamento-turismo","portfolio_tag-jaragua-do-sul-sc"],"yoast_head":"<!-- This site is optimized with the Yoast SEO plugin v27.5 - https:\/\/yoast.com\/product\/yoast-seo-wordpress\/ -->\n<title>Canarinho Turismo - Mundo \u00d4nibus<\/title>\n<meta name=\"robots\" content=\"index, follow, max-snippet:-1, max-image-preview:large, max-video-preview:-1\" \/>\n<link rel=\"canonical\" href=\"https:\/\/mundoonibus.com.br\/site\/portfolio\/canarinho-turismo\/\" \/>\n<meta property=\"og:locale\" content=\"pt_BR\" \/>\n<meta property=\"og:type\" content=\"article\" \/>\n<meta property=\"og:title\" content=\"Canarinho Turismo - Mundo \u00d4nibus\" \/>\n<meta property=\"og:description\" content=\"Hist\u00f3rico Se\u00e7\u00e3o em desenvolvimento. Por favor,&nbsp;volte em breve. Frota Ativos Prefixo Carroceria Chassi Placa Ano Observa\u00e7\u00f5es Munic\u00edpio 121 Comil Pi\u00e1 IV VolksBus 9-160 OD MLR7374 2012\/2012 &#8211; Jaragu\u00e1 do Sul\/SC 122 Comil Pi\u00e1 IV VolksBus 9-160 OD MLR7174MLR7B74 2012\/2012 &#8211; Jaragu\u00e1 do Sul\/SC 123 Mascarello GranMicro S4 Mercedes-Benz LO-916 BT6 SXH7A99 2024\/2025 &#8211; Jaragu\u00e1 do...\" \/>\n<meta property=\"og:url\" content=\"https:\/\/mundoonibus.com.br\/site\/portfolio\/canarinho-turismo\/\" \/>\n<meta property=\"og:site_name\" content=\"Mundo \u00d4nibus\" \/>\n<meta property=\"article:modified_time\" content=\"2026-02-27T14:06:03+00:00\" \/>\n<meta property=\"og:image\" content=\"https:\/\/mundoonibus.com.br\/site\/wp-content\/uploads\/Canarinho-Turismo-5004.jpg\" \/>\n\t<meta property=\"og:image:width\" content=\"1600\" \/>\n\t<meta property=\"og:image:height\" content=\"1200\" \/>\n\t<meta property=\"og:image:type\" content=\"image\/jpeg\" \/>\n<meta name=\"twitter:card\" content=\"summary_large_image\" \/>\n<meta name=\"twitter:label1\" content=\"Est. tempo de leitura\" \/>\n\t<meta name=\"twitter:data1\" content=\"7 minutos\" \/>\n<script type=\"application\/ld+json\" class=\"yoast-schema-graph\">{\"@context\":\"https:\\\/\\\/schema.org\",\"@graph\":[{\"@type\":\"WebPage\",\"@id\":\"https:\\\/\\\/mundoonibus.com.br\\\/site\\\/portfolio\\\/canarinho-turismo\\\/\",\"url\":\"https:\\\/\\\/mundoonibus.com.br\\\/site\\\/portfolio\\\/canarinho-turismo\\\/\",\"name\":\"Canarinho Turismo - Mundo \u00d4nibus\",\"isPartOf\":{\"@id\":\"https:\\\/\\\/mundoonibus.com.br\\\/site\\\/#website\"},\"primaryImageOfPage\":{\"@id\":\"https:\\\/\\\/mundoonibus.com.br\\\/site\\\/portfolio\\\/canarinho-turismo\\\/#primaryimage\"},\"image\":{\"@id\":\"https:\\\/\\\/mundoonibus.com.br\\\/site\\\/portfolio\\\/canarinho-turismo\\\/#primaryimage\"},\"thumbnailUrl\":\"https:\\\/\\\/mundoonibus.com.br\\\/site\\\/wp-content\\\/uploads\\\/Canarinho-Turismo-5004.jpg\",\"datePublished\":\"2023-06-18T05:29:03+00:00\",\"dateModified\":\"2026-02-27T14:06:03+00:00\",\"breadcrumb\":{\"@id\":\"https:\\\/\\\/mundoonibus.com.br\\\/site\\\/portfolio\\\/canarinho-turismo\\\/#breadcrumb\"},\"inLanguage\":\"pt-BR\",\"potentialAction\":[{\"@type\":\"ReadAction\",\"target\":[\"https:\\\/\\\/mundoonibus.com.br\\\/site\\\/portfolio\\\/canarinho-turismo\\\/\"]}]},{\"@type\":\"ImageObject\",\"inLanguage\":\"pt-BR\",\"@id\":\"https:\\\/\\\/mundoonibus.com.br\\\/site\\\/portfolio\\\/canarinho-turismo\\\/#primaryimage\",\"url\":\"https:\\\/\\\/mundoonibus.com.br\\\/site\\\/wp-content\\\/uploads\\\/Canarinho-Turismo-5004.jpg\",\"contentUrl\":\"https:\\\/\\\/mundoonibus.com.br\\\/site\\\/wp-content\\\/uploads\\\/Canarinho-Turismo-5004.jpg\",\"width\":1600,\"height\":1200},{\"@type\":\"BreadcrumbList\",\"@id\":\"https:\\\/\\\/mundoonibus.com.br\\\/site\\\/portfolio\\\/canarinho-turismo\\\/#breadcrumb\",\"itemListElement\":[{\"@type\":\"ListItem\",\"position\":1,\"name\":\"In\u00edcio\",\"item\":\"https:\\\/\\\/mundoonibus.com.br\\\/site\\\/\"},{\"@type\":\"ListItem\",\"position\":2,\"name\":\"Portf\u00f3lio\",\"item\":\"https:\\\/\\\/mundoonibus.com.br\\\/site\\\/portfolio\\\/\"},{\"@type\":\"ListItem\",\"position\":3,\"name\":\"Canarinho Turismo\"}]},{\"@type\":\"WebSite\",\"@id\":\"https:\\\/\\\/mundoonibus.com.br\\\/site\\\/#website\",\"url\":\"https:\\\/\\\/mundoonibus.com.br\\\/site\\\/\",\"name\":\"Mundo \u00d4nibus\",\"description\":\"Bem-vindo a Bordo!\",\"publisher\":{\"@id\":\"https:\\\/\\\/mundoonibus.com.br\\\/site\\\/#organization\"},\"potentialAction\":[{\"@type\":\"SearchAction\",\"target\":{\"@type\":\"EntryPoint\",\"urlTemplate\":\"https:\\\/\\\/mundoonibus.com.br\\\/site\\\/?s={search_term_string}\"},\"query-input\":{\"@type\":\"PropertyValueSpecification\",\"valueRequired\":true,\"valueName\":\"search_term_string\"}}],\"inLanguage\":\"pt-BR\"},{\"@type\":\"Organization\",\"@id\":\"https:\\\/\\\/mundoonibus.com.br\\\/site\\\/#organization\",\"name\":\"Mundo \u00d4nibus\",\"url\":\"https:\\\/\\\/mundoonibus.com.br\\\/site\\\/\",\"logo\":{\"@type\":\"ImageObject\",\"inLanguage\":\"pt-BR\",\"@id\":\"https:\\\/\\\/mundoonibus.com.br\\\/site\\\/#\\\/schema\\\/logo\\\/image\\\/\",\"url\":\"https:\\\/\\\/mundoonibus.com.br\\\/site\\\/wp-content\\\/uploads\\\/2021\\\/10\\\/Logo-H.png\",\"contentUrl\":\"https:\\\/\\\/mundoonibus.com.br\\\/site\\\/wp-content\\\/uploads\\\/2021\\\/10\\\/Logo-H.png\",\"width\":740,\"height\":139,\"caption\":\"Mundo \u00d4nibus\"},\"image\":{\"@id\":\"https:\\\/\\\/mundoonibus.com.br\\\/site\\\/#\\\/schema\\\/logo\\\/image\\\/\"}}]}<\/script>\n<!-- \/ Yoast SEO plugin. -->","yoast_head_json":{"title":"Canarinho Turismo - Mundo \u00d4nibus","robots":{"index":"index","follow":"follow","max-snippet":"max-snippet:-1","max-image-preview":"max-image-preview:large","max-video-preview":"max-video-preview:-1"},"canonical":"https:\/\/mundoonibus.com.br\/site\/portfolio\/canarinho-turismo\/","og_locale":"pt_BR","og_type":"article","og_title":"Canarinho Turismo - Mundo \u00d4nibus","og_description":"Hist\u00f3rico Se\u00e7\u00e3o em desenvolvimento. Por favor,&nbsp;volte em breve. Frota Ativos Prefixo Carroceria Chassi Placa Ano Observa\u00e7\u00f5es Munic\u00edpio 121 Comil Pi\u00e1 IV VolksBus 9-160 OD MLR7374 2012\/2012 &#8211; Jaragu\u00e1 do Sul\/SC 122 Comil Pi\u00e1 IV VolksBus 9-160 OD MLR7174MLR7B74 2012\/2012 &#8211; Jaragu\u00e1 do Sul\/SC 123 Mascarello GranMicro S4 Mercedes-Benz LO-916 BT6 SXH7A99 2024\/2025 &#8211; Jaragu\u00e1 do...","og_url":"https:\/\/mundoonibus.com.br\/site\/portfolio\/canarinho-turismo\/","og_site_name":"Mundo \u00d4nibus","article_modified_time":"2026-02-27T14:06:03+00:00","og_image":[{"width":1600,"height":1200,"url":"https:\/\/mundoonibus.com.br\/site\/wp-content\/uploads\/Canarinho-Turismo-5004.jpg","type":"image\/jpeg"}],"twitter_card":"summary_large_image","twitter_misc":{"Est. tempo de leitura":"7 minutos"},"schema":{"@context":"https:\/\/schema.org","@graph":[{"@type":"WebPage","@id":"https:\/\/mundoonibus.com.br\/site\/portfolio\/canarinho-turismo\/","url":"https:\/\/mundoonibus.com.br\/site\/portfolio\/canarinho-turismo\/","name":"Canarinho Turismo - Mundo \u00d4nibus","isPartOf":{"@id":"https:\/\/mundoonibus.com.br\/site\/#website"},"primaryImageOfPage":{"@id":"https:\/\/mundoonibus.com.br\/site\/portfolio\/canarinho-turismo\/#primaryimage"},"image":{"@id":"https:\/\/mundoonibus.com.br\/site\/portfolio\/canarinho-turismo\/#primaryimage"},"thumbnailUrl":"https:\/\/mundoonibus.com.br\/site\/wp-content\/uploads\/Canarinho-Turismo-5004.jpg","datePublished":"2023-06-18T05:29:03+00:00","dateModified":"2026-02-27T14:06:03+00:00","breadcrumb":{"@id":"https:\/\/mundoonibus.com.br\/site\/portfolio\/canarinho-turismo\/#breadcrumb"},"inLanguage":"pt-BR","potentialAction":[{"@type":"ReadAction","target":["https:\/\/mundoonibus.com.br\/site\/portfolio\/canarinho-turismo\/"]}]},{"@type":"ImageObject","inLanguage":"pt-BR","@id":"https:\/\/mundoonibus.com.br\/site\/portfolio\/canarinho-turismo\/#primaryimage","url":"https:\/\/mundoonibus.com.br\/site\/wp-content\/uploads\/Canarinho-Turismo-5004.jpg","contentUrl":"https:\/\/mundoonibus.com.br\/site\/wp-content\/uploads\/Canarinho-Turismo-5004.jpg","width":1600,"height":1200},{"@type":"BreadcrumbList","@id":"https:\/\/mundoonibus.com.br\/site\/portfolio\/canarinho-turismo\/#breadcrumb","itemListElement":[{"@type":"ListItem","position":1,"name":"In\u00edcio","item":"https:\/\/mundoonibus.com.br\/site\/"},{"@type":"ListItem","position":2,"name":"Portf\u00f3lio","item":"https:\/\/mundoonibus.com.br\/site\/portfolio\/"},{"@type":"ListItem","position":3,"name":"Canarinho Turismo"}]},{"@type":"WebSite","@id":"https:\/\/mundoonibus.com.br\/site\/#website","url":"https:\/\/mundoonibus.com.br\/site\/","name":"Mundo \u00d4nibus","description":"Bem-vindo a Bordo!","publisher":{"@id":"https:\/\/mundoonibus.com.br\/site\/#organization"},"potentialAction":[{"@type":"SearchAction","target":{"@type":"EntryPoint","urlTemplate":"https:\/\/mundoonibus.com.br\/site\/?s={search_term_string}"},"query-input":{"@type":"PropertyValueSpecification","valueRequired":true,"valueName":"search_term_string"}}],"inLanguage":"pt-BR"},{"@type":"Organization","@id":"https:\/\/mundoonibus.com.br\/site\/#organization","name":"Mundo \u00d4nibus","url":"https:\/\/mundoonibus.com.br\/site\/","logo":{"@type":"ImageObject","inLanguage":"pt-BR","@id":"https:\/\/mundoonibus.com.br\/site\/#\/schema\/logo\/image\/","url":"https:\/\/mundoonibus.com.br\/site\/wp-content\/uploads\/2021\/10\/Logo-H.png","contentUrl":"https:\/\/mundoonibus.com.br\/site\/wp-content\/uploads\/2021\/10\/Logo-H.png","width":740,"height":139,"caption":"Mundo \u00d4nibus"},"image":{"@id":"https:\/\/mundoonibus.com.br\/site\/#\/schema\/logo\/image\/"}}]}},"_links":{"self":[{"href":"https:\/\/mundoonibus.com.br\/site\/wp-json\/wp\/v2\/portfolio\/5763","targetHints":{"allow":["GET"]}}],"collection":[{"href":"https:\/\/mundoonibus.com.br\/site\/wp-json\/wp\/v2\/portfolio"}],"about":[{"href":"https:\/\/mundoonibus.com.br\/site\/wp-json\/wp\/v2\/types\/portfolio"}],"author":[{"embeddable":true,"href":"https:\/\/mundoonibus.com.br\/site\/wp-json\/wp\/v2\/users\/1"}],"replies":[{"embeddable":true,"href":"https:\/\/mundoonibus.com.br\/site\/wp-json\/wp\/v2\/comments?post=5763"}],"version-history":[{"count":20,"href":"https:\/\/mundoonibus.com.br\/site\/wp-json\/wp\/v2\/portfolio\/5763\/revisions"}],"predecessor-version":[{"id":13608,"href":"https:\/\/mundoonibus.com.br\/site\/wp-json\/wp\/v2\/portfolio\/5763\/revisions\/13608"}],"wp:featuredmedia":[{"embeddable":true,"href":"https:\/\/mundoonibus.com.br\/site\/wp-json\/wp\/v2\/media\/13604"}],"wp:attachment":[{"href":"https:\/\/mundoonibus.com.br\/site\/wp-json\/wp\/v2\/media?parent=5763"}],"wp:term":[{"taxonomy":"portfolio_category","embeddable":true,"href":"https:\/\/mundoonibus.com.br\/site\/wp-json\/wp\/v2\/portfolio_category?post=5763"},{"taxonomy":"portfolio_tag","embeddable":true,"href":"https:\/\/mundoonibus.com.br\/site\/wp-json\/wp\/v2\/portfolio_tag?post=5763"}],"curies":[{"name":"wp","href":"https:\/\/api.w.org\/{rel}","templated":true}]}}