{"id":8050,"date":"2024-04-26T14:14:13","date_gmt":"2024-04-26T17:14:13","guid":{"rendered":"https:\/\/mundoonibus.com.br\/site\/?post_type=portfolio&#038;p=8050"},"modified":"2025-10-07T08:27:59","modified_gmt":"2025-10-07T11:27:59","slug":"st-fraiburgo","status":"publish","type":"portfolio","link":"https:\/\/mundoonibus.com.br\/site\/portfolio\/st-fraiburgo\/","title":{"rendered":"Santa Teresinha"},"content":{"rendered":"\n<figure class=\"wp-block-table is-style-stripes\"><table class=\"has-fixed-layout\"><thead><tr><th class=\"has-text-align-center\" data-align=\"center\">Munic\u00edpio<\/th><th class=\"has-text-align-center\" data-align=\"center\">Servi\u00e7o<\/th><th class=\"has-text-align-center\" data-align=\"center\">Situa\u00e7\u00e3o<\/th><th class=\"has-text-align-center\" data-align=\"center\">Per\u00edodo<\/th><\/tr><\/thead><tbody><tr><td class=\"has-text-align-center\" data-align=\"center\">Fraiburgo\/SC<\/td><td class=\"has-text-align-center\" data-align=\"center\">Urbano<\/td><td class=\"has-text-align-center\" data-align=\"center\">Ativa<\/td><td class=\"has-text-align-center\" data-align=\"center\">2012 &#8211; Presente<\/td><\/tr><\/tbody><\/table><figcaption class=\"wp-element-caption\">Atualizado em 26\/04\/2024<\/figcaption><\/figure>\n\n\n\n<h3 class=\"wp-block-heading\">Frota<\/h3>\n\n\n\n<p>Devido \u00e0 escassez de informa\u00e7\u00f5es, alguns ve\u00edculos podem n\u00e3o estar catalogados pelo&nbsp;<strong>Mundo \u00d4nibus<\/strong>. Seguimos em busca de novos dados atrav\u00e9s de imagens, documentos e registros hist\u00f3ricos.<\/p>\n\n\n\n<h5 class=\"wp-block-heading\">Ativos<\/h5>\n\n\n\n<figure class=\"wp-block-table is-style-stripes\"><table><thead><tr><th class=\"has-text-align-center\" data-align=\"center\">Prefixo<\/th><th class=\"has-text-align-center\" data-align=\"center\">Carroceria<\/th><th class=\"has-text-align-center\" data-align=\"center\">Chassi<\/th><th class=\"has-text-align-center\" data-align=\"center\">Placa<\/th><th class=\"has-text-align-center\" data-align=\"center\">Ano<\/th><th class=\"has-text-align-center\" data-align=\"center\">Observa\u00e7\u00f5es<\/th><th class=\"has-text-align-center\" data-align=\"center\">Munic\u00edpio<\/th><\/tr><\/thead><tbody><tr><td class=\"has-text-align-center\" data-align=\"center\">209<\/td><td class=\"has-text-align-center\" data-align=\"center\">Mascarello GranVia Midi<\/td><td class=\"has-text-align-center\" data-align=\"center\">Mercedes-Benz OF-1418<\/td><td class=\"has-text-align-center\" data-align=\"center\">MHF9263<\/td><td class=\"has-text-align-center\" data-align=\"center\">2008\/2009<\/td><td class=\"has-text-align-center\" data-align=\"center\">Ex-<a href=\"https:\/\/mundoonibus.com.br\/site\/portfolio\/nossobrusque\/\" target=\"_blank\" rel=\"noreferrer noopener\">Nosso Brusque<\/a> 209 (SC)<\/td><td class=\"has-text-align-center\" data-align=\"center\">Videira\/SC<\/td><\/tr><tr><td class=\"has-text-align-center\" data-align=\"center\">243<\/td><td class=\"has-text-align-center\" data-align=\"center\">Marcopolo Viale<\/td><td class=\"has-text-align-center\" data-align=\"center\">Mercedes-Benz OF-1418<\/td><td class=\"has-text-align-center\" data-align=\"center\">MKU2E30<\/td><td class=\"has-text-align-center\" data-align=\"center\">2007\/2007<\/td><td class=\"has-text-align-center\" data-align=\"center\">Ex-<a href=\"https:\/\/mundoonibus.com.br\/site\/portfolio\/transol\/\" target=\"_blank\" rel=\"noreferrer noopener\">Transol<\/a>&nbsp;0243 (SC)<\/td><td class=\"has-text-align-center\" data-align=\"center\">Brusque\/SC<\/td><\/tr><tr><td class=\"has-text-align-center\" data-align=\"center\">244<\/td><td class=\"has-text-align-center\" data-align=\"center\">Marcopolo Viale<\/td><td class=\"has-text-align-center\" data-align=\"center\">Mercedes-Benz OF-1418<\/td><td class=\"has-text-align-center\" data-align=\"center\">MKU2E40<\/td><td class=\"has-text-align-center\" data-align=\"center\">2007\/2007<\/td><td class=\"has-text-align-center\" data-align=\"center\">Ex-<a href=\"https:\/\/mundoonibus.com.br\/site\/portfolio\/transol\/\" target=\"_blank\" rel=\"noreferrer noopener\">Transol<\/a>&nbsp;0244 (SC)<\/td><td class=\"has-text-align-center\" data-align=\"center\">Brusque\/SC<\/td><\/tr><tr><td class=\"has-text-align-center\" data-align=\"center\">245<\/td><td class=\"has-text-align-center\" data-align=\"center\">Marcopolo Viale<\/td><td class=\"has-text-align-center\" data-align=\"center\">Mercedes-Benz OF-1418<\/td><td class=\"has-text-align-center\" data-align=\"center\">MKU2E50<\/td><td class=\"has-text-align-center\" data-align=\"center\">2007\/2007<\/td><td class=\"has-text-align-center\" data-align=\"center\">Ex-<a href=\"https:\/\/mundoonibus.com.br\/site\/portfolio\/transol\/\" target=\"_blank\" rel=\"noreferrer noopener\">Transol<\/a>&nbsp;0245 (SC)<\/td><td class=\"has-text-align-center\" data-align=\"center\">Brusque\/SC<\/td><\/tr><tr><td class=\"has-text-align-center\" data-align=\"center\">310<\/td><td class=\"has-text-align-center\" data-align=\"center\">Mascarello GranVia Midi<\/td><td class=\"has-text-align-center\" data-align=\"center\">Mercedes-Benz OF-1418<\/td><td class=\"has-text-align-center\" data-align=\"center\">LLF2624<\/td><td class=\"has-text-align-center\" data-align=\"center\">2010\/2010<\/td><td class=\"has-text-align-center\" data-align=\"center\">Ex-Doce Rio 4500 (RJ)<\/td><td class=\"has-text-align-center\" data-align=\"center\">Brusque\/SC<\/td><\/tr><tr><td class=\"has-text-align-center\" data-align=\"center\">320<\/td><td class=\"has-text-align-center\" data-align=\"center\">Mascarello GranVia Midi<\/td><td class=\"has-text-align-center\" data-align=\"center\">Mercedes-Benz OF-1418<\/td><td class=\"has-text-align-center\" data-align=\"center\">LPQ5092<\/td><td class=\"has-text-align-center\" data-align=\"center\">2010\/2010<\/td><td class=\"has-text-align-center\" data-align=\"center\">Ex-RJ<\/td><td class=\"has-text-align-center\" data-align=\"center\">Brusque\/SC<\/td><\/tr><tr><td class=\"has-text-align-center\" data-align=\"center\">360<\/td><td class=\"has-text-align-center\" data-align=\"center\">Marcopolo Torino \u2018S\u2019<\/td><td class=\"has-text-align-center\" data-align=\"center\">Mercedes-Benz OF-1519 BT5<\/td><td class=\"has-text-align-center\" data-align=\"center\">QTM8659<\/td><td class=\"has-text-align-center\" data-align=\"center\">2018\/2019<\/td><td class=\"has-text-align-center\" data-align=\"center\">&#8211;<\/td><td class=\"has-text-align-center\" data-align=\"center\">Brusque\/SC<\/td><\/tr><tr><td class=\"has-text-align-center\" data-align=\"center\"><strong><a href=\"https:\/\/mundoonibus.com.br\/site\/wp-content\/uploads\/2024\/04\/Santa-Teresinha-611.jpg\" data-lbwps-width=\"1600\" data-lbwps-height=\"1200\" data-lbwps-srcsmall=\"https:\/\/mundoonibus.com.br\/site\/wp-content\/uploads\/2024\/04\/Santa-Teresinha-611-300x225.jpg\">611<\/a><\/strong><\/td><td class=\"has-text-align-center\" data-align=\"center\">Caio Apache Vip II<\/td><td class=\"has-text-align-center\" data-align=\"center\">VolksBus 17-230 EOD<\/td><td class=\"has-text-align-center\" data-align=\"center\">EKH8H29<\/td><td class=\"has-text-align-center\" data-align=\"center\">2011\/2011<\/td><td class=\"has-text-align-center\" data-align=\"center\">Ex-Urubupung\u00e1 00250 (SP)<\/td><td class=\"has-text-align-center\" data-align=\"center\">Brusque\/SC<\/td><\/tr><tr><td class=\"has-text-align-center\" data-align=\"center\">710<\/td><td class=\"has-text-align-center\" data-align=\"center\">Comil Svelto V<\/td><td class=\"has-text-align-center\" data-align=\"center\">Mercedes-Benz OF-1418<\/td><td class=\"has-text-align-center\" data-align=\"center\">MIJ1237<\/td><td class=\"has-text-align-center\" data-align=\"center\">2010\/2010<\/td><td class=\"has-text-align-center\" data-align=\"center\">Ex-<a href=\"https:\/\/mundoonibus.com.br\/site\/portfolio\/santa-teresinha\/\" target=\"_blank\" rel=\"noreferrer noopener\">Santa Teresinha<\/a> 710 (SC)<\/td><td class=\"has-text-align-center\" data-align=\"center\">Videira\/SC<\/td><\/tr><tr><td class=\"has-text-align-center\" data-align=\"center\"><strong><a href=\"https:\/\/mundoonibus.com.br\/site\/wp-content\/uploads\/2024\/04\/Santa-Teresinha-1202.jpg\" data-lbwps-width=\"1600\" data-lbwps-height=\"1199\" data-lbwps-srcsmall=\"https:\/\/mundoonibus.com.br\/site\/wp-content\/uploads\/2024\/04\/Santa-Teresinha-1202-300x225.jpg\">1202<\/a><\/strong><\/td><td class=\"has-text-align-center\" data-align=\"center\">Comil Svelto VI<\/td><td class=\"has-text-align-center\" data-align=\"center\">Mercedes-Benz OF-1418<\/td><td class=\"has-text-align-center\" data-align=\"center\">MJP8433<\/td><td class=\"has-text-align-center\" data-align=\"center\">2011\/2012<\/td><td class=\"has-text-align-center\" data-align=\"center\">Ex-<a href=\"https:\/\/mundoonibus.com.br\/site\/portfolio\/santa-teresinha\/\" target=\"_blank\" rel=\"noreferrer noopener\">Santa Teresinha<\/a> 1202 (SC)<\/td><td class=\"has-text-align-center\" data-align=\"center\">Brusque\/SC<\/td><\/tr><tr><td class=\"has-text-align-center\" data-align=\"center\">1206<\/td><td class=\"has-text-align-center\" data-align=\"center\">Caio Foz Super II<\/td><td class=\"has-text-align-center\" data-align=\"center\">VolksBus 17-230 EOD<\/td><td class=\"has-text-align-center\" data-align=\"center\">MIM9D24<\/td><td class=\"has-text-align-center\" data-align=\"center\">2011\/2011<\/td><td class=\"has-text-align-center\" data-align=\"center\">Ex-<a href=\"https:\/\/mundoonibus.com.br\/site\/portfolio\/expressul\/\" target=\"_blank\" rel=\"noreferrer noopener\">Expressul<\/a> 1550 (SC)<\/td><td class=\"has-text-align-center\" data-align=\"center\">Brusque\/SC<\/td><\/tr><tr><td class=\"has-text-align-center\" data-align=\"center\"><strong><a href=\"https:\/\/mundoonibus.com.br\/site\/wp-content\/uploads\/2024\/04\/Santa-Teresinha-1207.jpg\" data-lbwps-width=\"1600\" data-lbwps-height=\"1199\" data-lbwps-srcsmall=\"https:\/\/mundoonibus.com.br\/site\/wp-content\/uploads\/2024\/04\/Santa-Teresinha-1207-300x225.jpg\">1207<\/a><\/strong><\/td><td class=\"has-text-align-center\" data-align=\"center\">Caio Foz Super II<\/td><td class=\"has-text-align-center\" data-align=\"center\">VolksBus 17-230 EOD<\/td><td class=\"has-text-align-center\" data-align=\"center\">MIN3F84<\/td><td class=\"has-text-align-center\" data-align=\"center\">2011\/2011<\/td><td class=\"has-text-align-center\" data-align=\"center\">Ex-<a href=\"https:\/\/mundoonibus.com.br\/site\/portfolio\/expressul\/\" target=\"_blank\" rel=\"noreferrer noopener\">Expressul<\/a> 1500 (SC)<\/td><td class=\"has-text-align-center\" data-align=\"center\">Brusque\/SC<\/td><\/tr><\/tbody><\/table><figcaption class=\"wp-element-caption\">Atualizado em 26\/04\/2024<\/figcaption><\/figure>\n","protected":false},"excerpt":{"rendered":"<p>Munic\u00edpio Servi\u00e7o Situa\u00e7\u00e3o Per\u00edodo Fraiburgo\/SC Urbano Ativa 2012 &#8211; Presente Atualizado em 26\/04\/2024 Frota Devido \u00e0 escassez de informa\u00e7\u00f5es, alguns ve\u00edculos podem n\u00e3o estar catalogados pelo&nbsp;Mundo \u00d4nibus. Seguimos em busca de novos dados atrav\u00e9s de imagens, documentos e registros hist\u00f3ricos. Ativos Prefixo Carroceria Chassi Placa Ano Observa\u00e7\u00f5es Munic\u00edpio 209 Mascarello GranVia Midi Mercedes-Benz OF-1418 MHF9263&#8230;<\/p>\n","protected":false},"author":1,"featured_media":0,"comment_status":"open","ping_status":"closed","template":"","meta":{"_kad_post_transparent":"","_kad_post_title":"","_kad_post_layout":"","_kad_post_sidebar_id":"","_kad_post_content_style":"","_kad_post_vertical_padding":"","_kad_post_feature":"","_kad_post_feature_position":"","_kad_post_header":false,"_kad_post_footer":false,"_kad_post_classname":"","footnotes":""},"portfolio_category":[121],"portfolio_tag":[98],"class_list":["post-8050","portfolio","type-portfolio","status-publish","hentry","portfolio_category-urbano","portfolio_tag-sc-fraiburgo"],"yoast_head":"<!-- This site is optimized with the Yoast SEO plugin v27.5 - https:\/\/yoast.com\/product\/yoast-seo-wordpress\/ -->\n<title>Santa Teresinha - Mundo \u00d4nibus<\/title>\n<meta name=\"robots\" content=\"index, follow, max-snippet:-1, max-image-preview:large, max-video-preview:-1\" \/>\n<link rel=\"canonical\" href=\"https:\/\/mundoonibus.com.br\/site\/portfolio\/st-fraiburgo\/\" \/>\n<meta property=\"og:locale\" content=\"pt_BR\" \/>\n<meta property=\"og:type\" content=\"article\" \/>\n<meta property=\"og:title\" content=\"Santa Teresinha - Mundo \u00d4nibus\" \/>\n<meta property=\"og:description\" content=\"Munic\u00edpio Servi\u00e7o Situa\u00e7\u00e3o Per\u00edodo Fraiburgo\/SC Urbano Ativa 2012 &#8211; Presente Atualizado em 26\/04\/2024 Frota Devido \u00e0 escassez de informa\u00e7\u00f5es, alguns ve\u00edculos podem n\u00e3o estar catalogados pelo&nbsp;Mundo \u00d4nibus. Seguimos em busca de novos dados atrav\u00e9s de imagens, documentos e registros hist\u00f3ricos. Ativos Prefixo Carroceria Chassi Placa Ano Observa\u00e7\u00f5es Munic\u00edpio 209 Mascarello GranVia Midi Mercedes-Benz OF-1418 MHF9263...\" \/>\n<meta property=\"og:url\" content=\"https:\/\/mundoonibus.com.br\/site\/portfolio\/st-fraiburgo\/\" \/>\n<meta property=\"og:site_name\" content=\"Mundo \u00d4nibus\" \/>\n<meta property=\"article:modified_time\" content=\"2025-10-07T11:27:59+00:00\" \/>\n<meta name=\"twitter:card\" content=\"summary_large_image\" \/>\n<meta name=\"twitter:label1\" content=\"Est. tempo de leitura\" \/>\n\t<meta name=\"twitter:data1\" content=\"2 minutos\" \/>\n<script type=\"application\/ld+json\" class=\"yoast-schema-graph\">{\"@context\":\"https:\\\/\\\/schema.org\",\"@graph\":[{\"@type\":\"WebPage\",\"@id\":\"https:\\\/\\\/mundoonibus.com.br\\\/site\\\/portfolio\\\/st-fraiburgo\\\/\",\"url\":\"https:\\\/\\\/mundoonibus.com.br\\\/site\\\/portfolio\\\/st-fraiburgo\\\/\",\"name\":\"Santa Teresinha - Mundo \u00d4nibus\",\"isPartOf\":{\"@id\":\"https:\\\/\\\/mundoonibus.com.br\\\/site\\\/#website\"},\"datePublished\":\"2024-04-26T17:14:13+00:00\",\"dateModified\":\"2025-10-07T11:27:59+00:00\",\"breadcrumb\":{\"@id\":\"https:\\\/\\\/mundoonibus.com.br\\\/site\\\/portfolio\\\/st-fraiburgo\\\/#breadcrumb\"},\"inLanguage\":\"pt-BR\",\"potentialAction\":[{\"@type\":\"ReadAction\",\"target\":[\"https:\\\/\\\/mundoonibus.com.br\\\/site\\\/portfolio\\\/st-fraiburgo\\\/\"]}]},{\"@type\":\"BreadcrumbList\",\"@id\":\"https:\\\/\\\/mundoonibus.com.br\\\/site\\\/portfolio\\\/st-fraiburgo\\\/#breadcrumb\",\"itemListElement\":[{\"@type\":\"ListItem\",\"position\":1,\"name\":\"In\u00edcio\",\"item\":\"https:\\\/\\\/mundoonibus.com.br\\\/site\\\/\"},{\"@type\":\"ListItem\",\"position\":2,\"name\":\"Portf\u00f3lio\",\"item\":\"https:\\\/\\\/mundoonibus.com.br\\\/site\\\/portfolio\\\/\"},{\"@type\":\"ListItem\",\"position\":3,\"name\":\"Santa Teresinha\"}]},{\"@type\":\"WebSite\",\"@id\":\"https:\\\/\\\/mundoonibus.com.br\\\/site\\\/#website\",\"url\":\"https:\\\/\\\/mundoonibus.com.br\\\/site\\\/\",\"name\":\"Mundo \u00d4nibus\",\"description\":\"Bem-vindo a Bordo!\",\"publisher\":{\"@id\":\"https:\\\/\\\/mundoonibus.com.br\\\/site\\\/#organization\"},\"potentialAction\":[{\"@type\":\"SearchAction\",\"target\":{\"@type\":\"EntryPoint\",\"urlTemplate\":\"https:\\\/\\\/mundoonibus.com.br\\\/site\\\/?s={search_term_string}\"},\"query-input\":{\"@type\":\"PropertyValueSpecification\",\"valueRequired\":true,\"valueName\":\"search_term_string\"}}],\"inLanguage\":\"pt-BR\"},{\"@type\":\"Organization\",\"@id\":\"https:\\\/\\\/mundoonibus.com.br\\\/site\\\/#organization\",\"name\":\"Mundo \u00d4nibus\",\"url\":\"https:\\\/\\\/mundoonibus.com.br\\\/site\\\/\",\"logo\":{\"@type\":\"ImageObject\",\"inLanguage\":\"pt-BR\",\"@id\":\"https:\\\/\\\/mundoonibus.com.br\\\/site\\\/#\\\/schema\\\/logo\\\/image\\\/\",\"url\":\"https:\\\/\\\/mundoonibus.com.br\\\/site\\\/wp-content\\\/uploads\\\/2021\\\/10\\\/Logo-H.png\",\"contentUrl\":\"https:\\\/\\\/mundoonibus.com.br\\\/site\\\/wp-content\\\/uploads\\\/2021\\\/10\\\/Logo-H.png\",\"width\":740,\"height\":139,\"caption\":\"Mundo \u00d4nibus\"},\"image\":{\"@id\":\"https:\\\/\\\/mundoonibus.com.br\\\/site\\\/#\\\/schema\\\/logo\\\/image\\\/\"}}]}<\/script>\n<!-- \/ Yoast SEO plugin. -->","yoast_head_json":{"title":"Santa Teresinha - Mundo \u00d4nibus","robots":{"index":"index","follow":"follow","max-snippet":"max-snippet:-1","max-image-preview":"max-image-preview:large","max-video-preview":"max-video-preview:-1"},"canonical":"https:\/\/mundoonibus.com.br\/site\/portfolio\/st-fraiburgo\/","og_locale":"pt_BR","og_type":"article","og_title":"Santa Teresinha - Mundo \u00d4nibus","og_description":"Munic\u00edpio Servi\u00e7o Situa\u00e7\u00e3o Per\u00edodo Fraiburgo\/SC Urbano Ativa 2012 &#8211; Presente Atualizado em 26\/04\/2024 Frota Devido \u00e0 escassez de informa\u00e7\u00f5es, alguns ve\u00edculos podem n\u00e3o estar catalogados pelo&nbsp;Mundo \u00d4nibus. Seguimos em busca de novos dados atrav\u00e9s de imagens, documentos e registros hist\u00f3ricos. Ativos Prefixo Carroceria Chassi Placa Ano Observa\u00e7\u00f5es Munic\u00edpio 209 Mascarello GranVia Midi Mercedes-Benz OF-1418 MHF9263...","og_url":"https:\/\/mundoonibus.com.br\/site\/portfolio\/st-fraiburgo\/","og_site_name":"Mundo \u00d4nibus","article_modified_time":"2025-10-07T11:27:59+00:00","twitter_card":"summary_large_image","twitter_misc":{"Est. tempo de leitura":"2 minutos"},"schema":{"@context":"https:\/\/schema.org","@graph":[{"@type":"WebPage","@id":"https:\/\/mundoonibus.com.br\/site\/portfolio\/st-fraiburgo\/","url":"https:\/\/mundoonibus.com.br\/site\/portfolio\/st-fraiburgo\/","name":"Santa Teresinha - Mundo \u00d4nibus","isPartOf":{"@id":"https:\/\/mundoonibus.com.br\/site\/#website"},"datePublished":"2024-04-26T17:14:13+00:00","dateModified":"2025-10-07T11:27:59+00:00","breadcrumb":{"@id":"https:\/\/mundoonibus.com.br\/site\/portfolio\/st-fraiburgo\/#breadcrumb"},"inLanguage":"pt-BR","potentialAction":[{"@type":"ReadAction","target":["https:\/\/mundoonibus.com.br\/site\/portfolio\/st-fraiburgo\/"]}]},{"@type":"BreadcrumbList","@id":"https:\/\/mundoonibus.com.br\/site\/portfolio\/st-fraiburgo\/#breadcrumb","itemListElement":[{"@type":"ListItem","position":1,"name":"In\u00edcio","item":"https:\/\/mundoonibus.com.br\/site\/"},{"@type":"ListItem","position":2,"name":"Portf\u00f3lio","item":"https:\/\/mundoonibus.com.br\/site\/portfolio\/"},{"@type":"ListItem","position":3,"name":"Santa Teresinha"}]},{"@type":"WebSite","@id":"https:\/\/mundoonibus.com.br\/site\/#website","url":"https:\/\/mundoonibus.com.br\/site\/","name":"Mundo \u00d4nibus","description":"Bem-vindo a Bordo!","publisher":{"@id":"https:\/\/mundoonibus.com.br\/site\/#organization"},"potentialAction":[{"@type":"SearchAction","target":{"@type":"EntryPoint","urlTemplate":"https:\/\/mundoonibus.com.br\/site\/?s={search_term_string}"},"query-input":{"@type":"PropertyValueSpecification","valueRequired":true,"valueName":"search_term_string"}}],"inLanguage":"pt-BR"},{"@type":"Organization","@id":"https:\/\/mundoonibus.com.br\/site\/#organization","name":"Mundo \u00d4nibus","url":"https:\/\/mundoonibus.com.br\/site\/","logo":{"@type":"ImageObject","inLanguage":"pt-BR","@id":"https:\/\/mundoonibus.com.br\/site\/#\/schema\/logo\/image\/","url":"https:\/\/mundoonibus.com.br\/site\/wp-content\/uploads\/2021\/10\/Logo-H.png","contentUrl":"https:\/\/mundoonibus.com.br\/site\/wp-content\/uploads\/2021\/10\/Logo-H.png","width":740,"height":139,"caption":"Mundo \u00d4nibus"},"image":{"@id":"https:\/\/mundoonibus.com.br\/site\/#\/schema\/logo\/image\/"}}]}},"_links":{"self":[{"href":"https:\/\/mundoonibus.com.br\/site\/wp-json\/wp\/v2\/portfolio\/8050","targetHints":{"allow":["GET"]}}],"collection":[{"href":"https:\/\/mundoonibus.com.br\/site\/wp-json\/wp\/v2\/portfolio"}],"about":[{"href":"https:\/\/mundoonibus.com.br\/site\/wp-json\/wp\/v2\/types\/portfolio"}],"author":[{"embeddable":true,"href":"https:\/\/mundoonibus.com.br\/site\/wp-json\/wp\/v2\/users\/1"}],"replies":[{"embeddable":true,"href":"https:\/\/mundoonibus.com.br\/site\/wp-json\/wp\/v2\/comments?post=8050"}],"version-history":[{"count":7,"href":"https:\/\/mundoonibus.com.br\/site\/wp-json\/wp\/v2\/portfolio\/8050\/revisions"}],"predecessor-version":[{"id":10341,"href":"https:\/\/mundoonibus.com.br\/site\/wp-json\/wp\/v2\/portfolio\/8050\/revisions\/10341"}],"wp:attachment":[{"href":"https:\/\/mundoonibus.com.br\/site\/wp-json\/wp\/v2\/media?parent=8050"}],"wp:term":[{"taxonomy":"portfolio_category","embeddable":true,"href":"https:\/\/mundoonibus.com.br\/site\/wp-json\/wp\/v2\/portfolio_category?post=8050"},{"taxonomy":"portfolio_tag","embeddable":true,"href":"https:\/\/mundoonibus.com.br\/site\/wp-json\/wp\/v2\/portfolio_tag?post=8050"}],"curies":[{"name":"wp","href":"https:\/\/api.w.org\/{rel}","templated":true}]}}