{"id":9905,"date":"2024-08-16T11:50:12","date_gmt":"2024-08-16T14:50:12","guid":{"rendered":"https:\/\/mundoonibus.com.br\/site\/?post_type=portfolio&#038;p=9905"},"modified":"2026-04-08T16:24:22","modified_gmt":"2026-04-08T19:24:22","slug":"viacao-praiana","status":"publish","type":"portfolio","link":"https:\/\/mundoonibus.com.br\/site\/portfolio\/viacao-praiana\/","title":{"rendered":"Via\u00e7\u00e3o Praiana"},"content":{"rendered":"\n<figure class=\"wp-block-table is-style-stripes\"><table class=\"has-fixed-layout\"><thead><tr><th class=\"has-text-align-center\" data-align=\"center\">Munic\u00edpio<\/th><th class=\"has-text-align-center\" data-align=\"center\">Servi\u00e7o<\/th><th class=\"has-text-align-center\" data-align=\"center\">Situa\u00e7\u00e3o<\/th><th class=\"has-text-align-center\" data-align=\"center\">Per\u00edodo<\/th><\/tr><\/thead><tbody><tr><td class=\"has-text-align-center\" data-align=\"center\">Itaja\u00ed\/SC<\/td><td class=\"has-text-align-center\" data-align=\"center\">Intermunicipal<\/td><td class=\"has-text-align-center\" data-align=\"center\">Ativa<\/td><td class=\"has-text-align-center\" data-align=\"center\">07\/1963 &#8211; Presente<\/td><\/tr><\/tbody><\/table><figcaption class=\"wp-element-caption\">Atualizado em 16\/08\/2024<\/figcaption><\/figure>\n\n\n\n<h3 class=\"wp-block-heading\">Hist\u00f3rico<\/h3>\n\n\n\n<p>A <strong>Via\u00e7\u00e3o Praiana<\/strong> foi fundada em 17 de julho de 1963 como empresa de transporte coletivo intermunicipal. A hist\u00f3ria da empresa come\u00e7a com a parceria iniciada pelos fundadores Marcos Aur\u00e9lio Seara, Wilson Ant\u00f4nio Ern e Maria Edite Castro Leite. Na \u00e9poca o transporte dos passageiros era realizado em dois \u00f4nibus que faziam a linha &#8216;Itaja\u00ed x Cambori\u00fa&#8217;, de hora em hora, entre 6h e 20h. Em dias de sess\u00e3o nos cinemas de Itaja\u00ed o hor\u00e1rio de atendimento dos usu\u00e1rios era ampliado de forma a atender os frequentadores.<\/p>\n\n\n\n<p>Nos primeiros anos, enquanto Maria Edite trabalhava na administra\u00e7\u00e3o da empresa come\u00e7aram as contrata\u00e7\u00f5es de funcion\u00e1rios. Em 1970 ela vendeu sua parte na empresa para os s\u00f3cios Marcos Aur\u00e9lio Seara, Wilson Ern e Jo\u00e3o Germano Kracik.<\/p>\n\n\n\n<p>A empresa ingressou no transporte rodovi\u00e1rio intermunicipal em 1975, quando adquiriu junto \u00e0 <a href=\"https:\/\/mundoonibus.com.br\/site\/portfolio\/catarinense\/\" target=\"_blank\" rel=\"noreferrer noopener\">Auto Via\u00e7\u00e3o Catarinense<\/a> a linha &#8216;Itaja\u00ed x Tijucas&#8217;. Em seguida, a empresa adquiriu a <strong>Marazul<\/strong> e <strong>Cia. Turismo Cambori\u00fa<\/strong>. Esta \u00faltima passou a se chamar <a href=\"https:\/\/mundoonibus.com.br\/site\/portfolio\/ctt\/\" target=\"_blank\" rel=\"noreferrer noopener\">CTT &#8211; Cambori\u00fa Transporte e Turismo<\/a>. A associa\u00e7\u00e3o de novas linhas e aquisi\u00e7\u00e3o de outras empresas garantiram a Via\u00e7\u00e3o Praiana como refer\u00eancia regional em transporte coletivo urbano e intermunicipal.<\/p>\n\n\n\n<p>Foi a primeira empresa de transporte coletivo intermunicipal a oferecer \u00f4nibus com elevador hidr\u00e1ulico e plataforma espec\u00edfica para deficientes f\u00edsicos em 1997, gerando maior conforto e comodidade para os clientes. Em 2001, estreou o servi\u00e7o &#8216;Bem Bom&#8217;, operado com micro-\u00f4nibus confort\u00e1veis e equipados com ar-condicionado.<\/p>\n\n\n\n<h3 class=\"wp-block-heading\">Frota<\/h3>\n\n\n\n<h5 class=\"wp-block-heading\">Ativos<\/h5>\n\n\n\n<figure class=\"wp-block-table is-style-stripes\"><table><thead><tr><th class=\"has-text-align-center\" data-align=\"center\">Prefixo<\/th><th class=\"has-text-align-center\" data-align=\"center\">Carroceria<\/th><th class=\"has-text-align-center\" data-align=\"center\">Chassi<\/th><th class=\"has-text-align-center\" data-align=\"center\">Placa<\/th><th class=\"has-text-align-center\" data-align=\"center\">Ano<\/th><th class=\"has-text-align-center\" data-align=\"center\">Observa\u00e7\u00f5es<\/th><th class=\"has-text-align-center\" data-align=\"center\">Munic\u00edpio<\/th><\/tr><\/thead><tbody><tr><td class=\"has-text-align-center\" data-align=\"center\">102<\/td><td class=\"has-text-align-center\" data-align=\"center\">Marcopolo Viale<\/td><td class=\"has-text-align-center\" data-align=\"center\">Mercedes-Benz OF-1722M<\/td><td class=\"has-text-align-center\" data-align=\"center\">KWV4925<\/td><td class=\"has-text-align-center\" data-align=\"center\">2011\/2012<\/td><td class=\"has-text-align-center\" data-align=\"center\">Ex-Galo Branco RJ 181.051 (RJ)<\/td><td class=\"has-text-align-center\" data-align=\"center\">Itaja\u00ed\/SC<\/td><\/tr><tr><td class=\"has-text-align-center\" data-align=\"center\">105<\/td><td class=\"has-text-align-center\" data-align=\"center\">Marcopolo Viale<\/td><td class=\"has-text-align-center\" data-align=\"center\">Mercedes-Benz OF-1722M<\/td><td class=\"has-text-align-center\" data-align=\"center\">LPM5251<\/td><td class=\"has-text-align-center\" data-align=\"center\">2009\/2010<\/td><td class=\"has-text-align-center\" data-align=\"center\">Ex-Galo Branco RJ 181.063 (RJ)<\/td><td class=\"has-text-align-center\" data-align=\"center\">Itaja\u00ed\/SC<\/td><\/tr><tr><td class=\"has-text-align-center\" data-align=\"center\">106<\/td><td class=\"has-text-align-center\" data-align=\"center\">Marcopolo Viale<\/td><td class=\"has-text-align-center\" data-align=\"center\">Mercedes-Benz OF-1722M<\/td><td class=\"has-text-align-center\" data-align=\"center\">LPM5256<\/td><td class=\"has-text-align-center\" data-align=\"center\">2009\/2010<\/td><td class=\"has-text-align-center\" data-align=\"center\">Ex-Galo Branco RJ 181.072 (RJ)<\/td><td class=\"has-text-align-center\" data-align=\"center\">Itaja\u00ed\/SC<\/td><\/tr><tr><td class=\"has-text-align-center\" data-align=\"center\">107<\/td><td class=\"has-text-align-center\" data-align=\"center\">Marcopolo Viale<\/td><td class=\"has-text-align-center\" data-align=\"center\">Mercedes-Benz OF-1722M<\/td><td class=\"has-text-align-center\" data-align=\"center\">KRT1285<\/td><td class=\"has-text-align-center\" data-align=\"center\">2009\/2010<\/td><td class=\"has-text-align-center\" data-align=\"center\">Ex-Galo Branco RJ 181.003 (RJ)<\/td><td class=\"has-text-align-center\" data-align=\"center\">Itaja\u00ed\/SC<\/td><\/tr><tr><td class=\"has-text-align-center\" data-align=\"center\">108<\/td><td class=\"has-text-align-center\" data-align=\"center\">Marcopolo Viale<\/td><td class=\"has-text-align-center\" data-align=\"center\">Mercedes-Benz OF-1722M<\/td><td class=\"has-text-align-center\" data-align=\"center\">LLA4078<\/td><td class=\"has-text-align-center\" data-align=\"center\">2009\/2010<\/td><td class=\"has-text-align-center\" data-align=\"center\">Ex-Galo Branco RJ 181.038 (RJ)<\/td><td class=\"has-text-align-center\" data-align=\"center\">Itaja\u00ed\/SC<\/td><\/tr><tr><td class=\"has-text-align-center\" data-align=\"center\">109<\/td><td class=\"has-text-align-center\" data-align=\"center\">Marcopolo Viale<\/td><td class=\"has-text-align-center\" data-align=\"center\">Mercedes-Benz OF-1722M<\/td><td class=\"has-text-align-center\" data-align=\"center\">KWN3165<\/td><td class=\"has-text-align-center\" data-align=\"center\">2009\/2009<\/td><td class=\"has-text-align-center\" data-align=\"center\">Ex-Estrela RJ 177.034 (RJ)<\/td><td class=\"has-text-align-center\" data-align=\"center\">Itaja\u00ed\/SC<\/td><\/tr><tr><td class=\"has-text-align-center\" data-align=\"center\"><strong><a href=\"https:\/\/mundoonibus.com.br\/site\/wp-content\/uploads\/Praiana-111.jpg\" data-lbwps-width=\"1600\" data-lbwps-height=\"1200\" data-lbwps-srcsmall=\"https:\/\/mundoonibus.com.br\/site\/wp-content\/uploads\/Praiana-111-300x225.jpg\">111<\/a><\/strong><\/td><td class=\"has-text-align-center\" data-align=\"center\">Marcopolo Viale<\/td><td class=\"has-text-align-center\" data-align=\"center\">Mercedes-Benz OF-1722M<\/td><td class=\"has-text-align-center\" data-align=\"center\">KNV5918<\/td><td class=\"has-text-align-center\" data-align=\"center\">2009\/2009<\/td><td class=\"has-text-align-center\" data-align=\"center\">Ex-Galo Branco RJ 181.048 (RJ)<\/td><td class=\"has-text-align-center\" data-align=\"center\">Itaja\u00ed\/SC<\/td><\/tr><tr><td class=\"has-text-align-center\" data-align=\"center\">112<\/td><td class=\"has-text-align-center\" data-align=\"center\">Marcopolo Viale<\/td><td class=\"has-text-align-center\" data-align=\"center\">Mercedes-Benz OF-1722M<\/td><td class=\"has-text-align-center\" data-align=\"center\">LKZ2604<\/td><td class=\"has-text-align-center\" data-align=\"center\">2009\/2009<\/td><td class=\"has-text-align-center\" data-align=\"center\">Ex-Galo Branco RJ 181.088 (RJ)<\/td><td class=\"has-text-align-center\" data-align=\"center\">Itaja\u00ed\/SC<\/td><\/tr><tr><td class=\"has-text-align-center\" data-align=\"center\">113<\/td><td class=\"has-text-align-center\" data-align=\"center\">Marcopolo Viale<\/td><td class=\"has-text-align-center\" data-align=\"center\">Mercedes-Benz OF-1722M<\/td><td class=\"has-text-align-center\" data-align=\"center\">LKZ3420<\/td><td class=\"has-text-align-center\" data-align=\"center\">2009\/2009<\/td><td class=\"has-text-align-center\" data-align=\"center\">Ex-Galo Branco RJ 181.036 (RJ)<\/td><td class=\"has-text-align-center\" data-align=\"center\">Itaja\u00ed\/SC<\/td><\/tr><tr><td class=\"has-text-align-center\" data-align=\"center\">114<\/td><td class=\"has-text-align-center\" data-align=\"center\">Marcopolo Viale<\/td><td class=\"has-text-align-center\" data-align=\"center\">Mercedes-Benz OF-1722M<\/td><td class=\"has-text-align-center\" data-align=\"center\">KNV6358<\/td><td class=\"has-text-align-center\" data-align=\"center\">2009\/2009<\/td><td class=\"has-text-align-center\" data-align=\"center\">Ex-Estrela RJ 177.044 (RJ)<\/td><td class=\"has-text-align-center\" data-align=\"center\">Itaja\u00ed\/SC<\/td><\/tr><tr><td class=\"has-text-align-center\" data-align=\"center\">115<\/td><td class=\"has-text-align-center\" data-align=\"center\">Marcopolo Viale<\/td><td class=\"has-text-align-center\" data-align=\"center\">Mercedes-Benz OF-1722M<\/td><td class=\"has-text-align-center\" data-align=\"center\">LKZ4216<\/td><td class=\"has-text-align-center\" data-align=\"center\">2009\/2009<\/td><td class=\"has-text-align-center\" data-align=\"center\">Ex-Estrela RJ 177.026 (RJ)<\/td><td class=\"has-text-align-center\" data-align=\"center\">Itaja\u00ed\/SC<\/td><\/tr><tr><td class=\"has-text-align-center\" data-align=\"center\"><strong><a href=\"https:\/\/mundoonibus.com.br\/site\/wp-content\/uploads\/Praiana-117.jpg\" data-lbwps-width=\"1600\" data-lbwps-height=\"1200\" data-lbwps-srcsmall=\"https:\/\/mundoonibus.com.br\/site\/wp-content\/uploads\/Praiana-117-300x225.jpg\">117<\/a><\/strong><\/td><td class=\"has-text-align-center\" data-align=\"center\">Marcopolo Viale<\/td><td class=\"has-text-align-center\" data-align=\"center\">Mercedes-Benz OF-1722M<\/td><td class=\"has-text-align-center\" data-align=\"center\">LKZ2917<\/td><td class=\"has-text-align-center\" data-align=\"center\">2009\/2009<\/td><td class=\"has-text-align-center\" data-align=\"center\">Ex-Galo Branco RJ 181.093 (RJ)<\/td><td class=\"has-text-align-center\" data-align=\"center\">Itaja\u00ed\/SC<\/td><\/tr><tr><td class=\"has-text-align-center\" data-align=\"center\">865<\/td><td class=\"has-text-align-center\" data-align=\"center\">Comil Campione 3.45<\/td><td class=\"has-text-align-center\" data-align=\"center\">VolksBus 17-210 OD<\/td><td class=\"has-text-align-center\" data-align=\"center\">MBN6295<\/td><td class=\"has-text-align-center\" data-align=\"center\">2002\/2002<\/td><td class=\"has-text-align-center\" data-align=\"center\">&#8211;<\/td><td class=\"has-text-align-center\" data-align=\"center\">Itaja\u00ed\/SC<\/td><\/tr><tr><td class=\"has-text-align-center\" data-align=\"center\"><strong><a href=\"https:\/\/mundoonibus.com.br\/site\/wp-content\/uploads\/Praiana-875.jpg\" data-lbwps-width=\"1600\" data-lbwps-height=\"1200\" data-lbwps-srcsmall=\"https:\/\/mundoonibus.com.br\/site\/wp-content\/uploads\/Praiana-875-300x225.jpg\">875<\/a><\/strong><\/td><td class=\"has-text-align-center\" data-align=\"center\">Comil Campione 3.45<\/td><td class=\"has-text-align-center\" data-align=\"center\">VolksBus 17-210 OD<\/td><td class=\"has-text-align-center\" data-align=\"center\">MBZ9176<\/td><td class=\"has-text-align-center\" data-align=\"center\">2002\/2002<\/td><td class=\"has-text-align-center\" data-align=\"center\">&#8211;<\/td><td class=\"has-text-align-center\" data-align=\"center\">Itaja\u00ed\/SC<\/td><\/tr><tr><td class=\"has-text-align-center\" data-align=\"center\">895<\/td><td class=\"has-text-align-center\" data-align=\"center\">Comil Campione 3.45<\/td><td class=\"has-text-align-center\" data-align=\"center\">VolksBus 17-210 OD<\/td><td class=\"has-text-align-center\" data-align=\"center\">MDR4352<\/td><td class=\"has-text-align-center\" data-align=\"center\">2003\/2003<\/td><td class=\"has-text-align-center\" data-align=\"center\">&#8211;<\/td><td class=\"has-text-align-center\" data-align=\"center\">Itaja\u00ed\/SC<\/td><\/tr><tr><td class=\"has-text-align-center\" data-align=\"center\">905<\/td><td class=\"has-text-align-center\" data-align=\"center\">Comil Campione 3.45<\/td><td class=\"has-text-align-center\" data-align=\"center\">VolksBus 17-210 OD<\/td><td class=\"has-text-align-center\" data-align=\"center\">MDV3472<\/td><td class=\"has-text-align-center\" data-align=\"center\">2003\/2003<\/td><td class=\"has-text-align-center\" data-align=\"center\">&#8211;<\/td><td class=\"has-text-align-center\" data-align=\"center\">Itaja\u00ed\/SC<\/td><\/tr><tr><td class=\"has-text-align-center\" data-align=\"center\">945<\/td><td class=\"has-text-align-center\" data-align=\"center\">Comil Campione 3.45 X<\/td><td class=\"has-text-align-center\" data-align=\"center\">Mercedes-Benz OF-1722M<\/td><td class=\"has-text-align-center\" data-align=\"center\">MHQ4870<\/td><td class=\"has-text-align-center\" data-align=\"center\">2005\/2005<\/td><td class=\"has-text-align-center\" data-align=\"center\">\u2013<\/td><td class=\"has-text-align-center\" data-align=\"center\">Itaja\u00ed\/SC<\/td><\/tr><tr><td class=\"has-text-align-center\" data-align=\"center\">955<\/td><td class=\"has-text-align-center\" data-align=\"center\">Comil Campione 3.45 X<\/td><td class=\"has-text-align-center\" data-align=\"center\">Mercedes-Benz OF-1722M<\/td><td class=\"has-text-align-center\" data-align=\"center\">MHP3600<\/td><td class=\"has-text-align-center\" data-align=\"center\">2005\/2005<\/td><td class=\"has-text-align-center\" data-align=\"center\">\u2013<\/td><td class=\"has-text-align-center\" data-align=\"center\">Itaja\u00ed\/SC<\/td><\/tr><tr><td class=\"has-text-align-center\" data-align=\"center\">965<\/td><td class=\"has-text-align-center\" data-align=\"center\">Marcopolo Viaggio G6 1050<\/td><td class=\"has-text-align-center\" data-align=\"center\">Mercedes-Benz OF-1722M<\/td><td class=\"has-text-align-center\" data-align=\"center\">MER5078<\/td><td class=\"has-text-align-center\" data-align=\"center\">2006\/2007<\/td><td class=\"has-text-align-center\" data-align=\"center\">\u2013<\/td><td class=\"has-text-align-center\" data-align=\"center\">Itaja\u00ed\/SC<\/td><\/tr><tr><td class=\"has-text-align-center\" data-align=\"center\">975<\/td><td class=\"has-text-align-center\" data-align=\"center\">Busscar El Buss 340<\/td><td class=\"has-text-align-center\" data-align=\"center\">Mercedes-Benz OF-1722M<\/td><td class=\"has-text-align-center\" data-align=\"center\">MGM8931<\/td><td class=\"has-text-align-center\" data-align=\"center\">2007\/2007<\/td><td class=\"has-text-align-center\" data-align=\"center\">\u2013<\/td><td class=\"has-text-align-center\" data-align=\"center\">Itaja\u00ed\/SC<\/td><\/tr><tr><td class=\"has-text-align-center\" data-align=\"center\"><strong><a href=\"https:\/\/mundoonibus.com.br\/site\/wp-content\/uploads\/Praiana-985.jpg\" data-lbwps-width=\"1600\" data-lbwps-height=\"1200\" data-lbwps-srcsmall=\"https:\/\/mundoonibus.com.br\/site\/wp-content\/uploads\/Praiana-985-300x225.jpg\">985<\/a><\/strong><\/td><td class=\"has-text-align-center\" data-align=\"center\">Busscar El Buss 340<\/td><td class=\"has-text-align-center\" data-align=\"center\">Mercedes-Benz OF-1722M<\/td><td class=\"has-text-align-center\" data-align=\"center\">MGM8981<\/td><td class=\"has-text-align-center\" data-align=\"center\">2007\/2007<\/td><td class=\"has-text-align-center\" data-align=\"center\">\u2013<\/td><td class=\"has-text-align-center\" data-align=\"center\">Itaja\u00ed\/SC<\/td><\/tr><tr><td class=\"has-text-align-center\" data-align=\"center\"><strong><a href=\"https:\/\/mundoonibus.com.br\/site\/wp-content\/uploads\/2024\/08\/Praiana-995.jpg\" data-lbwps-width=\"1600\" data-lbwps-height=\"1200\" data-lbwps-srcsmall=\"https:\/\/mundoonibus.com.br\/site\/wp-content\/uploads\/2024\/08\/Praiana-995-300x225.jpg\">995<\/a><\/strong><\/td><td class=\"has-text-align-center\" data-align=\"center\">Busscar El Buss 340<\/td><td class=\"has-text-align-center\" data-align=\"center\">VolksBus 17-230 EOD<\/td><td class=\"has-text-align-center\" data-align=\"center\">MGH9398<\/td><td class=\"has-text-align-center\" data-align=\"center\">2007\/2008<\/td><td class=\"has-text-align-center\" data-align=\"center\">\u2013<\/td><td class=\"has-text-align-center\" data-align=\"center\">Itaja\u00ed\/SC<\/td><\/tr><tr><td class=\"has-text-align-center\" data-align=\"center\"><strong><a href=\"https:\/\/mundoonibus.com.br\/site\/wp-content\/uploads\/Praiana-1005.jpg\" data-lbwps-width=\"1600\" data-lbwps-height=\"1200\" data-lbwps-srcsmall=\"https:\/\/mundoonibus.com.br\/site\/wp-content\/uploads\/Praiana-1005-300x225.jpg\">1005<\/a><\/strong><\/td><td class=\"has-text-align-center\" data-align=\"center\">Comil Campione 3.45 Vision<\/td><td class=\"has-text-align-center\" data-align=\"center\">Mercedes-Benz OF-1722M<\/td><td class=\"has-text-align-center\" data-align=\"center\">MFJ3054<\/td><td class=\"has-text-align-center\" data-align=\"center\">2008\/2008<\/td><td class=\"has-text-align-center\" data-align=\"center\">\u2013<\/td><td class=\"has-text-align-center\" data-align=\"center\">Itaja\u00ed\/SC<\/td><\/tr><tr><td class=\"has-text-align-center\" data-align=\"center\">1015<\/td><td class=\"has-text-align-center\" data-align=\"center\">Comil Campione 3.45 Vision<\/td><td class=\"has-text-align-center\" data-align=\"center\">Mercedes-Benz OF-1722M<\/td><td class=\"has-text-align-center\" data-align=\"center\">MFJ3254<\/td><td class=\"has-text-align-center\" data-align=\"center\">2008\/2008<\/td><td class=\"has-text-align-center\" data-align=\"center\">\u2013<\/td><td class=\"has-text-align-center\" data-align=\"center\">Itaja\u00ed\/SC<\/td><\/tr><tr><td class=\"has-text-align-center\" data-align=\"center\">1025<\/td><td class=\"has-text-align-center\" data-align=\"center\">Comil Campione 3.45 Vision<\/td><td class=\"has-text-align-center\" data-align=\"center\">Mercedes-Benz OF-1722M<\/td><td class=\"has-text-align-center\" data-align=\"center\">MHK7221<\/td><td class=\"has-text-align-center\" data-align=\"center\">2009\/2010<\/td><td class=\"has-text-align-center\" data-align=\"center\">\u2013<\/td><td class=\"has-text-align-center\" data-align=\"center\">Itaja\u00ed\/SC<\/td><\/tr><tr><td class=\"has-text-align-center\" data-align=\"center\">1035<\/td><td class=\"has-text-align-center\" data-align=\"center\">Comil Campione 3.45 Vision<\/td><td class=\"has-text-align-center\" data-align=\"center\">Mercedes-Benz OF-1722M<\/td><td class=\"has-text-align-center\" data-align=\"center\">MHK6961<\/td><td class=\"has-text-align-center\" data-align=\"center\">2009\/2010<\/td><td class=\"has-text-align-center\" data-align=\"center\">\u2013<\/td><td class=\"has-text-align-center\" data-align=\"center\">Itaja\u00ed\/SC<\/td><\/tr><tr><td class=\"has-text-align-center\" data-align=\"center\">1045<\/td><td class=\"has-text-align-center\" data-align=\"center\">Comil Campione 3.45 Vision<\/td><td class=\"has-text-align-center\" data-align=\"center\">Mercedes-Benz OF-1722M<\/td><td class=\"has-text-align-center\" data-align=\"center\">MHK7111<\/td><td class=\"has-text-align-center\" data-align=\"center\">2009\/2010<\/td><td class=\"has-text-align-center\" data-align=\"center\">\u2013<\/td><td class=\"has-text-align-center\" data-align=\"center\">Itaja\u00ed\/SC<\/td><\/tr><tr><td class=\"has-text-align-center\" data-align=\"center\">1055<\/td><td class=\"has-text-align-center\" data-align=\"center\">Mascarello Roma 330<\/td><td class=\"has-text-align-center\" data-align=\"center\">Mercedes-Benz OF-1722M<\/td><td class=\"has-text-align-center\" data-align=\"center\">MJD7794<\/td><td class=\"has-text-align-center\" data-align=\"center\">2011\/2011<\/td><td class=\"has-text-align-center\" data-align=\"center\">\u2013<\/td><td class=\"has-text-align-center\" data-align=\"center\">Itaja\u00ed\/SC<\/td><\/tr><tr><td class=\"has-text-align-center\" data-align=\"center\">1065<\/td><td class=\"has-text-align-center\" data-align=\"center\">Mascarello Roma 310<\/td><td class=\"has-text-align-center\" data-align=\"center\">VolksBus 17-230 OD<\/td><td class=\"has-text-align-center\" data-align=\"center\">LQP8B36<\/td><td class=\"has-text-align-center\" data-align=\"center\">2012\/2012<\/td><td class=\"has-text-align-center\" data-align=\"center\">Ex-Dom Bosco RJ 551.068 (RJ)<\/td><td class=\"has-text-align-center\" data-align=\"center\">Itaja\u00ed\/SC<\/td><\/tr><tr><td class=\"has-text-align-center\" data-align=\"center\">1075<\/td><td class=\"has-text-align-center\" data-align=\"center\">Comil Campione 3.45 Vision<\/td><td class=\"has-text-align-center\" data-align=\"center\">VolksBus 17-230 EOD<\/td><td class=\"has-text-align-center\" data-align=\"center\">MEX9A08<\/td><td class=\"has-text-align-center\" data-align=\"center\">2007\/2008<\/td><td class=\"has-text-align-center\" data-align=\"center\">Ex-<a href=\"https:\/\/mundoonibus.com.br\/site\/portfolio\/santaluzia-geneve\/\" type=\"portfolio\" id=\"1942\" target=\"_blank\" rel=\"noreferrer noopener\">Santa Luzia<\/a> 2072 (SC)<\/td><td class=\"has-text-align-center\" data-align=\"center\">Itaja\u00ed\/SC<\/td><\/tr><tr><td class=\"has-text-align-center\" data-align=\"center\">1085<\/td><td class=\"has-text-align-center\" data-align=\"center\">Marcopolo Viaggio G6 1050<\/td><td class=\"has-text-align-center\" data-align=\"center\">Mercedes-Benz OF-1721<\/td><td class=\"has-text-align-center\" data-align=\"center\">MGE8E50<\/td><td class=\"has-text-align-center\" data-align=\"center\">2003\/2003<\/td><td class=\"has-text-align-center\" data-align=\"center\">Ex-<a href=\"https:\/\/mundoonibus.com.br\/site\/portfolio\/santa-teresinha\/\" type=\"portfolio\" id=\"5533\" target=\"_blank\" rel=\"noreferrer noopener\">Santa Teresinha<\/a> 2041 (SC)<\/td><td class=\"has-text-align-center\" data-align=\"center\">Itaja\u00ed\/SC<\/td><\/tr><tr><td class=\"has-text-align-center\" data-align=\"center\">1095<\/td><td class=\"has-text-align-center\" data-align=\"center\">Marcopolo Viaggio G6 1050<\/td><td class=\"has-text-align-center\" data-align=\"center\">Mercedes-Benz OF-1721<\/td><td class=\"has-text-align-center\" data-align=\"center\">MCN1H98<\/td><td class=\"has-text-align-center\" data-align=\"center\">2002\/2002<\/td><td class=\"has-text-align-center\" data-align=\"center\">Ex-<a href=\"https:\/\/mundoonibus.com.br\/site\/portfolio\/santa-teresinha\/\" type=\"portfolio\" id=\"5533\" target=\"_blank\" rel=\"noreferrer noopener\">Santa Teresinha<\/a> 2012 (SC)<\/td><td class=\"has-text-align-center\" data-align=\"center\">Itaja\u00ed\/SC<\/td><\/tr><tr><td class=\"has-text-align-center\" data-align=\"center\">1105<\/td><td class=\"has-text-align-center\" data-align=\"center\">Marcopolo Viaggio G6 1050<\/td><td class=\"has-text-align-center\" data-align=\"center\">VolksBus 17-210 EOD<\/td><td class=\"has-text-align-center\" data-align=\"center\">MGB9C60<\/td><td class=\"has-text-align-center\" data-align=\"center\">2006\/2006<\/td><td class=\"has-text-align-center\" data-align=\"center\">Ex-<a href=\"https:\/\/mundoonibus.com.br\/site\/portfolio\/santaluzia-geneve\/\" type=\"portfolio\" id=\"1942\" target=\"_blank\" rel=\"noreferrer noopener\">Santa Luzia<\/a> 2063 (SC)<\/td><td class=\"has-text-align-center\" data-align=\"center\">Itaja\u00ed\/SC<\/td><\/tr><tr><td class=\"has-text-align-center\" data-align=\"center\">2006<\/td><td class=\"has-text-align-center\" data-align=\"center\">Busscar Micruss<\/td><td class=\"has-text-align-center\" data-align=\"center\">Agrale MA 8.5 T<\/td><td class=\"has-text-align-center\" data-align=\"center\">MAW2144<\/td><td class=\"has-text-align-center\" data-align=\"center\">2000\/2000<\/td><td class=\"has-text-align-center\" data-align=\"center\">Ex-Praiana 5001 (SC)<\/td><td class=\"has-text-align-center\" data-align=\"center\">Itaja\u00ed\/SC<\/td><\/tr><tr><td class=\"has-text-align-center\" data-align=\"center\">2604<\/td><td class=\"has-text-align-center\" data-align=\"center\">Marcopolo Senior 2005<\/td><td class=\"has-text-align-center\" data-align=\"center\">Mercedes-Benz LO-916 BT5<\/td><td class=\"has-text-align-center\" data-align=\"center\">MLA3788<\/td><td class=\"has-text-align-center\" data-align=\"center\">2012\/2012<\/td><td class=\"has-text-align-center\" data-align=\"center\">\u2013<\/td><td class=\"has-text-align-center\" data-align=\"center\">Itaja\u00ed\/SC<\/td><\/tr><tr><td class=\"has-text-align-center\" data-align=\"center\">2605<\/td><td class=\"has-text-align-center\" data-align=\"center\">Marcopolo Senior 2005<\/td><td class=\"has-text-align-center\" data-align=\"center\">Mercedes-Benz LO-916 BT5<\/td><td class=\"has-text-align-center\" data-align=\"center\">MLA3938<\/td><td class=\"has-text-align-center\" data-align=\"center\">2012\/2012<\/td><td class=\"has-text-align-center\" data-align=\"center\">\u2013<\/td><td class=\"has-text-align-center\" data-align=\"center\">Itaja\u00ed\/SC<\/td><\/tr><tr><td class=\"has-text-align-center\" data-align=\"center\">2606<\/td><td class=\"has-text-align-center\" data-align=\"center\">Marcopolo Senior 2005<\/td><td class=\"has-text-align-center\" data-align=\"center\">Mercedes-Benz LO-916 BT5<\/td><td class=\"has-text-align-center\" data-align=\"center\">MLA4028<\/td><td class=\"has-text-align-center\" data-align=\"center\">2012\/2012<\/td><td class=\"has-text-align-center\" data-align=\"center\">\u2013<\/td><td class=\"has-text-align-center\" data-align=\"center\">Itaja\u00ed\/SC<\/td><\/tr><tr><td class=\"has-text-align-center\" data-align=\"center\">2607<\/td><td class=\"has-text-align-center\" data-align=\"center\">Marcopolo Senior 2005<\/td><td class=\"has-text-align-center\" data-align=\"center\">Mercedes-Benz LO-916 BT5<\/td><td class=\"has-text-align-center\" data-align=\"center\">MLV3611<\/td><td class=\"has-text-align-center\" data-align=\"center\">2012\/2012<\/td><td class=\"has-text-align-center\" data-align=\"center\">\u2013<\/td><td class=\"has-text-align-center\" data-align=\"center\">Itaja\u00ed\/SC<\/td><\/tr><tr><td class=\"has-text-align-center\" data-align=\"center\">2608<\/td><td class=\"has-text-align-center\" data-align=\"center\">Mascarello GranMini 2011<\/td><td class=\"has-text-align-center\" data-align=\"center\">Mercedes-Benz LO-916 BT5<\/td><td class=\"has-text-align-center\" data-align=\"center\">MLT8602<\/td><td class=\"has-text-align-center\" data-align=\"center\">2013\/2014<\/td><td class=\"has-text-align-center\" data-align=\"center\">\u2013<\/td><td class=\"has-text-align-center\" data-align=\"center\">Itaja\u00ed\/SC<\/td><\/tr><tr><td class=\"has-text-align-center\" data-align=\"center\">2609<\/td><td class=\"has-text-align-center\" data-align=\"center\">Mascarello GranMini 2011<\/td><td class=\"has-text-align-center\" data-align=\"center\">Mercedes-Benz LO-916 BT5<\/td><td class=\"has-text-align-center\" data-align=\"center\">MLU1052<\/td><td class=\"has-text-align-center\" data-align=\"center\">2013\/2014<\/td><td class=\"has-text-align-center\" data-align=\"center\">\u2013<\/td><td class=\"has-text-align-center\" data-align=\"center\">Itaja\u00ed\/SC<\/td><\/tr><tr><td class=\"has-text-align-center\" data-align=\"center\"><strong><a href=\"https:\/\/mundoonibus.com.br\/site\/wp-content\/uploads\/Praiana-2801.jpg\" data-lbwps-width=\"1600\" data-lbwps-height=\"1200\" data-lbwps-srcsmall=\"https:\/\/mundoonibus.com.br\/site\/wp-content\/uploads\/Praiana-2801-300x225.jpg\">2801<\/a><\/strong><\/td><td class=\"has-text-align-center\" data-align=\"center\">Comil Svelto V<\/td><td class=\"has-text-align-center\" data-align=\"center\">Mercedes-Benz OF-1722M<\/td><td class=\"has-text-align-center\" data-align=\"center\">MFO4064<\/td><td class=\"has-text-align-center\" data-align=\"center\">2008\/2008<\/td><td class=\"has-text-align-center\" data-align=\"center\">\u2013<\/td><td class=\"has-text-align-center\" data-align=\"center\">Itaja\u00ed\/SC<\/td><\/tr><tr><td class=\"has-text-align-center\" data-align=\"center\">2802<\/td><td class=\"has-text-align-center\" data-align=\"center\">Comil Svelto V<\/td><td class=\"has-text-align-center\" data-align=\"center\">Mercedes-Benz OF-1722M<\/td><td class=\"has-text-align-center\" data-align=\"center\">MFO3884<\/td><td class=\"has-text-align-center\" data-align=\"center\">2008\/2008<\/td><td class=\"has-text-align-center\" data-align=\"center\">\u2013<\/td><td class=\"has-text-align-center\" data-align=\"center\">Itaja\u00ed\/SC<\/td><\/tr><tr><td class=\"has-text-align-center\" data-align=\"center\">2803<\/td><td class=\"has-text-align-center\" data-align=\"center\">Marcopolo Viale<\/td><td class=\"has-text-align-center\" data-align=\"center\">Mercedes-Benz OF-1722M<\/td><td class=\"has-text-align-center\" data-align=\"center\"><sub>KPN4596<\/sub><br>KPN4F96<\/td><td class=\"has-text-align-center\" data-align=\"center\">2009\/2009<\/td><td class=\"has-text-align-center\" data-align=\"center\">Ex-Estrela RJ 177.025 (RJ)<\/td><td class=\"has-text-align-center\" data-align=\"center\">Itaja\u00ed\/SC<\/td><\/tr><tr><td class=\"has-text-align-center\" data-align=\"center\">2804<\/td><td class=\"has-text-align-center\" data-align=\"center\">Marcopolo Viale<\/td><td class=\"has-text-align-center\" data-align=\"center\">Mercedes-Benz OF-1722M<\/td><td class=\"has-text-align-center\" data-align=\"center\">LKZ2912<\/td><td class=\"has-text-align-center\" data-align=\"center\">2009\/2009<\/td><td class=\"has-text-align-center\" data-align=\"center\">Ex-Praiana 116 (SC)<\/td><td class=\"has-text-align-center\" data-align=\"center\">Itaja\u00ed\/SC<\/td><\/tr><tr><td class=\"has-text-align-center\" data-align=\"center\">2805<\/td><td class=\"has-text-align-center\" data-align=\"center\">Marcopolo Viale<\/td><td class=\"has-text-align-center\" data-align=\"center\">Mercedes-Benz OF-1722M<\/td><td class=\"has-text-align-center\" data-align=\"center\">KVD7326<\/td><td class=\"has-text-align-center\" data-align=\"center\">2009\/2009<\/td><td class=\"has-text-align-center\" data-align=\"center\">Ex-Praiana 110 (SC)<\/td><td class=\"has-text-align-center\" data-align=\"center\">Itaja\u00ed\/SC<\/td><\/tr><tr><td class=\"has-text-align-center\" data-align=\"center\">2906<\/td><td class=\"has-text-align-center\" data-align=\"center\">Mascarello GranMidi 2011<\/td><td class=\"has-text-align-center\" data-align=\"center\">Mercedes-Benz OF-1418<\/td><td class=\"has-text-align-center\" data-align=\"center\">MJH7261<\/td><td class=\"has-text-align-center\" data-align=\"center\">2011\/2012<\/td><td class=\"has-text-align-center\" data-align=\"center\">\u2013<\/td><td class=\"has-text-align-center\" data-align=\"center\">Itaja\u00ed\/SC<\/td><\/tr><tr><td class=\"has-text-align-center\" data-align=\"center\">2907<\/td><td class=\"has-text-align-center\" data-align=\"center\">Mascarello GranMidi 2011<\/td><td class=\"has-text-align-center\" data-align=\"center\">Mercedes-Benz OF-1418<\/td><td class=\"has-text-align-center\" data-align=\"center\">MJH7381<\/td><td class=\"has-text-align-center\" data-align=\"center\">2011\/2012<\/td><td class=\"has-text-align-center\" data-align=\"center\">\u2013<\/td><td class=\"has-text-align-center\" data-align=\"center\">Itaja\u00ed\/SC<\/td><\/tr><tr><td class=\"has-text-align-center\" data-align=\"center\">2908<\/td><td class=\"has-text-align-center\" data-align=\"center\">Mascarello GranMidi<\/td><td class=\"has-text-align-center\" data-align=\"center\">Mercedes-Benz OF-1418<\/td><td class=\"has-text-align-center\" data-align=\"center\">MIF2646<\/td><td class=\"has-text-align-center\" data-align=\"center\">2009\/2010<\/td><td class=\"has-text-align-center\" data-align=\"center\">Ex-<a href=\"https:\/\/mundoonibus.com.br\/site\/portfolio\/ctt\/\" target=\"_blank\" rel=\"noreferrer noopener\">CTT<\/a> 2300 (SC)<\/td><td class=\"has-text-align-center\" data-align=\"center\">Cambori\u00fa\/SC<\/td><\/tr><tr><td class=\"has-text-align-center\" data-align=\"center\">3001<\/td><td class=\"has-text-align-center\" data-align=\"center\">Mascarello GranVia<\/td><td class=\"has-text-align-center\" data-align=\"center\">Mercedes-Benz OF-1722M<\/td><td class=\"has-text-align-center\" data-align=\"center\">MHL5699<\/td><td class=\"has-text-align-center\" data-align=\"center\">2009\/2010<\/td><td class=\"has-text-align-center\" data-align=\"center\">\u2013<\/td><td class=\"has-text-align-center\" data-align=\"center\">Itaja\u00ed\/SC<\/td><\/tr><tr><td class=\"has-text-align-center\" data-align=\"center\">3009<\/td><td class=\"has-text-align-center\" data-align=\"center\">Marcopolo Viale<\/td><td class=\"has-text-align-center\" data-align=\"center\">Mercedes-Benz OF-1722M Articulado<\/td><td class=\"has-text-align-center\" data-align=\"center\">IPN8421<\/td><td class=\"has-text-align-center\" data-align=\"center\">2008\/2009<\/td><td class=\"has-text-align-center\" data-align=\"center\">\u2013<\/td><td class=\"has-text-align-center\" data-align=\"center\">Itaja\u00ed\/SC<\/td><\/tr><tr><td class=\"has-text-align-center\" data-align=\"center\"><strong><a href=\"https:\/\/mundoonibus.com.br\/site\/wp-content\/uploads\/Praiana-3010.jpg\" data-lbwps-width=\"1600\" data-lbwps-height=\"1200\" data-lbwps-srcsmall=\"https:\/\/mundoonibus.com.br\/site\/wp-content\/uploads\/Praiana-3010-300x225.jpg\">3010<\/a><\/strong><\/td><td class=\"has-text-align-center\" data-align=\"center\">Marcopolo Viale<\/td><td class=\"has-text-align-center\" data-align=\"center\">Mercedes-Benz OF-1722M Articulado<\/td><td class=\"has-text-align-center\" data-align=\"center\"><sub>IPN8294<\/sub><br>IPN8C94<\/td><td class=\"has-text-align-center\" data-align=\"center\">2008\/2009<\/td><td class=\"has-text-align-center\" data-align=\"center\">\u2013<\/td><td class=\"has-text-align-center\" data-align=\"center\">Itaja\u00ed\/SC<\/td><\/tr><tr><td class=\"has-text-align-center\" data-align=\"center\">3101<\/td><td class=\"has-text-align-center\" data-align=\"center\">Mascarello GranVia 2011<\/td><td class=\"has-text-align-center\" data-align=\"center\">Mercedes-Benz OF-1722M<\/td><td class=\"has-text-align-center\" data-align=\"center\">MIX1363<\/td><td class=\"has-text-align-center\" data-align=\"center\">2011\/2011<\/td><td class=\"has-text-align-center\" data-align=\"center\">\u2013<\/td><td class=\"has-text-align-center\" data-align=\"center\">Itaja\u00ed\/SC<\/td><\/tr><tr><td class=\"has-text-align-center\" data-align=\"center\">3104<\/td><td class=\"has-text-align-center\" data-align=\"center\">Mascarello GranVia 2011<\/td><td class=\"has-text-align-center\" data-align=\"center\">VolksBus 17-230 EOD<\/td><td class=\"has-text-align-center\" data-align=\"center\"><sub>MIX3843<\/sub><br>MIX3I43<\/td><td class=\"has-text-align-center\" data-align=\"center\">2011\/2011<\/td><td class=\"has-text-align-center\" data-align=\"center\">\u2013<\/td><td class=\"has-text-align-center\" data-align=\"center\">Itaja\u00ed\/SC<\/td><\/tr><tr><td class=\"has-text-align-center\" data-align=\"center\"><strong><a href=\"https:\/\/mundoonibus.com.br\/site\/wp-content\/uploads\/Praiana-3105.jpg\" data-lbwps-width=\"1600\" data-lbwps-height=\"1200\" data-lbwps-srcsmall=\"https:\/\/mundoonibus.com.br\/site\/wp-content\/uploads\/Praiana-3105-300x225.jpg\">3105<\/a><\/strong><\/td><td class=\"has-text-align-center\" data-align=\"center\">Mascarello GranVia 2011<\/td><td class=\"has-text-align-center\" data-align=\"center\">VolksBus 17-230 EOD<\/td><td class=\"has-text-align-center\" data-align=\"center\"><sub>MJF0314<\/sub><br>MJF0D14<\/td><td class=\"has-text-align-center\" data-align=\"center\">2011\/2011<\/td><td class=\"has-text-align-center\" data-align=\"center\">\u2013<\/td><td class=\"has-text-align-center\" data-align=\"center\">Itaja\u00ed\/SC<\/td><\/tr><tr><td class=\"has-text-align-center\" data-align=\"center\">3201<\/td><td class=\"has-text-align-center\" data-align=\"center\">Mascarello GranVia 2011<\/td><td class=\"has-text-align-center\" data-align=\"center\">Mercedes-Benz OF-1722M<\/td><td class=\"has-text-align-center\" data-align=\"center\">MJM3181<\/td><td class=\"has-text-align-center\" data-align=\"center\">2011\/2012<\/td><td class=\"has-text-align-center\" data-align=\"center\">\u2013<\/td><td class=\"has-text-align-center\" data-align=\"center\">Itaja\u00ed\/SC<\/td><\/tr><tr><td class=\"has-text-align-center\" data-align=\"center\">3202<\/td><td class=\"has-text-align-center\" data-align=\"center\">Mascarello GranVia 2011<\/td><td class=\"has-text-align-center\" data-align=\"center\">Mercedes-Benz OF-1722M<\/td><td class=\"has-text-align-center\" data-align=\"center\"><sub>MJR2531<\/sub><br>MJR2F31<\/td><td class=\"has-text-align-center\" data-align=\"center\">2011\/2012<\/td><td class=\"has-text-align-center\" data-align=\"center\">\u2013<\/td><td class=\"has-text-align-center\" data-align=\"center\">Itaja\u00ed\/SC<\/td><\/tr><tr><td class=\"has-text-align-center\" data-align=\"center\">3203<\/td><td class=\"has-text-align-center\" data-align=\"center\">Mascarello GranVia 2011<\/td><td class=\"has-text-align-center\" data-align=\"center\">Mercedes-Benz OF-1722M<\/td><td class=\"has-text-align-center\" data-align=\"center\"><sub>MJR2441<\/sub><br>MJR2E41<\/td><td class=\"has-text-align-center\" data-align=\"center\">2011\/2012<\/td><td class=\"has-text-align-center\" data-align=\"center\">\u2013<\/td><td class=\"has-text-align-center\" data-align=\"center\">Itaja\u00ed\/SC<\/td><\/tr><tr><td class=\"has-text-align-center\" data-align=\"center\">3204<\/td><td class=\"has-text-align-center\" data-align=\"center\">Mascarello GranVia 2011<\/td><td class=\"has-text-align-center\" data-align=\"center\">Mercedes-Benz OF-1722M<\/td><td class=\"has-text-align-center\" data-align=\"center\"><sub>MJT0491<\/sub><br>MJT0E91<\/td><td class=\"has-text-align-center\" data-align=\"center\">2011\/2012<\/td><td class=\"has-text-align-center\" data-align=\"center\">\u2013<\/td><td class=\"has-text-align-center\" data-align=\"center\">Itaja\u00ed\/SC<\/td><\/tr><tr><td class=\"has-text-align-center\" data-align=\"center\">3205<\/td><td class=\"has-text-align-center\" data-align=\"center\">Caio Apache Vip II<\/td><td class=\"has-text-align-center\" data-align=\"center\">VolksBus 17-230 EOD<\/td><td class=\"has-text-align-center\" data-align=\"center\">MKD3949<\/td><td class=\"has-text-align-center\" data-align=\"center\">2011\/2012<\/td><td class=\"has-text-align-center\" data-align=\"center\">Ex-<a href=\"https:\/\/mundoonibus.com.br\/site\/portfolio\/coletivoitajai\/\" target=\"_blank\" rel=\"noreferrer noopener\"><\/a><a href=\"https:\/\/mundoonibus.com.br\/site\/portfolio\/coletivoitajai\/\" target=\"_blank\" rel=\"noreferrer noopener\">Coletivo Itaja\u00ed<\/a> 4703 (SC)<\/td><td class=\"has-text-align-center\" data-align=\"center\">Itaja\u00ed\/SC<\/td><\/tr><tr><td class=\"has-text-align-center\" data-align=\"center\"><strong><a href=\"https:\/\/mundoonibus.com.br\/site\/wp-content\/uploads\/Praiana-3206.jpg\" data-lbwps-width=\"1600\" data-lbwps-height=\"1200\" data-lbwps-srcsmall=\"https:\/\/mundoonibus.com.br\/site\/wp-content\/uploads\/Praiana-3206-300x225.jpg\">3206<\/a><\/strong><\/td><td class=\"has-text-align-center\" data-align=\"center\">Caio Apache Vip II<\/td><td class=\"has-text-align-center\" data-align=\"center\">VolksBus 17-230 EOD<\/td><td class=\"has-text-align-center\" data-align=\"center\">MKD2859<\/td><td class=\"has-text-align-center\" data-align=\"center\">2011\/2012<\/td><td class=\"has-text-align-center\" data-align=\"center\">Ex-<a href=\"https:\/\/mundoonibus.com.br\/site\/portfolio\/coletivoitajai\/\" target=\"_blank\" rel=\"noreferrer noopener\">Coletivo Itaja\u00ed<\/a> 4705 (SC)<\/td><td class=\"has-text-align-center\" data-align=\"center\">Itaja\u00ed\/SC<\/td><\/tr><tr><td class=\"has-text-align-center\" data-align=\"center\">3207<\/td><td class=\"has-text-align-center\" data-align=\"center\">Caio Apache Vip II<\/td><td class=\"has-text-align-center\" data-align=\"center\">VolksBus 17-230 EOD<\/td><td class=\"has-text-align-center\" data-align=\"center\">MKD3849<\/td><td class=\"has-text-align-center\" data-align=\"center\">2011\/2012<\/td><td class=\"has-text-align-center\" data-align=\"center\">Ex-<a href=\"https:\/\/mundoonibus.com.br\/site\/portfolio\/coletivoitajai\/\" target=\"_blank\" rel=\"noreferrer noopener\">Coletivo Itaja\u00ed<\/a> 4702 (SC)<\/td><td class=\"has-text-align-center\" data-align=\"center\">Itaja\u00ed\/SC<\/td><\/tr><tr><td class=\"has-text-align-center\" data-align=\"center\">3208<\/td><td class=\"has-text-align-center\" data-align=\"center\">Caio Apache Vip II<\/td><td class=\"has-text-align-center\" data-align=\"center\">VolksBus 17-230 EOD<\/td><td class=\"has-text-align-center\" data-align=\"center\">MKD4169<\/td><td class=\"has-text-align-center\" data-align=\"center\">2011\/2012<\/td><td class=\"has-text-align-center\" data-align=\"center\">Ex-<a href=\"https:\/\/mundoonibus.com.br\/site\/portfolio\/coletivoitajai\/\" target=\"_blank\" rel=\"noreferrer noopener\">Coletivo Itaja\u00ed<\/a> 4704 (SC)<\/td><td class=\"has-text-align-center\" data-align=\"center\">Itaja\u00ed\/SC<\/td><\/tr><tr><td class=\"has-text-align-center\" data-align=\"center\">3209<\/td><td class=\"has-text-align-center\" data-align=\"center\">Caio Apache Vip II<\/td><td class=\"has-text-align-center\" data-align=\"center\">VolksBus 17-230 EOD<\/td><td class=\"has-text-align-center\" data-align=\"center\">MKD3729<\/td><td class=\"has-text-align-center\" data-align=\"center\">2011\/2012<\/td><td class=\"has-text-align-center\" data-align=\"center\">Ex-<a href=\"https:\/\/mundoonibus.com.br\/site\/portfolio\/coletivoitajai\/\" target=\"_blank\" rel=\"noreferrer noopener\">Coletivo Itaja\u00ed<\/a> 4706 (SC)<\/td><td class=\"has-text-align-center\" data-align=\"center\">Itaja\u00ed\/SC<\/td><\/tr><tr><td class=\"has-text-align-center\" data-align=\"center\"><strong><a href=\"https:\/\/mundoonibus.com.br\/site\/wp-content\/uploads\/Praiana-3210.jpg\" data-lbwps-width=\"1600\" data-lbwps-height=\"1200\" data-lbwps-srcsmall=\"https:\/\/mundoonibus.com.br\/site\/wp-content\/uploads\/Praiana-3210-300x225.jpg\">3210<\/a><\/strong><\/td><td class=\"has-text-align-center\" data-align=\"center\">Caio Apache Vip II<\/td><td class=\"has-text-align-center\" data-align=\"center\">VolksBus 17-230 EOD<\/td><td class=\"has-text-align-center\" data-align=\"center\">MKD4279<\/td><td class=\"has-text-align-center\" data-align=\"center\">2011\/2012<\/td><td class=\"has-text-align-center\" data-align=\"center\">Ex-<a href=\"https:\/\/mundoonibus.com.br\/site\/portfolio\/coletivoitajai\/\" target=\"_blank\" rel=\"noreferrer noopener\">Coletivo Itaja\u00ed<\/a> 4701 (SC)<\/td><td class=\"has-text-align-center\" data-align=\"center\">Itaja\u00ed\/SC<\/td><\/tr><tr><td class=\"has-text-align-center\" data-align=\"center\">3305<\/td><td class=\"has-text-align-center\" data-align=\"center\">Caio Apache Vip III<\/td><td class=\"has-text-align-center\" data-align=\"center\">VolksBus 17-230 OD<\/td><td class=\"has-text-align-center\" data-align=\"center\">MKP4024<\/td><td class=\"has-text-align-center\" data-align=\"center\">2012\/2013<\/td><td class=\"has-text-align-center\" data-align=\"center\">Ex-<a href=\"https:\/\/mundoonibus.com.br\/site\/portfolio\/coletivoitajai\/\" target=\"_blank\" rel=\"noreferrer noopener\">Coletivo Itaja\u00ed<\/a> 4806 (SC)<\/td><td class=\"has-text-align-center\" data-align=\"center\">Itaja\u00ed\/SC<\/td><\/tr><tr><td class=\"has-text-align-center\" data-align=\"center\">3306<\/td><td class=\"has-text-align-center\" data-align=\"center\">Caio Apache Vip III<\/td><td class=\"has-text-align-center\" data-align=\"center\">VolksBus 17-230 OD<\/td><td class=\"has-text-align-center\" data-align=\"center\">MKP1344<\/td><td class=\"has-text-align-center\" data-align=\"center\">2012\/2013<\/td><td class=\"has-text-align-center\" data-align=\"center\">Ex-<a href=\"https:\/\/mundoonibus.com.br\/site\/portfolio\/coletivoitajai\/\" target=\"_blank\" rel=\"noreferrer noopener\">Coletivo Itaja\u00ed<\/a> 4807 (SC)<\/td><td class=\"has-text-align-center\" data-align=\"center\">Itaja\u00ed\/SC<\/td><\/tr><tr><td class=\"has-text-align-center\" data-align=\"center\">3307<\/td><td class=\"has-text-align-center\" data-align=\"center\">Caio Apache Vip III<\/td><td class=\"has-text-align-center\" data-align=\"center\">VolksBus 17-230 OD<\/td><td class=\"has-text-align-center\" data-align=\"center\">MKP4284<\/td><td class=\"has-text-align-center\" data-align=\"center\">2012\/2013<\/td><td class=\"has-text-align-center\" data-align=\"center\">Ex-<a href=\"https:\/\/mundoonibus.com.br\/site\/portfolio\/coletivoitajai\/\" target=\"_blank\" rel=\"noreferrer noopener\">Coletivo Itaja\u00ed<\/a> 4801 (SC)<\/td><td class=\"has-text-align-center\" data-align=\"center\">Itaja\u00ed\/SC<\/td><\/tr><tr><td class=\"has-text-align-center\" data-align=\"center\">3308<\/td><td class=\"has-text-align-center\" data-align=\"center\">Caio Apache Vip III<\/td><td class=\"has-text-align-center\" data-align=\"center\">VolksBus 17-230 OD<\/td><td class=\"has-text-align-center\" data-align=\"center\">MKQ0874<\/td><td class=\"has-text-align-center\" data-align=\"center\">2012\/2013<\/td><td class=\"has-text-align-center\" data-align=\"center\">Ex-<a href=\"https:\/\/mundoonibus.com.br\/site\/portfolio\/coletivoitajai\/\" target=\"_blank\" rel=\"noreferrer noopener\">Coletivo Itaja\u00ed<\/a> 4802 (SC)<\/td><td class=\"has-text-align-center\" data-align=\"center\">Itaja\u00ed\/SC<\/td><\/tr><tr><td class=\"has-text-align-center\" data-align=\"center\">3309<\/td><td class=\"has-text-align-center\" data-align=\"center\">Caio Apache Vip III<\/td><td class=\"has-text-align-center\" data-align=\"center\">VolksBus 17-230 OD<\/td><td class=\"has-text-align-center\" data-align=\"center\">MKP4064<\/td><td class=\"has-text-align-center\" data-align=\"center\">2012\/2013<\/td><td class=\"has-text-align-center\" data-align=\"center\">Ex-<a href=\"https:\/\/mundoonibus.com.br\/site\/portfolio\/coletivoitajai\/\" target=\"_blank\" rel=\"noreferrer noopener\">Coletivo Itaja\u00ed<\/a> 4805 (SC)<\/td><td class=\"has-text-align-center\" data-align=\"center\">Itaja\u00ed\/SC<\/td><\/tr><tr><td class=\"has-text-align-center\" data-align=\"center\"><strong><a href=\"https:\/\/mundoonibus.com.br\/site\/wp-content\/uploads\/Praiana-3310.jpg\" data-lbwps-width=\"1600\" data-lbwps-height=\"1200\" data-lbwps-srcsmall=\"https:\/\/mundoonibus.com.br\/site\/wp-content\/uploads\/Praiana-3310-300x225.jpg\">3310<\/a><\/strong><\/td><td class=\"has-text-align-center\" data-align=\"center\">Caio Apache Vip III<\/td><td class=\"has-text-align-center\" data-align=\"center\">VolksBus 17-230 OD<\/td><td class=\"has-text-align-center\" data-align=\"center\">MKP4244<\/td><td class=\"has-text-align-center\" data-align=\"center\">2012\/2013<\/td><td class=\"has-text-align-center\" data-align=\"center\">Ex-<a href=\"https:\/\/mundoonibus.com.br\/site\/portfolio\/coletivoitajai\/\" target=\"_blank\" rel=\"noreferrer noopener\">Coletivo Itaja\u00ed<\/a> 4804 (SC)<\/td><td class=\"has-text-align-center\" data-align=\"center\">Itaja\u00ed\/SC<\/td><\/tr><tr><td class=\"has-text-align-center\" data-align=\"center\"><strong><a href=\"https:\/\/mundoonibus.com.br\/site\/wp-content\/uploads\/2024\/08\/Praiana-3311.jpg\" data-lbwps-width=\"1600\" data-lbwps-height=\"1200\" data-lbwps-srcsmall=\"https:\/\/mundoonibus.com.br\/site\/wp-content\/uploads\/2024\/08\/Praiana-3311-300x225.jpg\">3311<\/a><\/strong><\/td><td class=\"has-text-align-center\" data-align=\"center\">Caio Apache Vip III<\/td><td class=\"has-text-align-center\" data-align=\"center\">VolksBus 17-230 OD<\/td><td class=\"has-text-align-center\" data-align=\"center\">MKP4184<\/td><td class=\"has-text-align-center\" data-align=\"center\">2012\/2013<\/td><td class=\"has-text-align-center\" data-align=\"center\">Ex-<a href=\"https:\/\/mundoonibus.com.br\/site\/portfolio\/coletivoitajai\/\" target=\"_blank\" rel=\"noreferrer noopener\">Coletivo Itaja\u00ed<\/a> 4803 (SC)<\/td><td class=\"has-text-align-center\" data-align=\"center\">Itaja\u00ed\/SC<\/td><\/tr><tr><td class=\"has-text-align-center\" data-align=\"center\">3401<\/td><td class=\"has-text-align-center\" data-align=\"center\">Neobus Mega Plus<\/td><td class=\"has-text-align-center\" data-align=\"center\">Mercedes-Benz OF-1721 BT5<\/td><td class=\"has-text-align-center\" data-align=\"center\"><sub>KYL8604<\/sub><br>KYL8G04<\/td><td class=\"has-text-align-center\" data-align=\"center\">2013\/2014<\/td><td class=\"has-text-align-center\" data-align=\"center\">Ex-Santo Ant\u00f4nio RJ 161.117 (RJ)<\/td><td class=\"has-text-align-center\" data-align=\"center\">Itaja\u00ed\/SC<\/td><\/tr><tr><td class=\"has-text-align-center\" data-align=\"center\">3402<\/td><td class=\"has-text-align-center\" data-align=\"center\">Neobus Mega Plus<\/td><td class=\"has-text-align-center\" data-align=\"center\">Mercedes-Benz OF-1721 BT5<\/td><td class=\"has-text-align-center\" data-align=\"center\"><sub>KYL8603<\/sub><br>KYL8G03<\/td><td class=\"has-text-align-center\" data-align=\"center\">2013\/2014<\/td><td class=\"has-text-align-center\" data-align=\"center\">Ex-Santo Ant\u00f4nio RJ 161.127 (RJ)<\/td><td class=\"has-text-align-center\" data-align=\"center\">Itaja\u00ed\/SC<\/td><\/tr><tr><td class=\"has-text-align-center\" data-align=\"center\">3403<\/td><td class=\"has-text-align-center\" data-align=\"center\">Neobus Mega Plus<\/td><td class=\"has-text-align-center\" data-align=\"center\">Mercedes-Benz OF-1721 BT5<\/td><td class=\"has-text-align-center\" data-align=\"center\"><sub>KYL8602<\/sub><br>KYL8G02<\/td><td class=\"has-text-align-center\" data-align=\"center\">2013\/2014<\/td><td class=\"has-text-align-center\" data-align=\"center\">Ex-Santo Ant\u00f4nio RJ 161.093 (RJ)<\/td><td class=\"has-text-align-center\" data-align=\"center\">Itaja\u00ed\/SC<\/td><\/tr><tr><td class=\"has-text-align-center\" data-align=\"center\">3501<\/td><td class=\"has-text-align-center\" data-align=\"center\">Mascarello GranVia 2014<\/td><td class=\"has-text-align-center\" data-align=\"center\">Mercedes-Benz OF-1721 BT5<\/td><td class=\"has-text-align-center\" data-align=\"center\">QHK2396<\/td><td class=\"has-text-align-center\" data-align=\"center\">2015\/2015<\/td><td class=\"has-text-align-center\" data-align=\"center\">\u2013<\/td><td class=\"has-text-align-center\" data-align=\"center\">Itaja\u00ed\/SC<\/td><\/tr><tr><td class=\"has-text-align-center\" data-align=\"center\"><strong><a href=\"https:\/\/mundoonibus.com.br\/site\/wp-content\/uploads\/Praiana-3502.jpg\" data-lbwps-width=\"1600\" data-lbwps-height=\"1200\" data-lbwps-srcsmall=\"https:\/\/mundoonibus.com.br\/site\/wp-content\/uploads\/Praiana-3502-300x225.jpg\">3502<\/a><\/strong><\/td><td class=\"has-text-align-center\" data-align=\"center\">Mascarello GranVia 2014<\/td><td class=\"has-text-align-center\" data-align=\"center\">Mercedes-Benz OF-1721 BT5<\/td><td class=\"has-text-align-center\" data-align=\"center\">QHK1796<\/td><td class=\"has-text-align-center\" data-align=\"center\">2015\/2015<\/td><td class=\"has-text-align-center\" data-align=\"center\">\u2013<\/td><td class=\"has-text-align-center\" data-align=\"center\">Itaja\u00ed\/SC<\/td><\/tr><tr><td class=\"has-text-align-center\" data-align=\"center\"><strong><a href=\"https:\/\/mundoonibus.com.br\/site\/wp-content\/uploads\/Praiana-3503.jpg\" data-lbwps-width=\"1600\" data-lbwps-height=\"1200\" data-lbwps-srcsmall=\"https:\/\/mundoonibus.com.br\/site\/wp-content\/uploads\/Praiana-3503-300x225.jpg\">3503<\/a><\/strong><\/td><td class=\"has-text-align-center\" data-align=\"center\">Mascarello GranVia 2014<\/td><td class=\"has-text-align-center\" data-align=\"center\">Mercedes-Benz OF-1721 BT5<\/td><td class=\"has-text-align-center\" data-align=\"center\">QHI8296<\/td><td class=\"has-text-align-center\" data-align=\"center\">2015\/2015<\/td><td class=\"has-text-align-center\" data-align=\"center\">\u2013<\/td><td class=\"has-text-align-center\" data-align=\"center\">Itaja\u00ed\/SC<\/td><\/tr><tr><td class=\"has-text-align-center\" data-align=\"center\">3504<\/td><td class=\"has-text-align-center\" data-align=\"center\">Mascarello GranVia 2014<\/td><td class=\"has-text-align-center\" data-align=\"center\">Iveco 170S28<\/td><td class=\"has-text-align-center\" data-align=\"center\">QHN4317<\/td><td class=\"has-text-align-center\" data-align=\"center\">2015\/2015<\/td><td class=\"has-text-align-center\" data-align=\"center\">\u2013<\/td><td class=\"has-text-align-center\" data-align=\"center\">Itaja\u00ed\/SC<\/td><\/tr><tr><td class=\"has-text-align-center\" data-align=\"center\"><strong><a href=\"https:\/\/mundoonibus.com.br\/site\/wp-content\/uploads\/Praiana-3505.jpg\" data-lbwps-width=\"1600\" data-lbwps-height=\"1200\" data-lbwps-srcsmall=\"https:\/\/mundoonibus.com.br\/site\/wp-content\/uploads\/Praiana-3505-300x225.jpg\">3505<\/a><\/strong><\/td><td class=\"has-text-align-center\" data-align=\"center\">Comil Svelto V<\/td><td class=\"has-text-align-center\" data-align=\"center\">Mercedes-Benz OF-1722M<\/td><td class=\"has-text-align-center\" data-align=\"center\">LQZ3823<\/td><td class=\"has-text-align-center\" data-align=\"center\">2011\/2012<\/td><td class=\"has-text-align-center\" data-align=\"center\">Ex-Sanjoense RJ 118.016 (RJ)<\/td><td class=\"has-text-align-center\" data-align=\"center\">Itaja\u00ed\/SC<\/td><\/tr><tr><td class=\"has-text-align-center\" data-align=\"center\">5000<\/td><td class=\"has-text-align-center\" data-align=\"center\">Marcopolo Volare A8<\/td><td class=\"has-text-align-center\" data-align=\"center\">Volare A8 Agrale<\/td><td class=\"has-text-align-center\" data-align=\"center\">MAA9746<\/td><td class=\"has-text-align-center\" data-align=\"center\">1998\/1998<\/td><td class=\"has-text-align-center\" data-align=\"center\">Ex-Praiana 2001 (SC)<\/td><td class=\"has-text-align-center\" data-align=\"center\">Itaja\u00ed\/SC<\/td><\/tr><tr><td class=\"has-text-align-center\" data-align=\"center\">6000<\/td><td class=\"has-text-align-center\" data-align=\"center\">Busscar Micruss II<\/td><td class=\"has-text-align-center\" data-align=\"center\">Mercedes-Benz LO-915<\/td><td class=\"has-text-align-center\" data-align=\"center\">MHT6832<\/td><td class=\"has-text-align-center\" data-align=\"center\">2007\/2007<\/td><td class=\"has-text-align-center\" data-align=\"center\">Ex-Praiana 2007 (SC)<\/td><td class=\"has-text-align-center\" data-align=\"center\">Itaja\u00ed\/SC<\/td><\/tr><tr><td class=\"has-text-align-center\" data-align=\"center\">7000<\/td><td class=\"has-text-align-center\" data-align=\"center\">Mascarello GranMicro 2015<\/td><td class=\"has-text-align-center\" data-align=\"center\">Mercedes-Benz LO-916 BT5<\/td><td class=\"has-text-align-center\" data-align=\"center\">QHJ1090<\/td><td class=\"has-text-align-center\" data-align=\"center\">2015\/2016<\/td><td class=\"has-text-align-center\" data-align=\"center\">\u2013<\/td><td class=\"has-text-align-center\" data-align=\"center\">Itaja\u00ed\/SC<\/td><\/tr><tr><td class=\"has-text-align-center\" data-align=\"center\">8000<\/td><td class=\"has-text-align-center\" data-align=\"center\">Mascarello GranMicro 2015<\/td><td class=\"has-text-align-center\" data-align=\"center\">Mercedes-Benz LO-916 BT5<\/td><td class=\"has-text-align-center\" data-align=\"center\">QHJ0970<\/td><td class=\"has-text-align-center\" data-align=\"center\">2015\/2016<\/td><td class=\"has-text-align-center\" data-align=\"center\">\u2013<\/td><td class=\"has-text-align-center\" data-align=\"center\">Itaja\u00ed\/SC<\/td><\/tr><\/tbody><\/table><figcaption class=\"wp-element-caption\">Atualizado em 08\/04\/2026<\/figcaption><\/figure>\n\n\n\n<h5 class=\"wp-block-heading\">Desativados<\/h5>\n\n\n\n<figure class=\"wp-block-table is-style-stripes\"><table><thead><tr><th class=\"has-text-align-center\" data-align=\"center\">Prefixo<\/th><th class=\"has-text-align-center\" data-align=\"center\">Carroceria<\/th><th class=\"has-text-align-center\" data-align=\"center\">Chassi<\/th><th class=\"has-text-align-center\" data-align=\"center\">Placa<\/th><th class=\"has-text-align-center\" data-align=\"center\">Ano<\/th><th class=\"has-text-align-center\" data-align=\"center\">Observa\u00e7\u00f5es<\/th><th class=\"has-text-align-center\" data-align=\"center\">Munic\u00edpio<\/th><\/tr><\/thead><tbody><tr><td class=\"has-text-align-center\" data-align=\"center\">1<\/td><td class=\"has-text-align-center\" data-align=\"center\">Grassi Jardineira<\/td><td class=\"has-text-align-center\" data-align=\"center\">Mercedes-Benz LP-312<\/td><td class=\"has-text-align-center\" data-align=\"center\">54-95-43<\/td><td class=\"has-text-align-center\" data-align=\"center\">\u2013<\/td><td class=\"has-text-align-center\" data-align=\"center\">Ex-Brusquense (SC)<\/td><td class=\"has-text-align-center\" data-align=\"center\">\u2013<\/td><\/tr><tr><td class=\"has-text-align-center\" data-align=\"center\">3<\/td><td class=\"has-text-align-center\" data-align=\"center\">Elizi\u00e1rio Imperador<\/td><td class=\"has-text-align-center\" data-align=\"center\">Mercedes-Benz LP-321<\/td><td class=\"has-text-align-center\" data-align=\"center\">\u2013<\/td><td class=\"has-text-align-center\" data-align=\"center\">\u2013<\/td><td class=\"has-text-align-center\" data-align=\"center\">\u2013<\/td><td class=\"has-text-align-center\" data-align=\"center\">\u2013<\/td><\/tr><tr><td class=\"has-text-align-center\" data-align=\"center\">5<\/td><td class=\"has-text-align-center\" data-align=\"center\">Elizi\u00e1rio Bicampe\u00e3o<\/td><td class=\"has-text-align-center\" data-align=\"center\">Mercedes-Benz LP-321<\/td><td class=\"has-text-align-center\" data-align=\"center\">XJ0076<\/td><td class=\"has-text-align-center\" data-align=\"center\">\u2013<\/td><td class=\"has-text-align-center\" data-align=\"center\">\u2013<\/td><td class=\"has-text-align-center\" data-align=\"center\">\u2013<\/td><\/tr><tr><td class=\"has-text-align-center\" data-align=\"center\">7<\/td><td class=\"has-text-align-center\" data-align=\"center\">Diegoli Urbano<\/td><td class=\"has-text-align-center\" data-align=\"center\">Mercedes-Benz LP-321<\/td><td class=\"has-text-align-center\" data-align=\"center\">XJ1214<\/td><td class=\"has-text-align-center\" data-align=\"center\">\u2013<\/td><td class=\"has-text-align-center\" data-align=\"center\">\u2013<\/td><td class=\"has-text-align-center\" data-align=\"center\">\u2013<\/td><\/tr><tr><td class=\"has-text-align-center\" data-align=\"center\">9<\/td><td class=\"has-text-align-center\" data-align=\"center\">Elizi\u00e1rio Bicampe\u00e3o<\/td><td class=\"has-text-align-center\" data-align=\"center\">Mercedes-Benz LP-321<\/td><td class=\"has-text-align-center\" data-align=\"center\">XJ0063<\/td><td class=\"has-text-align-center\" data-align=\"center\">\u2013<\/td><td class=\"has-text-align-center\" data-align=\"center\">\u2013<\/td><td class=\"has-text-align-center\" data-align=\"center\">\u2013<\/td><\/tr><tr><td class=\"has-text-align-center\" data-align=\"center\">11<\/td><td class=\"has-text-align-center\" data-align=\"center\">\u2013<\/td><td class=\"has-text-align-center\" data-align=\"center\">\u2013<\/td><td class=\"has-text-align-center\" data-align=\"center\">\u2013<\/td><td class=\"has-text-align-center\" data-align=\"center\">\u2013<\/td><td class=\"has-text-align-center\" data-align=\"center\">\u2013<\/td><td class=\"has-text-align-center\" data-align=\"center\">\u2013<\/td><\/tr><tr><td class=\"has-text-align-center\" data-align=\"center\">13<\/td><td class=\"has-text-align-center\" data-align=\"center\">Elizi\u00e1rio Bicampe\u00e3o<\/td><td class=\"has-text-align-center\" data-align=\"center\">Mercedes-Benz LP-321<\/td><td class=\"has-text-align-center\" data-align=\"center\">XJ0031<\/td><td class=\"has-text-align-center\" data-align=\"center\">\u2013<\/td><td class=\"has-text-align-center\" data-align=\"center\">\u2013<\/td><td class=\"has-text-align-center\" data-align=\"center\">\u2013<\/td><\/tr><tr><td class=\"has-text-align-center\" data-align=\"center\">15<\/td><td class=\"has-text-align-center\" data-align=\"center\">Nielson Diplomata<\/td><td class=\"has-text-align-center\" data-align=\"center\">Mercedes-Benz LP-321<\/td><td class=\"has-text-align-center\" data-align=\"center\">JB0122<\/td><td class=\"has-text-align-center\" data-align=\"center\">\u2013<\/td><td class=\"has-text-align-center\" data-align=\"center\">\u2013<\/td><td class=\"has-text-align-center\" data-align=\"center\">\u2013<\/td><\/tr><tr><td class=\"has-text-align-center\" data-align=\"center\">17<\/td><td class=\"has-text-align-center\" data-align=\"center\">\u2013<\/td><td class=\"has-text-align-center\" data-align=\"center\">\u2013<\/td><td class=\"has-text-align-center\" data-align=\"center\">\u2013<\/td><td class=\"has-text-align-center\" data-align=\"center\">\u2013<\/td><td class=\"has-text-align-center\" data-align=\"center\">\u2013<\/td><td class=\"has-text-align-center\" data-align=\"center\">\u2013<\/td><\/tr><tr><td class=\"has-text-align-center\" data-align=\"center\">19<\/td><td class=\"has-text-align-center\" data-align=\"center\">\u2013<\/td><td class=\"has-text-align-center\" data-align=\"center\">\u2013<\/td><td class=\"has-text-align-center\" data-align=\"center\">\u2013<\/td><td class=\"has-text-align-center\" data-align=\"center\">\u2013<\/td><td class=\"has-text-align-center\" data-align=\"center\">\u2013<\/td><td class=\"has-text-align-center\" data-align=\"center\">\u2013<\/td><\/tr><tr><td class=\"has-text-align-center\" data-align=\"center\">21<\/td><td class=\"has-text-align-center\" data-align=\"center\">Incasel Belveder<\/td><td class=\"has-text-align-center\" data-align=\"center\">\u2013<\/td><td class=\"has-text-align-center\" data-align=\"center\">XJ0071<\/td><td class=\"has-text-align-center\" data-align=\"center\">\u2013<\/td><td class=\"has-text-align-center\" data-align=\"center\">\u2013<\/td><td class=\"has-text-align-center\" data-align=\"center\">\u2013<\/td><\/tr><tr><td class=\"has-text-align-center\" data-align=\"center\">23<\/td><td class=\"has-text-align-center\" data-align=\"center\">\u2013<\/td><td class=\"has-text-align-center\" data-align=\"center\">\u2013<\/td><td class=\"has-text-align-center\" data-align=\"center\">\u2013<\/td><td class=\"has-text-align-center\" data-align=\"center\">\u2013<\/td><td class=\"has-text-align-center\" data-align=\"center\">\u2013<\/td><td class=\"has-text-align-center\" data-align=\"center\">\u2013<\/td><\/tr><tr><td class=\"has-text-align-center\" data-align=\"center\">25<\/td><td class=\"has-text-align-center\" data-align=\"center\">\u2013<\/td><td class=\"has-text-align-center\" data-align=\"center\">\u2013<\/td><td class=\"has-text-align-center\" data-align=\"center\">XJ1114<\/td><td class=\"has-text-align-center\" data-align=\"center\">\u2013<\/td><td class=\"has-text-align-center\" data-align=\"center\">\u2013<\/td><td class=\"has-text-align-center\" data-align=\"center\">\u2013<\/td><\/tr><tr><td class=\"has-text-align-center\" data-align=\"center\">27<\/td><td class=\"has-text-align-center\" data-align=\"center\">\u2013<\/td><td class=\"has-text-align-center\" data-align=\"center\">\u2013<\/td><td class=\"has-text-align-center\" data-align=\"center\">XJ1202<\/td><td class=\"has-text-align-center\" data-align=\"center\">\u2013<\/td><td class=\"has-text-align-center\" data-align=\"center\">\u2013<\/td><td class=\"has-text-align-center\" data-align=\"center\">\u2013<\/td><\/tr><tr><td class=\"has-text-align-center\" data-align=\"center\">29<\/td><td class=\"has-text-align-center\" data-align=\"center\">\u2013<\/td><td class=\"has-text-align-center\" data-align=\"center\">\u2013<\/td><td class=\"has-text-align-center\" data-align=\"center\">\u2013<\/td><td class=\"has-text-align-center\" data-align=\"center\">\u2013<\/td><td class=\"has-text-align-center\" data-align=\"center\">\u2013<\/td><td class=\"has-text-align-center\" data-align=\"center\">\u2013<\/td><\/tr><tr><td class=\"has-text-align-center\" data-align=\"center\">31<\/td><td class=\"has-text-align-center\" data-align=\"center\">\u2013<\/td><td class=\"has-text-align-center\" data-align=\"center\">\u2013<\/td><td class=\"has-text-align-center\" data-align=\"center\">\u2013<\/td><td class=\"has-text-align-center\" data-align=\"center\">\u2013<\/td><td class=\"has-text-align-center\" data-align=\"center\">\u2013<\/td><td class=\"has-text-align-center\" data-align=\"center\">\u2013<\/td><\/tr><tr><td class=\"has-text-align-center\" data-align=\"center\">33<\/td><td class=\"has-text-align-center\" data-align=\"center\">\u2013<\/td><td class=\"has-text-align-center\" data-align=\"center\">\u2013<\/td><td class=\"has-text-align-center\" data-align=\"center\">\u2013<\/td><td class=\"has-text-align-center\" data-align=\"center\">\u2013<\/td><td class=\"has-text-align-center\" data-align=\"center\">\u2013<\/td><td class=\"has-text-align-center\" data-align=\"center\">\u2013<\/td><\/tr><tr><td class=\"has-text-align-center\" data-align=\"center\">35<\/td><td class=\"has-text-align-center\" data-align=\"center\">Nicola Marcopolo<\/td><td class=\"has-text-align-center\" data-align=\"center\">Mercedes-Benz LPO-1113<\/td><td class=\"has-text-align-center\" data-align=\"center\">JB0022<\/td><td class=\"has-text-align-center\" data-align=\"center\">\u2013<\/td><td class=\"has-text-align-center\" data-align=\"center\">\u2013<\/td><td class=\"has-text-align-center\" data-align=\"center\">\u2013<\/td><\/tr><tr><td class=\"has-text-align-center\" data-align=\"center\">37<\/td><td class=\"has-text-align-center\" data-align=\"center\">Incasel Belveder<\/td><td class=\"has-text-align-center\" data-align=\"center\">\u2013<\/td><td class=\"has-text-align-center\" data-align=\"center\">XJ1201<\/td><td class=\"has-text-align-center\" data-align=\"center\">\u2013<\/td><td class=\"has-text-align-center\" data-align=\"center\">\u2013<\/td><td class=\"has-text-align-center\" data-align=\"center\">\u2013<\/td><\/tr><tr><td class=\"has-text-align-center\" data-align=\"center\">39<\/td><td class=\"has-text-align-center\" data-align=\"center\">Incasel Belveder<\/td><td class=\"has-text-align-center\" data-align=\"center\">\u2013<\/td><td class=\"has-text-align-center\" data-align=\"center\">XJ0563<\/td><td class=\"has-text-align-center\" data-align=\"center\">\u2013<\/td><td class=\"has-text-align-center\" data-align=\"center\">\u2013<\/td><td class=\"has-text-align-center\" data-align=\"center\">\u2013<\/td><\/tr><tr><td class=\"has-text-align-center\" data-align=\"center\">41<\/td><td class=\"has-text-align-center\" data-align=\"center\">\u2013<\/td><td class=\"has-text-align-center\" data-align=\"center\">\u2013<\/td><td class=\"has-text-align-center\" data-align=\"center\">\u2013<\/td><td class=\"has-text-align-center\" data-align=\"center\">\u2013<\/td><td class=\"has-text-align-center\" data-align=\"center\">\u2013<\/td><td class=\"has-text-align-center\" data-align=\"center\">\u2013<\/td><\/tr><tr><td class=\"has-text-align-center\" data-align=\"center\">43<\/td><td class=\"has-text-align-center\" data-align=\"center\">\u2013<\/td><td class=\"has-text-align-center\" data-align=\"center\">\u2013<\/td><td class=\"has-text-align-center\" data-align=\"center\">XJ1634<\/td><td class=\"has-text-align-center\" data-align=\"center\">\u2013<\/td><td class=\"has-text-align-center\" data-align=\"center\">\u2013<\/td><td class=\"has-text-align-center\" data-align=\"center\">\u2013<\/td><\/tr><tr><td class=\"has-text-align-center\" data-align=\"center\">45<\/td><td class=\"has-text-align-center\" data-align=\"center\">Incasel Belveder<\/td><td class=\"has-text-align-center\" data-align=\"center\">\u2013<\/td><td class=\"has-text-align-center\" data-align=\"center\">JB0839<\/td><td class=\"has-text-align-center\" data-align=\"center\">\u2013<\/td><td class=\"has-text-align-center\" data-align=\"center\">\u2013<\/td><td class=\"has-text-align-center\" data-align=\"center\">\u2013<\/td><\/tr><tr><td class=\"has-text-align-center\" data-align=\"center\">47<\/td><td class=\"has-text-align-center\" data-align=\"center\">Incasel Belveder<\/td><td class=\"has-text-align-center\" data-align=\"center\">\u2013<\/td><td class=\"has-text-align-center\" data-align=\"center\">\u2013<\/td><td class=\"has-text-align-center\" data-align=\"center\">\u2013<\/td><td class=\"has-text-align-center\" data-align=\"center\">\u2013<\/td><td class=\"has-text-align-center\" data-align=\"center\">\u2013<\/td><\/tr><tr><td class=\"has-text-align-center\" data-align=\"center\">59<\/td><td class=\"has-text-align-center\" data-align=\"center\">\u2013<\/td><td class=\"has-text-align-center\" data-align=\"center\">\u2013<\/td><td class=\"has-text-align-center\" data-align=\"center\">\u2013<\/td><td class=\"has-text-align-center\" data-align=\"center\">\u2013<\/td><td class=\"has-text-align-center\" data-align=\"center\">\u2013<\/td><td class=\"has-text-align-center\" data-align=\"center\">\u2013<\/td><\/tr><tr><td class=\"has-text-align-center\" data-align=\"center\">69<\/td><td class=\"has-text-align-center\" data-align=\"center\">\u2013<\/td><td class=\"has-text-align-center\" data-align=\"center\">\u2013<\/td><td class=\"has-text-align-center\" data-align=\"center\">\u2013<\/td><td class=\"has-text-align-center\" data-align=\"center\">\u2013<\/td><td class=\"has-text-align-center\" data-align=\"center\">\u2013<\/td><td class=\"has-text-align-center\" data-align=\"center\">\u2013<\/td><\/tr><tr><td class=\"has-text-align-center\" data-align=\"center\">101<\/td><td class=\"has-text-align-center\" data-align=\"center\">\u2013<\/td><td class=\"has-text-align-center\" data-align=\"center\">\u2013<\/td><td class=\"has-text-align-center\" data-align=\"center\">\u2013<\/td><td class=\"has-text-align-center\" data-align=\"center\">\u2013<\/td><td class=\"has-text-align-center\" data-align=\"center\">\u2013<\/td><td class=\"has-text-align-center\" data-align=\"center\">\u2013<\/td><\/tr><tr><td class=\"has-text-align-center\" data-align=\"center\">101<\/td><td class=\"has-text-align-center\" data-align=\"center\">Marcopolo Viale<\/td><td class=\"has-text-align-center\" data-align=\"center\">Mercedes-Benz OF-1722M<\/td><td class=\"has-text-align-center\" data-align=\"center\">KVR5037<\/td><td class=\"has-text-align-center\" data-align=\"center\">2011\/2012<\/td><td class=\"has-text-align-center\" data-align=\"center\">Ex-Galo Branco RJ 181.079 (RJ)<\/td><td class=\"has-text-align-center\" data-align=\"center\">Rio das Antas\/SC<\/td><\/tr><tr><td class=\"has-text-align-center\" data-align=\"center\">103<\/td><td class=\"has-text-align-center\" data-align=\"center\">Marcopolo Viale<\/td><td class=\"has-text-align-center\" data-align=\"center\">Mercedes-Benz OF-1722M<\/td><td class=\"has-text-align-center\" data-align=\"center\">KXD5395<\/td><td class=\"has-text-align-center\" data-align=\"center\">2011\/2012<\/td><td class=\"has-text-align-center\" data-align=\"center\">Ex-Galo Branco RJ 181.027 (RJ)<\/td><td class=\"has-text-align-center\" data-align=\"center\">Rio das Antas\/SC<\/td><\/tr><tr><td class=\"has-text-align-center\" data-align=\"center\">104<\/td><td class=\"has-text-align-center\" data-align=\"center\">Marcopolo Viale<\/td><td class=\"has-text-align-center\" data-align=\"center\">Mercedes-Benz OF-1722M<\/td><td class=\"has-text-align-center\" data-align=\"center\">KVQ5670<\/td><td class=\"has-text-align-center\" data-align=\"center\">2011\/2011<\/td><td class=\"has-text-align-center\" data-align=\"center\">Ex-Galo Branco RJ 181.003 (RJ)<\/td><td class=\"has-text-align-center\" data-align=\"center\">Rio das Antas\/SC<\/td><\/tr><tr><td class=\"has-text-align-center\" data-align=\"center\">110<\/td><td class=\"has-text-align-center\" data-align=\"center\">Marcopolo Viale<\/td><td class=\"has-text-align-center\" data-align=\"center\">Mercedes-Benz OF-1722M<\/td><td class=\"has-text-align-center\" data-align=\"center\">KVD7326<\/td><td class=\"has-text-align-center\" data-align=\"center\">2009\/2009<\/td><td class=\"has-text-align-center\" data-align=\"center\">Ex-Estrela RJ 177.046 (RJ)<\/td><td class=\"has-text-align-center\" data-align=\"center\">Itaja\u00ed\/SC<\/td><\/tr><tr><td class=\"has-text-align-center\" data-align=\"center\">115<\/td><td class=\"has-text-align-center\" data-align=\"center\">\u2013<\/td><td class=\"has-text-align-center\" data-align=\"center\">\u2013<\/td><td class=\"has-text-align-center\" data-align=\"center\">\u2013<\/td><td class=\"has-text-align-center\" data-align=\"center\">\u2013<\/td><td class=\"has-text-align-center\" data-align=\"center\">\u2013<\/td><td class=\"has-text-align-center\" data-align=\"center\">\u2013<\/td><\/tr><tr><td class=\"has-text-align-center\" data-align=\"center\">116<\/td><td class=\"has-text-align-center\" data-align=\"center\">Marcopolo Viale<\/td><td class=\"has-text-align-center\" data-align=\"center\">Mercedes-Benz OF-1722M<\/td><td class=\"has-text-align-center\" data-align=\"center\">LKZ2912<\/td><td class=\"has-text-align-center\" data-align=\"center\">2009\/2009<\/td><td class=\"has-text-align-center\" data-align=\"center\">Ex-Galo Branco RJ 181.004 (RJ)<\/td><td class=\"has-text-align-center\" data-align=\"center\">Itaja\u00ed\/SC<\/td><\/tr><tr><td class=\"has-text-align-center\" data-align=\"center\">125<\/td><td class=\"has-text-align-center\" data-align=\"center\">Incasel Belveder<\/td><td class=\"has-text-align-center\" data-align=\"center\">\u2013<\/td><td class=\"has-text-align-center\" data-align=\"center\">XJ2045<\/td><td class=\"has-text-align-center\" data-align=\"center\">\u2013<\/td><td class=\"has-text-align-center\" data-align=\"center\">\u2013<\/td><td class=\"has-text-align-center\" data-align=\"center\">\u2013<\/td><\/tr><tr><td class=\"has-text-align-center\" data-align=\"center\">135<\/td><td class=\"has-text-align-center\" data-align=\"center\">\u2013<\/td><td class=\"has-text-align-center\" data-align=\"center\">\u2013<\/td><td class=\"has-text-align-center\" data-align=\"center\">\u2013<\/td><td class=\"has-text-align-center\" data-align=\"center\">\u2013<\/td><td class=\"has-text-align-center\" data-align=\"center\">\u2013<\/td><td class=\"has-text-align-center\" data-align=\"center\">\u2013<\/td><\/tr><tr><td class=\"has-text-align-center\" data-align=\"center\">145<\/td><td class=\"has-text-align-center\" data-align=\"center\">Mercedes-Benz Monobloco<\/td><td class=\"has-text-align-center\" data-align=\"center\">Mercedes-Benz O-362<\/td><td class=\"has-text-align-center\" data-align=\"center\">JB0387<\/td><td class=\"has-text-align-center\" data-align=\"center\">\u2013<\/td><td class=\"has-text-align-center\" data-align=\"center\">\u2013<\/td><td class=\"has-text-align-center\" data-align=\"center\">\u2013<\/td><\/tr><tr><td class=\"has-text-align-center\" data-align=\"center\">155<\/td><td class=\"has-text-align-center\" data-align=\"center\">Nielson Diplomata<\/td><td class=\"has-text-align-center\" data-align=\"center\">Mercedes-Benz LPO-1113<\/td><td class=\"has-text-align-center\" data-align=\"center\">XJ2717<\/td><td class=\"has-text-align-center\" data-align=\"center\">\u2013<\/td><td class=\"has-text-align-center\" data-align=\"center\">\u2013<\/td><td class=\"has-text-align-center\" data-align=\"center\">\u2013<\/td><\/tr><tr><td class=\"has-text-align-center\" data-align=\"center\">165<\/td><td class=\"has-text-align-center\" data-align=\"center\">Mercedes-Benz Monobloco<\/td><td class=\"has-text-align-center\" data-align=\"center\">Mercedes-Benz O-362<\/td><td class=\"has-text-align-center\" data-align=\"center\">JB1360<\/td><td class=\"has-text-align-center\" data-align=\"center\">\u2013<\/td><td class=\"has-text-align-center\" data-align=\"center\">\u2013<\/td><td class=\"has-text-align-center\" data-align=\"center\">\u2013<\/td><\/tr><tr><td class=\"has-text-align-center\" data-align=\"center\">175<\/td><td class=\"has-text-align-center\" data-align=\"center\">Nimbus Haragano<\/td><td class=\"has-text-align-center\" data-align=\"center\">Mercedes-Benz LPO-1113<\/td><td class=\"has-text-align-center\" data-align=\"center\">\u2013<\/td><td class=\"has-text-align-center\" data-align=\"center\">\u2013<\/td><td class=\"has-text-align-center\" data-align=\"center\">\u2013<\/td><td class=\"has-text-align-center\" data-align=\"center\">\u2013<\/td><\/tr><tr><td class=\"has-text-align-center\" data-align=\"center\">185<\/td><td class=\"has-text-align-center\" data-align=\"center\">Caio Gabriela<\/td><td class=\"has-text-align-center\" data-align=\"center\">Mercedes-Benz LPO-1113<\/td><td class=\"has-text-align-center\" data-align=\"center\">\u2013<\/td><td class=\"has-text-align-center\" data-align=\"center\">\u2013<\/td><td class=\"has-text-align-center\" data-align=\"center\">\u2013<\/td><td class=\"has-text-align-center\" data-align=\"center\">\u2013<\/td><\/tr><tr><td class=\"has-text-align-center\" data-align=\"center\">195<\/td><td class=\"has-text-align-center\" data-align=\"center\">Nimbus Haragano<\/td><td class=\"has-text-align-center\" data-align=\"center\">Mercedes-Benz LPO-1113<\/td><td class=\"has-text-align-center\" data-align=\"center\">\u2013<\/td><td class=\"has-text-align-center\" data-align=\"center\">\u2013<\/td><td class=\"has-text-align-center\" data-align=\"center\">\u2013<\/td><td class=\"has-text-align-center\" data-align=\"center\">\u2013<\/td><\/tr><tr><td class=\"has-text-align-center\" data-align=\"center\">205<\/td><td class=\"has-text-align-center\" data-align=\"center\">Nimbus Haragano<\/td><td class=\"has-text-align-center\" data-align=\"center\">Mercedes-Benz LPO-1113<\/td><td class=\"has-text-align-center\" data-align=\"center\">JB0688<\/td><td class=\"has-text-align-center\" data-align=\"center\">\u2013<\/td><td class=\"has-text-align-center\" data-align=\"center\">\u2013<\/td><td class=\"has-text-align-center\" data-align=\"center\">\u2013<\/td><\/tr><tr><td class=\"has-text-align-center\" data-align=\"center\">215<\/td><td class=\"has-text-align-center\" data-align=\"center\">Incasel Continental<\/td><td class=\"has-text-align-center\" data-align=\"center\">Mercedes-Benz LPO-1113<\/td><td class=\"has-text-align-center\" data-align=\"center\">\u2013<\/td><td class=\"has-text-align-center\" data-align=\"center\">\u2013<\/td><td class=\"has-text-align-center\" data-align=\"center\">\u2013<\/td><td class=\"has-text-align-center\" data-align=\"center\">\u2013<\/td><\/tr><tr><td class=\"has-text-align-center\" data-align=\"center\">225<\/td><td class=\"has-text-align-center\" data-align=\"center\">\u2013<\/td><td class=\"has-text-align-center\" data-align=\"center\">\u2013<\/td><td class=\"has-text-align-center\" data-align=\"center\">JB1049<\/td><td class=\"has-text-align-center\" data-align=\"center\">\u2013<\/td><td class=\"has-text-align-center\" data-align=\"center\">\u2013<\/td><td class=\"has-text-align-center\" data-align=\"center\">\u2013<\/td><\/tr><tr><td class=\"has-text-align-center\" data-align=\"center\">235<\/td><td class=\"has-text-align-center\" data-align=\"center\">\u2013<\/td><td class=\"has-text-align-center\" data-align=\"center\">\u2013<\/td><td class=\"has-text-align-center\" data-align=\"center\">JB1039<\/td><td class=\"has-text-align-center\" data-align=\"center\">\u2013<\/td><td class=\"has-text-align-center\" data-align=\"center\">\u2013<\/td><td class=\"has-text-align-center\" data-align=\"center\">\u2013<\/td><\/tr><tr><td class=\"has-text-align-center\" data-align=\"center\">245<\/td><td class=\"has-text-align-center\" data-align=\"center\">\u2013<\/td><td class=\"has-text-align-center\" data-align=\"center\">\u2013<\/td><td class=\"has-text-align-center\" data-align=\"center\">\u2013<\/td><td class=\"has-text-align-center\" data-align=\"center\">\u2013<\/td><td class=\"has-text-align-center\" data-align=\"center\">\u2013<\/td><td class=\"has-text-align-center\" data-align=\"center\">\u2013<\/td><\/tr><tr><td class=\"has-text-align-center\" data-align=\"center\">255<\/td><td class=\"has-text-align-center\" data-align=\"center\">\u2013<\/td><td class=\"has-text-align-center\" data-align=\"center\">\u2013<\/td><td class=\"has-text-align-center\" data-align=\"center\">\u2013<\/td><td class=\"has-text-align-center\" data-align=\"center\">\u2013<\/td><td class=\"has-text-align-center\" data-align=\"center\">\u2013<\/td><td class=\"has-text-align-center\" data-align=\"center\">\u2013<\/td><\/tr><tr><td class=\"has-text-align-center\" data-align=\"center\">265<\/td><td class=\"has-text-align-center\" data-align=\"center\">Incasel Cisne Intermunicipal<\/td><td class=\"has-text-align-center\" data-align=\"center\">Mercedes-Benz LP-1113<\/td><td class=\"has-text-align-center\" data-align=\"center\">JB1522<\/td><td class=\"has-text-align-center\" data-align=\"center\">\u2013<\/td><td class=\"has-text-align-center\" data-align=\"center\">\u2013<\/td><td class=\"has-text-align-center\" data-align=\"center\">\u2013<\/td><\/tr><tr><td class=\"has-text-align-center\" data-align=\"center\">275<\/td><td class=\"has-text-align-center\" data-align=\"center\">Incasel Cisne<\/td><td class=\"has-text-align-center\" data-align=\"center\">Mercedes-Benz LPO-1113<\/td><td class=\"has-text-align-center\" data-align=\"center\">JB1228<\/td><td class=\"has-text-align-center\" data-align=\"center\">\u2013<\/td><td class=\"has-text-align-center\" data-align=\"center\">\u2013<\/td><td class=\"has-text-align-center\" data-align=\"center\">\u2013<\/td><\/tr><tr><td class=\"has-text-align-center\" data-align=\"center\">285<\/td><td class=\"has-text-align-center\" data-align=\"center\">Incasel Minuano<\/td><td class=\"has-text-align-center\" data-align=\"center\">Mercedes-Benz O-362<\/td><td class=\"has-text-align-center\" data-align=\"center\"><sub>JB1057<\/sub><br>LYN5917<\/td><td class=\"has-text-align-center\" data-align=\"center\">1983\/1983<\/td><td class=\"has-text-align-center\" data-align=\"center\">\u2013<\/td><td class=\"has-text-align-center\" data-align=\"center\">Blumenau\/SC<\/td><\/tr><tr><td class=\"has-text-align-center\" data-align=\"center\">295<\/td><td class=\"has-text-align-center\" data-align=\"center\">Incasel Minuano<\/td><td class=\"has-text-align-center\" data-align=\"center\">Mercedes-Benz O-362<\/td><td class=\"has-text-align-center\" data-align=\"center\">\u2013<\/td><td class=\"has-text-align-center\" data-align=\"center\">\u2013<\/td><td class=\"has-text-align-center\" data-align=\"center\">\u2013<\/td><td class=\"has-text-align-center\" data-align=\"center\">\u2013<\/td><\/tr><tr><td class=\"has-text-align-center\" data-align=\"center\">305<\/td><td class=\"has-text-align-center\" data-align=\"center\">Incasel Cisne<\/td><td class=\"has-text-align-center\" data-align=\"center\">\u2013<\/td><td class=\"has-text-align-center\" data-align=\"center\">\u2013<\/td><td class=\"has-text-align-center\" data-align=\"center\">\u2013<\/td><td class=\"has-text-align-center\" data-align=\"center\">\u2013<\/td><td class=\"has-text-align-center\" data-align=\"center\">\u2013<\/td><\/tr><tr><td class=\"has-text-align-center\" data-align=\"center\">315<\/td><td class=\"has-text-align-center\" data-align=\"center\">Incasel Cisne<\/td><td class=\"has-text-align-center\" data-align=\"center\">\u2013<\/td><td class=\"has-text-align-center\" data-align=\"center\">\u2013<\/td><td class=\"has-text-align-center\" data-align=\"center\">\u2013<\/td><td class=\"has-text-align-center\" data-align=\"center\">\u2013<\/td><td class=\"has-text-align-center\" data-align=\"center\">\u2013<\/td><\/tr><tr><td class=\"has-text-align-center\" data-align=\"center\">325<\/td><td class=\"has-text-align-center\" data-align=\"center\">Incasel Jumbo<\/td><td class=\"has-text-align-center\" data-align=\"center\">Mercedes-Benz OF-1313<\/td><td class=\"has-text-align-center\" data-align=\"center\">JB1106<\/td><td class=\"has-text-align-center\" data-align=\"center\">\u2013<\/td><td class=\"has-text-align-center\" data-align=\"center\">\u2013<\/td><td class=\"has-text-align-center\" data-align=\"center\">\u2013<\/td><\/tr><tr><td class=\"has-text-align-center\" data-align=\"center\">335<\/td><td class=\"has-text-align-center\" data-align=\"center\">Incasel Continental II Special<\/td><td class=\"has-text-align-center\" data-align=\"center\">Mercedes-Benz OF-1313<\/td><td class=\"has-text-align-center\" data-align=\"center\"><sub>RG2038<\/sub><br>MAF7944<\/td><td class=\"has-text-align-center\" data-align=\"center\">1981\/1981<\/td><td class=\"has-text-align-center\" data-align=\"center\">\u2013<\/td><td class=\"has-text-align-center\" data-align=\"center\">Balne\u00e1rio Pi\u00e7arras\/SC<\/td><\/tr><tr><td class=\"has-text-align-center\" data-align=\"center\">345<\/td><td class=\"has-text-align-center\" data-align=\"center\">Nielson Diplomata 310<\/td><td class=\"has-text-align-center\" data-align=\"center\">Mercedes-Benz OF-1313<\/td><td class=\"has-text-align-center\" data-align=\"center\">JB1126<\/td><td class=\"has-text-align-center\" data-align=\"center\">\u2013<\/td><td class=\"has-text-align-center\" data-align=\"center\">\u2013<\/td><td class=\"has-text-align-center\" data-align=\"center\">\u2013<\/td><\/tr><tr><td class=\"has-text-align-center\" data-align=\"center\">355<\/td><td class=\"has-text-align-center\" data-align=\"center\">Caio Am\u00e9lia<\/td><td class=\"has-text-align-center\" data-align=\"center\">Mercedes-Benz OF-1313<\/td><td class=\"has-text-align-center\" data-align=\"center\">\u2013<\/td><td class=\"has-text-align-center\" data-align=\"center\">\u2013<\/td><td class=\"has-text-align-center\" data-align=\"center\">\u2013<\/td><td class=\"has-text-align-center\" data-align=\"center\">\u2013<\/td><\/tr><tr><td class=\"has-text-align-center\" data-align=\"center\">365<\/td><td class=\"has-text-align-center\" data-align=\"center\">Nielson Diplomata 310<\/td><td class=\"has-text-align-center\" data-align=\"center\">Mercedes-Benz OF-1313<\/td><td class=\"has-text-align-center\" data-align=\"center\"><sub>JB1011<\/sub><br>LZM9021<\/td><td class=\"has-text-align-center\" data-align=\"center\">1985\/1985<\/td><td class=\"has-text-align-center\" data-align=\"center\">\u2013<\/td><td class=\"has-text-align-center\" data-align=\"center\">Penha\/SC<\/td><\/tr><tr><td class=\"has-text-align-center\" data-align=\"center\">375<\/td><td class=\"has-text-align-center\" data-align=\"center\">Caio Am\u00e9lia<\/td><td class=\"has-text-align-center\" data-align=\"center\">Mercedes-Benz OF-1313<\/td><td class=\"has-text-align-center\" data-align=\"center\">\u2013<\/td><td class=\"has-text-align-center\" data-align=\"center\">\u2013<\/td><td class=\"has-text-align-center\" data-align=\"center\">\u2013<\/td><td class=\"has-text-align-center\" data-align=\"center\">\u2013<\/td><\/tr><tr><td class=\"has-text-align-center\" data-align=\"center\">385<\/td><td class=\"has-text-align-center\" data-align=\"center\">Comil Jumbo<\/td><td class=\"has-text-align-center\" data-align=\"center\">Mercedes-Benz OF-1313<\/td><td class=\"has-text-align-center\" data-align=\"center\">\u2013<\/td><td class=\"has-text-align-center\" data-align=\"center\">\u2013<\/td><td class=\"has-text-align-center\" data-align=\"center\">\u2013<\/td><td class=\"has-text-align-center\" data-align=\"center\">\u2013<\/td><\/tr><tr><td class=\"has-text-align-center\" data-align=\"center\">395<\/td><td class=\"has-text-align-center\" data-align=\"center\">Incasel Cisne<\/td><td class=\"has-text-align-center\" data-align=\"center\">Mercedes-Benz OF-1313<\/td><td class=\"has-text-align-center\" data-align=\"center\">LZM8961<\/td><td class=\"has-text-align-center\" data-align=\"center\">1986\/1986<\/td><td class=\"has-text-align-center\" data-align=\"center\">\u2013<\/td><td class=\"has-text-align-center\" data-align=\"center\">Balne\u00e1rio Pi\u00e7arras\/SC<\/td><\/tr><tr><td class=\"has-text-align-center\" data-align=\"center\">405<\/td><td class=\"has-text-align-center\" data-align=\"center\">Caio Am\u00e9lia<\/td><td class=\"has-text-align-center\" data-align=\"center\">Mercedes-Benz OF-1313<\/td><td class=\"has-text-align-center\" data-align=\"center\">\u2013<\/td><td class=\"has-text-align-center\" data-align=\"center\">\u2013<\/td><td class=\"has-text-align-center\" data-align=\"center\">\u2013<\/td><td class=\"has-text-align-center\" data-align=\"center\">\u2013<\/td><\/tr><tr><td class=\"has-text-align-center\" data-align=\"center\">415<\/td><td class=\"has-text-align-center\" data-align=\"center\">Caio Am\u00e9lia<\/td><td class=\"has-text-align-center\" data-align=\"center\">Mercedes-Benz OF-1313<\/td><td class=\"has-text-align-center\" data-align=\"center\">LZT7975<\/td><td class=\"has-text-align-center\" data-align=\"center\">1985\/1985<\/td><td class=\"has-text-align-center\" data-align=\"center\">\u2013<\/td><td class=\"has-text-align-center\" data-align=\"center\">Penha\/SC<\/td><\/tr><tr><td class=\"has-text-align-center\" data-align=\"center\">425<\/td><td class=\"has-text-align-center\" data-align=\"center\">Comil Jumbo<\/td><td class=\"has-text-align-center\" data-align=\"center\">Mercedes-Benz OF-1314<\/td><td class=\"has-text-align-center\" data-align=\"center\"><sub>JB1423<\/sub><br>LZQ0583<\/td><td class=\"has-text-align-center\" data-align=\"center\">1987\/1987<\/td><td class=\"has-text-align-center\" data-align=\"center\">\u2013<\/td><td class=\"has-text-align-center\" data-align=\"center\">Itapema\/SC<\/td><\/tr><tr><td class=\"has-text-align-center\" data-align=\"center\">435<\/td><td class=\"has-text-align-center\" data-align=\"center\">Marcopolo Torino<\/td><td class=\"has-text-align-center\" data-align=\"center\">Mercedes-Benz OF-1313<\/td><td class=\"has-text-align-center\" data-align=\"center\"><sub>JB1575<\/sub><br>LYO4495<\/td><td class=\"has-text-align-center\" data-align=\"center\">1988\/1988<\/td><td class=\"has-text-align-center\" data-align=\"center\">\u2013<\/td><td class=\"has-text-align-center\" data-align=\"center\">Balne\u00e1rio Cambori\u00fa\/SC<\/td><\/tr><tr><td class=\"has-text-align-center\" data-align=\"center\">445<\/td><td class=\"has-text-align-center\" data-align=\"center\">Caio Am\u00e9lia<\/td><td class=\"has-text-align-center\" data-align=\"center\">Mercedes-Benz OF-1313<\/td><td class=\"has-text-align-center\" data-align=\"center\"><sub>JB1125<\/sub><br>MAS8825<\/td><td class=\"has-text-align-center\" data-align=\"center\">1986\/1987<\/td><td class=\"has-text-align-center\" data-align=\"center\">\u2013<\/td><td class=\"has-text-align-center\" data-align=\"center\">Itaja\u00ed\/SC<\/td><\/tr><tr><td class=\"has-text-align-center\" data-align=\"center\">455<\/td><td class=\"has-text-align-center\" data-align=\"center\">Nielson Diplomata 310<\/td><td class=\"has-text-align-center\" data-align=\"center\">Mercedes-Benz OF-1315<\/td><td class=\"has-text-align-center\" data-align=\"center\"><sub>JB1571<\/sub><br>LZM8821<\/td><td class=\"has-text-align-center\" data-align=\"center\">1989\/1989<\/td><td class=\"has-text-align-center\" data-align=\"center\">\u2013<\/td><td class=\"has-text-align-center\" data-align=\"center\">Penha\/SC<\/td><\/tr><tr><td class=\"has-text-align-center\" data-align=\"center\">465<\/td><td class=\"has-text-align-center\" data-align=\"center\">Thamco P\u00e9gasus<\/td><td class=\"has-text-align-center\" data-align=\"center\">Mercedes-Benz OF-1318<\/td><td class=\"has-text-align-center\" data-align=\"center\">JB1725<\/td><td class=\"has-text-align-center\" data-align=\"center\">\u2013<\/td><td class=\"has-text-align-center\" data-align=\"center\">\u2013<\/td><td class=\"has-text-align-center\" data-align=\"center\">\u2013<\/td><\/tr><tr><td class=\"has-text-align-center\" data-align=\"center\">475<\/td><td class=\"has-text-align-center\" data-align=\"center\">Thamco \u00c1guia<\/td><td class=\"has-text-align-center\" data-align=\"center\">Mercedes-Benz OF-1318<\/td><td class=\"has-text-align-center\" data-align=\"center\">\u2013<\/td><td class=\"has-text-align-center\" data-align=\"center\">\u2013<\/td><td class=\"has-text-align-center\" data-align=\"center\">\u2013<\/td><td class=\"has-text-align-center\" data-align=\"center\">\u2013<\/td><\/tr><tr><td class=\"has-text-align-center\" data-align=\"center\">485<\/td><td class=\"has-text-align-center\" data-align=\"center\">Nielson Urbanus<\/td><td class=\"has-text-align-center\" data-align=\"center\">Mercedes-Benz OF-1318<\/td><td class=\"has-text-align-center\" data-align=\"center\"><sub>JB1788<\/sub><br>MAG2768<\/td><td class=\"has-text-align-center\" data-align=\"center\">1989\/1989<\/td><td class=\"has-text-align-center\" data-align=\"center\">\u2013<\/td><td class=\"has-text-align-center\" data-align=\"center\">Brusque\/SC<\/td><\/tr><tr><td class=\"has-text-align-center\" data-align=\"center\">495<\/td><td class=\"has-text-align-center\" data-align=\"center\">Marcopolo Torino LN<\/td><td class=\"has-text-align-center\" data-align=\"center\">Mercedes-Benz OF-1113<\/td><td class=\"has-text-align-center\" data-align=\"center\"><sub>JB0563<\/sub><br>LXA8574<\/td><td class=\"has-text-align-center\" data-align=\"center\">1983\/1990<\/td><td class=\"has-text-align-center\" data-align=\"center\">\u2013<\/td><td class=\"has-text-align-center\" data-align=\"center\">Correia Pinto\/SC<\/td><\/tr><tr><td class=\"has-text-align-center\" data-align=\"center\">505<\/td><td class=\"has-text-align-center\" data-align=\"center\">Busscar El Buss 320<\/td><td class=\"has-text-align-center\" data-align=\"center\">Mercedes-Benz OF-1318<\/td><td class=\"has-text-align-center\" data-align=\"center\">LZQ0593<\/td><td class=\"has-text-align-center\" data-align=\"center\">1990\/1990<\/td><td class=\"has-text-align-center\" data-align=\"center\">\u2013<\/td><td class=\"has-text-align-center\" data-align=\"center\">Itaja\u00ed\/SC<\/td><\/tr><tr><td class=\"has-text-align-center\" data-align=\"center\">515<\/td><td class=\"has-text-align-center\" data-align=\"center\">Busscar Urbanus<\/td><td class=\"has-text-align-center\" data-align=\"center\">Mercedes-Benz OF-1318<\/td><td class=\"has-text-align-center\" data-align=\"center\">LWU8280<\/td><td class=\"has-text-align-center\" data-align=\"center\">1991\/1991<\/td><td class=\"has-text-align-center\" data-align=\"center\">\u2013<\/td><td class=\"has-text-align-center\" data-align=\"center\">Videira\/SC<\/td><\/tr><tr><td class=\"has-text-align-center\" data-align=\"center\">525<\/td><td class=\"has-text-align-center\" data-align=\"center\">Busscar El Buss 320<\/td><td class=\"has-text-align-center\" data-align=\"center\">Mercedes-Benz OF-1318<\/td><td class=\"has-text-align-center\" data-align=\"center\"><sub>JB2192<\/sub><br>LZX5062<\/td><td class=\"has-text-align-center\" data-align=\"center\">1990\/1991<\/td><td class=\"has-text-align-center\" data-align=\"center\">\u2013<\/td><td class=\"has-text-align-center\" data-align=\"center\">Santo Expedito do Sul\/RS<\/td><\/tr><tr><td class=\"has-text-align-center\" data-align=\"center\">535<\/td><td class=\"has-text-align-center\" data-align=\"center\">Nielson Urbanus<\/td><td class=\"has-text-align-center\" data-align=\"center\">Mercedes-Benz OF-1314<\/td><td class=\"has-text-align-center\" data-align=\"center\">LWU8270<\/td><td class=\"has-text-align-center\" data-align=\"center\">1987\/1988<\/td><td class=\"has-text-align-center\" data-align=\"center\">\u2013<\/td><td class=\"has-text-align-center\" data-align=\"center\">Cambori\u00fa\/SC<\/td><\/tr><tr><td class=\"has-text-align-center\" data-align=\"center\">545<\/td><td class=\"has-text-align-center\" data-align=\"center\">Comil Svelto<\/td><td class=\"has-text-align-center\" data-align=\"center\">\u2013<\/td><td class=\"has-text-align-center\" data-align=\"center\">\u2013<\/td><td class=\"has-text-align-center\" data-align=\"center\">\u2013<\/td><td class=\"has-text-align-center\" data-align=\"center\">\u2013<\/td><td class=\"has-text-align-center\" data-align=\"center\">\u2013<\/td><\/tr><tr><td class=\"has-text-align-center\" data-align=\"center\">555<\/td><td class=\"has-text-align-center\" data-align=\"center\">Comil Svelto<\/td><td class=\"has-text-align-center\" data-align=\"center\">\u2013<\/td><td class=\"has-text-align-center\" data-align=\"center\">\u2013<\/td><td class=\"has-text-align-center\" data-align=\"center\">\u2013<\/td><td class=\"has-text-align-center\" data-align=\"center\">\u2013<\/td><td class=\"has-text-align-center\" data-align=\"center\">\u2013<\/td><\/tr><tr><td class=\"has-text-align-center\" data-align=\"center\">565<\/td><td class=\"has-text-align-center\" data-align=\"center\">Comil Condottiere 3.20<\/td><td class=\"has-text-align-center\" data-align=\"center\">Mercedes-Benz OF-1318<\/td><td class=\"has-text-align-center\" data-align=\"center\">\u2013<\/td><td class=\"has-text-align-center\" data-align=\"center\">\u2013<\/td><td class=\"has-text-align-center\" data-align=\"center\">\u2013<\/td><td class=\"has-text-align-center\" data-align=\"center\">\u2013<\/td><\/tr><tr><td class=\"has-text-align-center\" data-align=\"center\">575<\/td><td class=\"has-text-align-center\" data-align=\"center\">Comil Condottiere 3.20<\/td><td class=\"has-text-align-center\" data-align=\"center\">Mercedes-Benz OF-1318<\/td><td class=\"has-text-align-center\" data-align=\"center\">JB2370<\/td><td class=\"has-text-align-center\" data-align=\"center\">\u2013<\/td><td class=\"has-text-align-center\" data-align=\"center\">\u2013<\/td><td class=\"has-text-align-center\" data-align=\"center\">\u2013<\/td><\/tr><tr><td class=\"has-text-align-center\" data-align=\"center\">585<\/td><td class=\"has-text-align-center\" data-align=\"center\">Comil Condottiere 3.20<\/td><td class=\"has-text-align-center\" data-align=\"center\">Mercedes-Benz OF-1318<\/td><td class=\"has-text-align-center\" data-align=\"center\">MCV3210<\/td><td class=\"has-text-align-center\" data-align=\"center\">1991\/1992<\/td><td class=\"has-text-align-center\" data-align=\"center\">\u2013<\/td><td class=\"has-text-align-center\" data-align=\"center\">Lapa\/PR<\/td><\/tr><tr><td class=\"has-text-align-center\" data-align=\"center\">595<\/td><td class=\"has-text-align-center\" data-align=\"center\">Comil Condottiere 3.20<\/td><td class=\"has-text-align-center\" data-align=\"center\">Mercedes-Benz OF-1318<\/td><td class=\"has-text-align-center\" data-align=\"center\">\u2013<\/td><td class=\"has-text-align-center\" data-align=\"center\">\u2013<\/td><td class=\"has-text-align-center\" data-align=\"center\">\u2013<\/td><td class=\"has-text-align-center\" data-align=\"center\">\u2013<\/td><\/tr><tr><td class=\"has-text-align-center\" data-align=\"center\">605<\/td><td class=\"has-text-align-center\" data-align=\"center\">Comil Condottiere 3.20<\/td><td class=\"has-text-align-center\" data-align=\"center\">Mercedes-Benz OF-1318<\/td><td class=\"has-text-align-center\" data-align=\"center\"><sub>JB3102<\/sub><br>LZH3702<\/td><td class=\"has-text-align-center\" data-align=\"center\">1994\/1994<\/td><td class=\"has-text-align-center\" data-align=\"center\">\u2013<\/td><td class=\"has-text-align-center\" data-align=\"center\">Ira\u00ed de Minas\/MG<\/td><\/tr><tr><td class=\"has-text-align-center\" data-align=\"center\">615<\/td><td class=\"has-text-align-center\" data-align=\"center\">Busscar El Buss 320<\/td><td class=\"has-text-align-center\" data-align=\"center\">Mercedes-Benz OF-1618<\/td><td class=\"has-text-align-center\" data-align=\"center\">LWT7469<\/td><td class=\"has-text-align-center\" data-align=\"center\">1994\/1994<\/td><td class=\"has-text-align-center\" data-align=\"center\">\u2013<\/td><td class=\"has-text-align-center\" data-align=\"center\">Pelotas\/RS<\/td><\/tr><tr><td class=\"has-text-align-center\" data-align=\"center\">625<\/td><td class=\"has-text-align-center\" data-align=\"center\">Busscar El Buss 320<\/td><td class=\"has-text-align-center\" data-align=\"center\">Mercedes-Benz OF-1620<\/td><td class=\"has-text-align-center\" data-align=\"center\">LYE4580<\/td><td class=\"has-text-align-center\" data-align=\"center\">1994\/1994<\/td><td class=\"has-text-align-center\" data-align=\"center\">\u2013<\/td><td class=\"has-text-align-center\" data-align=\"center\">Itai\u00f3polis\/SC<\/td><\/tr><tr><td class=\"has-text-align-center\" data-align=\"center\">635<\/td><td class=\"has-text-align-center\" data-align=\"center\">Busscar El Buss 320<\/td><td class=\"has-text-align-center\" data-align=\"center\">Mercedes-Benz OF-1620<\/td><td class=\"has-text-align-center\" data-align=\"center\">LXB5383<\/td><td class=\"has-text-align-center\" data-align=\"center\">1994\/1995<\/td><td class=\"has-text-align-center\" data-align=\"center\">\u2013<\/td><td class=\"has-text-align-center\" data-align=\"center\">Bituruna\/PR<\/td><\/tr><tr><td class=\"has-text-align-center\" data-align=\"center\">645<\/td><td class=\"has-text-align-center\" data-align=\"center\">Busscar El Buss 320<\/td><td class=\"has-text-align-center\" data-align=\"center\">Ford B-1618<\/td><td class=\"has-text-align-center\" data-align=\"center\">LYP7930<\/td><td class=\"has-text-align-center\" data-align=\"center\">1995\/1995<\/td><td class=\"has-text-align-center\" data-align=\"center\">\u2013<\/td><td class=\"has-text-align-center\" data-align=\"center\">Jaragu\u00e1 do Sul\/SC<\/td><\/tr><tr><td class=\"has-text-align-center\" data-align=\"center\">655<\/td><td class=\"has-text-align-center\" data-align=\"center\">Comil Galleggiante 3.40<\/td><td class=\"has-text-align-center\" data-align=\"center\">Mercedes-Benz OF-1620<\/td><td class=\"has-text-align-center\" data-align=\"center\">LYD0317<\/td><td class=\"has-text-align-center\" data-align=\"center\">1996\/1996<\/td><td class=\"has-text-align-center\" data-align=\"center\">\u2013<\/td><td class=\"has-text-align-center\" data-align=\"center\">Ibirama\/SC<\/td><\/tr><tr><td class=\"has-text-align-center\" data-align=\"center\">665<\/td><td class=\"has-text-align-center\" data-align=\"center\">Comil Versatile<\/td><td class=\"has-text-align-center\" data-align=\"center\">Mercedes-Benz OF-1620<\/td><td class=\"has-text-align-center\" data-align=\"center\">LYQ8563<\/td><td class=\"has-text-align-center\" data-align=\"center\">1997\/1997<\/td><td class=\"has-text-align-center\" data-align=\"center\">\u2013<\/td><td class=\"has-text-align-center\" data-align=\"center\">S\u00e3o Miguel d&#8217;Oeste\/SC<\/td><\/tr><tr><td class=\"has-text-align-center\" data-align=\"center\">675<\/td><td class=\"has-text-align-center\" data-align=\"center\">Comil Versatile<\/td><td class=\"has-text-align-center\" data-align=\"center\">Mercedes-Benz OF-1620<\/td><td class=\"has-text-align-center\" data-align=\"center\">LYR1853<\/td><td class=\"has-text-align-center\" data-align=\"center\">1997\/1997<\/td><td class=\"has-text-align-center\" data-align=\"center\">\u2013<\/td><td class=\"has-text-align-center\" data-align=\"center\">Santa Terezinha do Progresso\/SC<\/td><\/tr><tr><td class=\"has-text-align-center\" data-align=\"center\">685<\/td><td class=\"has-text-align-center\" data-align=\"center\">Comil Versatile<\/td><td class=\"has-text-align-center\" data-align=\"center\">Mercedes-Benz OF-1620<\/td><td class=\"has-text-align-center\" data-align=\"center\">LYR1993<\/td><td class=\"has-text-align-center\" data-align=\"center\">1997\/1997<\/td><td class=\"has-text-align-center\" data-align=\"center\">\u2013<\/td><td class=\"has-text-align-center\" data-align=\"center\">Restinga Seca\/RS<\/td><\/tr><tr><td class=\"has-text-align-center\" data-align=\"center\">695<\/td><td class=\"has-text-align-center\" data-align=\"center\">Busscar El Buss 320<\/td><td class=\"has-text-align-center\" data-align=\"center\">VolksBus 16-210 CO<\/td><td class=\"has-text-align-center\" data-align=\"center\">LZW3151<\/td><td class=\"has-text-align-center\" data-align=\"center\">1998\/1998<\/td><td class=\"has-text-align-center\" data-align=\"center\">\u2013<\/td><td class=\"has-text-align-center\" data-align=\"center\">Restinga Seca\/RS<\/td><\/tr><tr><td class=\"has-text-align-center\" data-align=\"center\">705<\/td><td class=\"has-text-align-center\" data-align=\"center\">Busscar El Buss 320<\/td><td class=\"has-text-align-center\" data-align=\"center\">VolksBus 16-210 CO<\/td><td class=\"has-text-align-center\" data-align=\"center\">LZW3161<\/td><td class=\"has-text-align-center\" data-align=\"center\">1998\/1998<\/td><td class=\"has-text-align-center\" data-align=\"center\">\u2013<\/td><td class=\"has-text-align-center\" data-align=\"center\">Bras\u00edlia\/DF<\/td><\/tr><tr><td class=\"has-text-align-center\" data-align=\"center\">715<\/td><td class=\"has-text-align-center\" data-align=\"center\">Comil Campione 3.25<\/td><td class=\"has-text-align-center\" data-align=\"center\">VolksBus 16-210 CO<\/td><td class=\"has-text-align-center\" data-align=\"center\">MDY0320<\/td><td class=\"has-text-align-center\" data-align=\"center\">1998\/1999<\/td><td class=\"has-text-align-center\" data-align=\"center\">\u2013<\/td><td class=\"has-text-align-center\" data-align=\"center\">Ponte Serrada\/SC<\/td><\/tr><tr><td class=\"has-text-align-center\" data-align=\"center\">725<\/td><td class=\"has-text-align-center\" data-align=\"center\">Comil Campione 3.25<\/td><td class=\"has-text-align-center\" data-align=\"center\">VolksBus 16-210 CO<\/td><td class=\"has-text-align-center\" data-align=\"center\">MDY0560<\/td><td class=\"has-text-align-center\" data-align=\"center\">1998\/1999<\/td><td class=\"has-text-align-center\" data-align=\"center\">\u2013<\/td><td class=\"has-text-align-center\" data-align=\"center\">Balne\u00e1rio Cambori\u00fa\/SC<\/td><\/tr><tr><td class=\"has-text-align-center\" data-align=\"center\">735<\/td><td class=\"has-text-align-center\" data-align=\"center\">Busscar El Buss 320<\/td><td class=\"has-text-align-center\" data-align=\"center\">Mercedes-Benz OF-1721<\/td><td class=\"has-text-align-center\" data-align=\"center\">MAP1581<\/td><td class=\"has-text-align-center\" data-align=\"center\">1999\/1999<\/td><td class=\"has-text-align-center\" data-align=\"center\">\u2013<\/td><td class=\"has-text-align-center\" data-align=\"center\">J\u00falio de Castilhos\/RS<\/td><\/tr><tr><td class=\"has-text-align-center\" data-align=\"center\">745<\/td><td class=\"has-text-align-center\" data-align=\"center\">Busscar El Buss 320<\/td><td class=\"has-text-align-center\" data-align=\"center\">VolksBus 16-210 CO<\/td><td class=\"has-text-align-center\" data-align=\"center\">MBK9538<\/td><td class=\"has-text-align-center\" data-align=\"center\">1999\/1999<\/td><td class=\"has-text-align-center\" data-align=\"center\">\u2013<\/td><td class=\"has-text-align-center\" data-align=\"center\">Jacinto Machado\/SC<\/td><\/tr><tr><td class=\"has-text-align-center\" data-align=\"center\">755<\/td><td class=\"has-text-align-center\" data-align=\"center\">Busscar El Buss 320<\/td><td class=\"has-text-align-center\" data-align=\"center\">VolksBus 16-210 CO<\/td><td class=\"has-text-align-center\" data-align=\"center\">MBK9548<\/td><td class=\"has-text-align-center\" data-align=\"center\">1999\/1999<\/td><td class=\"has-text-align-center\" data-align=\"center\">\u2013<\/td><td class=\"has-text-align-center\" data-align=\"center\">Ilhota\/SC<\/td><\/tr><tr><td class=\"has-text-align-center\" data-align=\"center\">765<\/td><td class=\"has-text-align-center\" data-align=\"center\">Comil Campione 3.45<\/td><td class=\"has-text-align-center\" data-align=\"center\">VolksBus 16-210 CO<\/td><td class=\"has-text-align-center\" data-align=\"center\">MBH3146<\/td><td class=\"has-text-align-center\" data-align=\"center\">2000\/2000<\/td><td class=\"has-text-align-center\" data-align=\"center\">\u2013<\/td><td class=\"has-text-align-center\" data-align=\"center\">Bigua\u00e7u\/SC<\/td><\/tr><tr><td class=\"has-text-align-center\" data-align=\"center\">775<\/td><td class=\"has-text-align-center\" data-align=\"center\">Comil Campione 3.45<\/td><td class=\"has-text-align-center\" data-align=\"center\">VolksBus 16-210 CO<\/td><td class=\"has-text-align-center\" data-align=\"center\">MBH1926<\/td><td class=\"has-text-align-center\" data-align=\"center\">2000\/2000<\/td><td class=\"has-text-align-center\" data-align=\"center\">\u2013<\/td><td class=\"has-text-align-center\" data-align=\"center\">Santa Maria\/RS<\/td><\/tr><tr><td class=\"has-text-align-center\" data-align=\"center\">785<\/td><td class=\"has-text-align-center\" data-align=\"center\">Comil Campione 3.45<\/td><td class=\"has-text-align-center\" data-align=\"center\">VolksBus 16-210 CO<\/td><td class=\"has-text-align-center\" data-align=\"center\">MBH3176<\/td><td class=\"has-text-align-center\" data-align=\"center\">2000\/2000<\/td><td class=\"has-text-align-center\" data-align=\"center\">\u2013<\/td><td class=\"has-text-align-center\" data-align=\"center\">Bigua\u00e7u\/SC<\/td><\/tr><tr><td class=\"has-text-align-center\" data-align=\"center\">795<\/td><td class=\"has-text-align-center\" data-align=\"center\">Comil Campione 3.45<\/td><td class=\"has-text-align-center\" data-align=\"center\">VolksBus 16-210 CO<\/td><td class=\"has-text-align-center\" data-align=\"center\">MBY1042<\/td><td class=\"has-text-align-center\" data-align=\"center\">2001\/2001<\/td><td class=\"has-text-align-center\" data-align=\"center\">\u2013<\/td><td class=\"has-text-align-center\" data-align=\"center\">Bigua\u00e7u\/SC<\/td><\/tr><tr><td class=\"has-text-align-center\" data-align=\"center\">805<\/td><td class=\"has-text-align-center\" data-align=\"center\">Comil Campione 3.45<\/td><td class=\"has-text-align-center\" data-align=\"center\">VolksBus 16-210 CO<\/td><td class=\"has-text-align-center\" data-align=\"center\">MBY1002<\/td><td class=\"has-text-align-center\" data-align=\"center\">2001\/2001<\/td><td class=\"has-text-align-center\" data-align=\"center\">\u2013<\/td><td class=\"has-text-align-center\" data-align=\"center\">Bigua\u00e7u\/SC<\/td><\/tr><tr><td class=\"has-text-align-center\" data-align=\"center\">815<\/td><td class=\"has-text-align-center\" data-align=\"center\">Comil Campione 3.45<\/td><td class=\"has-text-align-center\" data-align=\"center\">VolksBus 16-210 CO<\/td><td class=\"has-text-align-center\" data-align=\"center\">MBY0962<\/td><td class=\"has-text-align-center\" data-align=\"center\">2001\/2001<\/td><td class=\"has-text-align-center\" data-align=\"center\">\u2013<\/td><td class=\"has-text-align-center\" data-align=\"center\">Bigua\u00e7u\/SC<\/td><\/tr><tr><td class=\"has-text-align-center\" data-align=\"center\">825<\/td><td class=\"has-text-align-center\" data-align=\"center\">Comil Campione 3.45<\/td><td class=\"has-text-align-center\" data-align=\"center\">VolksBus 16-210 CO<\/td><td class=\"has-text-align-center\" data-align=\"center\">MBY1052<\/td><td class=\"has-text-align-center\" data-align=\"center\">2001\/2001<\/td><td class=\"has-text-align-center\" data-align=\"center\">\u2013<\/td><td class=\"has-text-align-center\" data-align=\"center\">Bigua\u00e7u\/SC<\/td><\/tr><tr><td class=\"has-text-align-center\" data-align=\"center\">835<\/td><td class=\"has-text-align-center\" data-align=\"center\">Busscar El Buss 340<\/td><td class=\"has-text-align-center\" data-align=\"center\">VolksBus 17-240 OT<\/td><td class=\"has-text-align-center\" data-align=\"center\">MFA1540<\/td><td class=\"has-text-align-center\" data-align=\"center\">2001\/2001<\/td><td class=\"has-text-align-center\" data-align=\"center\">\u2013<\/td><td class=\"has-text-align-center\" data-align=\"center\">Itaja\u00ed\/SC<\/td><\/tr><tr><td class=\"has-text-align-center\" data-align=\"center\">845<\/td><td class=\"has-text-align-center\" data-align=\"center\">Busscar Vissta Buss LO<\/td><td class=\"has-text-align-center\" data-align=\"center\">Mercedes-Benz OH-1628L<\/td><td class=\"has-text-align-center\" data-align=\"center\">MBT9426<\/td><td class=\"has-text-align-center\" data-align=\"center\">2001\/2001<\/td><td class=\"has-text-align-center\" data-align=\"center\">\u2013<\/td><td class=\"has-text-align-center\" data-align=\"center\">Massaranduba\/SC<\/td><\/tr><tr><td class=\"has-text-align-center\" data-align=\"center\">855<\/td><td class=\"has-text-align-center\" data-align=\"center\">Comil Campione 3.45<\/td><td class=\"has-text-align-center\" data-align=\"center\">VolksBus 17-240 OT<\/td><td class=\"has-text-align-center\" data-align=\"center\">MBN6325<\/td><td class=\"has-text-align-center\" data-align=\"center\">2001\/2001<\/td><td class=\"has-text-align-center\" data-align=\"center\">\u2013<\/td><td class=\"has-text-align-center\" data-align=\"center\">Treze T\u00edlias\/SC<\/td><\/tr><tr><td class=\"has-text-align-center\" data-align=\"center\">885<\/td><td class=\"has-text-align-center\" data-align=\"center\">Comil Campione 3.45<\/td><td class=\"has-text-align-center\" data-align=\"center\">VolksBus 17-210 OD<\/td><td class=\"has-text-align-center\" data-align=\"center\">MBR5114<\/td><td class=\"has-text-align-center\" data-align=\"center\">2002\/2002<\/td><td class=\"has-text-align-center\" data-align=\"center\">\u2013<\/td><td class=\"has-text-align-center\" data-align=\"center\">Bigua\u00e7u\/SC<\/td><\/tr><tr><td class=\"has-text-align-center\" data-align=\"center\">915<\/td><td class=\"has-text-align-center\" data-align=\"center\">Comil Campione 3.45<\/td><td class=\"has-text-align-center\" data-align=\"center\">Mercedes-Benz OF-1721<\/td><td class=\"has-text-align-center\" data-align=\"center\">MCB9864<\/td><td class=\"has-text-align-center\" data-align=\"center\">2004\/2004<\/td><td class=\"has-text-align-center\" data-align=\"center\">\u2013<\/td><td class=\"has-text-align-center\" data-align=\"center\">Bigua\u00e7u\/SC<\/td><\/tr><tr><td class=\"has-text-align-center\" data-align=\"center\">925<\/td><td class=\"has-text-align-center\" data-align=\"center\">Comil Campione 3.45<\/td><td class=\"has-text-align-center\" data-align=\"center\">Mercedes-Benz OF-1721<\/td><td class=\"has-text-align-center\" data-align=\"center\">MCB9994<\/td><td class=\"has-text-align-center\" data-align=\"center\">2004\/2004<\/td><td class=\"has-text-align-center\" data-align=\"center\">\u2013<\/td><td class=\"has-text-align-center\" data-align=\"center\">Bigua\u00e7u\/SC<\/td><\/tr><tr><td class=\"has-text-align-center\" data-align=\"center\">935<\/td><td class=\"has-text-align-center\" data-align=\"center\">Comil Campione 3.45<\/td><td class=\"has-text-align-center\" data-align=\"center\">Mercedes-Benz OF-1721<\/td><td class=\"has-text-align-center\" data-align=\"center\">MCB9744<\/td><td class=\"has-text-align-center\" data-align=\"center\">2004\/2004<\/td><td class=\"has-text-align-center\" data-align=\"center\">\u2013<\/td><td class=\"has-text-align-center\" data-align=\"center\">Bigua\u00e7u\/SC<\/td><\/tr><tr><td class=\"has-text-align-center\" data-align=\"center\">1065<\/td><td class=\"has-text-align-center\" data-align=\"center\">Marcopolo Ideale 770<\/td><td class=\"has-text-align-center\" data-align=\"center\">Mercedes-Benz OF-1722M<\/td><td class=\"has-text-align-center\" data-align=\"center\">KZW5134<\/td><td class=\"has-text-align-center\" data-align=\"center\">2006\/2006<\/td><td class=\"has-text-align-center\" data-align=\"center\">Ex-Lacosta RJ 573.018 (RJ)<\/td><td class=\"has-text-align-center\" data-align=\"center\">Crissiumal\/RS<\/td><\/tr><tr><td class=\"has-text-align-center\" data-align=\"center\">1065<\/td><td class=\"has-text-align-center\" data-align=\"center\">Mascarello Roma 310<\/td><td class=\"has-text-align-center\" data-align=\"center\">VolksBus 17-230 OD<\/td><td class=\"has-text-align-center\" data-align=\"center\">LQP8B36<\/td><td class=\"has-text-align-center\" data-align=\"center\">2012\/2012<\/td><td class=\"has-text-align-center\" data-align=\"center\">Ex-Dom Bosco RJ 551.068 (RJ)<\/td><td class=\"has-text-align-center\" data-align=\"center\">Paulo Lopes\/SC<\/td><\/tr><tr><td class=\"has-text-align-center\" data-align=\"center\">2000<\/td><td class=\"has-text-align-center\" data-align=\"center\">Marcopolo Volare A8<\/td><td class=\"has-text-align-center\" data-align=\"center\">Volare A8 Agrale<\/td><td class=\"has-text-align-center\" data-align=\"center\">MAA9746<\/td><td class=\"has-text-align-center\" data-align=\"center\">1998\/1998<\/td><td class=\"has-text-align-center\" data-align=\"center\">\u2013<\/td><td class=\"has-text-align-center\" data-align=\"center\">Itaja\u00ed\/SC<\/td><\/tr><tr><td class=\"has-text-align-center\" data-align=\"center\">2001<\/td><td class=\"has-text-align-center\" data-align=\"center\">Marcopolo Volare A8<\/td><td class=\"has-text-align-center\" data-align=\"center\">Volare A8 Agrale<\/td><td class=\"has-text-align-center\" data-align=\"center\">MAA9746<\/td><td class=\"has-text-align-center\" data-align=\"center\">1998\/1998<\/td><td class=\"has-text-align-center\" data-align=\"center\">Ex-Praiana 2000 (SC)<\/td><td class=\"has-text-align-center\" data-align=\"center\">Itaja\u00ed\/SC<\/td><\/tr><tr><td class=\"has-text-align-center\" data-align=\"center\">2002<\/td><td class=\"has-text-align-center\" data-align=\"center\">Busscar Micruss<\/td><td class=\"has-text-align-center\" data-align=\"center\">VolksBus 8-140 CO<\/td><td class=\"has-text-align-center\" data-align=\"center\">MBP8039<\/td><td class=\"has-text-align-center\" data-align=\"center\">1999\/1999<\/td><td class=\"has-text-align-center\" data-align=\"center\">\u2013<\/td><td class=\"has-text-align-center\" data-align=\"center\">Itaja\u00ed\/SC<\/td><\/tr><tr><td class=\"has-text-align-center\" data-align=\"center\">2003<\/td><td class=\"has-text-align-center\" data-align=\"center\">Busscar Micruss<\/td><td class=\"has-text-align-center\" data-align=\"center\">Agrale MA 8.5 T<\/td><td class=\"has-text-align-center\" data-align=\"center\">MAW2144<\/td><td class=\"has-text-align-center\" data-align=\"center\">2000\/2000<\/td><td class=\"has-text-align-center\" data-align=\"center\">\u2013<\/td><td class=\"has-text-align-center\" data-align=\"center\">Itaja\u00ed\/SC<\/td><\/tr><tr><td class=\"has-text-align-center\" data-align=\"center\">2004<\/td><td class=\"has-text-align-center\" data-align=\"center\">Comil Pi\u00e1<\/td><td class=\"has-text-align-center\" data-align=\"center\">VolksBus 9-150 OD<\/td><td class=\"has-text-align-center\" data-align=\"center\">MBY1032<\/td><td class=\"has-text-align-center\" data-align=\"center\">2001\/2001<\/td><td class=\"has-text-align-center\" data-align=\"center\">\u2013<\/td><td class=\"has-text-align-center\" data-align=\"center\">Itaja\u00ed\/SC<\/td><\/tr><tr><td class=\"has-text-align-center\" data-align=\"center\">2005<\/td><td class=\"has-text-align-center\" data-align=\"center\">Marcopolo Senior GV<\/td><td class=\"has-text-align-center\" data-align=\"center\">Mercedes-Benz LO-814<\/td><td class=\"has-text-align-center\" data-align=\"center\">LYC1628<\/td><td class=\"has-text-align-center\" data-align=\"center\">1996\/1996<\/td><td class=\"has-text-align-center\" data-align=\"center\">Ex-<a href=\"https:\/\/mundoonibus.com.br\/site\/portfolio\/expressul\/\" target=\"_blank\" rel=\"noreferrer noopener\">Expressul<\/a> 12 (SC)<\/td><td class=\"has-text-align-center\" data-align=\"center\">Santa Maria\/RS<\/td><\/tr><tr><td class=\"has-text-align-center\" data-align=\"center\">2005<\/td><td class=\"has-text-align-center\" data-align=\"center\">Busscar Micruss<\/td><td class=\"has-text-align-center\" data-align=\"center\">VolksBus 8-140 CO<\/td><td class=\"has-text-align-center\" data-align=\"center\">MBP3269<\/td><td class=\"has-text-align-center\" data-align=\"center\">1999\/1999<\/td><td class=\"has-text-align-center\" data-align=\"center\">Ex-Praiana 5002 (SC)<\/td><td class=\"has-text-align-center\" data-align=\"center\">Itaja\u00ed\/SC<\/td><\/tr><tr><td class=\"has-text-align-center\" data-align=\"center\">2007<\/td><td class=\"has-text-align-center\" data-align=\"center\">Busscar Micruss II<\/td><td class=\"has-text-align-center\" data-align=\"center\">Mercedes-Benz LO-915<\/td><td class=\"has-text-align-center\" data-align=\"center\">MHT6832<\/td><td class=\"has-text-align-center\" data-align=\"center\">2007\/2007<\/td><td class=\"has-text-align-center\" data-align=\"center\">\u2013<\/td><td class=\"has-text-align-center\" data-align=\"center\">Itaja\u00ed\/SC<\/td><\/tr><tr><td class=\"has-text-align-center\" data-align=\"center\">2010<\/td><td class=\"has-text-align-center\" data-align=\"center\">Busscar Urbanuss<\/td><td class=\"has-text-align-center\" data-align=\"center\">VolksBus 16-210 CO<\/td><td class=\"has-text-align-center\" data-align=\"center\">MBK9558<\/td><td class=\"has-text-align-center\" data-align=\"center\">1999\/1999<\/td><td class=\"has-text-align-center\" data-align=\"center\">\u2013<\/td><td class=\"has-text-align-center\" data-align=\"center\">Cambori\u00fa\/SC<\/td><\/tr><tr><td class=\"has-text-align-center\" data-align=\"center\">2011<\/td><td class=\"has-text-align-center\" data-align=\"center\">Busscar Urbanuss<\/td><td class=\"has-text-align-center\" data-align=\"center\">VolksBus 16-210 CO<\/td><td class=\"has-text-align-center\" data-align=\"center\">MBK9568<\/td><td class=\"has-text-align-center\" data-align=\"center\">1999\/1999<\/td><td class=\"has-text-align-center\" data-align=\"center\">\u2013<\/td><td class=\"has-text-align-center\" data-align=\"center\">Itaja\u00ed\/SC<\/td><\/tr><tr><td class=\"has-text-align-center\" data-align=\"center\">2012<\/td><td class=\"has-text-align-center\" data-align=\"center\">Comil Svelto IV<\/td><td class=\"has-text-align-center\" data-align=\"center\">VolksBus 16-210 CO<\/td><td class=\"has-text-align-center\" data-align=\"center\">MBH3536<\/td><td class=\"has-text-align-center\" data-align=\"center\">2000\/2000<\/td><td class=\"has-text-align-center\" data-align=\"center\">\u2013<\/td><td class=\"has-text-align-center\" data-align=\"center\">Ca\u00e7ador\/SC<\/td><\/tr><tr><td class=\"has-text-align-center\" data-align=\"center\">2013<\/td><td class=\"has-text-align-center\" data-align=\"center\">Busscar Urbanus II<\/td><td class=\"has-text-align-center\" data-align=\"center\">Mercedes-Benz OF-1620<\/td><td class=\"has-text-align-center\" data-align=\"center\">LYR1323<\/td><td class=\"has-text-align-center\" data-align=\"center\">1997\/1997<\/td><td class=\"has-text-align-center\" data-align=\"center\">Ex-Praiana 9703 (SC)<\/td><td class=\"has-text-align-center\" data-align=\"center\">Itaja\u00ed\/SC<\/td><\/tr><tr><td class=\"has-text-align-center\" data-align=\"center\">2014<\/td><td class=\"has-text-align-center\" data-align=\"center\">Busscar Urbanus II<\/td><td class=\"has-text-align-center\" data-align=\"center\">Mercedes-Benz OF-1620<\/td><td class=\"has-text-align-center\" data-align=\"center\">LYQ9683<\/td><td class=\"has-text-align-center\" data-align=\"center\">1997\/1997<\/td><td class=\"has-text-align-center\" data-align=\"center\">Ex-Praiana 9702 (SC)<\/td><td class=\"has-text-align-center\" data-align=\"center\">Itaja\u00ed\/SC<\/td><\/tr><tr><td class=\"has-text-align-center\" data-align=\"center\">2015<\/td><td class=\"has-text-align-center\" data-align=\"center\">Busscar Urbanus II<\/td><td class=\"has-text-align-center\" data-align=\"center\">Mercedes-Benz OF-1620<\/td><td class=\"has-text-align-center\" data-align=\"center\">LYQ9653<\/td><td class=\"has-text-align-center\" data-align=\"center\">1997\/1997<\/td><td class=\"has-text-align-center\" data-align=\"center\">Ex-Praiana 9701 (SC)<\/td><td class=\"has-text-align-center\" data-align=\"center\">Itaja\u00ed\/SC<\/td><\/tr><tr><td class=\"has-text-align-center\" data-align=\"center\">2016<\/td><td class=\"has-text-align-center\" data-align=\"center\">Comil Svelto III<\/td><td class=\"has-text-align-center\" data-align=\"center\">VolksBus 16-210 CO<\/td><td class=\"has-text-align-center\" data-align=\"center\">MDY0460<\/td><td class=\"has-text-align-center\" data-align=\"center\">1998\/1999<\/td><td class=\"has-text-align-center\" data-align=\"center\">Ex-Praiana 9901 (SC)<\/td><td class=\"has-text-align-center\" data-align=\"center\">Itaja\u00ed\/SC<\/td><\/tr><tr><td class=\"has-text-align-center\" data-align=\"center\">2017<\/td><td class=\"has-text-align-center\" data-align=\"center\">Marcopolo Viale<\/td><td class=\"has-text-align-center\" data-align=\"center\">Mercedes-Benz OF-1721<\/td><td class=\"has-text-align-center\" data-align=\"center\">MCK4512<\/td><td class=\"has-text-align-center\" data-align=\"center\">2002\/2002<\/td><td class=\"has-text-align-center\" data-align=\"center\">Ex-Praiana 2502 (SC)<\/td><td class=\"has-text-align-center\" data-align=\"center\">Itaja\u00ed\/SC<\/td><\/tr><tr><td class=\"has-text-align-center\" data-align=\"center\">2101<\/td><td class=\"has-text-align-center\" data-align=\"center\">Comil Svelto IV<\/td><td class=\"has-text-align-center\" data-align=\"center\">VolksBus 16-210 CO<\/td><td class=\"has-text-align-center\" data-align=\"center\">MBT4651<\/td><td class=\"has-text-align-center\" data-align=\"center\">2001\/2001<\/td><td class=\"has-text-align-center\" data-align=\"center\">\u2013<\/td><td class=\"has-text-align-center\" data-align=\"center\">Ca\u00e7ador\/SC<\/td><\/tr><tr><td class=\"has-text-align-center\" data-align=\"center\">2102<\/td><td class=\"has-text-align-center\" data-align=\"center\">Busscar Urbanuss Pluss<\/td><td class=\"has-text-align-center\" data-align=\"center\">Mercedes-Benz OH-1621LE<\/td><td class=\"has-text-align-center\" data-align=\"center\">MFG6910<\/td><td class=\"has-text-align-center\" data-align=\"center\">2001\/2001<\/td><td class=\"has-text-align-center\" data-align=\"center\">\u2013<\/td><td class=\"has-text-align-center\" data-align=\"center\">Balne\u00e1rio Cambori\u00fa\/SC<\/td><\/tr><tr><td class=\"has-text-align-center\" data-align=\"center\">2103<\/td><td class=\"has-text-align-center\" data-align=\"center\">Comil Svelto IV<\/td><td class=\"has-text-align-center\" data-align=\"center\">VolksBus 16-210 CO<\/td><td class=\"has-text-align-center\" data-align=\"center\">MCA2302<\/td><td class=\"has-text-align-center\" data-align=\"center\">2001\/2001<\/td><td class=\"has-text-align-center\" data-align=\"center\">Ex-<a href=\"https:\/\/mundoonibus.com.br\/site\/portfolio\/ctt\/\" target=\"_blank\" rel=\"noreferrer noopener\">CTT<\/a> 1600 (SC)<\/td><td class=\"has-text-align-center\" data-align=\"center\">Itaja\u00ed\/SC<\/td><\/tr><tr><td class=\"has-text-align-center\" data-align=\"center\">2201<\/td><td class=\"has-text-align-center\" data-align=\"center\">Comil Svelto IV<\/td><td class=\"has-text-align-center\" data-align=\"center\">Mercedes-Benz OF-1721<\/td><td class=\"has-text-align-center\" data-align=\"center\">MCK4532<\/td><td class=\"has-text-align-center\" data-align=\"center\">2002\/2002<\/td><td class=\"has-text-align-center\" data-align=\"center\">\u2013<\/td><td class=\"has-text-align-center\" data-align=\"center\">Itaja\u00ed\/SC<\/td><\/tr><tr><td class=\"has-text-align-center\" data-align=\"center\">2202<\/td><td class=\"has-text-align-center\" data-align=\"center\">Comil Svelto IV<\/td><td class=\"has-text-align-center\" data-align=\"center\">Mercedes-Benz OF-1721<\/td><td class=\"has-text-align-center\" data-align=\"center\">MCK4502<\/td><td class=\"has-text-align-center\" data-align=\"center\">2002\/2002<\/td><td class=\"has-text-align-center\" data-align=\"center\">\u2013<\/td><td class=\"has-text-align-center\" data-align=\"center\">Itaja\u00ed\/SC<\/td><\/tr><tr><td class=\"has-text-align-center\" data-align=\"center\">2203<\/td><td class=\"has-text-align-center\" data-align=\"center\">Comil Svelto IV<\/td><td class=\"has-text-align-center\" data-align=\"center\">VolksBus 17-210 OD<\/td><td class=\"has-text-align-center\" data-align=\"center\">MBR5124<\/td><td class=\"has-text-align-center\" data-align=\"center\">2002\/2002<\/td><td class=\"has-text-align-center\" data-align=\"center\">\u2013<\/td><td class=\"has-text-align-center\" data-align=\"center\">Itaja\u00ed\/SC<\/td><\/tr><tr><td class=\"has-text-align-center\" data-align=\"center\">2204<\/td><td class=\"has-text-align-center\" data-align=\"center\">Comil Svelto IV<\/td><td class=\"has-text-align-center\" data-align=\"center\">VolksBus 17-210 OD<\/td><td class=\"has-text-align-center\" data-align=\"center\">MBR5134<\/td><td class=\"has-text-align-center\" data-align=\"center\">2002\/2002<\/td><td class=\"has-text-align-center\" data-align=\"center\">\u2013<\/td><td class=\"has-text-align-center\" data-align=\"center\">Itaja\u00ed\/SC<\/td><\/tr><tr><td class=\"has-text-align-center\" data-align=\"center\">2301<\/td><td class=\"has-text-align-center\" data-align=\"center\">Comil Svelto IV<\/td><td class=\"has-text-align-center\" data-align=\"center\">Mercedes-Benz OF-1721<\/td><td class=\"has-text-align-center\" data-align=\"center\">MCD4203<\/td><td class=\"has-text-align-center\" data-align=\"center\">2003\/2003<\/td><td class=\"has-text-align-center\" data-align=\"center\">\u2013<\/td><td class=\"has-text-align-center\" data-align=\"center\">Itaja\u00ed\/SC<\/td><\/tr><tr><td class=\"has-text-align-center\" data-align=\"center\">2302<\/td><td class=\"has-text-align-center\" data-align=\"center\">Comil Svelto IV<\/td><td class=\"has-text-align-center\" data-align=\"center\">Mercedes-Benz OF-1721<\/td><td class=\"has-text-align-center\" data-align=\"center\">MCD4603<\/td><td class=\"has-text-align-center\" data-align=\"center\">2003\/2003<\/td><td class=\"has-text-align-center\" data-align=\"center\">\u2013<\/td><td class=\"has-text-align-center\" data-align=\"center\">Cambori\u00fa\/SC<\/td><\/tr><tr><td class=\"has-text-align-center\" data-align=\"center\">2303<\/td><td class=\"has-text-align-center\" data-align=\"center\">Comil Svelto IV<\/td><td class=\"has-text-align-center\" data-align=\"center\">VolksBus 17-210 OD<\/td><td class=\"has-text-align-center\" data-align=\"center\">MDU7812<\/td><td class=\"has-text-align-center\" data-align=\"center\">2003\/2003<\/td><td class=\"has-text-align-center\" data-align=\"center\">\u2013<\/td><td class=\"has-text-align-center\" data-align=\"center\">Itaja\u00ed\/SC<\/td><\/tr><tr><td class=\"has-text-align-center\" data-align=\"center\">2401<\/td><td class=\"has-text-align-center\" data-align=\"center\">Mascarello GranVia<\/td><td class=\"has-text-align-center\" data-align=\"center\">VolksBus 17-210 EOD<\/td><td class=\"has-text-align-center\" data-align=\"center\">MCN0833<\/td><td class=\"has-text-align-center\" data-align=\"center\">2004\/2004<\/td><td class=\"has-text-align-center\" data-align=\"center\">\u2013<\/td><td class=\"has-text-align-center\" data-align=\"center\">Itaja\u00ed\/SC<\/td><\/tr><tr><td class=\"has-text-align-center\" data-align=\"center\">2402<\/td><td class=\"has-text-align-center\" data-align=\"center\">Mascarello GranVia<\/td><td class=\"has-text-align-center\" data-align=\"center\">VolksBus 17-210 EOD<\/td><td class=\"has-text-align-center\" data-align=\"center\">MCN0823<\/td><td class=\"has-text-align-center\" data-align=\"center\">2004\/2004<\/td><td class=\"has-text-align-center\" data-align=\"center\">\u2013<\/td><td class=\"has-text-align-center\" data-align=\"center\">Itaja\u00ed\/SC<\/td><\/tr><tr><td class=\"has-text-align-center\" data-align=\"center\">2403<\/td><td class=\"has-text-align-center\" data-align=\"center\">Busscar Urbanuss Pluss<\/td><td class=\"has-text-align-center\" data-align=\"center\">VolksBus 17-210 EOD<\/td><td class=\"has-text-align-center\" data-align=\"center\">MCN0773<\/td><td class=\"has-text-align-center\" data-align=\"center\">2004\/2004<\/td><td class=\"has-text-align-center\" data-align=\"center\">\u2013<\/td><td class=\"has-text-align-center\" data-align=\"center\">Itaja\u00ed\/SC<\/td><\/tr><tr><td class=\"has-text-align-center\" data-align=\"center\">2404<\/td><td class=\"has-text-align-center\" data-align=\"center\">Neobus Thunder<\/td><td class=\"has-text-align-center\" data-align=\"center\">Mercedes-Benz LO-914<\/td><td class=\"has-text-align-center\" data-align=\"center\">KXL0134<\/td><td class=\"has-text-align-center\" data-align=\"center\">2004\/2004<\/td><td class=\"has-text-align-center\" data-align=\"center\">Ex-Lourdes 58094 (RJ)<\/td><td class=\"has-text-align-center\" data-align=\"center\">Porto Belo\/SC<\/td><\/tr><tr><td class=\"has-text-align-center\" data-align=\"center\">2501<\/td><td class=\"has-text-align-center\" data-align=\"center\">Comil Svelto IV<\/td><td class=\"has-text-align-center\" data-align=\"center\">VolksBus 17-210 OD<\/td><td class=\"has-text-align-center\" data-align=\"center\">MDU7802<\/td><td class=\"has-text-align-center\" data-align=\"center\">2003\/2003<\/td><td class=\"has-text-align-center\" data-align=\"center\">Ex-<a href=\"https:\/\/mundoonibus.com.br\/site\/portfolio\/ctt\/\" target=\"_blank\" rel=\"noreferrer noopener\">CTT<\/a> 1800 (SC)<\/td><td class=\"has-text-align-center\" data-align=\"center\">Itaja\u00ed\/SC<\/td><\/tr><tr><td class=\"has-text-align-center\" data-align=\"center\">2502<\/td><td class=\"has-text-align-center\" data-align=\"center\">Marcopolo Viale<\/td><td class=\"has-text-align-center\" data-align=\"center\">Mercedes-Benz OF-1721<\/td><td class=\"has-text-align-center\" data-align=\"center\">MCK4512<\/td><td class=\"has-text-align-center\" data-align=\"center\">2002\/2002<\/td><td class=\"has-text-align-center\" data-align=\"center\">Ex-<a href=\"https:\/\/mundoonibus.com.br\/site\/portfolio\/ctt\/\" target=\"_blank\" rel=\"noreferrer noopener\">CTT<\/a> 1700 (SC)<\/td><td class=\"has-text-align-center\" data-align=\"center\">Itaja\u00ed\/SC<\/td><\/tr><tr><td class=\"has-text-align-center\" data-align=\"center\">2503<\/td><td class=\"has-text-align-center\" data-align=\"center\">Caio Apache Vip<\/td><td class=\"has-text-align-center\" data-align=\"center\">VolksBus 15-180 EOD<\/td><td class=\"has-text-align-center\" data-align=\"center\">MDA3815<\/td><td class=\"has-text-align-center\" data-align=\"center\">2005\/2005<\/td><td class=\"has-text-align-center\" data-align=\"center\">Ex-<a href=\"https:\/\/mundoonibus.com.br\/site\/portfolio\/ctt\/\" target=\"_blank\" rel=\"noreferrer noopener\"><\/a><a href=\"https:\/\/mundoonibus.com.br\/site\/portfolio\/ctt\/\" target=\"_blank\" rel=\"noreferrer noopener\">CTT<\/a> 1900 (SC)<\/td><td class=\"has-text-align-center\" data-align=\"center\">Ascurra\/SC<\/td><\/tr><tr><td class=\"has-text-align-center\" data-align=\"center\">2601<\/td><td class=\"has-text-align-center\" data-align=\"center\">Mascarello GranMicro<\/td><td class=\"has-text-align-center\" data-align=\"center\">VolksBus 9-150 EOD<\/td><td class=\"has-text-align-center\" data-align=\"center\">MDK0565<\/td><td class=\"has-text-align-center\" data-align=\"center\">2006\/2006<\/td><td class=\"has-text-align-center\" data-align=\"center\">\u2013<\/td><td class=\"has-text-align-center\" data-align=\"center\">Itaja\u00ed\/SC<\/td><\/tr><tr><td class=\"has-text-align-center\" data-align=\"center\">2602<\/td><td class=\"has-text-align-center\" data-align=\"center\">Mascarello GranMicro<\/td><td class=\"has-text-align-center\" data-align=\"center\">VolksBus 9-150 EOD<\/td><td class=\"has-text-align-center\" data-align=\"center\">MDK0535<\/td><td class=\"has-text-align-center\" data-align=\"center\">2006\/2006<\/td><td class=\"has-text-align-center\" data-align=\"center\">\u2013<\/td><td class=\"has-text-align-center\" data-align=\"center\">Schroeder\/SC<\/td><\/tr><tr><td class=\"has-text-align-center\" data-align=\"center\">2603<\/td><td class=\"has-text-align-center\" data-align=\"center\">Mascarello GranMidi<\/td><td class=\"has-text-align-center\" data-align=\"center\">Mercedes-Benz OF-1418<\/td><td class=\"has-text-align-center\" data-align=\"center\">MDK0605<\/td><td class=\"has-text-align-center\" data-align=\"center\">2006\/2006<\/td><td class=\"has-text-align-center\" data-align=\"center\">\u2013<\/td><td class=\"has-text-align-center\" data-align=\"center\">Itaja\u00ed\/SC<\/td><\/tr><tr><td class=\"has-text-align-center\" data-align=\"center\"><strong><a href=\"https:\/\/mundoonibus.com.br\/site\/wp-content\/uploads\/2024\/12\/Praiana-2603.jpg\" data-lbwps-width=\"1600\" data-lbwps-height=\"1199\" data-lbwps-srcsmall=\"https:\/\/mundoonibus.com.br\/site\/wp-content\/uploads\/2024\/12\/Praiana-2603-300x225.jpg\">2603<\/a><\/strong><\/td><td class=\"has-text-align-center\" data-align=\"center\">Busscar Micruss II<\/td><td class=\"has-text-align-center\" data-align=\"center\">VolksBus 9-150 EOD<\/td><td class=\"has-text-align-center\" data-align=\"center\">MGP4071<\/td><td class=\"has-text-align-center\" data-align=\"center\">2007\/2008<\/td><td class=\"has-text-align-center\" data-align=\"center\">Ex-Praiana 5003 (SC)<\/td><td class=\"has-text-align-center\" data-align=\"center\">S\u00e3o Jos\u00e9\/SC<\/td><\/tr><tr><td class=\"has-text-align-center\" data-align=\"center\">2604<\/td><td class=\"has-text-align-center\" data-align=\"center\">Mascarello GranMidi<\/td><td class=\"has-text-align-center\" data-align=\"center\">Mercedes-Benz OF-1418<\/td><td class=\"has-text-align-center\" data-align=\"center\">MDK0595<\/td><td class=\"has-text-align-center\" data-align=\"center\">2006\/2006<\/td><td class=\"has-text-align-center\" data-align=\"center\">\u2013<\/td><td class=\"has-text-align-center\" data-align=\"center\">Itaja\u00ed\/SC<\/td><\/tr><tr><td class=\"has-text-align-center\" data-align=\"center\">2701<\/td><td class=\"has-text-align-center\" data-align=\"center\">Mascarello GranVia<\/td><td class=\"has-text-align-center\" data-align=\"center\">Mercedes-Benz OF-1722M<\/td><td class=\"has-text-align-center\" data-align=\"center\">MDK0525<\/td><td class=\"has-text-align-center\" data-align=\"center\">2006\/2006<\/td><td class=\"has-text-align-center\" data-align=\"center\">\u2013<\/td><td class=\"has-text-align-center\" data-align=\"center\">Itaja\u00ed\/SC<\/td><\/tr><tr><td class=\"has-text-align-center\" data-align=\"center\">2702<\/td><td class=\"has-text-align-center\" data-align=\"center\">Mascarello GranVia<\/td><td class=\"has-text-align-center\" data-align=\"center\">Mercedes-Benz OF-1722M<\/td><td class=\"has-text-align-center\" data-align=\"center\">MDK0495<\/td><td class=\"has-text-align-center\" data-align=\"center\">2006\/2006<\/td><td class=\"has-text-align-center\" data-align=\"center\">\u2013<\/td><td class=\"has-text-align-center\" data-align=\"center\">Itaja\u00ed\/SC<\/td><\/tr><tr><td class=\"has-text-align-center\" data-align=\"center\">2703<\/td><td class=\"has-text-align-center\" data-align=\"center\">Busscar Urbanuss<\/td><td class=\"has-text-align-center\" data-align=\"center\">Mercedes-Benz OF-1722M<\/td><td class=\"has-text-align-center\" data-align=\"center\">MHT4342<\/td><td class=\"has-text-align-center\" data-align=\"center\">2007\/2007<\/td><td class=\"has-text-align-center\" data-align=\"center\">\u2013<\/td><td class=\"has-text-align-center\" data-align=\"center\">Itaja\u00ed\/SC<\/td><\/tr><tr><td class=\"has-text-align-center\" data-align=\"center\">2803<\/td><td class=\"has-text-align-center\" data-align=\"center\">Mascarello GranMidi<\/td><td class=\"has-text-align-center\" data-align=\"center\">Mercedes-Benz OF-1418<\/td><td class=\"has-text-align-center\" data-align=\"center\">MFZ2514<\/td><td class=\"has-text-align-center\" data-align=\"center\">2008\/2008<\/td><td class=\"has-text-align-center\" data-align=\"center\">\u2013<\/td><td class=\"has-text-align-center\" data-align=\"center\">Itaja\u00ed\/SC<\/td><\/tr><tr><td class=\"has-text-align-center\" data-align=\"center\">2804<\/td><td class=\"has-text-align-center\" data-align=\"center\">Mascarello GranMidi<\/td><td class=\"has-text-align-center\" data-align=\"center\">Mercedes-Benz OF-1418<\/td><td class=\"has-text-align-center\" data-align=\"center\">MFZ7184<\/td><td class=\"has-text-align-center\" data-align=\"center\">2008\/2008<\/td><td class=\"has-text-align-center\" data-align=\"center\">\u2013<\/td><td class=\"has-text-align-center\" data-align=\"center\">Ca\u00e7ador\/SC<\/td><\/tr><tr><td class=\"has-text-align-center\" data-align=\"center\">2901<\/td><td class=\"has-text-align-center\" data-align=\"center\">Caio Apache Vip<\/td><td class=\"has-text-align-center\" data-align=\"center\">VolksBus 15-180 EOD<\/td><td class=\"has-text-align-center\" data-align=\"center\">MDA3815<\/td><td class=\"has-text-align-center\" data-align=\"center\">2005\/2005<\/td><td class=\"has-text-align-center\" data-align=\"center\">Ex-Praiana 2503 (SC)<\/td><td class=\"has-text-align-center\" data-align=\"center\">Ascurra\/SC<\/td><\/tr><tr><td class=\"has-text-align-center\" data-align=\"center\">2902<\/td><td class=\"has-text-align-center\" data-align=\"center\">Mascarello GranMidi<\/td><td class=\"has-text-align-center\" data-align=\"center\">Mercedes-Benz OF-1418<\/td><td class=\"has-text-align-center\" data-align=\"center\">MDK0605<\/td><td class=\"has-text-align-center\" data-align=\"center\">2006\/2006<\/td><td class=\"has-text-align-center\" data-align=\"center\">Ex-Praiana 2603 (SC)<\/td><td class=\"has-text-align-center\" data-align=\"center\">Itaja\u00ed\/SC<\/td><\/tr><tr><td class=\"has-text-align-center\" data-align=\"center\">2903<\/td><td class=\"has-text-align-center\" data-align=\"center\">Mascarello GranMidi<\/td><td class=\"has-text-align-center\" data-align=\"center\">Mercedes-Benz OF-1418<\/td><td class=\"has-text-align-center\" data-align=\"center\">MDK0595<\/td><td class=\"has-text-align-center\" data-align=\"center\">2006\/2006<\/td><td class=\"has-text-align-center\" data-align=\"center\">Ex-Praiana 2604 (SC)<\/td><td class=\"has-text-align-center\" data-align=\"center\">Itaja\u00ed\/SC<\/td><\/tr><tr><td class=\"has-text-align-center\" data-align=\"center\">2904<\/td><td class=\"has-text-align-center\" data-align=\"center\">Mascarello GranMidi<\/td><td class=\"has-text-align-center\" data-align=\"center\">Mercedes-Benz OF-1418<\/td><td class=\"has-text-align-center\" data-align=\"center\">MFZ2514<\/td><td class=\"has-text-align-center\" data-align=\"center\">2008\/2008<\/td><td class=\"has-text-align-center\" data-align=\"center\">Ex-Praiana 2803 (SC)<\/td><td class=\"has-text-align-center\" data-align=\"center\">Itaja\u00ed\/SC<\/td><\/tr><tr><td class=\"has-text-align-center\" data-align=\"center\">2905<\/td><td class=\"has-text-align-center\" data-align=\"center\">Mascarello GranMidi<\/td><td class=\"has-text-align-center\" data-align=\"center\">Mercedes-Benz OF-1418<\/td><td class=\"has-text-align-center\" data-align=\"center\"><sub>MFZ7184<\/sub><br>MFZ7B84<\/td><td class=\"has-text-align-center\" data-align=\"center\">2008\/2008<\/td><td class=\"has-text-align-center\" data-align=\"center\">Ex-Praiana 2804 (SC)<\/td><td class=\"has-text-align-center\" data-align=\"center\">Ca\u00e7ador\/SC<\/td><\/tr><tr><td class=\"has-text-align-center\" data-align=\"center\">2909<\/td><td class=\"has-text-align-center\" data-align=\"center\">Caio Apache Vip<\/td><td class=\"has-text-align-center\" data-align=\"center\">Mercedes-Benz OF-1418<\/td><td class=\"has-text-align-center\" data-align=\"center\">MDN1736<\/td><td class=\"has-text-align-center\" data-align=\"center\">2005\/2006<\/td><td class=\"has-text-align-center\" data-align=\"center\">Ex-<a href=\"https:\/\/mundoonibus.com.br\/site\/portfolio\/ctt\/\" target=\"_blank\" rel=\"noreferrer noopener\">CTT<\/a> 2000 (SC)<\/td><td class=\"has-text-align-center\" data-align=\"center\">Itaja\u00ed\/SC<\/td><\/tr><tr><td class=\"has-text-align-center\" data-align=\"center\">3002<\/td><td class=\"has-text-align-center\" data-align=\"center\">Mascarello GranVia<\/td><td class=\"has-text-align-center\" data-align=\"center\">Mercedes-Benz OF-1722M<\/td><td class=\"has-text-align-center\" data-align=\"center\">MHL5619<\/td><td class=\"has-text-align-center\" data-align=\"center\">2009\/2010<\/td><td class=\"has-text-align-center\" data-align=\"center\">&#8211;<\/td><td class=\"has-text-align-center\" data-align=\"center\">Lontras\/SC<\/td><\/tr><tr><td class=\"has-text-align-center\" data-align=\"center\">3003<\/td><td class=\"has-text-align-center\" data-align=\"center\">Mascarello GranVia<\/td><td class=\"has-text-align-center\" data-align=\"center\">Mercedes-Benz OF-1722M<\/td><td class=\"has-text-align-center\" data-align=\"center\">MHM4769<\/td><td class=\"has-text-align-center\" data-align=\"center\">2009\/2010<\/td><td class=\"has-text-align-center\" data-align=\"center\">&#8211;<\/td><td class=\"has-text-align-center\" data-align=\"center\">Lontras\/SC<\/td><\/tr><tr><td class=\"has-text-align-center\" data-align=\"center\">3004<\/td><td class=\"has-text-align-center\" data-align=\"center\">Mascarello GranVia<\/td><td class=\"has-text-align-center\" data-align=\"center\">Mercedes-Benz OF-1722M<\/td><td class=\"has-text-align-center\" data-align=\"center\">MJF2729<\/td><td class=\"has-text-align-center\" data-align=\"center\">2010\/2011<\/td><td class=\"has-text-align-center\" data-align=\"center\">&#8211;<\/td><td class=\"has-text-align-center\" data-align=\"center\">Fraiburgo\/SC<\/td><\/tr><tr><td class=\"has-text-align-center\" data-align=\"center\">3005<\/td><td class=\"has-text-align-center\" data-align=\"center\">Marcopolo Viale BRT<\/td><td class=\"has-text-align-center\" data-align=\"center\">Scania K-310IA 8\u00d72<\/td><td class=\"has-text-align-center\" data-align=\"center\">ITN8849<\/td><td class=\"has-text-align-center\" data-align=\"center\">2010\/2010<\/td><td class=\"has-text-align-center\" data-align=\"center\">Ex-Visate 801 (RS)<\/td><td class=\"has-text-align-center\" data-align=\"center\">Campo Largo\/PR<\/td><\/tr><tr><td class=\"has-text-align-center\" data-align=\"center\">3006<\/td><td class=\"has-text-align-center\" data-align=\"center\">Marcopolo Viale<\/td><td class=\"has-text-align-center\" data-align=\"center\">Mercedes-Benz OF-1722M Articulado<\/td><td class=\"has-text-align-center\" data-align=\"center\">IPN8409<\/td><td class=\"has-text-align-center\" data-align=\"center\">2008\/2009<\/td><td class=\"has-text-align-center\" data-align=\"center\">Ex-Visate 834 (RS)<\/td><td class=\"has-text-align-center\" data-align=\"center\">Itaja\u00ed\/SC<\/td><\/tr><tr><td class=\"has-text-align-center\" data-align=\"center\">3007<\/td><td class=\"has-text-align-center\" data-align=\"center\">Marcopolo Viale<\/td><td class=\"has-text-align-center\" data-align=\"center\">Mercedes-Benz OF-1722M Articulado<\/td><td class=\"has-text-align-center\" data-align=\"center\">IPO4515<\/td><td class=\"has-text-align-center\" data-align=\"center\">2008\/2009<\/td><td class=\"has-text-align-center\" data-align=\"center\">Ex-Visate 833 (RS)<\/td><td class=\"has-text-align-center\" data-align=\"center\">Itaja\u00ed\/SC<\/td><\/tr><tr><td class=\"has-text-align-center\" data-align=\"center\"><strong><a href=\"https:\/\/mundoonibus.com.br\/site\/wp-content\/uploads\/Praiana-3008.jpg\" data-lbwps-width=\"1600\" data-lbwps-height=\"1200\" data-lbwps-srcsmall=\"https:\/\/mundoonibus.com.br\/site\/wp-content\/uploads\/Praiana-3008-300x225.jpg\">3008<\/a><\/strong><\/td><td class=\"has-text-align-center\" data-align=\"center\">Marcopolo Viale<\/td><td class=\"has-text-align-center\" data-align=\"center\">Mercedes-Benz OF-1722M Articulado<\/td><td class=\"has-text-align-center\" data-align=\"center\">IOW6313<\/td><td class=\"has-text-align-center\" data-align=\"center\">2008\/2008<\/td><td class=\"has-text-align-center\" data-align=\"center\">Ex-Visate 825 (RS)<\/td><td class=\"has-text-align-center\" data-align=\"center\">Itaja\u00ed\/SC<\/td><\/tr><tr><td class=\"has-text-align-center\" data-align=\"center\">3102<\/td><td class=\"has-text-align-center\" data-align=\"center\">Mascarello GranVia 2011<\/td><td class=\"has-text-align-center\" data-align=\"center\">Mercedes-Benz OF-1722M<\/td><td class=\"has-text-align-center\" data-align=\"center\">MIX3783<\/td><td class=\"has-text-align-center\" data-align=\"center\">2011\/2011<\/td><td class=\"has-text-align-center\" data-align=\"center\">&#8211;<\/td><td class=\"has-text-align-center\" data-align=\"center\">Blumenau\/SC<\/td><\/tr><tr><td class=\"has-text-align-center\" data-align=\"center\">3103<\/td><td class=\"has-text-align-center\" data-align=\"center\">Mascarello GranVia 2011<\/td><td class=\"has-text-align-center\" data-align=\"center\">VolksBus 17-230 EOD<\/td><td class=\"has-text-align-center\" data-align=\"center\">MIX3853<\/td><td class=\"has-text-align-center\" data-align=\"center\">2011\/2011<\/td><td class=\"has-text-align-center\" data-align=\"center\">&#8211;<\/td><td class=\"has-text-align-center\" data-align=\"center\">Fraiburgo\/SC<\/td><\/tr><tr><td class=\"has-text-align-center\" data-align=\"center\">3301<\/td><td class=\"has-text-align-center\" data-align=\"center\">Mascarello GranVia 2011<\/td><td class=\"has-text-align-center\" data-align=\"center\">Mercedes-Benz OF-1721 BT5<\/td><td class=\"has-text-align-center\" data-align=\"center\">MKM0647<\/td><td class=\"has-text-align-center\" data-align=\"center\">2012\/2012<\/td><td class=\"has-text-align-center\" data-align=\"center\">&#8211;<\/td><td class=\"has-text-align-center\" data-align=\"center\">Fraiburgo\/SC<\/td><\/tr><tr><td class=\"has-text-align-center\" data-align=\"center\">3302<\/td><td class=\"has-text-align-center\" data-align=\"center\">Mascarello GranVia 2011<\/td><td class=\"has-text-align-center\" data-align=\"center\">Mercedes-Benz OF-1721 BT5<\/td><td class=\"has-text-align-center\" data-align=\"center\"><sub>MKM0697<\/sub><br>MKM0G97<\/td><td class=\"has-text-align-center\" data-align=\"center\">2012\/2012<\/td><td class=\"has-text-align-center\" data-align=\"center\">&#8211;<\/td><td class=\"has-text-align-center\" data-align=\"center\">Fraiburgo\/SC<\/td><\/tr><tr><td class=\"has-text-align-center\" data-align=\"center\">3303<\/td><td class=\"has-text-align-center\" data-align=\"center\">Marcopolo Torino 2007<\/td><td class=\"has-text-align-center\" data-align=\"center\">Mercedes-Benz OF-1721 BT5<\/td><td class=\"has-text-align-center\" data-align=\"center\"><sub>MLD1627<\/sub><br>MLD1G27<\/td><td class=\"has-text-align-center\" data-align=\"center\">2012\/2012<\/td><td class=\"has-text-align-center\" data-align=\"center\">&#8211;<\/td><td class=\"has-text-align-center\" data-align=\"center\">Fraiburgo\/SC<\/td><\/tr><tr><td class=\"has-text-align-center\" data-align=\"center\">3304<\/td><td class=\"has-text-align-center\" data-align=\"center\">Marcopolo Torino 2007<\/td><td class=\"has-text-align-center\" data-align=\"center\">Mercedes-Benz OF-1721 BT5<\/td><td class=\"has-text-align-center\" data-align=\"center\"><sub>MLD1607<\/sub><br>MLD1G07<\/td><td class=\"has-text-align-center\" data-align=\"center\">2012\/2012<\/td><td class=\"has-text-align-center\" data-align=\"center\">&#8211;<\/td><td class=\"has-text-align-center\" data-align=\"center\">Fraiburgo\/SC<\/td><\/tr><tr><td class=\"has-text-align-center\" data-align=\"center\">5001<\/td><td class=\"has-text-align-center\" data-align=\"center\">Busscar Micruss<\/td><td class=\"has-text-align-center\" data-align=\"center\">Agrale MA 8.5 T<\/td><td class=\"has-text-align-center\" data-align=\"center\">MAW2144<\/td><td class=\"has-text-align-center\" data-align=\"center\">2000\/2000<\/td><td class=\"has-text-align-center\" data-align=\"center\">Ex-Praiana 2003 (SC)<\/td><td class=\"has-text-align-center\" data-align=\"center\">Itaja\u00ed\/SC<\/td><\/tr><tr><td class=\"has-text-align-center\" data-align=\"center\">8401<\/td><td class=\"has-text-align-center\" data-align=\"center\">Incasel Cisne<\/td><td class=\"has-text-align-center\" data-align=\"center\">Mercedes-Benz OF-1113<\/td><td class=\"has-text-align-center\" data-align=\"center\">LYR6815<\/td><td class=\"has-text-align-center\" data-align=\"center\">1983\/1984<\/td><td class=\"has-text-align-center\" data-align=\"center\">\u2013<\/td><td class=\"has-text-align-center\" data-align=\"center\">Campo Belo do Sul\/SC<\/td><\/tr><tr><td class=\"has-text-align-center\" data-align=\"center\">8601<\/td><td class=\"has-text-align-center\" data-align=\"center\">Comil Jumbo<\/td><td class=\"has-text-align-center\" data-align=\"center\">Mercedes-Benz OF-1313<\/td><td class=\"has-text-align-center\" data-align=\"center\">LZX5052<\/td><td class=\"has-text-align-center\" data-align=\"center\">1986\/1986<\/td><td class=\"has-text-align-center\" data-align=\"center\">\u2013<\/td><td class=\"has-text-align-center\" data-align=\"center\">Itaja\u00ed\/SC<\/td><\/tr><tr><td class=\"has-text-align-center\" data-align=\"center\">8701<\/td><td class=\"has-text-align-center\" data-align=\"center\">Ciferal Jardineira<\/td><td class=\"has-text-align-center\" data-align=\"center\">Mercedes-Benz OH-1517<\/td><td class=\"has-text-align-center\" data-align=\"center\">MAF9111<\/td><td class=\"has-text-align-center\" data-align=\"center\">1979\/1979<\/td><td class=\"has-text-align-center\" data-align=\"center\">\u2013<\/td><td class=\"has-text-align-center\" data-align=\"center\">Itaja\u00ed\/SC<\/td><\/tr><tr><td class=\"has-text-align-center\" data-align=\"center\">8801<\/td><td class=\"has-text-align-center\" data-align=\"center\">Marcopolo III<\/td><td class=\"has-text-align-center\" data-align=\"center\">Scania B-111<\/td><td class=\"has-text-align-center\" data-align=\"center\">JB1694<\/td><td class=\"has-text-align-center\" data-align=\"center\">\u2013<\/td><td class=\"has-text-align-center\" data-align=\"center\">Ex-Penha (PR)<\/td><td class=\"has-text-align-center\" data-align=\"center\">\u2013<\/td><\/tr><tr><td class=\"has-text-align-center\" data-align=\"center\">9001<\/td><td class=\"has-text-align-center\" data-align=\"center\">Thamco \u00c1guia<\/td><td class=\"has-text-align-center\" data-align=\"center\">Mercedes-Benz OF-1318<\/td><td class=\"has-text-align-center\" data-align=\"center\">\u2013<\/td><td class=\"has-text-align-center\" data-align=\"center\">\u2013<\/td><td class=\"has-text-align-center\" data-align=\"center\">Ex-Praiana 475 (SC)<\/td><td class=\"has-text-align-center\" data-align=\"center\">\u2013<\/td><\/tr><tr><td class=\"has-text-align-center\" data-align=\"center\">9002<\/td><td class=\"has-text-align-center\" data-align=\"center\">\u2013<\/td><td class=\"has-text-align-center\" data-align=\"center\">\u2013<\/td><td class=\"has-text-align-center\" data-align=\"center\">\u2013<\/td><td class=\"has-text-align-center\" data-align=\"center\">\u2013<\/td><td class=\"has-text-align-center\" data-align=\"center\">\u2013<\/td><td class=\"has-text-align-center\" data-align=\"center\">\u2013<\/td><\/tr><tr><td class=\"has-text-align-center\" data-align=\"center\">9003<\/td><td class=\"has-text-align-center\" data-align=\"center\">Marcopolo Torino LN<\/td><td class=\"has-text-align-center\" data-align=\"center\">Mercedes-Benz OF-1113<\/td><td class=\"has-text-align-center\" data-align=\"center\"><sub>JB0563<\/sub><br>LXA8574<\/td><td class=\"has-text-align-center\" data-align=\"center\">1983\/1990<\/td><td class=\"has-text-align-center\" data-align=\"center\">Ex-Praiana 495 (SC)<\/td><td class=\"has-text-align-center\" data-align=\"center\">Correia Pinto\/SC<\/td><\/tr><tr><td class=\"has-text-align-center\" data-align=\"center\">9004<\/td><td class=\"has-text-align-center\" data-align=\"center\">\u2013<\/td><td class=\"has-text-align-center\" data-align=\"center\">\u2013<\/td><td class=\"has-text-align-center\" data-align=\"center\">\u2013<\/td><td class=\"has-text-align-center\" data-align=\"center\">\u2013<\/td><td class=\"has-text-align-center\" data-align=\"center\">\u2013<\/td><td class=\"has-text-align-center\" data-align=\"center\">\u2013<\/td><\/tr><tr><td class=\"has-text-align-center\" data-align=\"center\">9005<\/td><td class=\"has-text-align-center\" data-align=\"center\">Caio Am\u00e9lia<\/td><td class=\"has-text-align-center\" data-align=\"center\">Mercedes-Benz OF-1313<\/td><td class=\"has-text-align-center\" data-align=\"center\"><sub>JB1125<\/sub><br>MAS8825<\/td><td class=\"has-text-align-center\" data-align=\"center\">1986\/1987<\/td><td class=\"has-text-align-center\" data-align=\"center\">Ex-Praiana 445 (SC)<\/td><td class=\"has-text-align-center\" data-align=\"center\">Itaja\u00ed\/SC<\/td><\/tr><tr><td class=\"has-text-align-center\" data-align=\"center\">9006<\/td><td class=\"has-text-align-center\" data-align=\"center\">\u2013<\/td><td class=\"has-text-align-center\" data-align=\"center\">\u2013<\/td><td class=\"has-text-align-center\" data-align=\"center\">\u2013<\/td><td class=\"has-text-align-center\" data-align=\"center\">\u2013<\/td><td class=\"has-text-align-center\" data-align=\"center\">\u2013<\/td><td class=\"has-text-align-center\" data-align=\"center\">\u2013<\/td><\/tr><tr><td class=\"has-text-align-center\" data-align=\"center\">9007<\/td><td class=\"has-text-align-center\" data-align=\"center\">\u2013<\/td><td class=\"has-text-align-center\" data-align=\"center\">\u2013<\/td><td class=\"has-text-align-center\" data-align=\"center\">\u2013<\/td><td class=\"has-text-align-center\" data-align=\"center\">\u2013<\/td><td class=\"has-text-align-center\" data-align=\"center\">\u2013<\/td><td class=\"has-text-align-center\" data-align=\"center\">\u2013<\/td><\/tr><tr><td class=\"has-text-align-center\" data-align=\"center\">9101<\/td><td class=\"has-text-align-center\" data-align=\"center\">Nielson Urbanus<\/td><td class=\"has-text-align-center\" data-align=\"center\">Mercedes-Benz OF-1318<\/td><td class=\"has-text-align-center\" data-align=\"center\"><sub>JB1788<\/sub><br>MAG2768<\/td><td class=\"has-text-align-center\" data-align=\"center\">1989\/1989<\/td><td class=\"has-text-align-center\" data-align=\"center\">Ex-Praiana 485 (SC)<\/td><td class=\"has-text-align-center\" data-align=\"center\">Brusque\/SC<\/td><\/tr><tr><td class=\"has-text-align-center\" data-align=\"center\">9102<\/td><td class=\"has-text-align-center\" data-align=\"center\">Busscar Urbanus<\/td><td class=\"has-text-align-center\" data-align=\"center\">Mercedes-Benz OF-1318<\/td><td class=\"has-text-align-center\" data-align=\"center\">LWU8280<\/td><td class=\"has-text-align-center\" data-align=\"center\">1991\/1991<\/td><td class=\"has-text-align-center\" data-align=\"center\">Ex-Praiana 515 (SC)<\/td><td class=\"has-text-align-center\" data-align=\"center\">Videira\/SC<\/td><\/tr><tr><td class=\"has-text-align-center\" data-align=\"center\">9103<\/td><td class=\"has-text-align-center\" data-align=\"center\">Nielson Urbanus<\/td><td class=\"has-text-align-center\" data-align=\"center\">Mercedes-Benz OF-1314<\/td><td class=\"has-text-align-center\" data-align=\"center\">LWU8270<\/td><td class=\"has-text-align-center\" data-align=\"center\">1987\/1988<\/td><td class=\"has-text-align-center\" data-align=\"center\">Ex-Praiana 535 (SC)<\/td><td class=\"has-text-align-center\" data-align=\"center\">Cambori\u00fa\/SC<\/td><\/tr><tr><td class=\"has-text-align-center\" data-align=\"center\">9104<\/td><td class=\"has-text-align-center\" data-align=\"center\">Comil Svelto<\/td><td class=\"has-text-align-center\" data-align=\"center\">\u2013<\/td><td class=\"has-text-align-center\" data-align=\"center\">\u2013<\/td><td class=\"has-text-align-center\" data-align=\"center\">\u2013<\/td><td class=\"has-text-align-center\" data-align=\"center\">Ex-Praiana 545 (SC)<\/td><td class=\"has-text-align-center\" data-align=\"center\">\u2013<\/td><\/tr><tr><td class=\"has-text-align-center\" data-align=\"center\">9105<\/td><td class=\"has-text-align-center\" data-align=\"center\">Comil Svelto<\/td><td class=\"has-text-align-center\" data-align=\"center\">\u2013<\/td><td class=\"has-text-align-center\" data-align=\"center\">\u2013<\/td><td class=\"has-text-align-center\" data-align=\"center\">\u2013<\/td><td class=\"has-text-align-center\" data-align=\"center\">Ex-Praiana 555 (SC)<\/td><td class=\"has-text-align-center\" data-align=\"center\">\u2013<\/td><\/tr><tr><td class=\"has-text-align-center\" data-align=\"center\">9201<\/td><td class=\"has-text-align-center\" data-align=\"center\">Busscar Urbanus<\/td><td class=\"has-text-align-center\" data-align=\"center\">Mercedes-Benz OF-1318<\/td><td class=\"has-text-align-center\" data-align=\"center\"><sub>JB7215<\/sub><br>MAI1915<\/td><td class=\"has-text-align-center\" data-align=\"center\">1991\/1992<\/td><td class=\"has-text-align-center\" data-align=\"center\">\u2013<\/td><td class=\"has-text-align-center\" data-align=\"center\">Penha\/SC<\/td><\/tr><tr><td class=\"has-text-align-center\" data-align=\"center\">9202<\/td><td class=\"has-text-align-center\" data-align=\"center\">Comil Svelto<\/td><td class=\"has-text-align-center\" data-align=\"center\">Mercedes-Benz OF-1318<\/td><td class=\"has-text-align-center\" data-align=\"center\">\u2013<\/td><td class=\"has-text-align-center\" data-align=\"center\">\u2013<\/td><td class=\"has-text-align-center\" data-align=\"center\">\u2013<\/td><td class=\"has-text-align-center\" data-align=\"center\">\u2013<\/td><\/tr><tr><td class=\"has-text-align-center\" data-align=\"center\">9203<\/td><td class=\"has-text-align-center\" data-align=\"center\">Comil Svelto<\/td><td class=\"has-text-align-center\" data-align=\"center\">Mercedes-Benz OF-1318<\/td><td class=\"has-text-align-center\" data-align=\"center\">LZT7915<\/td><td class=\"has-text-align-center\" data-align=\"center\">1992\/1992<\/td><td class=\"has-text-align-center\" data-align=\"center\">\u2013<\/td><td class=\"has-text-align-center\" data-align=\"center\">Rancho Queimado\/SC<\/td><\/tr><tr><td class=\"has-text-align-center\" data-align=\"center\">9204<\/td><td class=\"has-text-align-center\" data-align=\"center\">Comil Svelto<\/td><td class=\"has-text-align-center\" data-align=\"center\">Mercedes-Benz OF-1318<\/td><td class=\"has-text-align-center\" data-align=\"center\">LZQ5134<\/td><td class=\"has-text-align-center\" data-align=\"center\">1992\/1992<\/td><td class=\"has-text-align-center\" data-align=\"center\">\u2013<\/td><td class=\"has-text-align-center\" data-align=\"center\">Orleans\/SC<\/td><\/tr><tr><td class=\"has-text-align-center\" data-align=\"center\">9205<\/td><td class=\"has-text-align-center\" data-align=\"center\">Comil Svelto<\/td><td class=\"has-text-align-center\" data-align=\"center\">Mercedes-Benz OF-1315<\/td><td class=\"has-text-align-center\" data-align=\"center\">MAC5252<\/td><td class=\"has-text-align-center\" data-align=\"center\">1992\/1992<\/td><td class=\"has-text-align-center\" data-align=\"center\">\u2013<\/td><td class=\"has-text-align-center\" data-align=\"center\">Matos Costa\/SC<\/td><\/tr><tr><td class=\"has-text-align-center\" data-align=\"center\">9206<\/td><td class=\"has-text-align-center\" data-align=\"center\">Comil Svelto<\/td><td class=\"has-text-align-center\" data-align=\"center\">Mercedes-Benz OF-1318<\/td><td class=\"has-text-align-center\" data-align=\"center\">MAK2419<\/td><td class=\"has-text-align-center\" data-align=\"center\">1992\/1992<\/td><td class=\"has-text-align-center\" data-align=\"center\">\u2013<\/td><td class=\"has-text-align-center\" data-align=\"center\">Pi\u00ean\/PR<\/td><\/tr><tr><td class=\"has-text-align-center\" data-align=\"center\">9301<\/td><td class=\"has-text-align-center\" data-align=\"center\">Comil Svelto<\/td><td class=\"has-text-align-center\" data-align=\"center\">Mercedes-Benz OF-1318<\/td><td class=\"has-text-align-center\" data-align=\"center\">LZR8894<\/td><td class=\"has-text-align-center\" data-align=\"center\">1993\/1993<\/td><td class=\"has-text-align-center\" data-align=\"center\">\u2013<\/td><td class=\"has-text-align-center\" data-align=\"center\">General Carneiro\/PR<\/td><\/tr><tr><td class=\"has-text-align-center\" data-align=\"center\">9302<\/td><td class=\"has-text-align-center\" data-align=\"center\">Comil Svelto<\/td><td class=\"has-text-align-center\" data-align=\"center\">Mercedes-Benz OF-1618<\/td><td class=\"has-text-align-center\" data-align=\"center\">LYU5934<\/td><td class=\"has-text-align-center\" data-align=\"center\">1993\/1993<\/td><td class=\"has-text-align-center\" data-align=\"center\">\u2013<\/td><td class=\"has-text-align-center\" data-align=\"center\">Foz do Igua\u00e7u\/PR<\/td><\/tr><tr><td class=\"has-text-align-center\" data-align=\"center\">9303<\/td><td class=\"has-text-align-center\" data-align=\"center\">Busscar Urbanus<\/td><td class=\"has-text-align-center\" data-align=\"center\">Mercedes-Benz OF-1618<\/td><td class=\"has-text-align-center\" data-align=\"center\">\u2013<\/td><td class=\"has-text-align-center\" data-align=\"center\">\u2013<\/td><td class=\"has-text-align-center\" data-align=\"center\">\u2013<\/td><td class=\"has-text-align-center\" data-align=\"center\">\u2013<\/td><\/tr><tr><td class=\"has-text-align-center\" data-align=\"center\">9304<\/td><td class=\"has-text-align-center\" data-align=\"center\">Comil Svelto<\/td><td class=\"has-text-align-center\" data-align=\"center\">Mercedes-Benz OF-1618<\/td><td class=\"has-text-align-center\" data-align=\"center\">MBP7550<\/td><td class=\"has-text-align-center\" data-align=\"center\">1993\/1993<\/td><td class=\"has-text-align-center\" data-align=\"center\">\u2013<\/td><td class=\"has-text-align-center\" data-align=\"center\">S\u00e3o Joaquim\/SC<\/td><\/tr><tr><td class=\"has-text-align-center\" data-align=\"center\">9401<\/td><td class=\"has-text-align-center\" data-align=\"center\">Comil Svelto II<\/td><td class=\"has-text-align-center\" data-align=\"center\">Mercedes-Benz OF-1620<\/td><td class=\"has-text-align-center\" data-align=\"center\">LZA1262<\/td><td class=\"has-text-align-center\" data-align=\"center\">1994\/1994<\/td><td class=\"has-text-align-center\" data-align=\"center\">\u2013<\/td><td class=\"has-text-align-center\" data-align=\"center\">Abelardo Luz\/SC<\/td><\/tr><tr><td class=\"has-text-align-center\" data-align=\"center\">9402<\/td><td class=\"has-text-align-center\" data-align=\"center\">Comil Svelto II<\/td><td class=\"has-text-align-center\" data-align=\"center\">Mercedes-Benz OF-1620<\/td><td class=\"has-text-align-center\" data-align=\"center\">LWS8870<\/td><td class=\"has-text-align-center\" data-align=\"center\">1994\/1995<\/td><td class=\"has-text-align-center\" data-align=\"center\">\u2013<\/td><td class=\"has-text-align-center\" data-align=\"center\">Coronel Freitas\/SC<\/td><\/tr><tr><td class=\"has-text-align-center\" data-align=\"center\">9501<\/td><td class=\"has-text-align-center\" data-align=\"center\">Busscar Urbanus II<\/td><td class=\"has-text-align-center\" data-align=\"center\">Mercedes-Benz OF-1620<\/td><td class=\"has-text-align-center\" data-align=\"center\">LXB4073<\/td><td class=\"has-text-align-center\" data-align=\"center\">1994\/1994<\/td><td class=\"has-text-align-center\" data-align=\"center\">\u2013<\/td><td class=\"has-text-align-center\" data-align=\"center\">Balne\u00e1rio Pi\u00e7arras\/SC<\/td><\/tr><tr><td class=\"has-text-align-center\" data-align=\"center\">9502<\/td><td class=\"has-text-align-center\" data-align=\"center\">Busscar Urbanus II<\/td><td class=\"has-text-align-center\" data-align=\"center\">Ford B-1618<\/td><td class=\"has-text-align-center\" data-align=\"center\">LYP7980<\/td><td class=\"has-text-align-center\" data-align=\"center\">1995\/1995<\/td><td class=\"has-text-align-center\" data-align=\"center\">\u2013<\/td><td class=\"has-text-align-center\" data-align=\"center\">Alvorada d&#8217;Oeste\/RO<\/td><\/tr><tr><td class=\"has-text-align-center\" data-align=\"center\">9601<\/td><td class=\"has-text-align-center\" data-align=\"center\">Comil Svelto II<\/td><td class=\"has-text-align-center\" data-align=\"center\">Mercedes-Benz OF-1620<\/td><td class=\"has-text-align-center\" data-align=\"center\">LYD0407<\/td><td class=\"has-text-align-center\" data-align=\"center\">1995\/1996<\/td><td class=\"has-text-align-center\" data-align=\"center\">\u2013<\/td><td class=\"has-text-align-center\" data-align=\"center\">Cambori\u00fa\/SC<\/td><\/tr><tr><td class=\"has-text-align-center\" data-align=\"center\">9701<\/td><td class=\"has-text-align-center\" data-align=\"center\">Busscar Urbanus II<\/td><td class=\"has-text-align-center\" data-align=\"center\">Mercedes-Benz OF-1620<\/td><td class=\"has-text-align-center\" data-align=\"center\">LYQ9653<\/td><td class=\"has-text-align-center\" data-align=\"center\">1997\/1997<\/td><td class=\"has-text-align-center\" data-align=\"center\">\u2013<\/td><td class=\"has-text-align-center\" data-align=\"center\">Itaja\u00ed\/SC<\/td><\/tr><tr><td class=\"has-text-align-center\" data-align=\"center\">9702<\/td><td class=\"has-text-align-center\" data-align=\"center\">Busscar Urbanus II<\/td><td class=\"has-text-align-center\" data-align=\"center\">Mercedes-Benz OF-1620<\/td><td class=\"has-text-align-center\" data-align=\"center\">LYQ9683<\/td><td class=\"has-text-align-center\" data-align=\"center\">1997\/1997<\/td><td class=\"has-text-align-center\" data-align=\"center\">\u2013<\/td><td class=\"has-text-align-center\" data-align=\"center\">Itaja\u00ed\/SC<\/td><\/tr><tr><td class=\"has-text-align-center\" data-align=\"center\">9703<\/td><td class=\"has-text-align-center\" data-align=\"center\">Busscar Urbanus II<\/td><td class=\"has-text-align-center\" data-align=\"center\">Mercedes-Benz OF-1620<\/td><td class=\"has-text-align-center\" data-align=\"center\">LYR1323<\/td><td class=\"has-text-align-center\" data-align=\"center\">1997\/1997<\/td><td class=\"has-text-align-center\" data-align=\"center\">\u2013<\/td><td class=\"has-text-align-center\" data-align=\"center\">Itaja\u00ed\/SC<\/td><\/tr><tr><td class=\"has-text-align-center\" data-align=\"center\">9704<\/td><td class=\"has-text-align-center\" data-align=\"center\">Busscar Urbanus II<\/td><td class=\"has-text-align-center\" data-align=\"center\">Mercedes-Benz OF-1620<\/td><td class=\"has-text-align-center\" data-align=\"center\">LYR1733<\/td><td class=\"has-text-align-center\" data-align=\"center\">1997\/1997<\/td><td class=\"has-text-align-center\" data-align=\"center\">\u2013<\/td><td class=\"has-text-align-center\" data-align=\"center\">Itaja\u00ed\/SC<\/td><\/tr><tr><td class=\"has-text-align-center\" data-align=\"center\">9705<\/td><td class=\"has-text-align-center\" data-align=\"center\">Busscar Urbanus II<\/td><td class=\"has-text-align-center\" data-align=\"center\">Mercedes-Benz OF-1620<\/td><td class=\"has-text-align-center\" data-align=\"center\">LYQ9633<\/td><td class=\"has-text-align-center\" data-align=\"center\">1997\/1997<\/td><td class=\"has-text-align-center\" data-align=\"center\">\u2013<\/td><td class=\"has-text-align-center\" data-align=\"center\">Penha\/SC<\/td><\/tr><tr><td class=\"has-text-align-center\" data-align=\"center\">9801<\/td><td class=\"has-text-align-center\" data-align=\"center\">Busscar Urbanus II<\/td><td class=\"has-text-align-center\" data-align=\"center\">VolksBus 16-210 CO<\/td><td class=\"has-text-align-center\" data-align=\"center\">LZW3191<\/td><td class=\"has-text-align-center\" data-align=\"center\">1998\/1998<\/td><td class=\"has-text-align-center\" data-align=\"center\">\u2013<\/td><td class=\"has-text-align-center\" data-align=\"center\">Itaja\u00ed\/SC<\/td><\/tr><tr><td class=\"has-text-align-center\" data-align=\"center\">9802<\/td><td class=\"has-text-align-center\" data-align=\"center\">Busscar Urbanus II<\/td><td class=\"has-text-align-center\" data-align=\"center\">VolksBus 16-210 CO<\/td><td class=\"has-text-align-center\" data-align=\"center\">LZW3211<\/td><td class=\"has-text-align-center\" data-align=\"center\">1998\/1998<\/td><td class=\"has-text-align-center\" data-align=\"center\">\u2013<\/td><td class=\"has-text-align-center\" data-align=\"center\">Itaja\u00ed\/SC<\/td><\/tr><tr><td class=\"has-text-align-center\" data-align=\"center\">9803<\/td><td class=\"has-text-align-center\" data-align=\"center\">Busscar Urbanus II<\/td><td class=\"has-text-align-center\" data-align=\"center\">VolksBus 16-210 CO<\/td><td class=\"has-text-align-center\" data-align=\"center\">LZW3221<\/td><td class=\"has-text-align-center\" data-align=\"center\">1998\/1998<\/td><td class=\"has-text-align-center\" data-align=\"center\">\u2013<\/td><td class=\"has-text-align-center\" data-align=\"center\">Rio do Oeste\/SC<\/td><\/tr><tr><td class=\"has-text-align-center\" data-align=\"center\">9901<\/td><td class=\"has-text-align-center\" data-align=\"center\">Comil Svelto III<\/td><td class=\"has-text-align-center\" data-align=\"center\">VolksBus 16-210 CO<\/td><td class=\"has-text-align-center\" data-align=\"center\">MDY0460<\/td><td class=\"has-text-align-center\" data-align=\"center\">1998\/1999<\/td><td class=\"has-text-align-center\" data-align=\"center\">\u2013<\/td><td class=\"has-text-align-center\" data-align=\"center\">Itaja\u00ed\/SC<\/td><\/tr><tr><td class=\"has-text-align-center\" data-align=\"center\">9902<\/td><td class=\"has-text-align-center\" data-align=\"center\">Comil Svelto III<\/td><td class=\"has-text-align-center\" data-align=\"center\">VolksBus 16-210 CO<\/td><td class=\"has-text-align-center\" data-align=\"center\">MDY0500<\/td><td class=\"has-text-align-center\" data-align=\"center\">1998\/1999<\/td><td class=\"has-text-align-center\" data-align=\"center\">\u2013<\/td><td class=\"has-text-align-center\" data-align=\"center\">Itapema\/SC<\/td><\/tr><\/tbody><\/table><figcaption class=\"wp-element-caption\">Atualizado em 08\/04\/2026<\/figcaption><\/figure>\n\n\n\n<p><\/p>\n","protected":false},"excerpt":{"rendered":"<p>Munic\u00edpio Servi\u00e7o Situa\u00e7\u00e3o Per\u00edodo Itaja\u00ed\/SC Intermunicipal Ativa 07\/1963 &#8211; Presente Atualizado em 16\/08\/2024 Hist\u00f3rico A Via\u00e7\u00e3o Praiana foi fundada em 17 de julho de 1963 como empresa de transporte coletivo intermunicipal. A hist\u00f3ria da empresa come\u00e7a com a parceria iniciada pelos fundadores Marcos Aur\u00e9lio Seara, Wilson Ant\u00f4nio Ern e Maria Edite Castro Leite. Na \u00e9poca&#8230;<\/p>\n","protected":false},"author":1,"featured_media":10024,"comment_status":"open","ping_status":"closed","template":"","meta":{"_kad_post_transparent":"","_kad_post_title":"","_kad_post_layout":"","_kad_post_sidebar_id":"","_kad_post_content_style":"","_kad_post_vertical_padding":"","_kad_post_feature":"","_kad_post_feature_position":"","_kad_post_header":false,"_kad_post_footer":false,"_kad_post_classname":"","footnotes":""},"portfolio_category":[122],"portfolio_tag":[25],"class_list":["post-9905","portfolio","type-portfolio","status-publish","has-post-thumbnail","hentry","portfolio_category-intermunicipal","portfolio_tag-itajai-sc"],"yoast_head":"<!-- This site is optimized with the Yoast SEO plugin v27.5 - https:\/\/yoast.com\/product\/yoast-seo-wordpress\/ -->\n<title>Via\u00e7\u00e3o Praiana - Mundo \u00d4nibus<\/title>\n<meta name=\"robots\" content=\"index, follow, max-snippet:-1, max-image-preview:large, max-video-preview:-1\" \/>\n<link rel=\"canonical\" href=\"https:\/\/mundoonibus.com.br\/site\/portfolio\/viacao-praiana\/\" \/>\n<meta property=\"og:locale\" content=\"pt_BR\" \/>\n<meta property=\"og:type\" content=\"article\" \/>\n<meta property=\"og:title\" content=\"Via\u00e7\u00e3o Praiana - Mundo \u00d4nibus\" \/>\n<meta property=\"og:description\" content=\"Munic\u00edpio Servi\u00e7o Situa\u00e7\u00e3o Per\u00edodo Itaja\u00ed\/SC Intermunicipal Ativa 07\/1963 &#8211; Presente Atualizado em 16\/08\/2024 Hist\u00f3rico A Via\u00e7\u00e3o Praiana foi fundada em 17 de julho de 1963 como empresa de transporte coletivo intermunicipal. A hist\u00f3ria da empresa come\u00e7a com a parceria iniciada pelos fundadores Marcos Aur\u00e9lio Seara, Wilson Ant\u00f4nio Ern e Maria Edite Castro Leite. Na \u00e9poca...\" \/>\n<meta property=\"og:url\" content=\"https:\/\/mundoonibus.com.br\/site\/portfolio\/viacao-praiana\/\" \/>\n<meta property=\"og:site_name\" content=\"Mundo \u00d4nibus\" \/>\n<meta property=\"article:modified_time\" content=\"2026-04-08T19:24:22+00:00\" \/>\n<meta property=\"og:image\" content=\"https:\/\/mundoonibus.com.br\/site\/wp-content\/uploads\/2024\/08\/Praiana-995.jpg\" \/>\n\t<meta property=\"og:image:width\" content=\"1600\" \/>\n\t<meta property=\"og:image:height\" content=\"1200\" \/>\n\t<meta property=\"og:image:type\" content=\"image\/jpeg\" \/>\n<meta name=\"twitter:card\" content=\"summary_large_image\" \/>\n<meta name=\"twitter:label1\" content=\"Est. tempo de leitura\" \/>\n\t<meta name=\"twitter:data1\" content=\"18 minutos\" \/>\n<script type=\"application\/ld+json\" class=\"yoast-schema-graph\">{\"@context\":\"https:\\\/\\\/schema.org\",\"@graph\":[{\"@type\":\"WebPage\",\"@id\":\"https:\\\/\\\/mundoonibus.com.br\\\/site\\\/portfolio\\\/viacao-praiana\\\/\",\"url\":\"https:\\\/\\\/mundoonibus.com.br\\\/site\\\/portfolio\\\/viacao-praiana\\\/\",\"name\":\"Via\u00e7\u00e3o Praiana - Mundo \u00d4nibus\",\"isPartOf\":{\"@id\":\"https:\\\/\\\/mundoonibus.com.br\\\/site\\\/#website\"},\"primaryImageOfPage\":{\"@id\":\"https:\\\/\\\/mundoonibus.com.br\\\/site\\\/portfolio\\\/viacao-praiana\\\/#primaryimage\"},\"image\":{\"@id\":\"https:\\\/\\\/mundoonibus.com.br\\\/site\\\/portfolio\\\/viacao-praiana\\\/#primaryimage\"},\"thumbnailUrl\":\"https:\\\/\\\/mundoonibus.com.br\\\/site\\\/wp-content\\\/uploads\\\/2024\\\/08\\\/Praiana-995.jpg\",\"datePublished\":\"2024-08-16T14:50:12+00:00\",\"dateModified\":\"2026-04-08T19:24:22+00:00\",\"breadcrumb\":{\"@id\":\"https:\\\/\\\/mundoonibus.com.br\\\/site\\\/portfolio\\\/viacao-praiana\\\/#breadcrumb\"},\"inLanguage\":\"pt-BR\",\"potentialAction\":[{\"@type\":\"ReadAction\",\"target\":[\"https:\\\/\\\/mundoonibus.com.br\\\/site\\\/portfolio\\\/viacao-praiana\\\/\"]}]},{\"@type\":\"ImageObject\",\"inLanguage\":\"pt-BR\",\"@id\":\"https:\\\/\\\/mundoonibus.com.br\\\/site\\\/portfolio\\\/viacao-praiana\\\/#primaryimage\",\"url\":\"https:\\\/\\\/mundoonibus.com.br\\\/site\\\/wp-content\\\/uploads\\\/2024\\\/08\\\/Praiana-995.jpg\",\"contentUrl\":\"https:\\\/\\\/mundoonibus.com.br\\\/site\\\/wp-content\\\/uploads\\\/2024\\\/08\\\/Praiana-995.jpg\",\"width\":1600,\"height\":1200},{\"@type\":\"BreadcrumbList\",\"@id\":\"https:\\\/\\\/mundoonibus.com.br\\\/site\\\/portfolio\\\/viacao-praiana\\\/#breadcrumb\",\"itemListElement\":[{\"@type\":\"ListItem\",\"position\":1,\"name\":\"In\u00edcio\",\"item\":\"https:\\\/\\\/mundoonibus.com.br\\\/site\\\/\"},{\"@type\":\"ListItem\",\"position\":2,\"name\":\"Portf\u00f3lio\",\"item\":\"https:\\\/\\\/mundoonibus.com.br\\\/site\\\/portfolio\\\/\"},{\"@type\":\"ListItem\",\"position\":3,\"name\":\"Via\u00e7\u00e3o Praiana\"}]},{\"@type\":\"WebSite\",\"@id\":\"https:\\\/\\\/mundoonibus.com.br\\\/site\\\/#website\",\"url\":\"https:\\\/\\\/mundoonibus.com.br\\\/site\\\/\",\"name\":\"Mundo \u00d4nibus\",\"description\":\"Bem-vindo a Bordo!\",\"publisher\":{\"@id\":\"https:\\\/\\\/mundoonibus.com.br\\\/site\\\/#organization\"},\"potentialAction\":[{\"@type\":\"SearchAction\",\"target\":{\"@type\":\"EntryPoint\",\"urlTemplate\":\"https:\\\/\\\/mundoonibus.com.br\\\/site\\\/?s={search_term_string}\"},\"query-input\":{\"@type\":\"PropertyValueSpecification\",\"valueRequired\":true,\"valueName\":\"search_term_string\"}}],\"inLanguage\":\"pt-BR\"},{\"@type\":\"Organization\",\"@id\":\"https:\\\/\\\/mundoonibus.com.br\\\/site\\\/#organization\",\"name\":\"Mundo \u00d4nibus\",\"url\":\"https:\\\/\\\/mundoonibus.com.br\\\/site\\\/\",\"logo\":{\"@type\":\"ImageObject\",\"inLanguage\":\"pt-BR\",\"@id\":\"https:\\\/\\\/mundoonibus.com.br\\\/site\\\/#\\\/schema\\\/logo\\\/image\\\/\",\"url\":\"https:\\\/\\\/mundoonibus.com.br\\\/site\\\/wp-content\\\/uploads\\\/2021\\\/10\\\/Logo-H.png\",\"contentUrl\":\"https:\\\/\\\/mundoonibus.com.br\\\/site\\\/wp-content\\\/uploads\\\/2021\\\/10\\\/Logo-H.png\",\"width\":740,\"height\":139,\"caption\":\"Mundo \u00d4nibus\"},\"image\":{\"@id\":\"https:\\\/\\\/mundoonibus.com.br\\\/site\\\/#\\\/schema\\\/logo\\\/image\\\/\"}}]}<\/script>\n<!-- \/ Yoast SEO plugin. -->","yoast_head_json":{"title":"Via\u00e7\u00e3o Praiana - Mundo \u00d4nibus","robots":{"index":"index","follow":"follow","max-snippet":"max-snippet:-1","max-image-preview":"max-image-preview:large","max-video-preview":"max-video-preview:-1"},"canonical":"https:\/\/mundoonibus.com.br\/site\/portfolio\/viacao-praiana\/","og_locale":"pt_BR","og_type":"article","og_title":"Via\u00e7\u00e3o Praiana - Mundo \u00d4nibus","og_description":"Munic\u00edpio Servi\u00e7o Situa\u00e7\u00e3o Per\u00edodo Itaja\u00ed\/SC Intermunicipal Ativa 07\/1963 &#8211; Presente Atualizado em 16\/08\/2024 Hist\u00f3rico A Via\u00e7\u00e3o Praiana foi fundada em 17 de julho de 1963 como empresa de transporte coletivo intermunicipal. A hist\u00f3ria da empresa come\u00e7a com a parceria iniciada pelos fundadores Marcos Aur\u00e9lio Seara, Wilson Ant\u00f4nio Ern e Maria Edite Castro Leite. Na \u00e9poca...","og_url":"https:\/\/mundoonibus.com.br\/site\/portfolio\/viacao-praiana\/","og_site_name":"Mundo \u00d4nibus","article_modified_time":"2026-04-08T19:24:22+00:00","og_image":[{"width":1600,"height":1200,"url":"https:\/\/mundoonibus.com.br\/site\/wp-content\/uploads\/2024\/08\/Praiana-995.jpg","type":"image\/jpeg"}],"twitter_card":"summary_large_image","twitter_misc":{"Est. tempo de leitura":"18 minutos"},"schema":{"@context":"https:\/\/schema.org","@graph":[{"@type":"WebPage","@id":"https:\/\/mundoonibus.com.br\/site\/portfolio\/viacao-praiana\/","url":"https:\/\/mundoonibus.com.br\/site\/portfolio\/viacao-praiana\/","name":"Via\u00e7\u00e3o Praiana - Mundo \u00d4nibus","isPartOf":{"@id":"https:\/\/mundoonibus.com.br\/site\/#website"},"primaryImageOfPage":{"@id":"https:\/\/mundoonibus.com.br\/site\/portfolio\/viacao-praiana\/#primaryimage"},"image":{"@id":"https:\/\/mundoonibus.com.br\/site\/portfolio\/viacao-praiana\/#primaryimage"},"thumbnailUrl":"https:\/\/mundoonibus.com.br\/site\/wp-content\/uploads\/2024\/08\/Praiana-995.jpg","datePublished":"2024-08-16T14:50:12+00:00","dateModified":"2026-04-08T19:24:22+00:00","breadcrumb":{"@id":"https:\/\/mundoonibus.com.br\/site\/portfolio\/viacao-praiana\/#breadcrumb"},"inLanguage":"pt-BR","potentialAction":[{"@type":"ReadAction","target":["https:\/\/mundoonibus.com.br\/site\/portfolio\/viacao-praiana\/"]}]},{"@type":"ImageObject","inLanguage":"pt-BR","@id":"https:\/\/mundoonibus.com.br\/site\/portfolio\/viacao-praiana\/#primaryimage","url":"https:\/\/mundoonibus.com.br\/site\/wp-content\/uploads\/2024\/08\/Praiana-995.jpg","contentUrl":"https:\/\/mundoonibus.com.br\/site\/wp-content\/uploads\/2024\/08\/Praiana-995.jpg","width":1600,"height":1200},{"@type":"BreadcrumbList","@id":"https:\/\/mundoonibus.com.br\/site\/portfolio\/viacao-praiana\/#breadcrumb","itemListElement":[{"@type":"ListItem","position":1,"name":"In\u00edcio","item":"https:\/\/mundoonibus.com.br\/site\/"},{"@type":"ListItem","position":2,"name":"Portf\u00f3lio","item":"https:\/\/mundoonibus.com.br\/site\/portfolio\/"},{"@type":"ListItem","position":3,"name":"Via\u00e7\u00e3o Praiana"}]},{"@type":"WebSite","@id":"https:\/\/mundoonibus.com.br\/site\/#website","url":"https:\/\/mundoonibus.com.br\/site\/","name":"Mundo \u00d4nibus","description":"Bem-vindo a Bordo!","publisher":{"@id":"https:\/\/mundoonibus.com.br\/site\/#organization"},"potentialAction":[{"@type":"SearchAction","target":{"@type":"EntryPoint","urlTemplate":"https:\/\/mundoonibus.com.br\/site\/?s={search_term_string}"},"query-input":{"@type":"PropertyValueSpecification","valueRequired":true,"valueName":"search_term_string"}}],"inLanguage":"pt-BR"},{"@type":"Organization","@id":"https:\/\/mundoonibus.com.br\/site\/#organization","name":"Mundo \u00d4nibus","url":"https:\/\/mundoonibus.com.br\/site\/","logo":{"@type":"ImageObject","inLanguage":"pt-BR","@id":"https:\/\/mundoonibus.com.br\/site\/#\/schema\/logo\/image\/","url":"https:\/\/mundoonibus.com.br\/site\/wp-content\/uploads\/2021\/10\/Logo-H.png","contentUrl":"https:\/\/mundoonibus.com.br\/site\/wp-content\/uploads\/2021\/10\/Logo-H.png","width":740,"height":139,"caption":"Mundo \u00d4nibus"},"image":{"@id":"https:\/\/mundoonibus.com.br\/site\/#\/schema\/logo\/image\/"}}]}},"_links":{"self":[{"href":"https:\/\/mundoonibus.com.br\/site\/wp-json\/wp\/v2\/portfolio\/9905","targetHints":{"allow":["GET"]}}],"collection":[{"href":"https:\/\/mundoonibus.com.br\/site\/wp-json\/wp\/v2\/portfolio"}],"about":[{"href":"https:\/\/mundoonibus.com.br\/site\/wp-json\/wp\/v2\/types\/portfolio"}],"author":[{"embeddable":true,"href":"https:\/\/mundoonibus.com.br\/site\/wp-json\/wp\/v2\/users\/1"}],"replies":[{"embeddable":true,"href":"https:\/\/mundoonibus.com.br\/site\/wp-json\/wp\/v2\/comments?post=9905"}],"version-history":[{"count":24,"href":"https:\/\/mundoonibus.com.br\/site\/wp-json\/wp\/v2\/portfolio\/9905\/revisions"}],"predecessor-version":[{"id":13768,"href":"https:\/\/mundoonibus.com.br\/site\/wp-json\/wp\/v2\/portfolio\/9905\/revisions\/13768"}],"wp:featuredmedia":[{"embeddable":true,"href":"https:\/\/mundoonibus.com.br\/site\/wp-json\/wp\/v2\/media\/10024"}],"wp:attachment":[{"href":"https:\/\/mundoonibus.com.br\/site\/wp-json\/wp\/v2\/media?parent=9905"}],"wp:term":[{"taxonomy":"portfolio_category","embeddable":true,"href":"https:\/\/mundoonibus.com.br\/site\/wp-json\/wp\/v2\/portfolio_category?post=9905"},{"taxonomy":"portfolio_tag","embeddable":true,"href":"https:\/\/mundoonibus.com.br\/site\/wp-json\/wp\/v2\/portfolio_tag?post=9905"}],"curies":[{"name":"wp","href":"https:\/\/api.w.org\/{rel}","templated":true}]}}